{"id":6111,"date":"2024-01-17T16:37:04","date_gmt":"2024-01-17T15:37:04","guid":{"rendered":"https:\/\/preview.efk.admin.ch\/prufung\/application-du-systeme-de-surveillance-financiere-dans-le-domaine-de-lasile-secretariat-detat-aux-migrations\/"},"modified":"2024-03-01T16:47:12","modified_gmt":"2024-03-01T15:47:12","slug":"application-du-systeme-de-surveillance-financiere-dans-le-domaine-de-lasile-secretariat-detat-aux-migrations","status":"publish","type":"audit","link":"https:\/\/www.efk.admin.ch\/fr\/audit\/application-du-systeme-de-surveillance-financiere-dans-le-domaine-de-lasile-secretariat-detat-aux-migrations\/","title":{"rendered":"Application du syst\u00e8me de surveillance financi\u00e8re dans le domaine de l\u2019asile"},"content":{"rendered":"\n<p>En 2015, le Secr\u00e9tariat d\u2019\u00c9tat aux migrations (SEM) a vers\u00e9 un total de 968 millions de francs de subventions aux cantons sous forme de contributions forfaitaires au titre de l\u2019aide sociale dans les domaines de l\u2019asile et des r\u00e9fugi\u00e9s. La division Subventions du SEM est charg\u00e9e de veiller au calcul correct des subventions et d\u2019assurer la surveillance financi\u00e8re. En avril 2013, le SEM a modifi\u00e9 ce calcul au moyen d\u2019un nouveau syst\u00e8me de financement et remis \u00e0 jour le syst\u00e8me de surveillance en avril 2015. Le Contr\u00f4le f\u00e9d\u00e9ral des finances (CDF) a men\u00e9 un audit sur ces deux nouveaut\u00e9s.<\/p>\n","protected":false},"featured_media":0,"menu_order":0,"template":"","audit_category":[82],"audit_type":[52],"class_list":["post-6111","audit","type-audit","status-publish","hentry","audit_category-justice-et-police","audit_type-audit-fr"],"acf":{"audit_lang":[{"lang":"d"}],"audit_numbers":[{"audit_number":"15339"}],"audit_office":7918,"audit_office_text":"","audit_date":"20170420","bgo":false,"keywords":"2015, l\u2019aide sociale,  les domaines de l\u2019asile et des r\u00e9fugi\u00e9s, subventions, contributions forfaitaires, cantons, syst\u00e8me de financement, syst\u00e8me de surveillance","audit_office_local":""},"yoast_head":"<!-- This site is optimized with the Yoast SEO Premium plugin v27.4 (Yoast SEO v27.4) - https:\/\/yoast.com\/product\/yoast-seo-premium-wordpress\/ -->\n<title>Application du syst\u00e8me de surveillance financi\u00e8re dans le domaine de l\u2019asile - Contr\u00f4le f\u00e9d\u00e9ral des finances (CDF)<\/title>\n<meta name=\"description\" content=\"Application du syst\u00e8me de surveillance financi\u00e8re dans le domaine de l\u2019asile\" \/>\n<meta name=\"robots\" content=\"index, follow, max-snippet:-1, max-image-preview:large, max-video-preview:-1\" \/>\n<link rel=\"canonical\" href=\"https:\/\/www.efk.admin.ch\/fr\/audit\/application-du-systeme-de-surveillance-financiere-dans-le-domaine-de-lasile-secretariat-detat-aux-migrations\/\" \/>\n<meta property=\"og:locale\" content=\"fr_FR\" \/>\n<meta property=\"og:type\" content=\"article\" \/>\n<meta property=\"og:title\" content=\"Application du syst\u00e8me de surveillance financi\u00e8re dans le domaine de l\u2019asile\" \/>\n<meta property=\"og:description\" content=\"Application du syst\u00e8me de surveillance financi\u00e8re dans le domaine de l\u2019asile\" \/>\n<meta property=\"og:url\" content=\"https:\/\/www.efk.admin.ch\/fr\/audit\/application-du-systeme-de-surveillance-financiere-dans-le-domaine-de-lasile-secretariat-detat-aux-migrations\/\" \/>\n<meta property=\"og:site_name\" content=\"Contr\u00f4le f\u00e9d\u00e9ral des finances (CDF)\" \/>\n<meta property=\"article:modified_time\" content=\"2024-03-01T15:47:12+00:00\" \/>\n<meta property=\"og:image\" content=\"https:\/\/www.efk.admin.ch\/wp-content\/uploads\/test\/palais.jpg\" \/>\n\t<meta property=\"og:image:width\" content=\"750\" \/>\n\t<meta property=\"og:image:height\" content=\"500\" \/>\n\t<meta property=\"og:image:type\" content=\"image\/jpeg\" \/>\n<meta name=\"twitter:card\" content=\"summary_large_image\" \/>\n<meta name=\"twitter:label1\" content=\"Dur\u00e9e de lecture estim\u00e9e\" \/>\n\t<meta name=\"twitter:data1\" content=\"1 minute\" \/>\n<script type=\"application\/ld+json\" class=\"yoast-schema-graph\">{\"@context\":\"https:\\\/\\\/schema.org\",\"@graph\":[{\"@type\":\"WebPage\",\"@id\":\"https:\\\/\\\/www.efk.admin.ch\\\/fr\\\/audit\\\/application-du-systeme-de-surveillance-financiere-dans-le-domaine-de-lasile-secretariat-detat-aux-migrations\\\/\",\"url\":\"https:\\\/\\\/www.efk.admin.ch\\\/fr\\\/audit\\\/application-du-systeme-de-surveillance-financiere-dans-le-domaine-de-lasile-secretariat-detat-aux-migrations\\\/\",\"name\":\"Application du syst\u00e8me de surveillance financi\u00e8re dans le domaine de l\u2019asile - Contr\u00f4le f\u00e9d\u00e9ral des finances (CDF)\",\"isPartOf\":{\"@id\":\"https:\\\/\\\/www.efk.admin.ch\\\/fr\\\/#website\"},\"datePublished\":\"2024-01-17T15:37:04+00:00\",\"dateModified\":\"2024-03-01T15:47:12+00:00\",\"description\":\"Application du syst\u00e8me de surveillance financi\u00e8re dans le domaine de l\u2019asile\",\"breadcrumb\":{\"@id\":\"https:\\\/\\\/www.efk.admin.ch\\\/fr\\\/audit\\\/application-du-systeme-de-surveillance-financiere-dans-le-domaine-de-lasile-secretariat-detat-aux-migrations\\\/#breadcrumb\"},\"inLanguage\":\"fr-FR\",\"potentialAction\":[{\"@type\":\"ReadAction\",\"target\":[\"https:\\\/\\\/www.efk.admin.ch\\\/fr\\\/audit\\\/application-du-systeme-de-surveillance-financiere-dans-le-domaine-de-lasile-secretariat-detat-aux-migrations\\\/\"]}]},{\"@type\":\"BreadcrumbList\",\"@id\":\"https:\\\/\\\/www.efk.admin.ch\\\/fr\\\/audit\\\/application-du-systeme-de-surveillance-financiere-dans-le-domaine-de-lasile-secretariat-detat-aux-migrations\\\/#breadcrumb\",\"itemListElement\":[{\"@type\":\"ListItem\",\"position\":1,\"name\":\"Home\",\"item\":\"https:\\\/\\\/www.efk.admin.ch\\\/fr\\\/\"},{\"@type\":\"ListItem\",\"position\":2,\"name\":\"Rapport\",\"item\":\"https:\\\/\\\/www.efk.admin.ch\\\/fr\\\/audit\\\/\"},{\"@type\":\"ListItem\",\"position\":3,\"name\":\"Application du syst\u00e8me de surveillance financi\u00e8re dans le domaine de l\u2019asile\"}]},{\"@type\":\"WebSite\",\"@id\":\"https:\\\/\\\/www.efk.admin.ch\\\/fr\\\/#website\",\"url\":\"https:\\\/\\\/www.efk.admin.ch\\\/fr\\\/\",\"name\":\"Informationen \u00fcber das oberste Finanzaufsichtsorgan der Schweiz\",\"description\":\"Le Contr\u00f4le f\u00e9d\u00e9ral des finances (CDF) est l'organe supr\u00eame de surveillance financi\u00e8re de la Conf\u00e9d\u00e9ration suisse.\",\"publisher\":{\"@id\":\"https:\\\/\\\/www.efk.admin.ch\\\/fr\\\/#organization\"},\"alternateName\":\"EFK\",\"potentialAction\":[{\"@type\":\"SearchAction\",\"target\":{\"@type\":\"EntryPoint\",\"urlTemplate\":\"https:\\\/\\\/www.efk.admin.ch\\\/fr\\\/?s={search_term_string}\"},\"query-input\":{\"@type\":\"PropertyValueSpecification\",\"valueRequired\":true,\"valueName\":\"search_term_string\"}}],\"inLanguage\":\"fr-FR\"},{\"@type\":\"Organization\",\"@id\":\"https:\\\/\\\/www.efk.admin.ch\\\/fr\\\/#organization\",\"name\":\"Contr\u00f4le f\u00e9d\u00e9ral des finances (CDF)\",\"alternateName\":\"EFK\",\"url\":\"https:\\\/\\\/www.efk.admin.ch\\\/fr\\\/\",\"logo\":{\"@type\":\"ImageObject\",\"inLanguage\":\"fr-FR\",\"@id\":\"https:\\\/\\\/www.efk.admin.ch\\\/fr\\\/#\\\/schema\\\/logo\\\/image\\\/\",\"url\":\"https:\\\/\\\/www.efk.admin.ch\\\/wp-content\\\/uploads\\\/efk_cdf_logo_ohne_claim.png\",\"contentUrl\":\"https:\\\/\\\/www.efk.admin.ch\\\/wp-content\\\/uploads\\\/efk_cdf_logo_ohne_claim.png\",\"width\":268,\"height\":258,\"caption\":\"Contr\u00f4le f\u00e9d\u00e9ral des finances (CDF)\"},\"image\":{\"@id\":\"https:\\\/\\\/www.efk.admin.ch\\\/fr\\\/#\\\/schema\\\/logo\\\/image\\\/\"},\"sameAs\":[\"https:\\\/\\\/www.instagram.com\\\/efk_cdf_sfao\\\/\",\"https:\\\/\\\/www.youtube.com\\\/channel\\\/UCm-bXj227VE5sJzhB-ihdvw\\\/featured\",\"https:\\\/\\\/www.linkedin.com\\\/company\\\/11081578\\\/\"]}]}<\/script>\n<!-- \/ Yoast SEO Premium plugin. -->","yoast_head_json":{"title":"Application du syst\u00e8me de surveillance financi\u00e8re dans le domaine de l\u2019asile - Contr\u00f4le f\u00e9d\u00e9ral des finances (CDF)","description":"Application du syst\u00e8me de surveillance financi\u00e8re dans le domaine de l\u2019asile","robots":{"index":"index","follow":"follow","max-snippet":"max-snippet:-1","max-image-preview":"max-image-preview:large","max-video-preview":"max-video-preview:-1"},"canonical":"https:\/\/www.efk.admin.ch\/fr\/audit\/application-du-systeme-de-surveillance-financiere-dans-le-domaine-de-lasile-secretariat-detat-aux-migrations\/","og_locale":"fr_FR","og_type":"article","og_title":"Application du syst\u00e8me de surveillance financi\u00e8re dans le domaine de l\u2019asile","og_description":"Application du syst\u00e8me de surveillance financi\u00e8re dans le domaine de l\u2019asile","og_url":"https:\/\/www.efk.admin.ch\/fr\/audit\/application-du-systeme-de-surveillance-financiere-dans-le-domaine-de-lasile-secretariat-detat-aux-migrations\/","og_site_name":"Contr\u00f4le f\u00e9d\u00e9ral des finances (CDF)","article_modified_time":"2024-03-01T15:47:12+00:00","og_image":[{"width":750,"height":500,"url":"https:\/\/www.efk.admin.ch\/wp-content\/uploads\/test\/palais.jpg","type":"image\/jpeg"}],"twitter_card":"summary_large_image","twitter_misc":{"Dur\u00e9e de lecture estim\u00e9e":"1 minute"},"schema":{"@context":"https:\/\/schema.org","@graph":[{"@type":"WebPage","@id":"https:\/\/www.efk.admin.ch\/fr\/audit\/application-du-systeme-de-surveillance-financiere-dans-le-domaine-de-lasile-secretariat-detat-aux-migrations\/","url":"https:\/\/www.efk.admin.ch\/fr\/audit\/application-du-systeme-de-surveillance-financiere-dans-le-domaine-de-lasile-secretariat-detat-aux-migrations\/","name":"Application du syst\u00e8me de surveillance financi\u00e8re dans le domaine de l\u2019asile - Contr\u00f4le f\u00e9d\u00e9ral des finances (CDF)","isPartOf":{"@id":"https:\/\/www.efk.admin.ch\/fr\/#website"},"datePublished":"2024-01-17T15:37:04+00:00","dateModified":"2024-03-01T15:47:12+00:00","description":"Application du syst\u00e8me de surveillance financi\u00e8re dans le domaine de l\u2019asile","breadcrumb":{"@id":"https:\/\/www.efk.admin.ch\/fr\/audit\/application-du-systeme-de-surveillance-financiere-dans-le-domaine-de-lasile-secretariat-detat-aux-migrations\/#breadcrumb"},"inLanguage":"fr-FR","potentialAction":[{"@type":"ReadAction","target":["https:\/\/www.efk.admin.ch\/fr\/audit\/application-du-systeme-de-surveillance-financiere-dans-le-domaine-de-lasile-secretariat-detat-aux-migrations\/"]}]},{"@type":"BreadcrumbList","@id":"https:\/\/www.efk.admin.ch\/fr\/audit\/application-du-systeme-de-surveillance-financiere-dans-le-domaine-de-lasile-secretariat-detat-aux-migrations\/#breadcrumb","itemListElement":[{"@type":"ListItem","position":1,"name":"Home","item":"https:\/\/www.efk.admin.ch\/fr\/"},{"@type":"ListItem","position":2,"name":"Rapport","item":"https:\/\/www.efk.admin.ch\/fr\/audit\/"},{"@type":"ListItem","position":3,"name":"Application du syst\u00e8me de surveillance financi\u00e8re dans le domaine de l\u2019asile"}]},{"@type":"WebSite","@id":"https:\/\/www.efk.admin.ch\/fr\/#website","url":"https:\/\/www.efk.admin.ch\/fr\/","name":"Informationen \u00fcber das oberste Finanzaufsichtsorgan der Schweiz","description":"Le Contr\u00f4le f\u00e9d\u00e9ral des finances (CDF) est l'organe supr\u00eame de surveillance financi\u00e8re de la Conf\u00e9d\u00e9ration suisse.","publisher":{"@id":"https:\/\/www.efk.admin.ch\/fr\/#organization"},"alternateName":"EFK","potentialAction":[{"@type":"SearchAction","target":{"@type":"EntryPoint","urlTemplate":"https:\/\/www.efk.admin.ch\/fr\/?s={search_term_string}"},"query-input":{"@type":"PropertyValueSpecification","valueRequired":true,"valueName":"search_term_string"}}],"inLanguage":"fr-FR"},{"@type":"Organization","@id":"https:\/\/www.efk.admin.ch\/fr\/#organization","name":"Contr\u00f4le f\u00e9d\u00e9ral des finances (CDF)","alternateName":"EFK","url":"https:\/\/www.efk.admin.ch\/fr\/","logo":{"@type":"ImageObject","inLanguage":"fr-FR","@id":"https:\/\/www.efk.admin.ch\/fr\/#\/schema\/logo\/image\/","url":"https:\/\/www.efk.admin.ch\/wp-content\/uploads\/efk_cdf_logo_ohne_claim.png","contentUrl":"https:\/\/www.efk.admin.ch\/wp-content\/uploads\/efk_cdf_logo_ohne_claim.png","width":268,"height":258,"caption":"Contr\u00f4le f\u00e9d\u00e9ral des finances (CDF)"},"image":{"@id":"https:\/\/www.efk.admin.ch\/fr\/#\/schema\/logo\/image\/"},"sameAs":["https:\/\/www.instagram.com\/efk_cdf_sfao\/","https:\/\/www.youtube.com\/channel\/UCm-bXj227VE5sJzhB-ihdvw\/featured","https:\/\/www.linkedin.com\/company\/11081578\/"]}]}},"_links":{"self":[{"href":"https:\/\/www.efk.admin.ch\/fr\/wp-json\/wp\/v2\/audit\/6111","targetHints":{"allow":["GET"]}}],"collection":[{"href":"https:\/\/www.efk.admin.ch\/fr\/wp-json\/wp\/v2\/audit"}],"about":[{"href":"https:\/\/www.efk.admin.ch\/fr\/wp-json\/wp\/v2\/types\/audit"}],"acf:post":[{"embeddable":true,"href":"https:\/\/www.efk.admin.ch\/fr\/wp-json\/wp\/v2\/office\/7918"}],"wp:attachment":[{"href":"https:\/\/www.efk.admin.ch\/fr\/wp-json\/wp\/v2\/media?parent=6111"}],"wp:term":[{"taxonomy":"audit_category","embeddable":true,"href":"https:\/\/www.efk.admin.ch\/fr\/wp-json\/wp\/v2\/audit_category?post=6111"},{"taxonomy":"audit_type","embeddable":true,"href":"https:\/\/www.efk.admin.ch\/fr\/wp-json\/wp\/v2\/audit_type?post=6111"}],"curies":[{"name":"wp","href":"https:\/\/api.w.org\/{rel}","templated":true}]}}