{"id":6107,"date":"2024-01-17T16:37:04","date_gmt":"2024-01-17T15:37:04","guid":{"rendered":"https:\/\/preview.efk.admin.ch\/prufung\/surveillance-des-fondations-evaluation-de-lefficacite-de-la-surveillance-des-fondations-classiques\/"},"modified":"2024-03-21T17:48:23","modified_gmt":"2024-03-21T16:48:23","slug":"surveillance-des-fondations-evaluation-de-lefficacite-de-la-surveillance-des-fondations-classiques","status":"publish","type":"audit","link":"https:\/\/www.efk.admin.ch\/fr\/audit\/surveillance-des-fondations-evaluation-de-lefficacite-de-la-surveillance-des-fondations-classiques\/","title":{"rendered":"Surveillance des fondations &#8211; \u00c9valuation de l\u2019efficacit\u00e9 de la surveillance des fondations \u00abclassiques\u00bb"},"content":{"rendered":"\n<p>Traditionnellement, la Suisse est consid\u00e9r\u00e9e comme attrayante pour les fondations. Le cadre juridique et fiscal est lib\u00e9ral et favorable. Une nouvelle fondation est cr\u00e9\u00e9e quotidiennement en Suisse, tandis qu\u2019une liquidation survient tous les deux jours. \u00c0 fin 2015, 13 075 fondations d\u2019utilit\u00e9 publique, disposant d\u2019un patrimoine global \u00e9valu\u00e9 \u00e0 quelque 100 milliards de francs, \u00e9taient enregistr\u00e9es. Les montants distribu\u00e9s par ces fondations en Suisse et \u00e0 l\u2019\u00e9tranger s\u2019\u00e9l\u00e8vent approximativement \u00e0 deux milliards de francs par an.<\/p>\n","protected":false},"featured_media":0,"menu_order":0,"template":"","audit_category":[70],"audit_type":[100],"class_list":["post-6107","audit","type-audit","status-publish","hentry","audit_category-divers","audit_type-evaluation"],"acf":{"audit_lang":[{"lang":"d"}],"audit_numbers":[{"audit_number":"15570"}],"audit_office":null,"audit_office_text":"","audit_date":"20170509","bgo":false,"keywords":"Suisse, consid\u00e9r\u00e9e comme attrayante, les fondations, le cadre juridique et fiscal, fondations d\u2019utilit\u00e9 publique, Les montants distribu\u00e9s, en Suisse et \u00e0 l\u2019\u00e9tranger","audit_office_local":""},"yoast_head":"<!-- This site is optimized with the Yoast SEO Premium plugin v27.4 (Yoast SEO v27.4) - https:\/\/yoast.com\/product\/yoast-seo-premium-wordpress\/ -->\n<title>Surveillance des fondations - \u00c9valuation de l\u2019efficacit\u00e9 de la surveillance des fondations \u00abclassiques\u00bb - Contr\u00f4le f\u00e9d\u00e9ral des finances (CDF)<\/title>\n<meta name=\"description\" content=\"Surveillance des fondations - \u00c9valuation de l\u2019efficacit\u00e9 de la surveillance des fondations \u00abclassiques\u00bb\" \/>\n<meta name=\"robots\" content=\"index, follow, max-snippet:-1, max-image-preview:large, max-video-preview:-1\" \/>\n<link rel=\"canonical\" href=\"https:\/\/www.efk.admin.ch\/fr\/audit\/surveillance-des-fondations-evaluation-de-lefficacite-de-la-surveillance-des-fondations-classiques\/\" \/>\n<meta property=\"og:locale\" content=\"fr_FR\" \/>\n<meta property=\"og:type\" content=\"article\" \/>\n<meta property=\"og:title\" content=\"Surveillance des fondations - \u00c9valuation de l\u2019efficacit\u00e9 de la surveillance des fondations \u00abclassiques\u00bb\" \/>\n<meta property=\"og:description\" content=\"Surveillance des fondations - \u00c9valuation de l\u2019efficacit\u00e9 de la surveillance des fondations \u00abclassiques\u00bb\" \/>\n<meta property=\"og:url\" content=\"https:\/\/www.efk.admin.ch\/fr\/audit\/surveillance-des-fondations-evaluation-de-lefficacite-de-la-surveillance-des-fondations-classiques\/\" \/>\n<meta property=\"og:site_name\" content=\"Contr\u00f4le f\u00e9d\u00e9ral des finances (CDF)\" \/>\n<meta property=\"article:modified_time\" content=\"2024-03-21T16:48:23+00:00\" \/>\n<meta property=\"og:image\" content=\"https:\/\/www.efk.admin.ch\/wp-content\/uploads\/test\/palais.jpg\" \/>\n\t<meta property=\"og:image:width\" content=\"750\" \/>\n\t<meta property=\"og:image:height\" content=\"500\" \/>\n\t<meta property=\"og:image:type\" content=\"image\/jpeg\" \/>\n<meta name=\"twitter:card\" content=\"summary_large_image\" \/>\n<script type=\"application\/ld+json\" class=\"yoast-schema-graph\">{\"@context\":\"https:\\\/\\\/schema.org\",\"@graph\":[{\"@type\":\"WebPage\",\"@id\":\"https:\\\/\\\/www.efk.admin.ch\\\/fr\\\/audit\\\/surveillance-des-fondations-evaluation-de-lefficacite-de-la-surveillance-des-fondations-classiques\\\/\",\"url\":\"https:\\\/\\\/www.efk.admin.ch\\\/fr\\\/audit\\\/surveillance-des-fondations-evaluation-de-lefficacite-de-la-surveillance-des-fondations-classiques\\\/\",\"name\":\"Surveillance des fondations - \u00c9valuation de l\u2019efficacit\u00e9 de la surveillance des fondations \u00abclassiques\u00bb - Contr\u00f4le f\u00e9d\u00e9ral des finances (CDF)\",\"isPartOf\":{\"@id\":\"https:\\\/\\\/www.efk.admin.ch\\\/fr\\\/#website\"},\"datePublished\":\"2024-01-17T15:37:04+00:00\",\"dateModified\":\"2024-03-21T16:48:23+00:00\",\"description\":\"Surveillance des fondations - \u00c9valuation de l\u2019efficacit\u00e9 de la surveillance des fondations \u00abclassiques\u00bb\",\"breadcrumb\":{\"@id\":\"https:\\\/\\\/www.efk.admin.ch\\\/fr\\\/audit\\\/surveillance-des-fondations-evaluation-de-lefficacite-de-la-surveillance-des-fondations-classiques\\\/#breadcrumb\"},\"inLanguage\":\"fr-FR\",\"potentialAction\":[{\"@type\":\"ReadAction\",\"target\":[\"https:\\\/\\\/www.efk.admin.ch\\\/fr\\\/audit\\\/surveillance-des-fondations-evaluation-de-lefficacite-de-la-surveillance-des-fondations-classiques\\\/\"]}]},{\"@type\":\"BreadcrumbList\",\"@id\":\"https:\\\/\\\/www.efk.admin.ch\\\/fr\\\/audit\\\/surveillance-des-fondations-evaluation-de-lefficacite-de-la-surveillance-des-fondations-classiques\\\/#breadcrumb\",\"itemListElement\":[{\"@type\":\"ListItem\",\"position\":1,\"name\":\"Home\",\"item\":\"https:\\\/\\\/www.efk.admin.ch\\\/fr\\\/\"},{\"@type\":\"ListItem\",\"position\":2,\"name\":\"Rapport\",\"item\":\"https:\\\/\\\/www.efk.admin.ch\\\/fr\\\/audit\\\/\"},{\"@type\":\"ListItem\",\"position\":3,\"name\":\"Surveillance des fondations &#8211; \u00c9valuation de l\u2019efficacit\u00e9 de la surveillance des fondations \u00abclassiques\u00bb\"}]},{\"@type\":\"WebSite\",\"@id\":\"https:\\\/\\\/www.efk.admin.ch\\\/fr\\\/#website\",\"url\":\"https:\\\/\\\/www.efk.admin.ch\\\/fr\\\/\",\"name\":\"Informationen \u00fcber das oberste Finanzaufsichtsorgan der Schweiz\",\"description\":\"Le Contr\u00f4le f\u00e9d\u00e9ral des finances (CDF) est l'organe supr\u00eame de surveillance financi\u00e8re de la Conf\u00e9d\u00e9ration suisse.\",\"publisher\":{\"@id\":\"https:\\\/\\\/www.efk.admin.ch\\\/fr\\\/#organization\"},\"alternateName\":\"EFK\",\"potentialAction\":[{\"@type\":\"SearchAction\",\"target\":{\"@type\":\"EntryPoint\",\"urlTemplate\":\"https:\\\/\\\/www.efk.admin.ch\\\/fr\\\/?s={search_term_string}\"},\"query-input\":{\"@type\":\"PropertyValueSpecification\",\"valueRequired\":true,\"valueName\":\"search_term_string\"}}],\"inLanguage\":\"fr-FR\"},{\"@type\":\"Organization\",\"@id\":\"https:\\\/\\\/www.efk.admin.ch\\\/fr\\\/#organization\",\"name\":\"Contr\u00f4le f\u00e9d\u00e9ral des finances (CDF)\",\"alternateName\":\"EFK\",\"url\":\"https:\\\/\\\/www.efk.admin.ch\\\/fr\\\/\",\"logo\":{\"@type\":\"ImageObject\",\"inLanguage\":\"fr-FR\",\"@id\":\"https:\\\/\\\/www.efk.admin.ch\\\/fr\\\/#\\\/schema\\\/logo\\\/image\\\/\",\"url\":\"https:\\\/\\\/www.efk.admin.ch\\\/wp-content\\\/uploads\\\/efk_cdf_logo_ohne_claim.png\",\"contentUrl\":\"https:\\\/\\\/www.efk.admin.ch\\\/wp-content\\\/uploads\\\/efk_cdf_logo_ohne_claim.png\",\"width\":268,\"height\":258,\"caption\":\"Contr\u00f4le f\u00e9d\u00e9ral des finances (CDF)\"},\"image\":{\"@id\":\"https:\\\/\\\/www.efk.admin.ch\\\/fr\\\/#\\\/schema\\\/logo\\\/image\\\/\"},\"sameAs\":[\"https:\\\/\\\/www.instagram.com\\\/efk_cdf_sfao\\\/\",\"https:\\\/\\\/www.youtube.com\\\/channel\\\/UCm-bXj227VE5sJzhB-ihdvw\\\/featured\",\"https:\\\/\\\/www.linkedin.com\\\/company\\\/11081578\\\/\"]}]}<\/script>\n<!-- \/ Yoast SEO Premium plugin. -->","yoast_head_json":{"title":"Surveillance des fondations - \u00c9valuation de l\u2019efficacit\u00e9 de la surveillance des fondations \u00abclassiques\u00bb - Contr\u00f4le f\u00e9d\u00e9ral des finances (CDF)","description":"Surveillance des fondations - \u00c9valuation de l\u2019efficacit\u00e9 de la surveillance des fondations \u00abclassiques\u00bb","robots":{"index":"index","follow":"follow","max-snippet":"max-snippet:-1","max-image-preview":"max-image-preview:large","max-video-preview":"max-video-preview:-1"},"canonical":"https:\/\/www.efk.admin.ch\/fr\/audit\/surveillance-des-fondations-evaluation-de-lefficacite-de-la-surveillance-des-fondations-classiques\/","og_locale":"fr_FR","og_type":"article","og_title":"Surveillance des fondations - \u00c9valuation de l\u2019efficacit\u00e9 de la surveillance des fondations \u00abclassiques\u00bb","og_description":"Surveillance des fondations - \u00c9valuation de l\u2019efficacit\u00e9 de la surveillance des fondations \u00abclassiques\u00bb","og_url":"https:\/\/www.efk.admin.ch\/fr\/audit\/surveillance-des-fondations-evaluation-de-lefficacite-de-la-surveillance-des-fondations-classiques\/","og_site_name":"Contr\u00f4le f\u00e9d\u00e9ral des finances (CDF)","article_modified_time":"2024-03-21T16:48:23+00:00","og_image":[{"width":750,"height":500,"url":"https:\/\/www.efk.admin.ch\/wp-content\/uploads\/test\/palais.jpg","type":"image\/jpeg"}],"twitter_card":"summary_large_image","schema":{"@context":"https:\/\/schema.org","@graph":[{"@type":"WebPage","@id":"https:\/\/www.efk.admin.ch\/fr\/audit\/surveillance-des-fondations-evaluation-de-lefficacite-de-la-surveillance-des-fondations-classiques\/","url":"https:\/\/www.efk.admin.ch\/fr\/audit\/surveillance-des-fondations-evaluation-de-lefficacite-de-la-surveillance-des-fondations-classiques\/","name":"Surveillance des fondations - \u00c9valuation de l\u2019efficacit\u00e9 de la surveillance des fondations \u00abclassiques\u00bb - Contr\u00f4le f\u00e9d\u00e9ral des finances (CDF)","isPartOf":{"@id":"https:\/\/www.efk.admin.ch\/fr\/#website"},"datePublished":"2024-01-17T15:37:04+00:00","dateModified":"2024-03-21T16:48:23+00:00","description":"Surveillance des fondations - \u00c9valuation de l\u2019efficacit\u00e9 de la surveillance des fondations \u00abclassiques\u00bb","breadcrumb":{"@id":"https:\/\/www.efk.admin.ch\/fr\/audit\/surveillance-des-fondations-evaluation-de-lefficacite-de-la-surveillance-des-fondations-classiques\/#breadcrumb"},"inLanguage":"fr-FR","potentialAction":[{"@type":"ReadAction","target":["https:\/\/www.efk.admin.ch\/fr\/audit\/surveillance-des-fondations-evaluation-de-lefficacite-de-la-surveillance-des-fondations-classiques\/"]}]},{"@type":"BreadcrumbList","@id":"https:\/\/www.efk.admin.ch\/fr\/audit\/surveillance-des-fondations-evaluation-de-lefficacite-de-la-surveillance-des-fondations-classiques\/#breadcrumb","itemListElement":[{"@type":"ListItem","position":1,"name":"Home","item":"https:\/\/www.efk.admin.ch\/fr\/"},{"@type":"ListItem","position":2,"name":"Rapport","item":"https:\/\/www.efk.admin.ch\/fr\/audit\/"},{"@type":"ListItem","position":3,"name":"Surveillance des fondations &#8211; \u00c9valuation de l\u2019efficacit\u00e9 de la surveillance des fondations \u00abclassiques\u00bb"}]},{"@type":"WebSite","@id":"https:\/\/www.efk.admin.ch\/fr\/#website","url":"https:\/\/www.efk.admin.ch\/fr\/","name":"Informationen \u00fcber das oberste Finanzaufsichtsorgan der Schweiz","description":"Le Contr\u00f4le f\u00e9d\u00e9ral des finances (CDF) est l'organe supr\u00eame de surveillance financi\u00e8re de la Conf\u00e9d\u00e9ration suisse.","publisher":{"@id":"https:\/\/www.efk.admin.ch\/fr\/#organization"},"alternateName":"EFK","potentialAction":[{"@type":"SearchAction","target":{"@type":"EntryPoint","urlTemplate":"https:\/\/www.efk.admin.ch\/fr\/?s={search_term_string}"},"query-input":{"@type":"PropertyValueSpecification","valueRequired":true,"valueName":"search_term_string"}}],"inLanguage":"fr-FR"},{"@type":"Organization","@id":"https:\/\/www.efk.admin.ch\/fr\/#organization","name":"Contr\u00f4le f\u00e9d\u00e9ral des finances (CDF)","alternateName":"EFK","url":"https:\/\/www.efk.admin.ch\/fr\/","logo":{"@type":"ImageObject","inLanguage":"fr-FR","@id":"https:\/\/www.efk.admin.ch\/fr\/#\/schema\/logo\/image\/","url":"https:\/\/www.efk.admin.ch\/wp-content\/uploads\/efk_cdf_logo_ohne_claim.png","contentUrl":"https:\/\/www.efk.admin.ch\/wp-content\/uploads\/efk_cdf_logo_ohne_claim.png","width":268,"height":258,"caption":"Contr\u00f4le f\u00e9d\u00e9ral des finances (CDF)"},"image":{"@id":"https:\/\/www.efk.admin.ch\/fr\/#\/schema\/logo\/image\/"},"sameAs":["https:\/\/www.instagram.com\/efk_cdf_sfao\/","https:\/\/www.youtube.com\/channel\/UCm-bXj227VE5sJzhB-ihdvw\/featured","https:\/\/www.linkedin.com\/company\/11081578\/"]}]}},"_links":{"self":[{"href":"https:\/\/www.efk.admin.ch\/fr\/wp-json\/wp\/v2\/audit\/6107","targetHints":{"allow":["GET"]}}],"collection":[{"href":"https:\/\/www.efk.admin.ch\/fr\/wp-json\/wp\/v2\/audit"}],"about":[{"href":"https:\/\/www.efk.admin.ch\/fr\/wp-json\/wp\/v2\/types\/audit"}],"wp:attachment":[{"href":"https:\/\/www.efk.admin.ch\/fr\/wp-json\/wp\/v2\/media?parent=6107"}],"wp:term":[{"taxonomy":"audit_category","embeddable":true,"href":"https:\/\/www.efk.admin.ch\/fr\/wp-json\/wp\/v2\/audit_category?post=6107"},{"taxonomy":"audit_type","embeddable":true,"href":"https:\/\/www.efk.admin.ch\/fr\/wp-json\/wp\/v2\/audit_type?post=6107"}],"curies":[{"name":"wp","href":"https:\/\/api.w.org\/{rel}","templated":true}]}}