{"id":6105,"date":"2024-01-17T16:37:04","date_gmt":"2024-01-17T15:37:04","guid":{"rendered":"https:\/\/preview.efk.admin.ch\/prufung\/reforme-de-la-tva-de-2010-evaluation-des-consequences-pour-ladministration-federale-des-contributions-et-les-contribuables\/"},"modified":"2024-03-21T17:49:06","modified_gmt":"2024-03-21T16:49:06","slug":"reforme-de-la-tva-de-2010-evaluation-des-consequences-pour-ladministration-federale-des-contributions-et-les-contribuables","status":"publish","type":"audit","link":"https:\/\/www.efk.admin.ch\/fr\/audit\/reforme-de-la-tva-de-2010-evaluation-des-consequences-pour-ladministration-federale-des-contributions-et-les-contribuables\/","title":{"rendered":"R\u00e9forme de la TVA de 2010 &#8211; \u00c9valuation des cons\u00e9quences pour l&#8217;Administration f\u00e9d\u00e9rale des contributions et les contribuables"},"content":{"rendered":"\n<p>La TVA constitue la principale source de recettes de la Conf\u00e9d\u00e9ration. En 2015, les 361\u00a0000 contribuables ont vers\u00e9 \u00e0 l&#8217;\u00c9tat quelque 22,5 milliards de francs. Le Conseil f\u00e9d\u00e9ral a con\u00e7u la r\u00e9forme 2010 de la TVA dans l&#8217;intention de simplifier l\u2019imposition sans modifier les recettes fiscales. Ainsi, le chiffre d&#8217;affaires maximum a \u00e9t\u00e9 augment\u00e9 dans le cadre de la m\u00e9thode des taux de la dette fiscale nette de trois \u00e0 cinq millions de francs. Par ailleurs, plusieurs mesures ont \u00e9t\u00e9 prises pour am\u00e9liorer le droit des contribuables en mati\u00e8re proc\u00e9durale. Par exemple, les contr\u00f4les fiscaux ont d\u00e9sormais un caract\u00e8re d\u00e9finitif, le d\u00e9lai de prescription absolu a \u00e9t\u00e9 raccourci de 15 \u00e0 10 ans et le droit p\u00e9nal a \u00e9t\u00e9 r\u00e9vis\u00e9. Enfin, la r\u00e9forme visait \u00e0 instaurer des all\u00e9gements administratifs en faveur des entreprises. Le Parlement a cependant renonc\u00e9 \u00e0 introduire d&#8217;autres simplifications telles que le taux unique ou la suppression d\u2019exceptions.<\/p>\n","protected":false},"featured_media":0,"menu_order":0,"template":"","audit_category":[43],"audit_type":[100],"class_list":["post-6105","audit","type-audit","status-publish","hentry","audit_category-finances-publiques-et-impots","audit_type-evaluation"],"acf":{"audit_lang":[{"lang":"d"}],"audit_numbers":[{"audit_number":"15469"}],"audit_office":[7939],"audit_office_text":"","audit_date":"20170511","bgo":false,"keywords":"La TVA, source de recettes de la Conf\u00e9d\u00e9ration, contribuables, la r\u00e9forme 2010 de la TVA, mesures, contr\u00f4les fiscaux, le d\u00e9lai de prescription, droit p\u00e9nal, le taux unique","audit_office_local":""},"yoast_head":"<!-- This site is optimized with the Yoast SEO Premium plugin v27.4 (Yoast SEO v27.4) - https:\/\/yoast.com\/product\/yoast-seo-premium-wordpress\/ -->\n<title>R\u00e9forme de la TVA de 2010 - \u00c9valuation des cons\u00e9quences pour l&#039;Administration f\u00e9d\u00e9rale des contributions et les contribuables - Contr\u00f4le f\u00e9d\u00e9ral des finances (CDF)<\/title>\n<meta name=\"description\" content=\"R\u00e9forme de la TVA de 2010 - \u00c9valuation des cons\u00e9quences pour l&#039;Administration f\u00e9d\u00e9rale des contributions et les contribuables\" \/>\n<meta name=\"robots\" content=\"index, follow, max-snippet:-1, max-image-preview:large, max-video-preview:-1\" \/>\n<link rel=\"canonical\" href=\"https:\/\/www.efk.admin.ch\/fr\/audit\/reforme-de-la-tva-de-2010-evaluation-des-consequences-pour-ladministration-federale-des-contributions-et-les-contribuables\/\" \/>\n<meta property=\"og:locale\" content=\"fr_FR\" \/>\n<meta property=\"og:type\" content=\"article\" \/>\n<meta property=\"og:title\" content=\"R\u00e9forme de la TVA de 2010 - \u00c9valuation des cons\u00e9quences pour l&#039;Administration f\u00e9d\u00e9rale des contributions et les contribuables\" \/>\n<meta property=\"og:description\" content=\"R\u00e9forme de la TVA de 2010 - \u00c9valuation des cons\u00e9quences pour l&#039;Administration f\u00e9d\u00e9rale des contributions et les contribuables\" \/>\n<meta property=\"og:url\" content=\"https:\/\/www.efk.admin.ch\/fr\/audit\/reforme-de-la-tva-de-2010-evaluation-des-consequences-pour-ladministration-federale-des-contributions-et-les-contribuables\/\" \/>\n<meta property=\"og:site_name\" content=\"Contr\u00f4le f\u00e9d\u00e9ral des finances (CDF)\" \/>\n<meta property=\"article:modified_time\" content=\"2024-03-21T16:49:06+00:00\" \/>\n<meta property=\"og:image\" content=\"https:\/\/www.efk.admin.ch\/wp-content\/uploads\/test\/palais.jpg\" \/>\n\t<meta property=\"og:image:width\" content=\"750\" \/>\n\t<meta property=\"og:image:height\" content=\"500\" \/>\n\t<meta property=\"og:image:type\" content=\"image\/jpeg\" \/>\n<meta name=\"twitter:card\" content=\"summary_large_image\" \/>\n<meta name=\"twitter:label1\" content=\"Dur\u00e9e de lecture estim\u00e9e\" \/>\n\t<meta name=\"twitter:data1\" content=\"1 minute\" \/>\n<script type=\"application\/ld+json\" class=\"yoast-schema-graph\">{\"@context\":\"https:\\\/\\\/schema.org\",\"@graph\":[{\"@type\":\"WebPage\",\"@id\":\"https:\\\/\\\/www.efk.admin.ch\\\/fr\\\/audit\\\/reforme-de-la-tva-de-2010-evaluation-des-consequences-pour-ladministration-federale-des-contributions-et-les-contribuables\\\/\",\"url\":\"https:\\\/\\\/www.efk.admin.ch\\\/fr\\\/audit\\\/reforme-de-la-tva-de-2010-evaluation-des-consequences-pour-ladministration-federale-des-contributions-et-les-contribuables\\\/\",\"name\":\"R\u00e9forme de la TVA de 2010 - \u00c9valuation des cons\u00e9quences pour l'Administration f\u00e9d\u00e9rale des contributions et les contribuables - Contr\u00f4le f\u00e9d\u00e9ral des finances (CDF)\",\"isPartOf\":{\"@id\":\"https:\\\/\\\/www.efk.admin.ch\\\/fr\\\/#website\"},\"datePublished\":\"2024-01-17T15:37:04+00:00\",\"dateModified\":\"2024-03-21T16:49:06+00:00\",\"description\":\"R\u00e9forme de la TVA de 2010 - \u00c9valuation des cons\u00e9quences pour l'Administration f\u00e9d\u00e9rale des contributions et les contribuables\",\"breadcrumb\":{\"@id\":\"https:\\\/\\\/www.efk.admin.ch\\\/fr\\\/audit\\\/reforme-de-la-tva-de-2010-evaluation-des-consequences-pour-ladministration-federale-des-contributions-et-les-contribuables\\\/#breadcrumb\"},\"inLanguage\":\"fr-FR\",\"potentialAction\":[{\"@type\":\"ReadAction\",\"target\":[\"https:\\\/\\\/www.efk.admin.ch\\\/fr\\\/audit\\\/reforme-de-la-tva-de-2010-evaluation-des-consequences-pour-ladministration-federale-des-contributions-et-les-contribuables\\\/\"]}]},{\"@type\":\"BreadcrumbList\",\"@id\":\"https:\\\/\\\/www.efk.admin.ch\\\/fr\\\/audit\\\/reforme-de-la-tva-de-2010-evaluation-des-consequences-pour-ladministration-federale-des-contributions-et-les-contribuables\\\/#breadcrumb\",\"itemListElement\":[{\"@type\":\"ListItem\",\"position\":1,\"name\":\"Home\",\"item\":\"https:\\\/\\\/www.efk.admin.ch\\\/fr\\\/\"},{\"@type\":\"ListItem\",\"position\":2,\"name\":\"Rapport\",\"item\":\"https:\\\/\\\/www.efk.admin.ch\\\/fr\\\/audit\\\/\"},{\"@type\":\"ListItem\",\"position\":3,\"name\":\"R\u00e9forme de la TVA de 2010 &#8211; \u00c9valuation des cons\u00e9quences pour l&#8217;Administration f\u00e9d\u00e9rale des contributions et les contribuables\"}]},{\"@type\":\"WebSite\",\"@id\":\"https:\\\/\\\/www.efk.admin.ch\\\/fr\\\/#website\",\"url\":\"https:\\\/\\\/www.efk.admin.ch\\\/fr\\\/\",\"name\":\"Informationen \u00fcber das oberste Finanzaufsichtsorgan der Schweiz\",\"description\":\"Le Contr\u00f4le f\u00e9d\u00e9ral des finances (CDF) est l'organe supr\u00eame de surveillance financi\u00e8re de la Conf\u00e9d\u00e9ration suisse.\",\"publisher\":{\"@id\":\"https:\\\/\\\/www.efk.admin.ch\\\/fr\\\/#organization\"},\"alternateName\":\"EFK\",\"potentialAction\":[{\"@type\":\"SearchAction\",\"target\":{\"@type\":\"EntryPoint\",\"urlTemplate\":\"https:\\\/\\\/www.efk.admin.ch\\\/fr\\\/?s={search_term_string}\"},\"query-input\":{\"@type\":\"PropertyValueSpecification\",\"valueRequired\":true,\"valueName\":\"search_term_string\"}}],\"inLanguage\":\"fr-FR\"},{\"@type\":\"Organization\",\"@id\":\"https:\\\/\\\/www.efk.admin.ch\\\/fr\\\/#organization\",\"name\":\"Contr\u00f4le f\u00e9d\u00e9ral des finances (CDF)\",\"alternateName\":\"EFK\",\"url\":\"https:\\\/\\\/www.efk.admin.ch\\\/fr\\\/\",\"logo\":{\"@type\":\"ImageObject\",\"inLanguage\":\"fr-FR\",\"@id\":\"https:\\\/\\\/www.efk.admin.ch\\\/fr\\\/#\\\/schema\\\/logo\\\/image\\\/\",\"url\":\"https:\\\/\\\/www.efk.admin.ch\\\/wp-content\\\/uploads\\\/efk_cdf_logo_ohne_claim.png\",\"contentUrl\":\"https:\\\/\\\/www.efk.admin.ch\\\/wp-content\\\/uploads\\\/efk_cdf_logo_ohne_claim.png\",\"width\":268,\"height\":258,\"caption\":\"Contr\u00f4le f\u00e9d\u00e9ral des finances (CDF)\"},\"image\":{\"@id\":\"https:\\\/\\\/www.efk.admin.ch\\\/fr\\\/#\\\/schema\\\/logo\\\/image\\\/\"},\"sameAs\":[\"https:\\\/\\\/www.instagram.com\\\/efk_cdf_sfao\\\/\",\"https:\\\/\\\/www.youtube.com\\\/channel\\\/UCm-bXj227VE5sJzhB-ihdvw\\\/featured\",\"https:\\\/\\\/www.linkedin.com\\\/company\\\/11081578\\\/\"]}]}<\/script>\n<!-- \/ Yoast SEO Premium plugin. -->","yoast_head_json":{"title":"R\u00e9forme de la TVA de 2010 - \u00c9valuation des cons\u00e9quences pour l'Administration f\u00e9d\u00e9rale des contributions et les contribuables - Contr\u00f4le f\u00e9d\u00e9ral des finances (CDF)","description":"R\u00e9forme de la TVA de 2010 - \u00c9valuation des cons\u00e9quences pour l'Administration f\u00e9d\u00e9rale des contributions et les contribuables","robots":{"index":"index","follow":"follow","max-snippet":"max-snippet:-1","max-image-preview":"max-image-preview:large","max-video-preview":"max-video-preview:-1"},"canonical":"https:\/\/www.efk.admin.ch\/fr\/audit\/reforme-de-la-tva-de-2010-evaluation-des-consequences-pour-ladministration-federale-des-contributions-et-les-contribuables\/","og_locale":"fr_FR","og_type":"article","og_title":"R\u00e9forme de la TVA de 2010 - \u00c9valuation des cons\u00e9quences pour l'Administration f\u00e9d\u00e9rale des contributions et les contribuables","og_description":"R\u00e9forme de la TVA de 2010 - \u00c9valuation des cons\u00e9quences pour l'Administration f\u00e9d\u00e9rale des contributions et les contribuables","og_url":"https:\/\/www.efk.admin.ch\/fr\/audit\/reforme-de-la-tva-de-2010-evaluation-des-consequences-pour-ladministration-federale-des-contributions-et-les-contribuables\/","og_site_name":"Contr\u00f4le f\u00e9d\u00e9ral des finances (CDF)","article_modified_time":"2024-03-21T16:49:06+00:00","og_image":[{"width":750,"height":500,"url":"https:\/\/www.efk.admin.ch\/wp-content\/uploads\/test\/palais.jpg","type":"image\/jpeg"}],"twitter_card":"summary_large_image","twitter_misc":{"Dur\u00e9e de lecture estim\u00e9e":"1 minute"},"schema":{"@context":"https:\/\/schema.org","@graph":[{"@type":"WebPage","@id":"https:\/\/www.efk.admin.ch\/fr\/audit\/reforme-de-la-tva-de-2010-evaluation-des-consequences-pour-ladministration-federale-des-contributions-et-les-contribuables\/","url":"https:\/\/www.efk.admin.ch\/fr\/audit\/reforme-de-la-tva-de-2010-evaluation-des-consequences-pour-ladministration-federale-des-contributions-et-les-contribuables\/","name":"R\u00e9forme de la TVA de 2010 - \u00c9valuation des cons\u00e9quences pour l'Administration f\u00e9d\u00e9rale des contributions et les contribuables - Contr\u00f4le f\u00e9d\u00e9ral des finances (CDF)","isPartOf":{"@id":"https:\/\/www.efk.admin.ch\/fr\/#website"},"datePublished":"2024-01-17T15:37:04+00:00","dateModified":"2024-03-21T16:49:06+00:00","description":"R\u00e9forme de la TVA de 2010 - \u00c9valuation des cons\u00e9quences pour l'Administration f\u00e9d\u00e9rale des contributions et les contribuables","breadcrumb":{"@id":"https:\/\/www.efk.admin.ch\/fr\/audit\/reforme-de-la-tva-de-2010-evaluation-des-consequences-pour-ladministration-federale-des-contributions-et-les-contribuables\/#breadcrumb"},"inLanguage":"fr-FR","potentialAction":[{"@type":"ReadAction","target":["https:\/\/www.efk.admin.ch\/fr\/audit\/reforme-de-la-tva-de-2010-evaluation-des-consequences-pour-ladministration-federale-des-contributions-et-les-contribuables\/"]}]},{"@type":"BreadcrumbList","@id":"https:\/\/www.efk.admin.ch\/fr\/audit\/reforme-de-la-tva-de-2010-evaluation-des-consequences-pour-ladministration-federale-des-contributions-et-les-contribuables\/#breadcrumb","itemListElement":[{"@type":"ListItem","position":1,"name":"Home","item":"https:\/\/www.efk.admin.ch\/fr\/"},{"@type":"ListItem","position":2,"name":"Rapport","item":"https:\/\/www.efk.admin.ch\/fr\/audit\/"},{"@type":"ListItem","position":3,"name":"R\u00e9forme de la TVA de 2010 &#8211; \u00c9valuation des cons\u00e9quences pour l&#8217;Administration f\u00e9d\u00e9rale des contributions et les contribuables"}]},{"@type":"WebSite","@id":"https:\/\/www.efk.admin.ch\/fr\/#website","url":"https:\/\/www.efk.admin.ch\/fr\/","name":"Informationen \u00fcber das oberste Finanzaufsichtsorgan der Schweiz","description":"Le Contr\u00f4le f\u00e9d\u00e9ral des finances (CDF) est l'organe supr\u00eame de surveillance financi\u00e8re de la Conf\u00e9d\u00e9ration suisse.","publisher":{"@id":"https:\/\/www.efk.admin.ch\/fr\/#organization"},"alternateName":"EFK","potentialAction":[{"@type":"SearchAction","target":{"@type":"EntryPoint","urlTemplate":"https:\/\/www.efk.admin.ch\/fr\/?s={search_term_string}"},"query-input":{"@type":"PropertyValueSpecification","valueRequired":true,"valueName":"search_term_string"}}],"inLanguage":"fr-FR"},{"@type":"Organization","@id":"https:\/\/www.efk.admin.ch\/fr\/#organization","name":"Contr\u00f4le f\u00e9d\u00e9ral des finances (CDF)","alternateName":"EFK","url":"https:\/\/www.efk.admin.ch\/fr\/","logo":{"@type":"ImageObject","inLanguage":"fr-FR","@id":"https:\/\/www.efk.admin.ch\/fr\/#\/schema\/logo\/image\/","url":"https:\/\/www.efk.admin.ch\/wp-content\/uploads\/efk_cdf_logo_ohne_claim.png","contentUrl":"https:\/\/www.efk.admin.ch\/wp-content\/uploads\/efk_cdf_logo_ohne_claim.png","width":268,"height":258,"caption":"Contr\u00f4le f\u00e9d\u00e9ral des finances (CDF)"},"image":{"@id":"https:\/\/www.efk.admin.ch\/fr\/#\/schema\/logo\/image\/"},"sameAs":["https:\/\/www.instagram.com\/efk_cdf_sfao\/","https:\/\/www.youtube.com\/channel\/UCm-bXj227VE5sJzhB-ihdvw\/featured","https:\/\/www.linkedin.com\/company\/11081578\/"]}]}},"_links":{"self":[{"href":"https:\/\/www.efk.admin.ch\/fr\/wp-json\/wp\/v2\/audit\/6105","targetHints":{"allow":["GET"]}}],"collection":[{"href":"https:\/\/www.efk.admin.ch\/fr\/wp-json\/wp\/v2\/audit"}],"about":[{"href":"https:\/\/www.efk.admin.ch\/fr\/wp-json\/wp\/v2\/types\/audit"}],"acf:post":[{"embeddable":true,"href":"https:\/\/www.efk.admin.ch\/fr\/wp-json\/wp\/v2\/office\/7939"}],"wp:attachment":[{"href":"https:\/\/www.efk.admin.ch\/fr\/wp-json\/wp\/v2\/media?parent=6105"}],"wp:term":[{"taxonomy":"audit_category","embeddable":true,"href":"https:\/\/www.efk.admin.ch\/fr\/wp-json\/wp\/v2\/audit_category?post=6105"},{"taxonomy":"audit_type","embeddable":true,"href":"https:\/\/www.efk.admin.ch\/fr\/wp-json\/wp\/v2\/audit_type?post=6105"}],"curies":[{"name":"wp","href":"https:\/\/api.w.org\/{rel}","templated":true}]}}