{"id":6100,"date":"2024-01-17T16:37:04","date_gmt":"2024-01-17T15:37:04","guid":{"rendered":"https:\/\/preview.efk.admin.ch\/prufung\/subvention-federale-accordee-au-centre-pour-le-controle-democratique-des-forces-armees-direction-politique-et-direction-du-developpement-et-de-la-cooperation-du-dfae\/"},"modified":"2024-02-29T10:26:26","modified_gmt":"2024-02-29T09:26:26","slug":"subvention-federale-accordee-au-centre-pour-le-controle-democratique-des-forces-armees-direction-politique-et-direction-du-developpement-et-de-la-cooperation-du-dfae","status":"publish","type":"audit","link":"https:\/\/www.efk.admin.ch\/fr\/audit\/subvention-federale-accordee-au-centre-pour-le-controle-democratique-des-forces-armees-direction-politique-et-direction-du-developpement-et-de-la-cooperation-du-dfae\/","title":{"rendered":"Subvention f\u00e9d\u00e9rale accord\u00e9e au Centre pour le contr\u00f4le d\u00e9mocratique des forces arm\u00e9es"},"content":{"rendered":"\n<p>Le Centre pour le contr\u00f4le d\u00e9mocratique des forces arm\u00e9es (DCAF) est un des trois Centres genevois soutenu par la Conf\u00e9d\u00e9ration \u0153uvrant dans le domaine de la politique de la paix et de la s\u00e9curit\u00e9. Cr\u00e9\u00e9e en octobre 2000 sur l\u2019initiative de la Suisse, cette fondation de droit priv\u00e9 a son si\u00e8ge dans la Maison de la Paix. En 2015, la contribution f\u00e9d\u00e9rale de pr\u00e8s de 15 millions de francs accord\u00e9e au DCAF s\u2019appuie sur la Loi sur la coop\u00e9ration au d\u00e9veloppement et l\u2019aide humanitaire internationales.<\/p>\n","protected":false},"featured_media":0,"menu_order":0,"template":"","audit_category":[64],"audit_type":[52],"class_list":["post-6100","audit","type-audit","status-publish","hentry","audit_category-relations-avec-l-etranger","audit_type-audit-fr"],"acf":{"audit_lang":[{"lang":"f"}],"audit_numbers":[{"audit_number":"16373"}],"audit_office":[8047,7914],"audit_office_text":"","audit_date":"20170620","bgo":false,"keywords":"Centre pour le contr\u00f4le d\u00e9mocratique des forces arm\u00e9es (DCAF), Centres genevois, Conf\u00e9d\u00e9ration, soutenu, politique de la paix et de la s\u00e9curit\u00e9, la Loi, la coop\u00e9ration au d\u00e9veloppement et l\u2019aide humanitaire internationales.","audit_office_local":""},"yoast_head":"<!-- This site is optimized with the Yoast SEO Premium plugin v27.4 (Yoast SEO v27.4) - https:\/\/yoast.com\/product\/yoast-seo-premium-wordpress\/ -->\n<title>Subvention f\u00e9d\u00e9rale accord\u00e9e au Centre pour le contr\u00f4le d\u00e9mocratique des forces arm\u00e9es - Contr\u00f4le f\u00e9d\u00e9ral des finances (CDF)<\/title>\n<meta name=\"description\" content=\"Subvention f\u00e9d\u00e9rale accord\u00e9e au Centre pour le contr\u00f4le d\u00e9mocratique des forces arm\u00e9es\" \/>\n<meta name=\"robots\" content=\"index, follow, max-snippet:-1, max-image-preview:large, max-video-preview:-1\" \/>\n<link rel=\"canonical\" href=\"https:\/\/www.efk.admin.ch\/fr\/audit\/subvention-federale-accordee-au-centre-pour-le-controle-democratique-des-forces-armees-direction-politique-et-direction-du-developpement-et-de-la-cooperation-du-dfae\/\" \/>\n<meta property=\"og:locale\" content=\"fr_FR\" \/>\n<meta property=\"og:type\" content=\"article\" \/>\n<meta property=\"og:title\" content=\"Subvention f\u00e9d\u00e9rale accord\u00e9e au Centre pour le contr\u00f4le d\u00e9mocratique des forces arm\u00e9es\" \/>\n<meta property=\"og:description\" content=\"Subvention f\u00e9d\u00e9rale accord\u00e9e au Centre pour le contr\u00f4le d\u00e9mocratique des forces arm\u00e9es\" \/>\n<meta property=\"og:url\" content=\"https:\/\/www.efk.admin.ch\/fr\/audit\/subvention-federale-accordee-au-centre-pour-le-controle-democratique-des-forces-armees-direction-politique-et-direction-du-developpement-et-de-la-cooperation-du-dfae\/\" \/>\n<meta property=\"og:site_name\" content=\"Contr\u00f4le f\u00e9d\u00e9ral des finances (CDF)\" \/>\n<meta property=\"article:modified_time\" content=\"2024-02-29T09:26:26+00:00\" \/>\n<meta property=\"og:image\" content=\"https:\/\/www.efk.admin.ch\/wp-content\/uploads\/test\/palais.jpg\" \/>\n\t<meta property=\"og:image:width\" content=\"750\" \/>\n\t<meta property=\"og:image:height\" content=\"500\" \/>\n\t<meta property=\"og:image:type\" content=\"image\/jpeg\" \/>\n<meta name=\"twitter:card\" content=\"summary_large_image\" \/>\n<script type=\"application\/ld+json\" class=\"yoast-schema-graph\">{\"@context\":\"https:\\\/\\\/schema.org\",\"@graph\":[{\"@type\":\"WebPage\",\"@id\":\"https:\\\/\\\/www.efk.admin.ch\\\/fr\\\/audit\\\/subvention-federale-accordee-au-centre-pour-le-controle-democratique-des-forces-armees-direction-politique-et-direction-du-developpement-et-de-la-cooperation-du-dfae\\\/\",\"url\":\"https:\\\/\\\/www.efk.admin.ch\\\/fr\\\/audit\\\/subvention-federale-accordee-au-centre-pour-le-controle-democratique-des-forces-armees-direction-politique-et-direction-du-developpement-et-de-la-cooperation-du-dfae\\\/\",\"name\":\"Subvention f\u00e9d\u00e9rale accord\u00e9e au Centre pour le contr\u00f4le d\u00e9mocratique des forces arm\u00e9es - Contr\u00f4le f\u00e9d\u00e9ral des finances (CDF)\",\"isPartOf\":{\"@id\":\"https:\\\/\\\/www.efk.admin.ch\\\/fr\\\/#website\"},\"datePublished\":\"2024-01-17T15:37:04+00:00\",\"dateModified\":\"2024-02-29T09:26:26+00:00\",\"description\":\"Subvention f\u00e9d\u00e9rale accord\u00e9e au Centre pour le contr\u00f4le d\u00e9mocratique des forces arm\u00e9es\",\"breadcrumb\":{\"@id\":\"https:\\\/\\\/www.efk.admin.ch\\\/fr\\\/audit\\\/subvention-federale-accordee-au-centre-pour-le-controle-democratique-des-forces-armees-direction-politique-et-direction-du-developpement-et-de-la-cooperation-du-dfae\\\/#breadcrumb\"},\"inLanguage\":\"fr-FR\",\"potentialAction\":[{\"@type\":\"ReadAction\",\"target\":[\"https:\\\/\\\/www.efk.admin.ch\\\/fr\\\/audit\\\/subvention-federale-accordee-au-centre-pour-le-controle-democratique-des-forces-armees-direction-politique-et-direction-du-developpement-et-de-la-cooperation-du-dfae\\\/\"]}]},{\"@type\":\"BreadcrumbList\",\"@id\":\"https:\\\/\\\/www.efk.admin.ch\\\/fr\\\/audit\\\/subvention-federale-accordee-au-centre-pour-le-controle-democratique-des-forces-armees-direction-politique-et-direction-du-developpement-et-de-la-cooperation-du-dfae\\\/#breadcrumb\",\"itemListElement\":[{\"@type\":\"ListItem\",\"position\":1,\"name\":\"Home\",\"item\":\"https:\\\/\\\/www.efk.admin.ch\\\/fr\\\/\"},{\"@type\":\"ListItem\",\"position\":2,\"name\":\"Rapport\",\"item\":\"https:\\\/\\\/www.efk.admin.ch\\\/fr\\\/audit\\\/\"},{\"@type\":\"ListItem\",\"position\":3,\"name\":\"Subvention f\u00e9d\u00e9rale accord\u00e9e au Centre pour le contr\u00f4le d\u00e9mocratique des forces arm\u00e9es\"}]},{\"@type\":\"WebSite\",\"@id\":\"https:\\\/\\\/www.efk.admin.ch\\\/fr\\\/#website\",\"url\":\"https:\\\/\\\/www.efk.admin.ch\\\/fr\\\/\",\"name\":\"Informationen \u00fcber das oberste Finanzaufsichtsorgan der Schweiz\",\"description\":\"Le Contr\u00f4le f\u00e9d\u00e9ral des finances (CDF) est l'organe supr\u00eame de surveillance financi\u00e8re de la Conf\u00e9d\u00e9ration suisse.\",\"publisher\":{\"@id\":\"https:\\\/\\\/www.efk.admin.ch\\\/fr\\\/#organization\"},\"alternateName\":\"EFK\",\"potentialAction\":[{\"@type\":\"SearchAction\",\"target\":{\"@type\":\"EntryPoint\",\"urlTemplate\":\"https:\\\/\\\/www.efk.admin.ch\\\/fr\\\/?s={search_term_string}\"},\"query-input\":{\"@type\":\"PropertyValueSpecification\",\"valueRequired\":true,\"valueName\":\"search_term_string\"}}],\"inLanguage\":\"fr-FR\"},{\"@type\":\"Organization\",\"@id\":\"https:\\\/\\\/www.efk.admin.ch\\\/fr\\\/#organization\",\"name\":\"Contr\u00f4le f\u00e9d\u00e9ral des finances (CDF)\",\"alternateName\":\"EFK\",\"url\":\"https:\\\/\\\/www.efk.admin.ch\\\/fr\\\/\",\"logo\":{\"@type\":\"ImageObject\",\"inLanguage\":\"fr-FR\",\"@id\":\"https:\\\/\\\/www.efk.admin.ch\\\/fr\\\/#\\\/schema\\\/logo\\\/image\\\/\",\"url\":\"https:\\\/\\\/www.efk.admin.ch\\\/wp-content\\\/uploads\\\/efk_cdf_logo_ohne_claim.png\",\"contentUrl\":\"https:\\\/\\\/www.efk.admin.ch\\\/wp-content\\\/uploads\\\/efk_cdf_logo_ohne_claim.png\",\"width\":268,\"height\":258,\"caption\":\"Contr\u00f4le f\u00e9d\u00e9ral des finances (CDF)\"},\"image\":{\"@id\":\"https:\\\/\\\/www.efk.admin.ch\\\/fr\\\/#\\\/schema\\\/logo\\\/image\\\/\"},\"sameAs\":[\"https:\\\/\\\/www.instagram.com\\\/efk_cdf_sfao\\\/\",\"https:\\\/\\\/www.youtube.com\\\/channel\\\/UCm-bXj227VE5sJzhB-ihdvw\\\/featured\",\"https:\\\/\\\/www.linkedin.com\\\/company\\\/11081578\\\/\"]}]}<\/script>\n<!-- \/ Yoast SEO Premium plugin. -->","yoast_head_json":{"title":"Subvention f\u00e9d\u00e9rale accord\u00e9e au Centre pour le contr\u00f4le d\u00e9mocratique des forces arm\u00e9es - Contr\u00f4le f\u00e9d\u00e9ral des finances (CDF)","description":"Subvention f\u00e9d\u00e9rale accord\u00e9e au Centre pour le contr\u00f4le d\u00e9mocratique des forces arm\u00e9es","robots":{"index":"index","follow":"follow","max-snippet":"max-snippet:-1","max-image-preview":"max-image-preview:large","max-video-preview":"max-video-preview:-1"},"canonical":"https:\/\/www.efk.admin.ch\/fr\/audit\/subvention-federale-accordee-au-centre-pour-le-controle-democratique-des-forces-armees-direction-politique-et-direction-du-developpement-et-de-la-cooperation-du-dfae\/","og_locale":"fr_FR","og_type":"article","og_title":"Subvention f\u00e9d\u00e9rale accord\u00e9e au Centre pour le contr\u00f4le d\u00e9mocratique des forces arm\u00e9es","og_description":"Subvention f\u00e9d\u00e9rale accord\u00e9e au Centre pour le contr\u00f4le d\u00e9mocratique des forces arm\u00e9es","og_url":"https:\/\/www.efk.admin.ch\/fr\/audit\/subvention-federale-accordee-au-centre-pour-le-controle-democratique-des-forces-armees-direction-politique-et-direction-du-developpement-et-de-la-cooperation-du-dfae\/","og_site_name":"Contr\u00f4le f\u00e9d\u00e9ral des finances (CDF)","article_modified_time":"2024-02-29T09:26:26+00:00","og_image":[{"width":750,"height":500,"url":"https:\/\/www.efk.admin.ch\/wp-content\/uploads\/test\/palais.jpg","type":"image\/jpeg"}],"twitter_card":"summary_large_image","schema":{"@context":"https:\/\/schema.org","@graph":[{"@type":"WebPage","@id":"https:\/\/www.efk.admin.ch\/fr\/audit\/subvention-federale-accordee-au-centre-pour-le-controle-democratique-des-forces-armees-direction-politique-et-direction-du-developpement-et-de-la-cooperation-du-dfae\/","url":"https:\/\/www.efk.admin.ch\/fr\/audit\/subvention-federale-accordee-au-centre-pour-le-controle-democratique-des-forces-armees-direction-politique-et-direction-du-developpement-et-de-la-cooperation-du-dfae\/","name":"Subvention f\u00e9d\u00e9rale accord\u00e9e au Centre pour le contr\u00f4le d\u00e9mocratique des forces arm\u00e9es - Contr\u00f4le f\u00e9d\u00e9ral des finances (CDF)","isPartOf":{"@id":"https:\/\/www.efk.admin.ch\/fr\/#website"},"datePublished":"2024-01-17T15:37:04+00:00","dateModified":"2024-02-29T09:26:26+00:00","description":"Subvention f\u00e9d\u00e9rale accord\u00e9e au Centre pour le contr\u00f4le d\u00e9mocratique des forces arm\u00e9es","breadcrumb":{"@id":"https:\/\/www.efk.admin.ch\/fr\/audit\/subvention-federale-accordee-au-centre-pour-le-controle-democratique-des-forces-armees-direction-politique-et-direction-du-developpement-et-de-la-cooperation-du-dfae\/#breadcrumb"},"inLanguage":"fr-FR","potentialAction":[{"@type":"ReadAction","target":["https:\/\/www.efk.admin.ch\/fr\/audit\/subvention-federale-accordee-au-centre-pour-le-controle-democratique-des-forces-armees-direction-politique-et-direction-du-developpement-et-de-la-cooperation-du-dfae\/"]}]},{"@type":"BreadcrumbList","@id":"https:\/\/www.efk.admin.ch\/fr\/audit\/subvention-federale-accordee-au-centre-pour-le-controle-democratique-des-forces-armees-direction-politique-et-direction-du-developpement-et-de-la-cooperation-du-dfae\/#breadcrumb","itemListElement":[{"@type":"ListItem","position":1,"name":"Home","item":"https:\/\/www.efk.admin.ch\/fr\/"},{"@type":"ListItem","position":2,"name":"Rapport","item":"https:\/\/www.efk.admin.ch\/fr\/audit\/"},{"@type":"ListItem","position":3,"name":"Subvention f\u00e9d\u00e9rale accord\u00e9e au Centre pour le contr\u00f4le d\u00e9mocratique des forces arm\u00e9es"}]},{"@type":"WebSite","@id":"https:\/\/www.efk.admin.ch\/fr\/#website","url":"https:\/\/www.efk.admin.ch\/fr\/","name":"Informationen \u00fcber das oberste Finanzaufsichtsorgan der Schweiz","description":"Le Contr\u00f4le f\u00e9d\u00e9ral des finances (CDF) est l'organe supr\u00eame de surveillance financi\u00e8re de la Conf\u00e9d\u00e9ration suisse.","publisher":{"@id":"https:\/\/www.efk.admin.ch\/fr\/#organization"},"alternateName":"EFK","potentialAction":[{"@type":"SearchAction","target":{"@type":"EntryPoint","urlTemplate":"https:\/\/www.efk.admin.ch\/fr\/?s={search_term_string}"},"query-input":{"@type":"PropertyValueSpecification","valueRequired":true,"valueName":"search_term_string"}}],"inLanguage":"fr-FR"},{"@type":"Organization","@id":"https:\/\/www.efk.admin.ch\/fr\/#organization","name":"Contr\u00f4le f\u00e9d\u00e9ral des finances (CDF)","alternateName":"EFK","url":"https:\/\/www.efk.admin.ch\/fr\/","logo":{"@type":"ImageObject","inLanguage":"fr-FR","@id":"https:\/\/www.efk.admin.ch\/fr\/#\/schema\/logo\/image\/","url":"https:\/\/www.efk.admin.ch\/wp-content\/uploads\/efk_cdf_logo_ohne_claim.png","contentUrl":"https:\/\/www.efk.admin.ch\/wp-content\/uploads\/efk_cdf_logo_ohne_claim.png","width":268,"height":258,"caption":"Contr\u00f4le f\u00e9d\u00e9ral des finances (CDF)"},"image":{"@id":"https:\/\/www.efk.admin.ch\/fr\/#\/schema\/logo\/image\/"},"sameAs":["https:\/\/www.instagram.com\/efk_cdf_sfao\/","https:\/\/www.youtube.com\/channel\/UCm-bXj227VE5sJzhB-ihdvw\/featured","https:\/\/www.linkedin.com\/company\/11081578\/"]}]}},"_links":{"self":[{"href":"https:\/\/www.efk.admin.ch\/fr\/wp-json\/wp\/v2\/audit\/6100","targetHints":{"allow":["GET"]}}],"collection":[{"href":"https:\/\/www.efk.admin.ch\/fr\/wp-json\/wp\/v2\/audit"}],"about":[{"href":"https:\/\/www.efk.admin.ch\/fr\/wp-json\/wp\/v2\/types\/audit"}],"acf:post":[{"embeddable":true,"href":"https:\/\/www.efk.admin.ch\/fr\/wp-json\/wp\/v2\/office\/7914"},{"embeddable":true,"href":"https:\/\/www.efk.admin.ch\/fr\/wp-json\/wp\/v2\/office\/8047"}],"wp:attachment":[{"href":"https:\/\/www.efk.admin.ch\/fr\/wp-json\/wp\/v2\/media?parent=6100"}],"wp:term":[{"taxonomy":"audit_category","embeddable":true,"href":"https:\/\/www.efk.admin.ch\/fr\/wp-json\/wp\/v2\/audit_category?post=6100"},{"taxonomy":"audit_type","embeddable":true,"href":"https:\/\/www.efk.admin.ch\/fr\/wp-json\/wp\/v2\/audit_type?post=6100"}],"curies":[{"name":"wp","href":"https:\/\/api.w.org\/{rel}","templated":true}]}}