{"id":6096,"date":"2024-01-17T16:36:58","date_gmt":"2024-01-17T15:36:58","guid":{"rendered":"https:\/\/preview.efk.admin.ch\/prufung\/incitation-a-laccroissement-de-lefficacite-energetique-grace-au-modele-de-prix-du-sillon-office-federal-des-transports-cff-sa-et-bls-sa\/"},"modified":"2024-02-28T13:52:05","modified_gmt":"2024-02-28T12:52:05","slug":"incitation-a-laccroissement-de-lefficacite-energetique-grace-au-modele-de-prix-du-sillon-office-federal-des-transports-cff-sa-et-bls-sa","status":"publish","type":"audit","link":"https:\/\/www.efk.admin.ch\/fr\/audit\/incitation-a-laccroissement-de-lefficacite-energetique-grace-au-modele-de-prix-du-sillon-office-federal-des-transports-cff-sa-et-bls-sa\/","title":{"rendered":"Incitation \u00e0 l\u2019accroissement de l\u2019efficacit\u00e9 \u00e9nerg\u00e9tique gr\u00e2ce au mod\u00e8le de prix du sillon"},"content":{"rendered":"\n<p>Le rail compte parmi les plus gros consommateurs de courant en Suisse. Sur le r\u00e9seau des CFF, cette consommation atteint environ 2400 GWh par an, soit un chiffre comparable \u00e0 la consommation de quelque 630 000 m\u00e9nages. Dans son projet de Strat\u00e9gie \u00e9nergique 2050, la Conf\u00e9d\u00e9ration reconna\u00eet la n\u00e9cessit\u00e9 de prendre des mesures visant \u00e0 augmenter l\u2019efficacit\u00e9 \u00e9nerg\u00e9tique du trafic ferroviaire. Il s\u2019agit entre autres de cr\u00e9er des incitations financi\u00e8res directes \u00e0 l\u2019accroissement de cette efficacit\u00e9 en int\u00e9grant les co\u00fbts r\u00e9els de l\u2019\u00e9nergie dans le syst\u00e8me du prix du sillon. Le prix du sillon permet de facturer les co\u00fbts d\u2019infrastructure, prix du courant de traction inclus, aux entreprises de transport ferroviaire (ETF) et d\u2019indemniser ainsi les gestionnaires d\u2019infrastructure. CFF Infrastructure facture aux ETF qui empruntent son r\u00e9seau 220 millions de francs par an en moyenne pour le courant de traction, soit environ 20 % des recettes du prix du sillon qui s\u2019\u00e9l\u00e8vent \u00e0 1,1 milliard de francs.<\/p>\n","protected":false},"featured_media":0,"menu_order":0,"template":"","audit_category":[47],"audit_type":[52],"class_list":["post-6096","audit","type-audit","status-publish","hentry","audit_category-transports-et-environnement","audit_type-audit-fr"],"acf":{"audit_lang":[{"lang":"d"}],"audit_numbers":[{"audit_number":"16617"}],"audit_office":[7956,8023,8052],"audit_office_text":"","audit_date":"20170627","bgo":false,"keywords":"consommateurs de courant, projet de Strat\u00e9gie \u00e9nergique 2050,  la n\u00e9cessit\u00e9 de prendre des mesures visant \u00e0 augmenter l\u2019efficacit\u00e9 \u00e9nerg\u00e9tique, transport ferroviaire, co\u00fbts r\u00e9els de l\u2019\u00e9nergie, incitations financi\u00e8res,  le courant de traction inclus","audit_office_local":""},"yoast_head":"<!-- This site is optimized with the Yoast SEO Premium plugin v27.4 (Yoast SEO v27.4) - https:\/\/yoast.com\/product\/yoast-seo-premium-wordpress\/ -->\n<title>Incitation \u00e0 l\u2019accroissement de l\u2019efficacit\u00e9 \u00e9nerg\u00e9tique gr\u00e2ce au mod\u00e8le de prix du sillon - Contr\u00f4le f\u00e9d\u00e9ral des finances (CDF)<\/title>\n<meta name=\"description\" content=\"Incitation \u00e0 l\u2019accroissement de l\u2019efficacit\u00e9 \u00e9nerg\u00e9tique gr\u00e2ce au mod\u00e8le de prix du sillon\" \/>\n<meta name=\"robots\" content=\"index, follow, max-snippet:-1, max-image-preview:large, max-video-preview:-1\" \/>\n<link rel=\"canonical\" href=\"https:\/\/www.efk.admin.ch\/fr\/audit\/incitation-a-laccroissement-de-lefficacite-energetique-grace-au-modele-de-prix-du-sillon-office-federal-des-transports-cff-sa-et-bls-sa\/\" \/>\n<meta property=\"og:locale\" content=\"fr_FR\" \/>\n<meta property=\"og:type\" content=\"article\" \/>\n<meta property=\"og:title\" content=\"Incitation \u00e0 l\u2019accroissement de l\u2019efficacit\u00e9 \u00e9nerg\u00e9tique gr\u00e2ce au mod\u00e8le de prix du sillon\" \/>\n<meta property=\"og:description\" content=\"Incitation \u00e0 l\u2019accroissement de l\u2019efficacit\u00e9 \u00e9nerg\u00e9tique gr\u00e2ce au mod\u00e8le de prix du sillon\" \/>\n<meta property=\"og:url\" content=\"https:\/\/www.efk.admin.ch\/fr\/audit\/incitation-a-laccroissement-de-lefficacite-energetique-grace-au-modele-de-prix-du-sillon-office-federal-des-transports-cff-sa-et-bls-sa\/\" \/>\n<meta property=\"og:site_name\" content=\"Contr\u00f4le f\u00e9d\u00e9ral des finances (CDF)\" \/>\n<meta property=\"article:modified_time\" content=\"2024-02-28T12:52:05+00:00\" \/>\n<meta property=\"og:image\" content=\"https:\/\/www.efk.admin.ch\/wp-content\/uploads\/test\/palais.jpg\" \/>\n\t<meta property=\"og:image:width\" content=\"750\" \/>\n\t<meta property=\"og:image:height\" content=\"500\" \/>\n\t<meta property=\"og:image:type\" content=\"image\/jpeg\" \/>\n<meta name=\"twitter:card\" content=\"summary_large_image\" \/>\n<meta name=\"twitter:label1\" content=\"Dur\u00e9e de lecture estim\u00e9e\" \/>\n\t<meta name=\"twitter:data1\" content=\"1 minute\" \/>\n<script type=\"application\/ld+json\" class=\"yoast-schema-graph\">{\"@context\":\"https:\\\/\\\/schema.org\",\"@graph\":[{\"@type\":\"WebPage\",\"@id\":\"https:\\\/\\\/www.efk.admin.ch\\\/fr\\\/audit\\\/incitation-a-laccroissement-de-lefficacite-energetique-grace-au-modele-de-prix-du-sillon-office-federal-des-transports-cff-sa-et-bls-sa\\\/\",\"url\":\"https:\\\/\\\/www.efk.admin.ch\\\/fr\\\/audit\\\/incitation-a-laccroissement-de-lefficacite-energetique-grace-au-modele-de-prix-du-sillon-office-federal-des-transports-cff-sa-et-bls-sa\\\/\",\"name\":\"Incitation \u00e0 l\u2019accroissement de l\u2019efficacit\u00e9 \u00e9nerg\u00e9tique gr\u00e2ce au mod\u00e8le de prix du sillon - Contr\u00f4le f\u00e9d\u00e9ral des finances (CDF)\",\"isPartOf\":{\"@id\":\"https:\\\/\\\/www.efk.admin.ch\\\/fr\\\/#website\"},\"datePublished\":\"2024-01-17T15:36:58+00:00\",\"dateModified\":\"2024-02-28T12:52:05+00:00\",\"description\":\"Incitation \u00e0 l\u2019accroissement de l\u2019efficacit\u00e9 \u00e9nerg\u00e9tique gr\u00e2ce au mod\u00e8le de prix du sillon\",\"breadcrumb\":{\"@id\":\"https:\\\/\\\/www.efk.admin.ch\\\/fr\\\/audit\\\/incitation-a-laccroissement-de-lefficacite-energetique-grace-au-modele-de-prix-du-sillon-office-federal-des-transports-cff-sa-et-bls-sa\\\/#breadcrumb\"},\"inLanguage\":\"fr-FR\",\"potentialAction\":[{\"@type\":\"ReadAction\",\"target\":[\"https:\\\/\\\/www.efk.admin.ch\\\/fr\\\/audit\\\/incitation-a-laccroissement-de-lefficacite-energetique-grace-au-modele-de-prix-du-sillon-office-federal-des-transports-cff-sa-et-bls-sa\\\/\"]}]},{\"@type\":\"BreadcrumbList\",\"@id\":\"https:\\\/\\\/www.efk.admin.ch\\\/fr\\\/audit\\\/incitation-a-laccroissement-de-lefficacite-energetique-grace-au-modele-de-prix-du-sillon-office-federal-des-transports-cff-sa-et-bls-sa\\\/#breadcrumb\",\"itemListElement\":[{\"@type\":\"ListItem\",\"position\":1,\"name\":\"Home\",\"item\":\"https:\\\/\\\/www.efk.admin.ch\\\/fr\\\/\"},{\"@type\":\"ListItem\",\"position\":2,\"name\":\"Rapport\",\"item\":\"https:\\\/\\\/www.efk.admin.ch\\\/fr\\\/audit\\\/\"},{\"@type\":\"ListItem\",\"position\":3,\"name\":\"Incitation \u00e0 l\u2019accroissement de l\u2019efficacit\u00e9 \u00e9nerg\u00e9tique gr\u00e2ce au mod\u00e8le de prix du sillon\"}]},{\"@type\":\"WebSite\",\"@id\":\"https:\\\/\\\/www.efk.admin.ch\\\/fr\\\/#website\",\"url\":\"https:\\\/\\\/www.efk.admin.ch\\\/fr\\\/\",\"name\":\"Informationen \u00fcber das oberste Finanzaufsichtsorgan der Schweiz\",\"description\":\"Le Contr\u00f4le f\u00e9d\u00e9ral des finances (CDF) est l'organe supr\u00eame de surveillance financi\u00e8re de la Conf\u00e9d\u00e9ration suisse.\",\"publisher\":{\"@id\":\"https:\\\/\\\/www.efk.admin.ch\\\/fr\\\/#organization\"},\"alternateName\":\"EFK\",\"potentialAction\":[{\"@type\":\"SearchAction\",\"target\":{\"@type\":\"EntryPoint\",\"urlTemplate\":\"https:\\\/\\\/www.efk.admin.ch\\\/fr\\\/?s={search_term_string}\"},\"query-input\":{\"@type\":\"PropertyValueSpecification\",\"valueRequired\":true,\"valueName\":\"search_term_string\"}}],\"inLanguage\":\"fr-FR\"},{\"@type\":\"Organization\",\"@id\":\"https:\\\/\\\/www.efk.admin.ch\\\/fr\\\/#organization\",\"name\":\"Contr\u00f4le f\u00e9d\u00e9ral des finances (CDF)\",\"alternateName\":\"EFK\",\"url\":\"https:\\\/\\\/www.efk.admin.ch\\\/fr\\\/\",\"logo\":{\"@type\":\"ImageObject\",\"inLanguage\":\"fr-FR\",\"@id\":\"https:\\\/\\\/www.efk.admin.ch\\\/fr\\\/#\\\/schema\\\/logo\\\/image\\\/\",\"url\":\"https:\\\/\\\/www.efk.admin.ch\\\/wp-content\\\/uploads\\\/efk_cdf_logo_ohne_claim.png\",\"contentUrl\":\"https:\\\/\\\/www.efk.admin.ch\\\/wp-content\\\/uploads\\\/efk_cdf_logo_ohne_claim.png\",\"width\":268,\"height\":258,\"caption\":\"Contr\u00f4le f\u00e9d\u00e9ral des finances (CDF)\"},\"image\":{\"@id\":\"https:\\\/\\\/www.efk.admin.ch\\\/fr\\\/#\\\/schema\\\/logo\\\/image\\\/\"},\"sameAs\":[\"https:\\\/\\\/www.instagram.com\\\/efk_cdf_sfao\\\/\",\"https:\\\/\\\/www.youtube.com\\\/channel\\\/UCm-bXj227VE5sJzhB-ihdvw\\\/featured\",\"https:\\\/\\\/www.linkedin.com\\\/company\\\/11081578\\\/\"]}]}<\/script>\n<!-- \/ Yoast SEO Premium plugin. -->","yoast_head_json":{"title":"Incitation \u00e0 l\u2019accroissement de l\u2019efficacit\u00e9 \u00e9nerg\u00e9tique gr\u00e2ce au mod\u00e8le de prix du sillon - Contr\u00f4le f\u00e9d\u00e9ral des finances (CDF)","description":"Incitation \u00e0 l\u2019accroissement de l\u2019efficacit\u00e9 \u00e9nerg\u00e9tique gr\u00e2ce au mod\u00e8le de prix du sillon","robots":{"index":"index","follow":"follow","max-snippet":"max-snippet:-1","max-image-preview":"max-image-preview:large","max-video-preview":"max-video-preview:-1"},"canonical":"https:\/\/www.efk.admin.ch\/fr\/audit\/incitation-a-laccroissement-de-lefficacite-energetique-grace-au-modele-de-prix-du-sillon-office-federal-des-transports-cff-sa-et-bls-sa\/","og_locale":"fr_FR","og_type":"article","og_title":"Incitation \u00e0 l\u2019accroissement de l\u2019efficacit\u00e9 \u00e9nerg\u00e9tique gr\u00e2ce au mod\u00e8le de prix du sillon","og_description":"Incitation \u00e0 l\u2019accroissement de l\u2019efficacit\u00e9 \u00e9nerg\u00e9tique gr\u00e2ce au mod\u00e8le de prix du sillon","og_url":"https:\/\/www.efk.admin.ch\/fr\/audit\/incitation-a-laccroissement-de-lefficacite-energetique-grace-au-modele-de-prix-du-sillon-office-federal-des-transports-cff-sa-et-bls-sa\/","og_site_name":"Contr\u00f4le f\u00e9d\u00e9ral des finances (CDF)","article_modified_time":"2024-02-28T12:52:05+00:00","og_image":[{"width":750,"height":500,"url":"https:\/\/www.efk.admin.ch\/wp-content\/uploads\/test\/palais.jpg","type":"image\/jpeg"}],"twitter_card":"summary_large_image","twitter_misc":{"Dur\u00e9e de lecture estim\u00e9e":"1 minute"},"schema":{"@context":"https:\/\/schema.org","@graph":[{"@type":"WebPage","@id":"https:\/\/www.efk.admin.ch\/fr\/audit\/incitation-a-laccroissement-de-lefficacite-energetique-grace-au-modele-de-prix-du-sillon-office-federal-des-transports-cff-sa-et-bls-sa\/","url":"https:\/\/www.efk.admin.ch\/fr\/audit\/incitation-a-laccroissement-de-lefficacite-energetique-grace-au-modele-de-prix-du-sillon-office-federal-des-transports-cff-sa-et-bls-sa\/","name":"Incitation \u00e0 l\u2019accroissement de l\u2019efficacit\u00e9 \u00e9nerg\u00e9tique gr\u00e2ce au mod\u00e8le de prix du sillon - Contr\u00f4le f\u00e9d\u00e9ral des finances (CDF)","isPartOf":{"@id":"https:\/\/www.efk.admin.ch\/fr\/#website"},"datePublished":"2024-01-17T15:36:58+00:00","dateModified":"2024-02-28T12:52:05+00:00","description":"Incitation \u00e0 l\u2019accroissement de l\u2019efficacit\u00e9 \u00e9nerg\u00e9tique gr\u00e2ce au mod\u00e8le de prix du sillon","breadcrumb":{"@id":"https:\/\/www.efk.admin.ch\/fr\/audit\/incitation-a-laccroissement-de-lefficacite-energetique-grace-au-modele-de-prix-du-sillon-office-federal-des-transports-cff-sa-et-bls-sa\/#breadcrumb"},"inLanguage":"fr-FR","potentialAction":[{"@type":"ReadAction","target":["https:\/\/www.efk.admin.ch\/fr\/audit\/incitation-a-laccroissement-de-lefficacite-energetique-grace-au-modele-de-prix-du-sillon-office-federal-des-transports-cff-sa-et-bls-sa\/"]}]},{"@type":"BreadcrumbList","@id":"https:\/\/www.efk.admin.ch\/fr\/audit\/incitation-a-laccroissement-de-lefficacite-energetique-grace-au-modele-de-prix-du-sillon-office-federal-des-transports-cff-sa-et-bls-sa\/#breadcrumb","itemListElement":[{"@type":"ListItem","position":1,"name":"Home","item":"https:\/\/www.efk.admin.ch\/fr\/"},{"@type":"ListItem","position":2,"name":"Rapport","item":"https:\/\/www.efk.admin.ch\/fr\/audit\/"},{"@type":"ListItem","position":3,"name":"Incitation \u00e0 l\u2019accroissement de l\u2019efficacit\u00e9 \u00e9nerg\u00e9tique gr\u00e2ce au mod\u00e8le de prix du sillon"}]},{"@type":"WebSite","@id":"https:\/\/www.efk.admin.ch\/fr\/#website","url":"https:\/\/www.efk.admin.ch\/fr\/","name":"Informationen \u00fcber das oberste Finanzaufsichtsorgan der Schweiz","description":"Le Contr\u00f4le f\u00e9d\u00e9ral des finances (CDF) est l'organe supr\u00eame de surveillance financi\u00e8re de la Conf\u00e9d\u00e9ration suisse.","publisher":{"@id":"https:\/\/www.efk.admin.ch\/fr\/#organization"},"alternateName":"EFK","potentialAction":[{"@type":"SearchAction","target":{"@type":"EntryPoint","urlTemplate":"https:\/\/www.efk.admin.ch\/fr\/?s={search_term_string}"},"query-input":{"@type":"PropertyValueSpecification","valueRequired":true,"valueName":"search_term_string"}}],"inLanguage":"fr-FR"},{"@type":"Organization","@id":"https:\/\/www.efk.admin.ch\/fr\/#organization","name":"Contr\u00f4le f\u00e9d\u00e9ral des finances (CDF)","alternateName":"EFK","url":"https:\/\/www.efk.admin.ch\/fr\/","logo":{"@type":"ImageObject","inLanguage":"fr-FR","@id":"https:\/\/www.efk.admin.ch\/fr\/#\/schema\/logo\/image\/","url":"https:\/\/www.efk.admin.ch\/wp-content\/uploads\/efk_cdf_logo_ohne_claim.png","contentUrl":"https:\/\/www.efk.admin.ch\/wp-content\/uploads\/efk_cdf_logo_ohne_claim.png","width":268,"height":258,"caption":"Contr\u00f4le f\u00e9d\u00e9ral des finances (CDF)"},"image":{"@id":"https:\/\/www.efk.admin.ch\/fr\/#\/schema\/logo\/image\/"},"sameAs":["https:\/\/www.instagram.com\/efk_cdf_sfao\/","https:\/\/www.youtube.com\/channel\/UCm-bXj227VE5sJzhB-ihdvw\/featured","https:\/\/www.linkedin.com\/company\/11081578\/"]}]}},"_links":{"self":[{"href":"https:\/\/www.efk.admin.ch\/fr\/wp-json\/wp\/v2\/audit\/6096","targetHints":{"allow":["GET"]}}],"collection":[{"href":"https:\/\/www.efk.admin.ch\/fr\/wp-json\/wp\/v2\/audit"}],"about":[{"href":"https:\/\/www.efk.admin.ch\/fr\/wp-json\/wp\/v2\/types\/audit"}],"acf:post":[{"embeddable":true,"href":"https:\/\/www.efk.admin.ch\/fr\/wp-json\/wp\/v2\/office\/8052"},{"embeddable":true,"href":"https:\/\/www.efk.admin.ch\/fr\/wp-json\/wp\/v2\/office\/8023"},{"embeddable":true,"href":"https:\/\/www.efk.admin.ch\/fr\/wp-json\/wp\/v2\/office\/7956"}],"wp:attachment":[{"href":"https:\/\/www.efk.admin.ch\/fr\/wp-json\/wp\/v2\/media?parent=6096"}],"wp:term":[{"taxonomy":"audit_category","embeddable":true,"href":"https:\/\/www.efk.admin.ch\/fr\/wp-json\/wp\/v2\/audit_category?post=6096"},{"taxonomy":"audit_type","embeddable":true,"href":"https:\/\/www.efk.admin.ch\/fr\/wp-json\/wp\/v2\/audit_type?post=6096"}],"curies":[{"name":"wp","href":"https:\/\/api.w.org\/{rel}","templated":true}]}}