{"id":6086,"date":"2024-01-17T16:36:58","date_gmt":"2024-01-17T15:36:58","guid":{"rendered":"https:\/\/preview.efk.admin.ch\/prufung\/traitement-et-controle-des-factures-pour-les-prestations-individuelles-de-lavs-et-de-lai-centrale-de-compensation-et-office-federal-des-assurances-sociales\/"},"modified":"2024-03-04T18:53:12","modified_gmt":"2024-03-04T17:53:12","slug":"traitement-et-controle-des-factures-pour-les-prestations-individuelles-de-lavs-et-de-lai-centrale-de-compensation-et-office-federal-des-assurances-sociales","status":"publish","type":"audit","link":"https:\/\/www.efk.admin.ch\/fr\/audit\/traitement-et-controle-des-factures-pour-les-prestations-individuelles-de-lavs-et-de-lai-centrale-de-compensation-et-office-federal-des-assurances-sociales\/","title":{"rendered":"Traitement et contr\u00f4le des factures pour les prestations individuelles de l\u2019AVS et de l\u2019AI"},"content":{"rendered":"\n<p>La Centrale de compensation (CdC) traite chaque ann\u00e9e pr\u00e8s de 1,6 million de factures pour des prestations individuelles de l\u2019assurance-vieillesse et survivants (AVS) et de l\u2019assurance-invalidit\u00e9 (AI). Celles-ci couvrent des mesures m\u00e9dicales, des formations professionnelles, des moyens auxiliaires ou des frais de transport. Ces factures repr\u00e9sentent un volume financier d\u2019environ 2,2 milliards de francs par an. L\u2019Office f\u00e9d\u00e9ral des assurances sociales (OFAS) d\u00e9finit les r\u00e8gles \u00e0 suivre et assume une t\u00e2che de surveillance. Les offices AI effectuent un premier contr\u00f4le des factures. La CdC v\u00e9rifie ensuite la conformit\u00e9 avec les tarifs et assure un contr\u00f4le arithm\u00e9tique.<\/p>\n","protected":false},"featured_media":0,"menu_order":0,"template":"","audit_category":[35],"audit_type":[52],"class_list":["post-6086","audit","type-audit","status-publish","hentry","audit_category-assurances-sociales-et-prevoyance-vieillesse","audit_type-audit-fr"],"acf":{"audit_lang":[{"lang":"f"}],"audit_numbers":[{"audit_number":"14490"}],"audit_office":[7986,7907],"audit_office_text":"","audit_date":"20171010","bgo":false,"keywords":"factures, prestations individuelles, l\u2019assurance-vieillesse et survivants (AVS) et de l\u2019assurance-invalidit\u00e9 (AI), mesures m\u00e9dicales, des formations professionnelles, des moyens auxiliaires ou des frais de transport, r\u00e8gles, surveillance, les tarifs","audit_office_local":""},"yoast_head":"<!-- This site is optimized with the Yoast SEO Premium plugin v27.4 (Yoast SEO v27.4) - https:\/\/yoast.com\/product\/yoast-seo-premium-wordpress\/ -->\n<title>Traitement et contr\u00f4le des factures pour les prestations individuelles de l\u2019AVS et de l\u2019AI - Contr\u00f4le f\u00e9d\u00e9ral des finances (CDF)<\/title>\n<meta name=\"description\" content=\"Traitement et contr\u00f4le des factures pour les prestations individuelles de l\u2019AVS et de l\u2019AI\" \/>\n<meta name=\"robots\" content=\"index, follow, max-snippet:-1, max-image-preview:large, max-video-preview:-1\" \/>\n<link rel=\"canonical\" href=\"https:\/\/www.efk.admin.ch\/fr\/audit\/traitement-et-controle-des-factures-pour-les-prestations-individuelles-de-lavs-et-de-lai-centrale-de-compensation-et-office-federal-des-assurances-sociales\/\" \/>\n<meta property=\"og:locale\" content=\"fr_FR\" \/>\n<meta property=\"og:type\" content=\"article\" \/>\n<meta property=\"og:title\" content=\"Traitement et contr\u00f4le des factures pour les prestations individuelles de l\u2019AVS et de l\u2019AI\" \/>\n<meta property=\"og:description\" content=\"Traitement et contr\u00f4le des factures pour les prestations individuelles de l\u2019AVS et de l\u2019AI\" \/>\n<meta property=\"og:url\" content=\"https:\/\/www.efk.admin.ch\/fr\/audit\/traitement-et-controle-des-factures-pour-les-prestations-individuelles-de-lavs-et-de-lai-centrale-de-compensation-et-office-federal-des-assurances-sociales\/\" \/>\n<meta property=\"og:site_name\" content=\"Contr\u00f4le f\u00e9d\u00e9ral des finances (CDF)\" \/>\n<meta property=\"article:modified_time\" content=\"2024-03-04T17:53:12+00:00\" \/>\n<meta property=\"og:image\" content=\"https:\/\/www.efk.admin.ch\/wp-content\/uploads\/test\/palais.jpg\" \/>\n\t<meta property=\"og:image:width\" content=\"750\" \/>\n\t<meta property=\"og:image:height\" content=\"500\" \/>\n\t<meta property=\"og:image:type\" content=\"image\/jpeg\" \/>\n<meta name=\"twitter:card\" content=\"summary_large_image\" \/>\n<meta name=\"twitter:label1\" content=\"Dur\u00e9e de lecture estim\u00e9e\" \/>\n\t<meta name=\"twitter:data1\" content=\"1 minute\" \/>\n<script type=\"application\/ld+json\" class=\"yoast-schema-graph\">{\"@context\":\"https:\\\/\\\/schema.org\",\"@graph\":[{\"@type\":\"WebPage\",\"@id\":\"https:\\\/\\\/www.efk.admin.ch\\\/fr\\\/audit\\\/traitement-et-controle-des-factures-pour-les-prestations-individuelles-de-lavs-et-de-lai-centrale-de-compensation-et-office-federal-des-assurances-sociales\\\/\",\"url\":\"https:\\\/\\\/www.efk.admin.ch\\\/fr\\\/audit\\\/traitement-et-controle-des-factures-pour-les-prestations-individuelles-de-lavs-et-de-lai-centrale-de-compensation-et-office-federal-des-assurances-sociales\\\/\",\"name\":\"Traitement et contr\u00f4le des factures pour les prestations individuelles de l\u2019AVS et de l\u2019AI - Contr\u00f4le f\u00e9d\u00e9ral des finances (CDF)\",\"isPartOf\":{\"@id\":\"https:\\\/\\\/www.efk.admin.ch\\\/fr\\\/#website\"},\"datePublished\":\"2024-01-17T15:36:58+00:00\",\"dateModified\":\"2024-03-04T17:53:12+00:00\",\"description\":\"Traitement et contr\u00f4le des factures pour les prestations individuelles de l\u2019AVS et de l\u2019AI\",\"breadcrumb\":{\"@id\":\"https:\\\/\\\/www.efk.admin.ch\\\/fr\\\/audit\\\/traitement-et-controle-des-factures-pour-les-prestations-individuelles-de-lavs-et-de-lai-centrale-de-compensation-et-office-federal-des-assurances-sociales\\\/#breadcrumb\"},\"inLanguage\":\"fr-FR\",\"potentialAction\":[{\"@type\":\"ReadAction\",\"target\":[\"https:\\\/\\\/www.efk.admin.ch\\\/fr\\\/audit\\\/traitement-et-controle-des-factures-pour-les-prestations-individuelles-de-lavs-et-de-lai-centrale-de-compensation-et-office-federal-des-assurances-sociales\\\/\"]}]},{\"@type\":\"BreadcrumbList\",\"@id\":\"https:\\\/\\\/www.efk.admin.ch\\\/fr\\\/audit\\\/traitement-et-controle-des-factures-pour-les-prestations-individuelles-de-lavs-et-de-lai-centrale-de-compensation-et-office-federal-des-assurances-sociales\\\/#breadcrumb\",\"itemListElement\":[{\"@type\":\"ListItem\",\"position\":1,\"name\":\"Home\",\"item\":\"https:\\\/\\\/www.efk.admin.ch\\\/fr\\\/\"},{\"@type\":\"ListItem\",\"position\":2,\"name\":\"Rapport\",\"item\":\"https:\\\/\\\/www.efk.admin.ch\\\/fr\\\/audit\\\/\"},{\"@type\":\"ListItem\",\"position\":3,\"name\":\"Traitement et contr\u00f4le des factures pour les prestations individuelles de l\u2019AVS et de l\u2019AI\"}]},{\"@type\":\"WebSite\",\"@id\":\"https:\\\/\\\/www.efk.admin.ch\\\/fr\\\/#website\",\"url\":\"https:\\\/\\\/www.efk.admin.ch\\\/fr\\\/\",\"name\":\"Informationen \u00fcber das oberste Finanzaufsichtsorgan der Schweiz\",\"description\":\"Le Contr\u00f4le f\u00e9d\u00e9ral des finances (CDF) est l'organe supr\u00eame de surveillance financi\u00e8re de la Conf\u00e9d\u00e9ration suisse.\",\"publisher\":{\"@id\":\"https:\\\/\\\/www.efk.admin.ch\\\/fr\\\/#organization\"},\"alternateName\":\"EFK\",\"potentialAction\":[{\"@type\":\"SearchAction\",\"target\":{\"@type\":\"EntryPoint\",\"urlTemplate\":\"https:\\\/\\\/www.efk.admin.ch\\\/fr\\\/?s={search_term_string}\"},\"query-input\":{\"@type\":\"PropertyValueSpecification\",\"valueRequired\":true,\"valueName\":\"search_term_string\"}}],\"inLanguage\":\"fr-FR\"},{\"@type\":\"Organization\",\"@id\":\"https:\\\/\\\/www.efk.admin.ch\\\/fr\\\/#organization\",\"name\":\"Contr\u00f4le f\u00e9d\u00e9ral des finances (CDF)\",\"alternateName\":\"EFK\",\"url\":\"https:\\\/\\\/www.efk.admin.ch\\\/fr\\\/\",\"logo\":{\"@type\":\"ImageObject\",\"inLanguage\":\"fr-FR\",\"@id\":\"https:\\\/\\\/www.efk.admin.ch\\\/fr\\\/#\\\/schema\\\/logo\\\/image\\\/\",\"url\":\"https:\\\/\\\/www.efk.admin.ch\\\/wp-content\\\/uploads\\\/efk_cdf_logo_ohne_claim.png\",\"contentUrl\":\"https:\\\/\\\/www.efk.admin.ch\\\/wp-content\\\/uploads\\\/efk_cdf_logo_ohne_claim.png\",\"width\":268,\"height\":258,\"caption\":\"Contr\u00f4le f\u00e9d\u00e9ral des finances (CDF)\"},\"image\":{\"@id\":\"https:\\\/\\\/www.efk.admin.ch\\\/fr\\\/#\\\/schema\\\/logo\\\/image\\\/\"},\"sameAs\":[\"https:\\\/\\\/www.instagram.com\\\/efk_cdf_sfao\\\/\",\"https:\\\/\\\/www.youtube.com\\\/channel\\\/UCm-bXj227VE5sJzhB-ihdvw\\\/featured\",\"https:\\\/\\\/www.linkedin.com\\\/company\\\/11081578\\\/\"]}]}<\/script>\n<!-- \/ Yoast SEO Premium plugin. -->","yoast_head_json":{"title":"Traitement et contr\u00f4le des factures pour les prestations individuelles de l\u2019AVS et de l\u2019AI - Contr\u00f4le f\u00e9d\u00e9ral des finances (CDF)","description":"Traitement et contr\u00f4le des factures pour les prestations individuelles de l\u2019AVS et de l\u2019AI","robots":{"index":"index","follow":"follow","max-snippet":"max-snippet:-1","max-image-preview":"max-image-preview:large","max-video-preview":"max-video-preview:-1"},"canonical":"https:\/\/www.efk.admin.ch\/fr\/audit\/traitement-et-controle-des-factures-pour-les-prestations-individuelles-de-lavs-et-de-lai-centrale-de-compensation-et-office-federal-des-assurances-sociales\/","og_locale":"fr_FR","og_type":"article","og_title":"Traitement et contr\u00f4le des factures pour les prestations individuelles de l\u2019AVS et de l\u2019AI","og_description":"Traitement et contr\u00f4le des factures pour les prestations individuelles de l\u2019AVS et de l\u2019AI","og_url":"https:\/\/www.efk.admin.ch\/fr\/audit\/traitement-et-controle-des-factures-pour-les-prestations-individuelles-de-lavs-et-de-lai-centrale-de-compensation-et-office-federal-des-assurances-sociales\/","og_site_name":"Contr\u00f4le f\u00e9d\u00e9ral des finances (CDF)","article_modified_time":"2024-03-04T17:53:12+00:00","og_image":[{"width":750,"height":500,"url":"https:\/\/www.efk.admin.ch\/wp-content\/uploads\/test\/palais.jpg","type":"image\/jpeg"}],"twitter_card":"summary_large_image","twitter_misc":{"Dur\u00e9e de lecture estim\u00e9e":"1 minute"},"schema":{"@context":"https:\/\/schema.org","@graph":[{"@type":"WebPage","@id":"https:\/\/www.efk.admin.ch\/fr\/audit\/traitement-et-controle-des-factures-pour-les-prestations-individuelles-de-lavs-et-de-lai-centrale-de-compensation-et-office-federal-des-assurances-sociales\/","url":"https:\/\/www.efk.admin.ch\/fr\/audit\/traitement-et-controle-des-factures-pour-les-prestations-individuelles-de-lavs-et-de-lai-centrale-de-compensation-et-office-federal-des-assurances-sociales\/","name":"Traitement et contr\u00f4le des factures pour les prestations individuelles de l\u2019AVS et de l\u2019AI - Contr\u00f4le f\u00e9d\u00e9ral des finances (CDF)","isPartOf":{"@id":"https:\/\/www.efk.admin.ch\/fr\/#website"},"datePublished":"2024-01-17T15:36:58+00:00","dateModified":"2024-03-04T17:53:12+00:00","description":"Traitement et contr\u00f4le des factures pour les prestations individuelles de l\u2019AVS et de l\u2019AI","breadcrumb":{"@id":"https:\/\/www.efk.admin.ch\/fr\/audit\/traitement-et-controle-des-factures-pour-les-prestations-individuelles-de-lavs-et-de-lai-centrale-de-compensation-et-office-federal-des-assurances-sociales\/#breadcrumb"},"inLanguage":"fr-FR","potentialAction":[{"@type":"ReadAction","target":["https:\/\/www.efk.admin.ch\/fr\/audit\/traitement-et-controle-des-factures-pour-les-prestations-individuelles-de-lavs-et-de-lai-centrale-de-compensation-et-office-federal-des-assurances-sociales\/"]}]},{"@type":"BreadcrumbList","@id":"https:\/\/www.efk.admin.ch\/fr\/audit\/traitement-et-controle-des-factures-pour-les-prestations-individuelles-de-lavs-et-de-lai-centrale-de-compensation-et-office-federal-des-assurances-sociales\/#breadcrumb","itemListElement":[{"@type":"ListItem","position":1,"name":"Home","item":"https:\/\/www.efk.admin.ch\/fr\/"},{"@type":"ListItem","position":2,"name":"Rapport","item":"https:\/\/www.efk.admin.ch\/fr\/audit\/"},{"@type":"ListItem","position":3,"name":"Traitement et contr\u00f4le des factures pour les prestations individuelles de l\u2019AVS et de l\u2019AI"}]},{"@type":"WebSite","@id":"https:\/\/www.efk.admin.ch\/fr\/#website","url":"https:\/\/www.efk.admin.ch\/fr\/","name":"Informationen \u00fcber das oberste Finanzaufsichtsorgan der Schweiz","description":"Le Contr\u00f4le f\u00e9d\u00e9ral des finances (CDF) est l'organe supr\u00eame de surveillance financi\u00e8re de la Conf\u00e9d\u00e9ration suisse.","publisher":{"@id":"https:\/\/www.efk.admin.ch\/fr\/#organization"},"alternateName":"EFK","potentialAction":[{"@type":"SearchAction","target":{"@type":"EntryPoint","urlTemplate":"https:\/\/www.efk.admin.ch\/fr\/?s={search_term_string}"},"query-input":{"@type":"PropertyValueSpecification","valueRequired":true,"valueName":"search_term_string"}}],"inLanguage":"fr-FR"},{"@type":"Organization","@id":"https:\/\/www.efk.admin.ch\/fr\/#organization","name":"Contr\u00f4le f\u00e9d\u00e9ral des finances (CDF)","alternateName":"EFK","url":"https:\/\/www.efk.admin.ch\/fr\/","logo":{"@type":"ImageObject","inLanguage":"fr-FR","@id":"https:\/\/www.efk.admin.ch\/fr\/#\/schema\/logo\/image\/","url":"https:\/\/www.efk.admin.ch\/wp-content\/uploads\/efk_cdf_logo_ohne_claim.png","contentUrl":"https:\/\/www.efk.admin.ch\/wp-content\/uploads\/efk_cdf_logo_ohne_claim.png","width":268,"height":258,"caption":"Contr\u00f4le f\u00e9d\u00e9ral des finances (CDF)"},"image":{"@id":"https:\/\/www.efk.admin.ch\/fr\/#\/schema\/logo\/image\/"},"sameAs":["https:\/\/www.instagram.com\/efk_cdf_sfao\/","https:\/\/www.youtube.com\/channel\/UCm-bXj227VE5sJzhB-ihdvw\/featured","https:\/\/www.linkedin.com\/company\/11081578\/"]}]}},"_links":{"self":[{"href":"https:\/\/www.efk.admin.ch\/fr\/wp-json\/wp\/v2\/audit\/6086","targetHints":{"allow":["GET"]}}],"collection":[{"href":"https:\/\/www.efk.admin.ch\/fr\/wp-json\/wp\/v2\/audit"}],"about":[{"href":"https:\/\/www.efk.admin.ch\/fr\/wp-json\/wp\/v2\/types\/audit"}],"acf:post":[{"embeddable":true,"href":"https:\/\/www.efk.admin.ch\/fr\/wp-json\/wp\/v2\/office\/7907"},{"embeddable":true,"href":"https:\/\/www.efk.admin.ch\/fr\/wp-json\/wp\/v2\/office\/7986"}],"wp:attachment":[{"href":"https:\/\/www.efk.admin.ch\/fr\/wp-json\/wp\/v2\/media?parent=6086"}],"wp:term":[{"taxonomy":"audit_category","embeddable":true,"href":"https:\/\/www.efk.admin.ch\/fr\/wp-json\/wp\/v2\/audit_category?post=6086"},{"taxonomy":"audit_type","embeddable":true,"href":"https:\/\/www.efk.admin.ch\/fr\/wp-json\/wp\/v2\/audit_type?post=6086"}],"curies":[{"name":"wp","href":"https:\/\/api.w.org\/{rel}","templated":true}]}}