{"id":6085,"date":"2024-01-17T16:36:58","date_gmt":"2024-01-17T15:36:58","guid":{"rendered":"https:\/\/preview.efk.admin.ch\/prufung\/aide-a-la-transition-pour-la-serbie-direction-du-developpement-et-de-la-cooperation-du-dfae-et-secretariat-detat-a-leconomie-du-defr\/"},"modified":"2024-02-28T18:14:01","modified_gmt":"2024-02-28T17:14:01","slug":"aide-a-la-transition-pour-la-serbie-direction-du-developpement-et-de-la-cooperation-du-dfae-et-secretariat-detat-a-leconomie-du-defr","status":"publish","type":"audit","link":"https:\/\/www.efk.admin.ch\/fr\/audit\/aide-a-la-transition-pour-la-serbie-direction-du-developpement-et-de-la-cooperation-du-dfae-et-secretariat-detat-a-leconomie-du-defr\/","title":{"rendered":"Aide \u00e0 la transition pour la Serbie"},"content":{"rendered":"\n<p>L\u2019aide \u00e0 la transition de la Conf\u00e9d\u00e9ration dans les pays partenaires d\u2019Europe de l\u2019Est et d\u2019Asie centrale vise au renforcement de l\u2019\u00e9tat de droit et au respect des droits de l\u2019homme, \u00e0 la consolidation des structures d\u00e9mocratiques et \u00e0 l\u2019\u00e9tablissement d\u2019une \u00e9conomie de march\u00e9 sociale. La Direction du d\u00e9veloppement et de la coop\u00e9ration (DDC) et le Secr\u00e9tariat d\u2019Etat \u00e0 l\u2019\u00e9conomie (SECO) sont charg\u00e9s de sa mise en \u0153uvre.<\/p>\n","protected":false},"featured_media":0,"menu_order":0,"template":"","audit_category":[64],"audit_type":[52],"class_list":["post-6085","audit","type-audit","status-publish","hentry","audit_category-relations-avec-l-etranger","audit_type-audit-fr"],"acf":{"audit_lang":[{"lang":"f"}],"audit_numbers":[{"audit_number":"16472"}],"audit_office":[7914,7945],"audit_office_text":"","audit_date":"20171010","bgo":false,"keywords":"L\u2019aide \u00e0 la transition, les pays partenaires, d\u2019Europe de l\u2019Est, d\u2019Asie centrale, respect des droits de l\u2019homme, structures d\u00e9mocratiques,  \u00e9conomie de march\u00e9 sociale","audit_office_local":""},"yoast_head":"<!-- This site is optimized with the Yoast SEO Premium plugin v27.4 (Yoast SEO v27.4) - https:\/\/yoast.com\/product\/yoast-seo-premium-wordpress\/ -->\n<title>Aide \u00e0 la transition pour la Serbie - Contr\u00f4le f\u00e9d\u00e9ral des finances (CDF)<\/title>\n<meta name=\"description\" content=\"Aide \u00e0 la transition pour la Serbie\" \/>\n<meta name=\"robots\" content=\"index, follow, max-snippet:-1, max-image-preview:large, max-video-preview:-1\" \/>\n<link rel=\"canonical\" href=\"https:\/\/www.efk.admin.ch\/fr\/audit\/aide-a-la-transition-pour-la-serbie-direction-du-developpement-et-de-la-cooperation-du-dfae-et-secretariat-detat-a-leconomie-du-defr\/\" \/>\n<meta property=\"og:locale\" content=\"fr_FR\" \/>\n<meta property=\"og:type\" content=\"article\" \/>\n<meta property=\"og:title\" content=\"Aide \u00e0 la transition pour la Serbie\" \/>\n<meta property=\"og:description\" content=\"Aide \u00e0 la transition pour la Serbie\" \/>\n<meta property=\"og:url\" content=\"https:\/\/www.efk.admin.ch\/fr\/audit\/aide-a-la-transition-pour-la-serbie-direction-du-developpement-et-de-la-cooperation-du-dfae-et-secretariat-detat-a-leconomie-du-defr\/\" \/>\n<meta property=\"og:site_name\" content=\"Contr\u00f4le f\u00e9d\u00e9ral des finances (CDF)\" \/>\n<meta property=\"article:modified_time\" content=\"2024-02-28T17:14:01+00:00\" \/>\n<meta property=\"og:image\" content=\"https:\/\/www.efk.admin.ch\/wp-content\/uploads\/test\/palais.jpg\" \/>\n\t<meta property=\"og:image:width\" content=\"750\" \/>\n\t<meta property=\"og:image:height\" content=\"500\" \/>\n\t<meta property=\"og:image:type\" content=\"image\/jpeg\" \/>\n<meta name=\"twitter:card\" content=\"summary_large_image\" \/>\n<script type=\"application\/ld+json\" class=\"yoast-schema-graph\">{\"@context\":\"https:\\\/\\\/schema.org\",\"@graph\":[{\"@type\":\"WebPage\",\"@id\":\"https:\\\/\\\/www.efk.admin.ch\\\/fr\\\/audit\\\/aide-a-la-transition-pour-la-serbie-direction-du-developpement-et-de-la-cooperation-du-dfae-et-secretariat-detat-a-leconomie-du-defr\\\/\",\"url\":\"https:\\\/\\\/www.efk.admin.ch\\\/fr\\\/audit\\\/aide-a-la-transition-pour-la-serbie-direction-du-developpement-et-de-la-cooperation-du-dfae-et-secretariat-detat-a-leconomie-du-defr\\\/\",\"name\":\"Aide \u00e0 la transition pour la Serbie - Contr\u00f4le f\u00e9d\u00e9ral des finances (CDF)\",\"isPartOf\":{\"@id\":\"https:\\\/\\\/www.efk.admin.ch\\\/fr\\\/#website\"},\"datePublished\":\"2024-01-17T15:36:58+00:00\",\"dateModified\":\"2024-02-28T17:14:01+00:00\",\"description\":\"Aide \u00e0 la transition pour la Serbie\",\"breadcrumb\":{\"@id\":\"https:\\\/\\\/www.efk.admin.ch\\\/fr\\\/audit\\\/aide-a-la-transition-pour-la-serbie-direction-du-developpement-et-de-la-cooperation-du-dfae-et-secretariat-detat-a-leconomie-du-defr\\\/#breadcrumb\"},\"inLanguage\":\"fr-FR\",\"potentialAction\":[{\"@type\":\"ReadAction\",\"target\":[\"https:\\\/\\\/www.efk.admin.ch\\\/fr\\\/audit\\\/aide-a-la-transition-pour-la-serbie-direction-du-developpement-et-de-la-cooperation-du-dfae-et-secretariat-detat-a-leconomie-du-defr\\\/\"]}]},{\"@type\":\"BreadcrumbList\",\"@id\":\"https:\\\/\\\/www.efk.admin.ch\\\/fr\\\/audit\\\/aide-a-la-transition-pour-la-serbie-direction-du-developpement-et-de-la-cooperation-du-dfae-et-secretariat-detat-a-leconomie-du-defr\\\/#breadcrumb\",\"itemListElement\":[{\"@type\":\"ListItem\",\"position\":1,\"name\":\"Home\",\"item\":\"https:\\\/\\\/www.efk.admin.ch\\\/fr\\\/\"},{\"@type\":\"ListItem\",\"position\":2,\"name\":\"Rapport\",\"item\":\"https:\\\/\\\/www.efk.admin.ch\\\/fr\\\/audit\\\/\"},{\"@type\":\"ListItem\",\"position\":3,\"name\":\"Aide \u00e0 la transition pour la Serbie\"}]},{\"@type\":\"WebSite\",\"@id\":\"https:\\\/\\\/www.efk.admin.ch\\\/fr\\\/#website\",\"url\":\"https:\\\/\\\/www.efk.admin.ch\\\/fr\\\/\",\"name\":\"Informationen \u00fcber das oberste Finanzaufsichtsorgan der Schweiz\",\"description\":\"Le Contr\u00f4le f\u00e9d\u00e9ral des finances (CDF) est l'organe supr\u00eame de surveillance financi\u00e8re de la Conf\u00e9d\u00e9ration suisse.\",\"publisher\":{\"@id\":\"https:\\\/\\\/www.efk.admin.ch\\\/fr\\\/#organization\"},\"alternateName\":\"EFK\",\"potentialAction\":[{\"@type\":\"SearchAction\",\"target\":{\"@type\":\"EntryPoint\",\"urlTemplate\":\"https:\\\/\\\/www.efk.admin.ch\\\/fr\\\/?s={search_term_string}\"},\"query-input\":{\"@type\":\"PropertyValueSpecification\",\"valueRequired\":true,\"valueName\":\"search_term_string\"}}],\"inLanguage\":\"fr-FR\"},{\"@type\":\"Organization\",\"@id\":\"https:\\\/\\\/www.efk.admin.ch\\\/fr\\\/#organization\",\"name\":\"Contr\u00f4le f\u00e9d\u00e9ral des finances (CDF)\",\"alternateName\":\"EFK\",\"url\":\"https:\\\/\\\/www.efk.admin.ch\\\/fr\\\/\",\"logo\":{\"@type\":\"ImageObject\",\"inLanguage\":\"fr-FR\",\"@id\":\"https:\\\/\\\/www.efk.admin.ch\\\/fr\\\/#\\\/schema\\\/logo\\\/image\\\/\",\"url\":\"https:\\\/\\\/www.efk.admin.ch\\\/wp-content\\\/uploads\\\/efk_cdf_logo_ohne_claim.png\",\"contentUrl\":\"https:\\\/\\\/www.efk.admin.ch\\\/wp-content\\\/uploads\\\/efk_cdf_logo_ohne_claim.png\",\"width\":268,\"height\":258,\"caption\":\"Contr\u00f4le f\u00e9d\u00e9ral des finances (CDF)\"},\"image\":{\"@id\":\"https:\\\/\\\/www.efk.admin.ch\\\/fr\\\/#\\\/schema\\\/logo\\\/image\\\/\"},\"sameAs\":[\"https:\\\/\\\/www.instagram.com\\\/efk_cdf_sfao\\\/\",\"https:\\\/\\\/www.youtube.com\\\/channel\\\/UCm-bXj227VE5sJzhB-ihdvw\\\/featured\",\"https:\\\/\\\/www.linkedin.com\\\/company\\\/11081578\\\/\"]}]}<\/script>\n<!-- \/ Yoast SEO Premium plugin. -->","yoast_head_json":{"title":"Aide \u00e0 la transition pour la Serbie - Contr\u00f4le f\u00e9d\u00e9ral des finances (CDF)","description":"Aide \u00e0 la transition pour la Serbie","robots":{"index":"index","follow":"follow","max-snippet":"max-snippet:-1","max-image-preview":"max-image-preview:large","max-video-preview":"max-video-preview:-1"},"canonical":"https:\/\/www.efk.admin.ch\/fr\/audit\/aide-a-la-transition-pour-la-serbie-direction-du-developpement-et-de-la-cooperation-du-dfae-et-secretariat-detat-a-leconomie-du-defr\/","og_locale":"fr_FR","og_type":"article","og_title":"Aide \u00e0 la transition pour la Serbie","og_description":"Aide \u00e0 la transition pour la Serbie","og_url":"https:\/\/www.efk.admin.ch\/fr\/audit\/aide-a-la-transition-pour-la-serbie-direction-du-developpement-et-de-la-cooperation-du-dfae-et-secretariat-detat-a-leconomie-du-defr\/","og_site_name":"Contr\u00f4le f\u00e9d\u00e9ral des finances (CDF)","article_modified_time":"2024-02-28T17:14:01+00:00","og_image":[{"width":750,"height":500,"url":"https:\/\/www.efk.admin.ch\/wp-content\/uploads\/test\/palais.jpg","type":"image\/jpeg"}],"twitter_card":"summary_large_image","schema":{"@context":"https:\/\/schema.org","@graph":[{"@type":"WebPage","@id":"https:\/\/www.efk.admin.ch\/fr\/audit\/aide-a-la-transition-pour-la-serbie-direction-du-developpement-et-de-la-cooperation-du-dfae-et-secretariat-detat-a-leconomie-du-defr\/","url":"https:\/\/www.efk.admin.ch\/fr\/audit\/aide-a-la-transition-pour-la-serbie-direction-du-developpement-et-de-la-cooperation-du-dfae-et-secretariat-detat-a-leconomie-du-defr\/","name":"Aide \u00e0 la transition pour la Serbie - Contr\u00f4le f\u00e9d\u00e9ral des finances (CDF)","isPartOf":{"@id":"https:\/\/www.efk.admin.ch\/fr\/#website"},"datePublished":"2024-01-17T15:36:58+00:00","dateModified":"2024-02-28T17:14:01+00:00","description":"Aide \u00e0 la transition pour la Serbie","breadcrumb":{"@id":"https:\/\/www.efk.admin.ch\/fr\/audit\/aide-a-la-transition-pour-la-serbie-direction-du-developpement-et-de-la-cooperation-du-dfae-et-secretariat-detat-a-leconomie-du-defr\/#breadcrumb"},"inLanguage":"fr-FR","potentialAction":[{"@type":"ReadAction","target":["https:\/\/www.efk.admin.ch\/fr\/audit\/aide-a-la-transition-pour-la-serbie-direction-du-developpement-et-de-la-cooperation-du-dfae-et-secretariat-detat-a-leconomie-du-defr\/"]}]},{"@type":"BreadcrumbList","@id":"https:\/\/www.efk.admin.ch\/fr\/audit\/aide-a-la-transition-pour-la-serbie-direction-du-developpement-et-de-la-cooperation-du-dfae-et-secretariat-detat-a-leconomie-du-defr\/#breadcrumb","itemListElement":[{"@type":"ListItem","position":1,"name":"Home","item":"https:\/\/www.efk.admin.ch\/fr\/"},{"@type":"ListItem","position":2,"name":"Rapport","item":"https:\/\/www.efk.admin.ch\/fr\/audit\/"},{"@type":"ListItem","position":3,"name":"Aide \u00e0 la transition pour la Serbie"}]},{"@type":"WebSite","@id":"https:\/\/www.efk.admin.ch\/fr\/#website","url":"https:\/\/www.efk.admin.ch\/fr\/","name":"Informationen \u00fcber das oberste Finanzaufsichtsorgan der Schweiz","description":"Le Contr\u00f4le f\u00e9d\u00e9ral des finances (CDF) est l'organe supr\u00eame de surveillance financi\u00e8re de la Conf\u00e9d\u00e9ration suisse.","publisher":{"@id":"https:\/\/www.efk.admin.ch\/fr\/#organization"},"alternateName":"EFK","potentialAction":[{"@type":"SearchAction","target":{"@type":"EntryPoint","urlTemplate":"https:\/\/www.efk.admin.ch\/fr\/?s={search_term_string}"},"query-input":{"@type":"PropertyValueSpecification","valueRequired":true,"valueName":"search_term_string"}}],"inLanguage":"fr-FR"},{"@type":"Organization","@id":"https:\/\/www.efk.admin.ch\/fr\/#organization","name":"Contr\u00f4le f\u00e9d\u00e9ral des finances (CDF)","alternateName":"EFK","url":"https:\/\/www.efk.admin.ch\/fr\/","logo":{"@type":"ImageObject","inLanguage":"fr-FR","@id":"https:\/\/www.efk.admin.ch\/fr\/#\/schema\/logo\/image\/","url":"https:\/\/www.efk.admin.ch\/wp-content\/uploads\/efk_cdf_logo_ohne_claim.png","contentUrl":"https:\/\/www.efk.admin.ch\/wp-content\/uploads\/efk_cdf_logo_ohne_claim.png","width":268,"height":258,"caption":"Contr\u00f4le f\u00e9d\u00e9ral des finances (CDF)"},"image":{"@id":"https:\/\/www.efk.admin.ch\/fr\/#\/schema\/logo\/image\/"},"sameAs":["https:\/\/www.instagram.com\/efk_cdf_sfao\/","https:\/\/www.youtube.com\/channel\/UCm-bXj227VE5sJzhB-ihdvw\/featured","https:\/\/www.linkedin.com\/company\/11081578\/"]}]}},"_links":{"self":[{"href":"https:\/\/www.efk.admin.ch\/fr\/wp-json\/wp\/v2\/audit\/6085","targetHints":{"allow":["GET"]}}],"collection":[{"href":"https:\/\/www.efk.admin.ch\/fr\/wp-json\/wp\/v2\/audit"}],"about":[{"href":"https:\/\/www.efk.admin.ch\/fr\/wp-json\/wp\/v2\/types\/audit"}],"acf:post":[{"embeddable":true,"href":"https:\/\/www.efk.admin.ch\/fr\/wp-json\/wp\/v2\/office\/7945"},{"embeddable":true,"href":"https:\/\/www.efk.admin.ch\/fr\/wp-json\/wp\/v2\/office\/7914"}],"wp:attachment":[{"href":"https:\/\/www.efk.admin.ch\/fr\/wp-json\/wp\/v2\/media?parent=6085"}],"wp:term":[{"taxonomy":"audit_category","embeddable":true,"href":"https:\/\/www.efk.admin.ch\/fr\/wp-json\/wp\/v2\/audit_category?post=6085"},{"taxonomy":"audit_type","embeddable":true,"href":"https:\/\/www.efk.admin.ch\/fr\/wp-json\/wp\/v2\/audit_type?post=6085"}],"curies":[{"name":"wp","href":"https:\/\/api.w.org\/{rel}","templated":true}]}}