{"id":6083,"date":"2024-01-17T16:36:58","date_gmt":"2024-01-17T15:36:58","guid":{"rendered":"https:\/\/preview.efk.admin.ch\/prufung\/mise-en-oeuvre-de-larchitecture-informatique-et-de-la-gestion-des-portefeuilles-unite-de-pilotage-informatique-de-la-confederation\/"},"modified":"2024-02-28T16:57:51","modified_gmt":"2024-02-28T15:57:51","slug":"mise-en-oeuvre-de-larchitecture-informatique-et-de-la-gestion-des-portefeuilles-unite-de-pilotage-informatique-de-la-confederation","status":"publish","type":"audit","link":"https:\/\/www.efk.admin.ch\/fr\/audit\/mise-en-oeuvre-de-larchitecture-informatique-et-de-la-gestion-des-portefeuilles-unite-de-pilotage-informatique-de-la-confederation\/","title":{"rendered":"Mise en \u0153uvre de l\u2019architecture informatique et de la gestion des portefeuilles"},"content":{"rendered":"\n<p>L\u2019architecture d\u2019entreprise (AE) est une pratique visant \u00e0 guider les organisations vers les changements n\u00e9cessaires \u00e0 la r\u00e9alisation de leurs strat\u00e9gies. Elle permet de d\u00e9crire les \u00e9tats existant et souhait\u00e9 des aspects m\u00e9tier et informatiques, ainsi que les \u00e9tapes de transition requises. Par la mise en \u0153uvre contr\u00f4l\u00e9e de synergies et l\u2019\u00e9limination des redondances ind\u00e9sirables, elle peut contribuer \u00e0 diminuer les d\u00e9penses imputables \u00e0 l\u2019informatique f\u00e9d\u00e9rale. Dans le plan financier 2018, ces d\u00e9penses d\u00e9passent le milliard de francs. Par la r\u00e9utilisation de composants existants, l\u2019AE peut \u00e9galement aider \u00e0 garder sous contr\u00f4le la complexit\u00e9 des plateformes et projets informatiques. Cette pratique constitue donc une aide \u00e0 la planification en vue d\u2019une informatique f\u00e9d\u00e9rale durable.<\/p>\n","protected":false},"featured_media":0,"menu_order":0,"template":"","audit_category":[79],"audit_type":[52],"class_list":["post-6083","audit","type-audit","status-publish","hentry","audit_category-projets-informatiques","audit_type-audit-fr"],"acf":{"audit_lang":[{"lang":"f"}],"audit_numbers":[{"audit_number":"16518"}],"audit_office":7989,"audit_office_text":"","audit_date":"20180123","bgo":false,"keywords":"L\u2019architecture d\u2019entreprise (AE), la r\u00e9alisation de leurs strat\u00e9gies, \u0153uvre contr\u00f4l\u00e9e de synergies, redondances, les d\u00e9penses imputables \u00e0 l\u2019informatique f\u00e9d\u00e9rale, le plan financier 2018, plateformes et projets informatiques","audit_office_local":""},"yoast_head":"<!-- This site is optimized with the Yoast SEO Premium plugin v27.4 (Yoast SEO v27.4) - https:\/\/yoast.com\/product\/yoast-seo-premium-wordpress\/ -->\n<title>Mise en \u0153uvre de l\u2019architecture informatique et de la gestion des portefeuilles - Contr\u00f4le f\u00e9d\u00e9ral des finances (CDF)<\/title>\n<meta name=\"description\" content=\"Mise en \u0153uvre de l\u2019architecture informatique et de la gestion des portefeuilles\" \/>\n<meta name=\"robots\" content=\"index, follow, max-snippet:-1, max-image-preview:large, max-video-preview:-1\" \/>\n<link rel=\"canonical\" href=\"https:\/\/www.efk.admin.ch\/fr\/audit\/mise-en-oeuvre-de-larchitecture-informatique-et-de-la-gestion-des-portefeuilles-unite-de-pilotage-informatique-de-la-confederation\/\" \/>\n<meta property=\"og:locale\" content=\"fr_FR\" \/>\n<meta property=\"og:type\" content=\"article\" \/>\n<meta property=\"og:title\" content=\"Mise en \u0153uvre de l\u2019architecture informatique et de la gestion des portefeuilles\" \/>\n<meta property=\"og:description\" content=\"Mise en \u0153uvre de l\u2019architecture informatique et de la gestion des portefeuilles\" \/>\n<meta property=\"og:url\" content=\"https:\/\/www.efk.admin.ch\/fr\/audit\/mise-en-oeuvre-de-larchitecture-informatique-et-de-la-gestion-des-portefeuilles-unite-de-pilotage-informatique-de-la-confederation\/\" \/>\n<meta property=\"og:site_name\" content=\"Contr\u00f4le f\u00e9d\u00e9ral des finances (CDF)\" \/>\n<meta property=\"article:modified_time\" content=\"2024-02-28T15:57:51+00:00\" \/>\n<meta property=\"og:image\" content=\"https:\/\/www.efk.admin.ch\/wp-content\/uploads\/test\/palais.jpg\" \/>\n\t<meta property=\"og:image:width\" content=\"750\" \/>\n\t<meta property=\"og:image:height\" content=\"500\" \/>\n\t<meta property=\"og:image:type\" content=\"image\/jpeg\" \/>\n<meta name=\"twitter:card\" content=\"summary_large_image\" \/>\n<meta name=\"twitter:label1\" content=\"Dur\u00e9e de lecture estim\u00e9e\" \/>\n\t<meta name=\"twitter:data1\" content=\"1 minute\" \/>\n<script type=\"application\/ld+json\" class=\"yoast-schema-graph\">{\"@context\":\"https:\\\/\\\/schema.org\",\"@graph\":[{\"@type\":\"WebPage\",\"@id\":\"https:\\\/\\\/www.efk.admin.ch\\\/fr\\\/audit\\\/mise-en-oeuvre-de-larchitecture-informatique-et-de-la-gestion-des-portefeuilles-unite-de-pilotage-informatique-de-la-confederation\\\/\",\"url\":\"https:\\\/\\\/www.efk.admin.ch\\\/fr\\\/audit\\\/mise-en-oeuvre-de-larchitecture-informatique-et-de-la-gestion-des-portefeuilles-unite-de-pilotage-informatique-de-la-confederation\\\/\",\"name\":\"Mise en \u0153uvre de l\u2019architecture informatique et de la gestion des portefeuilles - Contr\u00f4le f\u00e9d\u00e9ral des finances (CDF)\",\"isPartOf\":{\"@id\":\"https:\\\/\\\/www.efk.admin.ch\\\/fr\\\/#website\"},\"datePublished\":\"2024-01-17T15:36:58+00:00\",\"dateModified\":\"2024-02-28T15:57:51+00:00\",\"description\":\"Mise en \u0153uvre de l\u2019architecture informatique et de la gestion des portefeuilles\",\"breadcrumb\":{\"@id\":\"https:\\\/\\\/www.efk.admin.ch\\\/fr\\\/audit\\\/mise-en-oeuvre-de-larchitecture-informatique-et-de-la-gestion-des-portefeuilles-unite-de-pilotage-informatique-de-la-confederation\\\/#breadcrumb\"},\"inLanguage\":\"fr-FR\",\"potentialAction\":[{\"@type\":\"ReadAction\",\"target\":[\"https:\\\/\\\/www.efk.admin.ch\\\/fr\\\/audit\\\/mise-en-oeuvre-de-larchitecture-informatique-et-de-la-gestion-des-portefeuilles-unite-de-pilotage-informatique-de-la-confederation\\\/\"]}]},{\"@type\":\"BreadcrumbList\",\"@id\":\"https:\\\/\\\/www.efk.admin.ch\\\/fr\\\/audit\\\/mise-en-oeuvre-de-larchitecture-informatique-et-de-la-gestion-des-portefeuilles-unite-de-pilotage-informatique-de-la-confederation\\\/#breadcrumb\",\"itemListElement\":[{\"@type\":\"ListItem\",\"position\":1,\"name\":\"Home\",\"item\":\"https:\\\/\\\/www.efk.admin.ch\\\/fr\\\/\"},{\"@type\":\"ListItem\",\"position\":2,\"name\":\"Rapport\",\"item\":\"https:\\\/\\\/www.efk.admin.ch\\\/fr\\\/audit\\\/\"},{\"@type\":\"ListItem\",\"position\":3,\"name\":\"Mise en \u0153uvre de l\u2019architecture informatique et de la gestion des portefeuilles\"}]},{\"@type\":\"WebSite\",\"@id\":\"https:\\\/\\\/www.efk.admin.ch\\\/fr\\\/#website\",\"url\":\"https:\\\/\\\/www.efk.admin.ch\\\/fr\\\/\",\"name\":\"Informationen \u00fcber das oberste Finanzaufsichtsorgan der Schweiz\",\"description\":\"Le Contr\u00f4le f\u00e9d\u00e9ral des finances (CDF) est l'organe supr\u00eame de surveillance financi\u00e8re de la Conf\u00e9d\u00e9ration suisse.\",\"publisher\":{\"@id\":\"https:\\\/\\\/www.efk.admin.ch\\\/fr\\\/#organization\"},\"alternateName\":\"EFK\",\"potentialAction\":[{\"@type\":\"SearchAction\",\"target\":{\"@type\":\"EntryPoint\",\"urlTemplate\":\"https:\\\/\\\/www.efk.admin.ch\\\/fr\\\/?s={search_term_string}\"},\"query-input\":{\"@type\":\"PropertyValueSpecification\",\"valueRequired\":true,\"valueName\":\"search_term_string\"}}],\"inLanguage\":\"fr-FR\"},{\"@type\":\"Organization\",\"@id\":\"https:\\\/\\\/www.efk.admin.ch\\\/fr\\\/#organization\",\"name\":\"Contr\u00f4le f\u00e9d\u00e9ral des finances (CDF)\",\"alternateName\":\"EFK\",\"url\":\"https:\\\/\\\/www.efk.admin.ch\\\/fr\\\/\",\"logo\":{\"@type\":\"ImageObject\",\"inLanguage\":\"fr-FR\",\"@id\":\"https:\\\/\\\/www.efk.admin.ch\\\/fr\\\/#\\\/schema\\\/logo\\\/image\\\/\",\"url\":\"https:\\\/\\\/www.efk.admin.ch\\\/wp-content\\\/uploads\\\/efk_cdf_logo_ohne_claim.png\",\"contentUrl\":\"https:\\\/\\\/www.efk.admin.ch\\\/wp-content\\\/uploads\\\/efk_cdf_logo_ohne_claim.png\",\"width\":268,\"height\":258,\"caption\":\"Contr\u00f4le f\u00e9d\u00e9ral des finances (CDF)\"},\"image\":{\"@id\":\"https:\\\/\\\/www.efk.admin.ch\\\/fr\\\/#\\\/schema\\\/logo\\\/image\\\/\"},\"sameAs\":[\"https:\\\/\\\/www.instagram.com\\\/efk_cdf_sfao\\\/\",\"https:\\\/\\\/www.youtube.com\\\/channel\\\/UCm-bXj227VE5sJzhB-ihdvw\\\/featured\",\"https:\\\/\\\/www.linkedin.com\\\/company\\\/11081578\\\/\"]}]}<\/script>\n<!-- \/ Yoast SEO Premium plugin. -->","yoast_head_json":{"title":"Mise en \u0153uvre de l\u2019architecture informatique et de la gestion des portefeuilles - Contr\u00f4le f\u00e9d\u00e9ral des finances (CDF)","description":"Mise en \u0153uvre de l\u2019architecture informatique et de la gestion des portefeuilles","robots":{"index":"index","follow":"follow","max-snippet":"max-snippet:-1","max-image-preview":"max-image-preview:large","max-video-preview":"max-video-preview:-1"},"canonical":"https:\/\/www.efk.admin.ch\/fr\/audit\/mise-en-oeuvre-de-larchitecture-informatique-et-de-la-gestion-des-portefeuilles-unite-de-pilotage-informatique-de-la-confederation\/","og_locale":"fr_FR","og_type":"article","og_title":"Mise en \u0153uvre de l\u2019architecture informatique et de la gestion des portefeuilles","og_description":"Mise en \u0153uvre de l\u2019architecture informatique et de la gestion des portefeuilles","og_url":"https:\/\/www.efk.admin.ch\/fr\/audit\/mise-en-oeuvre-de-larchitecture-informatique-et-de-la-gestion-des-portefeuilles-unite-de-pilotage-informatique-de-la-confederation\/","og_site_name":"Contr\u00f4le f\u00e9d\u00e9ral des finances (CDF)","article_modified_time":"2024-02-28T15:57:51+00:00","og_image":[{"width":750,"height":500,"url":"https:\/\/www.efk.admin.ch\/wp-content\/uploads\/test\/palais.jpg","type":"image\/jpeg"}],"twitter_card":"summary_large_image","twitter_misc":{"Dur\u00e9e de lecture estim\u00e9e":"1 minute"},"schema":{"@context":"https:\/\/schema.org","@graph":[{"@type":"WebPage","@id":"https:\/\/www.efk.admin.ch\/fr\/audit\/mise-en-oeuvre-de-larchitecture-informatique-et-de-la-gestion-des-portefeuilles-unite-de-pilotage-informatique-de-la-confederation\/","url":"https:\/\/www.efk.admin.ch\/fr\/audit\/mise-en-oeuvre-de-larchitecture-informatique-et-de-la-gestion-des-portefeuilles-unite-de-pilotage-informatique-de-la-confederation\/","name":"Mise en \u0153uvre de l\u2019architecture informatique et de la gestion des portefeuilles - Contr\u00f4le f\u00e9d\u00e9ral des finances (CDF)","isPartOf":{"@id":"https:\/\/www.efk.admin.ch\/fr\/#website"},"datePublished":"2024-01-17T15:36:58+00:00","dateModified":"2024-02-28T15:57:51+00:00","description":"Mise en \u0153uvre de l\u2019architecture informatique et de la gestion des portefeuilles","breadcrumb":{"@id":"https:\/\/www.efk.admin.ch\/fr\/audit\/mise-en-oeuvre-de-larchitecture-informatique-et-de-la-gestion-des-portefeuilles-unite-de-pilotage-informatique-de-la-confederation\/#breadcrumb"},"inLanguage":"fr-FR","potentialAction":[{"@type":"ReadAction","target":["https:\/\/www.efk.admin.ch\/fr\/audit\/mise-en-oeuvre-de-larchitecture-informatique-et-de-la-gestion-des-portefeuilles-unite-de-pilotage-informatique-de-la-confederation\/"]}]},{"@type":"BreadcrumbList","@id":"https:\/\/www.efk.admin.ch\/fr\/audit\/mise-en-oeuvre-de-larchitecture-informatique-et-de-la-gestion-des-portefeuilles-unite-de-pilotage-informatique-de-la-confederation\/#breadcrumb","itemListElement":[{"@type":"ListItem","position":1,"name":"Home","item":"https:\/\/www.efk.admin.ch\/fr\/"},{"@type":"ListItem","position":2,"name":"Rapport","item":"https:\/\/www.efk.admin.ch\/fr\/audit\/"},{"@type":"ListItem","position":3,"name":"Mise en \u0153uvre de l\u2019architecture informatique et de la gestion des portefeuilles"}]},{"@type":"WebSite","@id":"https:\/\/www.efk.admin.ch\/fr\/#website","url":"https:\/\/www.efk.admin.ch\/fr\/","name":"Informationen \u00fcber das oberste Finanzaufsichtsorgan der Schweiz","description":"Le Contr\u00f4le f\u00e9d\u00e9ral des finances (CDF) est l'organe supr\u00eame de surveillance financi\u00e8re de la Conf\u00e9d\u00e9ration suisse.","publisher":{"@id":"https:\/\/www.efk.admin.ch\/fr\/#organization"},"alternateName":"EFK","potentialAction":[{"@type":"SearchAction","target":{"@type":"EntryPoint","urlTemplate":"https:\/\/www.efk.admin.ch\/fr\/?s={search_term_string}"},"query-input":{"@type":"PropertyValueSpecification","valueRequired":true,"valueName":"search_term_string"}}],"inLanguage":"fr-FR"},{"@type":"Organization","@id":"https:\/\/www.efk.admin.ch\/fr\/#organization","name":"Contr\u00f4le f\u00e9d\u00e9ral des finances (CDF)","alternateName":"EFK","url":"https:\/\/www.efk.admin.ch\/fr\/","logo":{"@type":"ImageObject","inLanguage":"fr-FR","@id":"https:\/\/www.efk.admin.ch\/fr\/#\/schema\/logo\/image\/","url":"https:\/\/www.efk.admin.ch\/wp-content\/uploads\/efk_cdf_logo_ohne_claim.png","contentUrl":"https:\/\/www.efk.admin.ch\/wp-content\/uploads\/efk_cdf_logo_ohne_claim.png","width":268,"height":258,"caption":"Contr\u00f4le f\u00e9d\u00e9ral des finances (CDF)"},"image":{"@id":"https:\/\/www.efk.admin.ch\/fr\/#\/schema\/logo\/image\/"},"sameAs":["https:\/\/www.instagram.com\/efk_cdf_sfao\/","https:\/\/www.youtube.com\/channel\/UCm-bXj227VE5sJzhB-ihdvw\/featured","https:\/\/www.linkedin.com\/company\/11081578\/"]}]}},"_links":{"self":[{"href":"https:\/\/www.efk.admin.ch\/fr\/wp-json\/wp\/v2\/audit\/6083","targetHints":{"allow":["GET"]}}],"collection":[{"href":"https:\/\/www.efk.admin.ch\/fr\/wp-json\/wp\/v2\/audit"}],"about":[{"href":"https:\/\/www.efk.admin.ch\/fr\/wp-json\/wp\/v2\/types\/audit"}],"acf:post":[{"embeddable":true,"href":"https:\/\/www.efk.admin.ch\/fr\/wp-json\/wp\/v2\/office\/7989"}],"wp:attachment":[{"href":"https:\/\/www.efk.admin.ch\/fr\/wp-json\/wp\/v2\/media?parent=6083"}],"wp:term":[{"taxonomy":"audit_category","embeddable":true,"href":"https:\/\/www.efk.admin.ch\/fr\/wp-json\/wp\/v2\/audit_category?post=6083"},{"taxonomy":"audit_type","embeddable":true,"href":"https:\/\/www.efk.admin.ch\/fr\/wp-json\/wp\/v2\/audit_type?post=6083"}],"curies":[{"name":"wp","href":"https:\/\/api.w.org\/{rel}","templated":true}]}}