{"id":6070,"date":"2024-01-17T16:36:53","date_gmt":"2024-01-17T15:36:53","guid":{"rendered":"https:\/\/preview.efk.admin.ch\/prufung\/projet-informatique-cle-genova-realisation-et-deploiement-gever-de-la-confederation-chancellerie-federale\/"},"modified":"2024-02-27T16:15:25","modified_gmt":"2024-02-27T15:15:25","slug":"projet-informatique-cle-genova-realisation-et-deploiement-gever-de-la-confederation-chancellerie-federale","status":"publish","type":"audit","link":"https:\/\/www.efk.admin.ch\/fr\/audit\/projet-informatique-cle-genova-realisation-et-deploiement-gever-de-la-confederation-chancellerie-federale\/","title":{"rendered":"Projet informatique cl\u00e9 GENOVA (r\u00e9alisation et d\u00e9ploiement GEVER de la Conf\u00e9d\u00e9ration)"},"content":{"rendered":"\n<p>Durant le troisi\u00e8me trimestre de 2017, le Contr\u00f4le f\u00e9d\u00e9ral des finances (CDF) a examin\u00e9 pour la deuxi\u00e8me fois le programme GENOVA (r\u00e9alisation et d\u00e9ploiement GEVER de la Conf\u00e9d\u00e9ration) de la Chancellerie f\u00e9d\u00e9rale (CF). Suite au d\u00e9ploiement du produit Acta Nova r\u00e9cemment acquis, l\u2019administration f\u00e9d\u00e9rale centrale disposera, \u00e0 la fin du programme, d\u2019un syst\u00e8me uniformis\u00e9 de gestion \u00e9lectronique des affaires (GEVER, en allemand \u00abGesch\u00e4ftsverwaltung\u00bb). Les co\u00fbts d\u2019investissement s\u2019\u00e9l\u00e8vent \u00e0 142 millions de francs, mais ils laissent esp\u00e9rer des \u00e9conomies \u00e0 hauteur de 184 millions de francs dans les dix prochaines ann\u00e9es.<\/p>\n","protected":false},"featured_media":0,"menu_order":0,"template":"","audit_category":[79],"audit_type":[52],"class_list":["post-6070","audit","type-audit","status-publish","hentry","audit_category-projets-informatiques","audit_type-audit-fr"],"acf":{"audit_lang":[{"lang":"d"}],"audit_numbers":[{"audit_number":"17407"}],"audit_office":7967,"audit_office_text":"","audit_date":"20180227","bgo":false,"keywords":"le troisi\u00e8me trimestre de 2017, programme GENOVA, produit Acta Nova, un syst\u00e8me uniformis\u00e9 de gestion \u00e9lectronique des affaires, co\u00fbts d\u2019investissement, \u00e9conomies","audit_office_local":""},"yoast_head":"<!-- This site is optimized with the Yoast SEO Premium plugin v27.4 (Yoast SEO v27.4) - https:\/\/yoast.com\/product\/yoast-seo-premium-wordpress\/ -->\n<title>Projet informatique cl\u00e9 GENOVA (r\u00e9alisation et d\u00e9ploiement GEVER de la Conf\u00e9d\u00e9ration) - Contr\u00f4le f\u00e9d\u00e9ral des finances (CDF)<\/title>\n<meta name=\"description\" content=\"Projet informatique cl\u00e9 GENOVA (r\u00e9alisation et d\u00e9ploiement GEVER de la Conf\u00e9d\u00e9ration)\" \/>\n<meta name=\"robots\" content=\"index, follow, max-snippet:-1, max-image-preview:large, max-video-preview:-1\" \/>\n<link rel=\"canonical\" href=\"https:\/\/www.efk.admin.ch\/fr\/audit\/projet-informatique-cle-genova-realisation-et-deploiement-gever-de-la-confederation-chancellerie-federale\/\" \/>\n<meta property=\"og:locale\" content=\"fr_FR\" \/>\n<meta property=\"og:type\" content=\"article\" \/>\n<meta property=\"og:title\" content=\"Projet informatique cl\u00e9 GENOVA (r\u00e9alisation et d\u00e9ploiement GEVER de la Conf\u00e9d\u00e9ration)\" \/>\n<meta property=\"og:description\" content=\"Projet informatique cl\u00e9 GENOVA (r\u00e9alisation et d\u00e9ploiement GEVER de la Conf\u00e9d\u00e9ration)\" \/>\n<meta property=\"og:url\" content=\"https:\/\/www.efk.admin.ch\/fr\/audit\/projet-informatique-cle-genova-realisation-et-deploiement-gever-de-la-confederation-chancellerie-federale\/\" \/>\n<meta property=\"og:site_name\" content=\"Contr\u00f4le f\u00e9d\u00e9ral des finances (CDF)\" \/>\n<meta property=\"article:modified_time\" content=\"2024-02-27T15:15:25+00:00\" \/>\n<meta property=\"og:image\" content=\"https:\/\/www.efk.admin.ch\/wp-content\/uploads\/test\/palais.jpg\" \/>\n\t<meta property=\"og:image:width\" content=\"750\" \/>\n\t<meta property=\"og:image:height\" content=\"500\" \/>\n\t<meta property=\"og:image:type\" content=\"image\/jpeg\" \/>\n<meta name=\"twitter:card\" content=\"summary_large_image\" \/>\n<meta name=\"twitter:label1\" content=\"Dur\u00e9e de lecture estim\u00e9e\" \/>\n\t<meta name=\"twitter:data1\" content=\"1 minute\" \/>\n<script type=\"application\/ld+json\" class=\"yoast-schema-graph\">{\"@context\":\"https:\\\/\\\/schema.org\",\"@graph\":[{\"@type\":\"WebPage\",\"@id\":\"https:\\\/\\\/www.efk.admin.ch\\\/fr\\\/audit\\\/projet-informatique-cle-genova-realisation-et-deploiement-gever-de-la-confederation-chancellerie-federale\\\/\",\"url\":\"https:\\\/\\\/www.efk.admin.ch\\\/fr\\\/audit\\\/projet-informatique-cle-genova-realisation-et-deploiement-gever-de-la-confederation-chancellerie-federale\\\/\",\"name\":\"Projet informatique cl\u00e9 GENOVA (r\u00e9alisation et d\u00e9ploiement GEVER de la Conf\u00e9d\u00e9ration) - Contr\u00f4le f\u00e9d\u00e9ral des finances (CDF)\",\"isPartOf\":{\"@id\":\"https:\\\/\\\/www.efk.admin.ch\\\/fr\\\/#website\"},\"datePublished\":\"2024-01-17T15:36:53+00:00\",\"dateModified\":\"2024-02-27T15:15:25+00:00\",\"description\":\"Projet informatique cl\u00e9 GENOVA (r\u00e9alisation et d\u00e9ploiement GEVER de la Conf\u00e9d\u00e9ration)\",\"breadcrumb\":{\"@id\":\"https:\\\/\\\/www.efk.admin.ch\\\/fr\\\/audit\\\/projet-informatique-cle-genova-realisation-et-deploiement-gever-de-la-confederation-chancellerie-federale\\\/#breadcrumb\"},\"inLanguage\":\"fr-FR\",\"potentialAction\":[{\"@type\":\"ReadAction\",\"target\":[\"https:\\\/\\\/www.efk.admin.ch\\\/fr\\\/audit\\\/projet-informatique-cle-genova-realisation-et-deploiement-gever-de-la-confederation-chancellerie-federale\\\/\"]}]},{\"@type\":\"BreadcrumbList\",\"@id\":\"https:\\\/\\\/www.efk.admin.ch\\\/fr\\\/audit\\\/projet-informatique-cle-genova-realisation-et-deploiement-gever-de-la-confederation-chancellerie-federale\\\/#breadcrumb\",\"itemListElement\":[{\"@type\":\"ListItem\",\"position\":1,\"name\":\"Home\",\"item\":\"https:\\\/\\\/www.efk.admin.ch\\\/fr\\\/\"},{\"@type\":\"ListItem\",\"position\":2,\"name\":\"Rapport\",\"item\":\"https:\\\/\\\/www.efk.admin.ch\\\/fr\\\/audit\\\/\"},{\"@type\":\"ListItem\",\"position\":3,\"name\":\"Projet informatique cl\u00e9 GENOVA (r\u00e9alisation et d\u00e9ploiement GEVER de la Conf\u00e9d\u00e9ration)\"}]},{\"@type\":\"WebSite\",\"@id\":\"https:\\\/\\\/www.efk.admin.ch\\\/fr\\\/#website\",\"url\":\"https:\\\/\\\/www.efk.admin.ch\\\/fr\\\/\",\"name\":\"Informationen \u00fcber das oberste Finanzaufsichtsorgan der Schweiz\",\"description\":\"Le Contr\u00f4le f\u00e9d\u00e9ral des finances (CDF) est l'organe supr\u00eame de surveillance financi\u00e8re de la Conf\u00e9d\u00e9ration suisse.\",\"publisher\":{\"@id\":\"https:\\\/\\\/www.efk.admin.ch\\\/fr\\\/#organization\"},\"alternateName\":\"EFK\",\"potentialAction\":[{\"@type\":\"SearchAction\",\"target\":{\"@type\":\"EntryPoint\",\"urlTemplate\":\"https:\\\/\\\/www.efk.admin.ch\\\/fr\\\/?s={search_term_string}\"},\"query-input\":{\"@type\":\"PropertyValueSpecification\",\"valueRequired\":true,\"valueName\":\"search_term_string\"}}],\"inLanguage\":\"fr-FR\"},{\"@type\":\"Organization\",\"@id\":\"https:\\\/\\\/www.efk.admin.ch\\\/fr\\\/#organization\",\"name\":\"Contr\u00f4le f\u00e9d\u00e9ral des finances (CDF)\",\"alternateName\":\"EFK\",\"url\":\"https:\\\/\\\/www.efk.admin.ch\\\/fr\\\/\",\"logo\":{\"@type\":\"ImageObject\",\"inLanguage\":\"fr-FR\",\"@id\":\"https:\\\/\\\/www.efk.admin.ch\\\/fr\\\/#\\\/schema\\\/logo\\\/image\\\/\",\"url\":\"https:\\\/\\\/www.efk.admin.ch\\\/wp-content\\\/uploads\\\/efk_cdf_logo_ohne_claim.png\",\"contentUrl\":\"https:\\\/\\\/www.efk.admin.ch\\\/wp-content\\\/uploads\\\/efk_cdf_logo_ohne_claim.png\",\"width\":268,\"height\":258,\"caption\":\"Contr\u00f4le f\u00e9d\u00e9ral des finances (CDF)\"},\"image\":{\"@id\":\"https:\\\/\\\/www.efk.admin.ch\\\/fr\\\/#\\\/schema\\\/logo\\\/image\\\/\"},\"sameAs\":[\"https:\\\/\\\/www.instagram.com\\\/efk_cdf_sfao\\\/\",\"https:\\\/\\\/www.youtube.com\\\/channel\\\/UCm-bXj227VE5sJzhB-ihdvw\\\/featured\",\"https:\\\/\\\/www.linkedin.com\\\/company\\\/11081578\\\/\"]}]}<\/script>\n<!-- \/ Yoast SEO Premium plugin. -->","yoast_head_json":{"title":"Projet informatique cl\u00e9 GENOVA (r\u00e9alisation et d\u00e9ploiement GEVER de la Conf\u00e9d\u00e9ration) - Contr\u00f4le f\u00e9d\u00e9ral des finances (CDF)","description":"Projet informatique cl\u00e9 GENOVA (r\u00e9alisation et d\u00e9ploiement GEVER de la Conf\u00e9d\u00e9ration)","robots":{"index":"index","follow":"follow","max-snippet":"max-snippet:-1","max-image-preview":"max-image-preview:large","max-video-preview":"max-video-preview:-1"},"canonical":"https:\/\/www.efk.admin.ch\/fr\/audit\/projet-informatique-cle-genova-realisation-et-deploiement-gever-de-la-confederation-chancellerie-federale\/","og_locale":"fr_FR","og_type":"article","og_title":"Projet informatique cl\u00e9 GENOVA (r\u00e9alisation et d\u00e9ploiement GEVER de la Conf\u00e9d\u00e9ration)","og_description":"Projet informatique cl\u00e9 GENOVA (r\u00e9alisation et d\u00e9ploiement GEVER de la Conf\u00e9d\u00e9ration)","og_url":"https:\/\/www.efk.admin.ch\/fr\/audit\/projet-informatique-cle-genova-realisation-et-deploiement-gever-de-la-confederation-chancellerie-federale\/","og_site_name":"Contr\u00f4le f\u00e9d\u00e9ral des finances (CDF)","article_modified_time":"2024-02-27T15:15:25+00:00","og_image":[{"width":750,"height":500,"url":"https:\/\/www.efk.admin.ch\/wp-content\/uploads\/test\/palais.jpg","type":"image\/jpeg"}],"twitter_card":"summary_large_image","twitter_misc":{"Dur\u00e9e de lecture estim\u00e9e":"1 minute"},"schema":{"@context":"https:\/\/schema.org","@graph":[{"@type":"WebPage","@id":"https:\/\/www.efk.admin.ch\/fr\/audit\/projet-informatique-cle-genova-realisation-et-deploiement-gever-de-la-confederation-chancellerie-federale\/","url":"https:\/\/www.efk.admin.ch\/fr\/audit\/projet-informatique-cle-genova-realisation-et-deploiement-gever-de-la-confederation-chancellerie-federale\/","name":"Projet informatique cl\u00e9 GENOVA (r\u00e9alisation et d\u00e9ploiement GEVER de la Conf\u00e9d\u00e9ration) - Contr\u00f4le f\u00e9d\u00e9ral des finances (CDF)","isPartOf":{"@id":"https:\/\/www.efk.admin.ch\/fr\/#website"},"datePublished":"2024-01-17T15:36:53+00:00","dateModified":"2024-02-27T15:15:25+00:00","description":"Projet informatique cl\u00e9 GENOVA (r\u00e9alisation et d\u00e9ploiement GEVER de la Conf\u00e9d\u00e9ration)","breadcrumb":{"@id":"https:\/\/www.efk.admin.ch\/fr\/audit\/projet-informatique-cle-genova-realisation-et-deploiement-gever-de-la-confederation-chancellerie-federale\/#breadcrumb"},"inLanguage":"fr-FR","potentialAction":[{"@type":"ReadAction","target":["https:\/\/www.efk.admin.ch\/fr\/audit\/projet-informatique-cle-genova-realisation-et-deploiement-gever-de-la-confederation-chancellerie-federale\/"]}]},{"@type":"BreadcrumbList","@id":"https:\/\/www.efk.admin.ch\/fr\/audit\/projet-informatique-cle-genova-realisation-et-deploiement-gever-de-la-confederation-chancellerie-federale\/#breadcrumb","itemListElement":[{"@type":"ListItem","position":1,"name":"Home","item":"https:\/\/www.efk.admin.ch\/fr\/"},{"@type":"ListItem","position":2,"name":"Rapport","item":"https:\/\/www.efk.admin.ch\/fr\/audit\/"},{"@type":"ListItem","position":3,"name":"Projet informatique cl\u00e9 GENOVA (r\u00e9alisation et d\u00e9ploiement GEVER de la Conf\u00e9d\u00e9ration)"}]},{"@type":"WebSite","@id":"https:\/\/www.efk.admin.ch\/fr\/#website","url":"https:\/\/www.efk.admin.ch\/fr\/","name":"Informationen \u00fcber das oberste Finanzaufsichtsorgan der Schweiz","description":"Le Contr\u00f4le f\u00e9d\u00e9ral des finances (CDF) est l'organe supr\u00eame de surveillance financi\u00e8re de la Conf\u00e9d\u00e9ration suisse.","publisher":{"@id":"https:\/\/www.efk.admin.ch\/fr\/#organization"},"alternateName":"EFK","potentialAction":[{"@type":"SearchAction","target":{"@type":"EntryPoint","urlTemplate":"https:\/\/www.efk.admin.ch\/fr\/?s={search_term_string}"},"query-input":{"@type":"PropertyValueSpecification","valueRequired":true,"valueName":"search_term_string"}}],"inLanguage":"fr-FR"},{"@type":"Organization","@id":"https:\/\/www.efk.admin.ch\/fr\/#organization","name":"Contr\u00f4le f\u00e9d\u00e9ral des finances (CDF)","alternateName":"EFK","url":"https:\/\/www.efk.admin.ch\/fr\/","logo":{"@type":"ImageObject","inLanguage":"fr-FR","@id":"https:\/\/www.efk.admin.ch\/fr\/#\/schema\/logo\/image\/","url":"https:\/\/www.efk.admin.ch\/wp-content\/uploads\/efk_cdf_logo_ohne_claim.png","contentUrl":"https:\/\/www.efk.admin.ch\/wp-content\/uploads\/efk_cdf_logo_ohne_claim.png","width":268,"height":258,"caption":"Contr\u00f4le f\u00e9d\u00e9ral des finances (CDF)"},"image":{"@id":"https:\/\/www.efk.admin.ch\/fr\/#\/schema\/logo\/image\/"},"sameAs":["https:\/\/www.instagram.com\/efk_cdf_sfao\/","https:\/\/www.youtube.com\/channel\/UCm-bXj227VE5sJzhB-ihdvw\/featured","https:\/\/www.linkedin.com\/company\/11081578\/"]}]}},"_links":{"self":[{"href":"https:\/\/www.efk.admin.ch\/fr\/wp-json\/wp\/v2\/audit\/6070","targetHints":{"allow":["GET"]}}],"collection":[{"href":"https:\/\/www.efk.admin.ch\/fr\/wp-json\/wp\/v2\/audit"}],"about":[{"href":"https:\/\/www.efk.admin.ch\/fr\/wp-json\/wp\/v2\/types\/audit"}],"acf:post":[{"embeddable":true,"href":"https:\/\/www.efk.admin.ch\/fr\/wp-json\/wp\/v2\/office\/7967"}],"wp:attachment":[{"href":"https:\/\/www.efk.admin.ch\/fr\/wp-json\/wp\/v2\/media?parent=6070"}],"wp:term":[{"taxonomy":"audit_category","embeddable":true,"href":"https:\/\/www.efk.admin.ch\/fr\/wp-json\/wp\/v2\/audit_category?post=6070"},{"taxonomy":"audit_type","embeddable":true,"href":"https:\/\/www.efk.admin.ch\/fr\/wp-json\/wp\/v2\/audit_type?post=6070"}],"curies":[{"name":"wp","href":"https:\/\/api.w.org\/{rel}","templated":true}]}}