{"id":6069,"date":"2024-01-17T16:36:53","date_gmt":"2024-01-17T15:36:53","guid":{"rendered":"https:\/\/preview.efk.admin.ch\/prufung\/gestion-des-sequestres-ministere-public-de-la-confederation-tribunal-penal-federal-office-federal-de-la-justice-administration-federale-des-contributions-administration-federale-des-douanes\/"},"modified":"2026-03-30T11:39:10","modified_gmt":"2026-03-30T09:39:10","slug":"gestion-des-sequestres-ministere-public-de-la-confederation-tribunal-penal-federal-office-federal-de-la-justice-administration-federale-des-contributions-administration-federale-des-douanes","status":"publish","type":"audit","link":"https:\/\/www.efk.admin.ch\/fr\/audit\/gestion-des-sequestres-ministere-public-de-la-confederation-tribunal-penal-federal-office-federal-de-la-justice-administration-federale-des-contributions-administration-federale-des-douanes\/","title":{"rendered":"Gestion des s\u00e9questres"},"content":{"rendered":"\n<p>Les autorit\u00e9s f\u00e9d\u00e9rales s\u00e9questrent des biens comme moyens de preuve, de garantie des co\u00fbts de proc\u00e9dure p\u00e9nale et d\u2019amendes en vue d\u2019une restitution aux l\u00e9s\u00e9s ou d\u2019un recouvrement. Le Contr\u00f4le f\u00e9d\u00e9ral des finances (CDF) a r\u00e9alis\u00e9 un audit transversal de la gestion des s\u00e9questres aupr\u00e8s d\u2019entit\u00e9s s\u00e9lectionn\u00e9es de la Conf\u00e9d\u00e9ration (Minist\u00e8re public de la Conf\u00e9d\u00e9ration, Tribunal p\u00e9nal f\u00e9d\u00e9ral, Office f\u00e9d\u00e9ral de la justice, Administration f\u00e9d\u00e9rale des contributions et Administration f\u00e9d\u00e9rale des douanes). Il s\u2019est concentr\u00e9 sur les aspects pratiques de cette gestion. L\u2019audit ne portait pas sur les diff\u00e9rentes bases l\u00e9gales. Fin 2016, ces entit\u00e9s avaient la responsabilit\u00e9 de biens repr\u00e9sentant quelque 8,2 milliards de francs. Ces derni\u00e8res ann\u00e9es, le nombre de cas li\u00e9s \u00e0 la corruption internationale et aux avoirs de potentats a partiellement augment\u00e9 dans les entit\u00e9s audit\u00e9es.<\/p>\n","protected":false},"featured_media":0,"menu_order":0,"template":"","audit_category":[82],"audit_type":[52],"class_list":["post-6069","audit","type-audit","status-publish","hentry","audit_category-justice-et-police","audit_type-audit-fr"],"acf":{"audit_lang":[{"lang":"d"}],"audit_numbers":[{"audit_number":"16606"}],"audit_office":[7972,7969,7915,7939,8017,7940],"audit_office_text":"","audit_date":"20180306","bgo":false,"keywords":"Les autorit\u00e9s f\u00e9d\u00e9rales, s\u00e9questrent, biens, moyens de preuve, co\u00fbts de proc\u00e9dure p\u00e9nale, amendes, l\u00e9s\u00e9s, corruption internationale, avoirs de potentats","audit_office_local":"MPC, TPF, OFJ, AFC, AFD, OFDF"},"yoast_head":"<!-- This site is optimized with the Yoast SEO Premium plugin v27.4 (Yoast SEO v27.4) - https:\/\/yoast.com\/product\/yoast-seo-premium-wordpress\/ -->\n<title>Gestion des s\u00e9questres - Contr\u00f4le f\u00e9d\u00e9ral des finances (CDF)<\/title>\n<meta name=\"description\" content=\"Gestion des s\u00e9questres\" \/>\n<meta name=\"robots\" content=\"index, follow, max-snippet:-1, max-image-preview:large, max-video-preview:-1\" \/>\n<link rel=\"canonical\" href=\"https:\/\/www.efk.admin.ch\/fr\/audit\/gestion-des-sequestres-ministere-public-de-la-confederation-tribunal-penal-federal-office-federal-de-la-justice-administration-federale-des-contributions-administration-federale-des-douanes\/\" \/>\n<meta property=\"og:locale\" content=\"fr_FR\" \/>\n<meta property=\"og:type\" content=\"article\" \/>\n<meta property=\"og:title\" content=\"Gestion des s\u00e9questres\" \/>\n<meta property=\"og:description\" content=\"Gestion des s\u00e9questres\" \/>\n<meta property=\"og:url\" content=\"https:\/\/www.efk.admin.ch\/fr\/audit\/gestion-des-sequestres-ministere-public-de-la-confederation-tribunal-penal-federal-office-federal-de-la-justice-administration-federale-des-contributions-administration-federale-des-douanes\/\" \/>\n<meta property=\"og:site_name\" content=\"Contr\u00f4le f\u00e9d\u00e9ral des finances (CDF)\" \/>\n<meta property=\"article:modified_time\" content=\"2026-03-30T09:39:10+00:00\" \/>\n<meta property=\"og:image\" content=\"https:\/\/www.efk.admin.ch\/wp-content\/uploads\/test\/palais.jpg\" \/>\n\t<meta property=\"og:image:width\" content=\"750\" \/>\n\t<meta property=\"og:image:height\" content=\"500\" \/>\n\t<meta property=\"og:image:type\" content=\"image\/jpeg\" \/>\n<meta name=\"twitter:card\" content=\"summary_large_image\" \/>\n<meta name=\"twitter:label1\" content=\"Dur\u00e9e de lecture estim\u00e9e\" \/>\n\t<meta name=\"twitter:data1\" content=\"1 minute\" \/>\n<script type=\"application\/ld+json\" class=\"yoast-schema-graph\">{\"@context\":\"https:\\\/\\\/schema.org\",\"@graph\":[{\"@type\":\"WebPage\",\"@id\":\"https:\\\/\\\/www.efk.admin.ch\\\/fr\\\/audit\\\/gestion-des-sequestres-ministere-public-de-la-confederation-tribunal-penal-federal-office-federal-de-la-justice-administration-federale-des-contributions-administration-federale-des-douanes\\\/\",\"url\":\"https:\\\/\\\/www.efk.admin.ch\\\/fr\\\/audit\\\/gestion-des-sequestres-ministere-public-de-la-confederation-tribunal-penal-federal-office-federal-de-la-justice-administration-federale-des-contributions-administration-federale-des-douanes\\\/\",\"name\":\"Gestion des s\u00e9questres - Contr\u00f4le f\u00e9d\u00e9ral des finances (CDF)\",\"isPartOf\":{\"@id\":\"https:\\\/\\\/www.efk.admin.ch\\\/fr\\\/#website\"},\"datePublished\":\"2024-01-17T15:36:53+00:00\",\"dateModified\":\"2026-03-30T09:39:10+00:00\",\"description\":\"Gestion des s\u00e9questres\",\"breadcrumb\":{\"@id\":\"https:\\\/\\\/www.efk.admin.ch\\\/fr\\\/audit\\\/gestion-des-sequestres-ministere-public-de-la-confederation-tribunal-penal-federal-office-federal-de-la-justice-administration-federale-des-contributions-administration-federale-des-douanes\\\/#breadcrumb\"},\"inLanguage\":\"fr-FR\",\"potentialAction\":[{\"@type\":\"ReadAction\",\"target\":[\"https:\\\/\\\/www.efk.admin.ch\\\/fr\\\/audit\\\/gestion-des-sequestres-ministere-public-de-la-confederation-tribunal-penal-federal-office-federal-de-la-justice-administration-federale-des-contributions-administration-federale-des-douanes\\\/\"]}]},{\"@type\":\"BreadcrumbList\",\"@id\":\"https:\\\/\\\/www.efk.admin.ch\\\/fr\\\/audit\\\/gestion-des-sequestres-ministere-public-de-la-confederation-tribunal-penal-federal-office-federal-de-la-justice-administration-federale-des-contributions-administration-federale-des-douanes\\\/#breadcrumb\",\"itemListElement\":[{\"@type\":\"ListItem\",\"position\":1,\"name\":\"Home\",\"item\":\"https:\\\/\\\/www.efk.admin.ch\\\/fr\\\/\"},{\"@type\":\"ListItem\",\"position\":2,\"name\":\"Rapport\",\"item\":\"https:\\\/\\\/www.efk.admin.ch\\\/fr\\\/audit\\\/\"},{\"@type\":\"ListItem\",\"position\":3,\"name\":\"Gestion des s\u00e9questres\"}]},{\"@type\":\"WebSite\",\"@id\":\"https:\\\/\\\/www.efk.admin.ch\\\/fr\\\/#website\",\"url\":\"https:\\\/\\\/www.efk.admin.ch\\\/fr\\\/\",\"name\":\"Informationen \u00fcber das oberste Finanzaufsichtsorgan der Schweiz\",\"description\":\"Le Contr\u00f4le f\u00e9d\u00e9ral des finances (CDF) est l'organe supr\u00eame de surveillance financi\u00e8re de la Conf\u00e9d\u00e9ration suisse.\",\"publisher\":{\"@id\":\"https:\\\/\\\/www.efk.admin.ch\\\/fr\\\/#organization\"},\"alternateName\":\"EFK\",\"potentialAction\":[{\"@type\":\"SearchAction\",\"target\":{\"@type\":\"EntryPoint\",\"urlTemplate\":\"https:\\\/\\\/www.efk.admin.ch\\\/fr\\\/?s={search_term_string}\"},\"query-input\":{\"@type\":\"PropertyValueSpecification\",\"valueRequired\":true,\"valueName\":\"search_term_string\"}}],\"inLanguage\":\"fr-FR\"},{\"@type\":\"Organization\",\"@id\":\"https:\\\/\\\/www.efk.admin.ch\\\/fr\\\/#organization\",\"name\":\"Contr\u00f4le f\u00e9d\u00e9ral des finances (CDF)\",\"alternateName\":\"EFK\",\"url\":\"https:\\\/\\\/www.efk.admin.ch\\\/fr\\\/\",\"logo\":{\"@type\":\"ImageObject\",\"inLanguage\":\"fr-FR\",\"@id\":\"https:\\\/\\\/www.efk.admin.ch\\\/fr\\\/#\\\/schema\\\/logo\\\/image\\\/\",\"url\":\"https:\\\/\\\/www.efk.admin.ch\\\/wp-content\\\/uploads\\\/efk_cdf_logo_ohne_claim.png\",\"contentUrl\":\"https:\\\/\\\/www.efk.admin.ch\\\/wp-content\\\/uploads\\\/efk_cdf_logo_ohne_claim.png\",\"width\":268,\"height\":258,\"caption\":\"Contr\u00f4le f\u00e9d\u00e9ral des finances (CDF)\"},\"image\":{\"@id\":\"https:\\\/\\\/www.efk.admin.ch\\\/fr\\\/#\\\/schema\\\/logo\\\/image\\\/\"},\"sameAs\":[\"https:\\\/\\\/www.instagram.com\\\/efk_cdf_sfao\\\/\",\"https:\\\/\\\/www.youtube.com\\\/channel\\\/UCm-bXj227VE5sJzhB-ihdvw\\\/featured\",\"https:\\\/\\\/www.linkedin.com\\\/company\\\/11081578\\\/\"]}]}<\/script>\n<!-- \/ Yoast SEO Premium plugin. -->","yoast_head_json":{"title":"Gestion des s\u00e9questres - Contr\u00f4le f\u00e9d\u00e9ral des finances (CDF)","description":"Gestion des s\u00e9questres","robots":{"index":"index","follow":"follow","max-snippet":"max-snippet:-1","max-image-preview":"max-image-preview:large","max-video-preview":"max-video-preview:-1"},"canonical":"https:\/\/www.efk.admin.ch\/fr\/audit\/gestion-des-sequestres-ministere-public-de-la-confederation-tribunal-penal-federal-office-federal-de-la-justice-administration-federale-des-contributions-administration-federale-des-douanes\/","og_locale":"fr_FR","og_type":"article","og_title":"Gestion des s\u00e9questres","og_description":"Gestion des s\u00e9questres","og_url":"https:\/\/www.efk.admin.ch\/fr\/audit\/gestion-des-sequestres-ministere-public-de-la-confederation-tribunal-penal-federal-office-federal-de-la-justice-administration-federale-des-contributions-administration-federale-des-douanes\/","og_site_name":"Contr\u00f4le f\u00e9d\u00e9ral des finances (CDF)","article_modified_time":"2026-03-30T09:39:10+00:00","og_image":[{"width":750,"height":500,"url":"https:\/\/www.efk.admin.ch\/wp-content\/uploads\/test\/palais.jpg","type":"image\/jpeg"}],"twitter_card":"summary_large_image","twitter_misc":{"Dur\u00e9e de lecture estim\u00e9e":"1 minute"},"schema":{"@context":"https:\/\/schema.org","@graph":[{"@type":"WebPage","@id":"https:\/\/www.efk.admin.ch\/fr\/audit\/gestion-des-sequestres-ministere-public-de-la-confederation-tribunal-penal-federal-office-federal-de-la-justice-administration-federale-des-contributions-administration-federale-des-douanes\/","url":"https:\/\/www.efk.admin.ch\/fr\/audit\/gestion-des-sequestres-ministere-public-de-la-confederation-tribunal-penal-federal-office-federal-de-la-justice-administration-federale-des-contributions-administration-federale-des-douanes\/","name":"Gestion des s\u00e9questres - Contr\u00f4le f\u00e9d\u00e9ral des finances (CDF)","isPartOf":{"@id":"https:\/\/www.efk.admin.ch\/fr\/#website"},"datePublished":"2024-01-17T15:36:53+00:00","dateModified":"2026-03-30T09:39:10+00:00","description":"Gestion des s\u00e9questres","breadcrumb":{"@id":"https:\/\/www.efk.admin.ch\/fr\/audit\/gestion-des-sequestres-ministere-public-de-la-confederation-tribunal-penal-federal-office-federal-de-la-justice-administration-federale-des-contributions-administration-federale-des-douanes\/#breadcrumb"},"inLanguage":"fr-FR","potentialAction":[{"@type":"ReadAction","target":["https:\/\/www.efk.admin.ch\/fr\/audit\/gestion-des-sequestres-ministere-public-de-la-confederation-tribunal-penal-federal-office-federal-de-la-justice-administration-federale-des-contributions-administration-federale-des-douanes\/"]}]},{"@type":"BreadcrumbList","@id":"https:\/\/www.efk.admin.ch\/fr\/audit\/gestion-des-sequestres-ministere-public-de-la-confederation-tribunal-penal-federal-office-federal-de-la-justice-administration-federale-des-contributions-administration-federale-des-douanes\/#breadcrumb","itemListElement":[{"@type":"ListItem","position":1,"name":"Home","item":"https:\/\/www.efk.admin.ch\/fr\/"},{"@type":"ListItem","position":2,"name":"Rapport","item":"https:\/\/www.efk.admin.ch\/fr\/audit\/"},{"@type":"ListItem","position":3,"name":"Gestion des s\u00e9questres"}]},{"@type":"WebSite","@id":"https:\/\/www.efk.admin.ch\/fr\/#website","url":"https:\/\/www.efk.admin.ch\/fr\/","name":"Informationen \u00fcber das oberste Finanzaufsichtsorgan der Schweiz","description":"Le Contr\u00f4le f\u00e9d\u00e9ral des finances (CDF) est l'organe supr\u00eame de surveillance financi\u00e8re de la Conf\u00e9d\u00e9ration suisse.","publisher":{"@id":"https:\/\/www.efk.admin.ch\/fr\/#organization"},"alternateName":"EFK","potentialAction":[{"@type":"SearchAction","target":{"@type":"EntryPoint","urlTemplate":"https:\/\/www.efk.admin.ch\/fr\/?s={search_term_string}"},"query-input":{"@type":"PropertyValueSpecification","valueRequired":true,"valueName":"search_term_string"}}],"inLanguage":"fr-FR"},{"@type":"Organization","@id":"https:\/\/www.efk.admin.ch\/fr\/#organization","name":"Contr\u00f4le f\u00e9d\u00e9ral des finances (CDF)","alternateName":"EFK","url":"https:\/\/www.efk.admin.ch\/fr\/","logo":{"@type":"ImageObject","inLanguage":"fr-FR","@id":"https:\/\/www.efk.admin.ch\/fr\/#\/schema\/logo\/image\/","url":"https:\/\/www.efk.admin.ch\/wp-content\/uploads\/efk_cdf_logo_ohne_claim.png","contentUrl":"https:\/\/www.efk.admin.ch\/wp-content\/uploads\/efk_cdf_logo_ohne_claim.png","width":268,"height":258,"caption":"Contr\u00f4le f\u00e9d\u00e9ral des finances (CDF)"},"image":{"@id":"https:\/\/www.efk.admin.ch\/fr\/#\/schema\/logo\/image\/"},"sameAs":["https:\/\/www.instagram.com\/efk_cdf_sfao\/","https:\/\/www.youtube.com\/channel\/UCm-bXj227VE5sJzhB-ihdvw\/featured","https:\/\/www.linkedin.com\/company\/11081578\/"]}]}},"_links":{"self":[{"href":"https:\/\/www.efk.admin.ch\/fr\/wp-json\/wp\/v2\/audit\/6069","targetHints":{"allow":["GET"]}}],"collection":[{"href":"https:\/\/www.efk.admin.ch\/fr\/wp-json\/wp\/v2\/audit"}],"about":[{"href":"https:\/\/www.efk.admin.ch\/fr\/wp-json\/wp\/v2\/types\/audit"}],"acf:post":[{"embeddable":true,"href":"https:\/\/www.efk.admin.ch\/fr\/wp-json\/wp\/v2\/office\/7940"},{"embeddable":true,"href":"https:\/\/www.efk.admin.ch\/fr\/wp-json\/wp\/v2\/office\/8017"},{"embeddable":true,"href":"https:\/\/www.efk.admin.ch\/fr\/wp-json\/wp\/v2\/office\/7939"},{"embeddable":true,"href":"https:\/\/www.efk.admin.ch\/fr\/wp-json\/wp\/v2\/office\/7915"},{"embeddable":true,"href":"https:\/\/www.efk.admin.ch\/fr\/wp-json\/wp\/v2\/office\/7969"},{"embeddable":true,"href":"https:\/\/www.efk.admin.ch\/fr\/wp-json\/wp\/v2\/office\/7972"}],"wp:attachment":[{"href":"https:\/\/www.efk.admin.ch\/fr\/wp-json\/wp\/v2\/media?parent=6069"}],"wp:term":[{"taxonomy":"audit_category","embeddable":true,"href":"https:\/\/www.efk.admin.ch\/fr\/wp-json\/wp\/v2\/audit_category?post=6069"},{"taxonomy":"audit_type","embeddable":true,"href":"https:\/\/www.efk.admin.ch\/fr\/wp-json\/wp\/v2\/audit_type?post=6069"}],"curies":[{"name":"wp","href":"https:\/\/api.w.org\/{rel}","templated":true}]}}