{"id":6065,"date":"2024-01-17T16:36:53","date_gmt":"2024-01-17T15:36:53","guid":{"rendered":"https:\/\/preview.efk.admin.ch\/prufung\/centre-de-calcul-campus-office-federal-de-linformatique-et-de-la-telecommunication-centre-de-services-informatiques-dfjp-base-daide-au-commandement-de-larmee\/"},"modified":"2024-02-27T15:58:46","modified_gmt":"2024-02-27T14:58:46","slug":"centre-de-calcul-campus-office-federal-de-linformatique-et-de-la-telecommunication-centre-de-services-informatiques-dfjp-base-daide-au-commandement-de-larmee","status":"publish","type":"audit","link":"https:\/\/www.efk.admin.ch\/fr\/audit\/centre-de-calcul-campus-office-federal-de-linformatique-et-de-la-telecommunication-centre-de-services-informatiques-dfjp-base-daide-au-commandement-de-larmee\/","title":{"rendered":"Centre de calcul CAMPUS"},"content":{"rendered":"\n<p>La strat\u00e9gie de la Conf\u00e9d\u00e9ration en mati\u00e8re de TIC 2012\u20132015 pr\u00e9voyait un vaste regroupement des centres de calcul et des serveurs existants de l\u2019administration f\u00e9d\u00e9rale. Se fondant sur cette strat\u00e9gie, le Conseil f\u00e9d\u00e9ral a approuv\u00e9 le 2 juillet 2014 le projet \u00abr\u00e9seau de centres de calcul\u00bb. Ne comptant plus que quatre centres de calcul, ce r\u00e9seau devrait n\u00e9anmoins couvrir avantageusement les futurs besoins de la Conf\u00e9d\u00e9ration dans le domaine informatique. La construction du centre de calcul CAMPUS \u00e0 Frauenfeld et la migration de l\u2019infrastructure informatique actuelle constituent des \u00e9l\u00e9ments cl\u00e9s dans la r\u00e9alisation du projet de r\u00e9seau ainsi que dans la mise en \u0153uvre de la strat\u00e9gie informatique de la Conf\u00e9d\u00e9ration 2016\u20132019.<\/p>\n","protected":false},"featured_media":0,"menu_order":0,"template":"","audit_category":[79],"audit_type":[52],"class_list":["post-6065","audit","type-audit","status-publish","hentry","audit_category-projets-informatiques","audit_type-audit-fr"],"acf":{"audit_lang":[{"lang":"d"}],"audit_numbers":[{"audit_number":"17410"}],"audit_office":[7941,7920,7982],"audit_office_text":"","audit_date":"20180403","bgo":false,"keywords":"La strat\u00e9gie de la Conf\u00e9d\u00e9ration en mati\u00e8re de TIC 2012\u20132015, centres de calcul, serveurs existants, r\u00e9seau de centres de calcul, besoins de la Conf\u00e9d\u00e9ration dans le domaine informatique, l\u2019infrastructure informatique","audit_office_local":""},"yoast_head":"<!-- This site is optimized with the Yoast SEO Premium plugin v27.4 (Yoast SEO v27.4) - https:\/\/yoast.com\/product\/yoast-seo-premium-wordpress\/ -->\n<title>Centre de calcul CAMPUS - Contr\u00f4le f\u00e9d\u00e9ral des finances (CDF)<\/title>\n<meta name=\"description\" content=\"Centre de calcul CAMPUS\" \/>\n<meta name=\"robots\" content=\"index, follow, max-snippet:-1, max-image-preview:large, max-video-preview:-1\" \/>\n<link rel=\"canonical\" href=\"https:\/\/www.efk.admin.ch\/fr\/audit\/centre-de-calcul-campus-office-federal-de-linformatique-et-de-la-telecommunication-centre-de-services-informatiques-dfjp-base-daide-au-commandement-de-larmee\/\" \/>\n<meta property=\"og:locale\" content=\"fr_FR\" \/>\n<meta property=\"og:type\" content=\"article\" \/>\n<meta property=\"og:title\" content=\"Centre de calcul CAMPUS\" \/>\n<meta property=\"og:description\" content=\"Centre de calcul CAMPUS\" \/>\n<meta property=\"og:url\" content=\"https:\/\/www.efk.admin.ch\/fr\/audit\/centre-de-calcul-campus-office-federal-de-linformatique-et-de-la-telecommunication-centre-de-services-informatiques-dfjp-base-daide-au-commandement-de-larmee\/\" \/>\n<meta property=\"og:site_name\" content=\"Contr\u00f4le f\u00e9d\u00e9ral des finances (CDF)\" \/>\n<meta property=\"article:modified_time\" content=\"2024-02-27T14:58:46+00:00\" \/>\n<meta property=\"og:image\" content=\"https:\/\/www.efk.admin.ch\/wp-content\/uploads\/test\/palais.jpg\" \/>\n\t<meta property=\"og:image:width\" content=\"750\" \/>\n\t<meta property=\"og:image:height\" content=\"500\" \/>\n\t<meta property=\"og:image:type\" content=\"image\/jpeg\" \/>\n<meta name=\"twitter:card\" content=\"summary_large_image\" \/>\n<meta name=\"twitter:label1\" content=\"Dur\u00e9e de lecture estim\u00e9e\" \/>\n\t<meta name=\"twitter:data1\" content=\"1 minute\" \/>\n<script type=\"application\/ld+json\" class=\"yoast-schema-graph\">{\"@context\":\"https:\\\/\\\/schema.org\",\"@graph\":[{\"@type\":\"WebPage\",\"@id\":\"https:\\\/\\\/www.efk.admin.ch\\\/fr\\\/audit\\\/centre-de-calcul-campus-office-federal-de-linformatique-et-de-la-telecommunication-centre-de-services-informatiques-dfjp-base-daide-au-commandement-de-larmee\\\/\",\"url\":\"https:\\\/\\\/www.efk.admin.ch\\\/fr\\\/audit\\\/centre-de-calcul-campus-office-federal-de-linformatique-et-de-la-telecommunication-centre-de-services-informatiques-dfjp-base-daide-au-commandement-de-larmee\\\/\",\"name\":\"Centre de calcul CAMPUS - Contr\u00f4le f\u00e9d\u00e9ral des finances (CDF)\",\"isPartOf\":{\"@id\":\"https:\\\/\\\/www.efk.admin.ch\\\/fr\\\/#website\"},\"datePublished\":\"2024-01-17T15:36:53+00:00\",\"dateModified\":\"2024-02-27T14:58:46+00:00\",\"description\":\"Centre de calcul CAMPUS\",\"breadcrumb\":{\"@id\":\"https:\\\/\\\/www.efk.admin.ch\\\/fr\\\/audit\\\/centre-de-calcul-campus-office-federal-de-linformatique-et-de-la-telecommunication-centre-de-services-informatiques-dfjp-base-daide-au-commandement-de-larmee\\\/#breadcrumb\"},\"inLanguage\":\"fr-FR\",\"potentialAction\":[{\"@type\":\"ReadAction\",\"target\":[\"https:\\\/\\\/www.efk.admin.ch\\\/fr\\\/audit\\\/centre-de-calcul-campus-office-federal-de-linformatique-et-de-la-telecommunication-centre-de-services-informatiques-dfjp-base-daide-au-commandement-de-larmee\\\/\"]}]},{\"@type\":\"BreadcrumbList\",\"@id\":\"https:\\\/\\\/www.efk.admin.ch\\\/fr\\\/audit\\\/centre-de-calcul-campus-office-federal-de-linformatique-et-de-la-telecommunication-centre-de-services-informatiques-dfjp-base-daide-au-commandement-de-larmee\\\/#breadcrumb\",\"itemListElement\":[{\"@type\":\"ListItem\",\"position\":1,\"name\":\"Home\",\"item\":\"https:\\\/\\\/www.efk.admin.ch\\\/fr\\\/\"},{\"@type\":\"ListItem\",\"position\":2,\"name\":\"Rapport\",\"item\":\"https:\\\/\\\/www.efk.admin.ch\\\/fr\\\/audit\\\/\"},{\"@type\":\"ListItem\",\"position\":3,\"name\":\"Centre de calcul CAMPUS\"}]},{\"@type\":\"WebSite\",\"@id\":\"https:\\\/\\\/www.efk.admin.ch\\\/fr\\\/#website\",\"url\":\"https:\\\/\\\/www.efk.admin.ch\\\/fr\\\/\",\"name\":\"Informationen \u00fcber das oberste Finanzaufsichtsorgan der Schweiz\",\"description\":\"Le Contr\u00f4le f\u00e9d\u00e9ral des finances (CDF) est l'organe supr\u00eame de surveillance financi\u00e8re de la Conf\u00e9d\u00e9ration suisse.\",\"publisher\":{\"@id\":\"https:\\\/\\\/www.efk.admin.ch\\\/fr\\\/#organization\"},\"alternateName\":\"EFK\",\"potentialAction\":[{\"@type\":\"SearchAction\",\"target\":{\"@type\":\"EntryPoint\",\"urlTemplate\":\"https:\\\/\\\/www.efk.admin.ch\\\/fr\\\/?s={search_term_string}\"},\"query-input\":{\"@type\":\"PropertyValueSpecification\",\"valueRequired\":true,\"valueName\":\"search_term_string\"}}],\"inLanguage\":\"fr-FR\"},{\"@type\":\"Organization\",\"@id\":\"https:\\\/\\\/www.efk.admin.ch\\\/fr\\\/#organization\",\"name\":\"Contr\u00f4le f\u00e9d\u00e9ral des finances (CDF)\",\"alternateName\":\"EFK\",\"url\":\"https:\\\/\\\/www.efk.admin.ch\\\/fr\\\/\",\"logo\":{\"@type\":\"ImageObject\",\"inLanguage\":\"fr-FR\",\"@id\":\"https:\\\/\\\/www.efk.admin.ch\\\/fr\\\/#\\\/schema\\\/logo\\\/image\\\/\",\"url\":\"https:\\\/\\\/www.efk.admin.ch\\\/wp-content\\\/uploads\\\/efk_cdf_logo_ohne_claim.png\",\"contentUrl\":\"https:\\\/\\\/www.efk.admin.ch\\\/wp-content\\\/uploads\\\/efk_cdf_logo_ohne_claim.png\",\"width\":268,\"height\":258,\"caption\":\"Contr\u00f4le f\u00e9d\u00e9ral des finances (CDF)\"},\"image\":{\"@id\":\"https:\\\/\\\/www.efk.admin.ch\\\/fr\\\/#\\\/schema\\\/logo\\\/image\\\/\"},\"sameAs\":[\"https:\\\/\\\/www.instagram.com\\\/efk_cdf_sfao\\\/\",\"https:\\\/\\\/www.youtube.com\\\/channel\\\/UCm-bXj227VE5sJzhB-ihdvw\\\/featured\",\"https:\\\/\\\/www.linkedin.com\\\/company\\\/11081578\\\/\"]}]}<\/script>\n<!-- \/ Yoast SEO Premium plugin. -->","yoast_head_json":{"title":"Centre de calcul CAMPUS - Contr\u00f4le f\u00e9d\u00e9ral des finances (CDF)","description":"Centre de calcul CAMPUS","robots":{"index":"index","follow":"follow","max-snippet":"max-snippet:-1","max-image-preview":"max-image-preview:large","max-video-preview":"max-video-preview:-1"},"canonical":"https:\/\/www.efk.admin.ch\/fr\/audit\/centre-de-calcul-campus-office-federal-de-linformatique-et-de-la-telecommunication-centre-de-services-informatiques-dfjp-base-daide-au-commandement-de-larmee\/","og_locale":"fr_FR","og_type":"article","og_title":"Centre de calcul CAMPUS","og_description":"Centre de calcul CAMPUS","og_url":"https:\/\/www.efk.admin.ch\/fr\/audit\/centre-de-calcul-campus-office-federal-de-linformatique-et-de-la-telecommunication-centre-de-services-informatiques-dfjp-base-daide-au-commandement-de-larmee\/","og_site_name":"Contr\u00f4le f\u00e9d\u00e9ral des finances (CDF)","article_modified_time":"2024-02-27T14:58:46+00:00","og_image":[{"width":750,"height":500,"url":"https:\/\/www.efk.admin.ch\/wp-content\/uploads\/test\/palais.jpg","type":"image\/jpeg"}],"twitter_card":"summary_large_image","twitter_misc":{"Dur\u00e9e de lecture estim\u00e9e":"1 minute"},"schema":{"@context":"https:\/\/schema.org","@graph":[{"@type":"WebPage","@id":"https:\/\/www.efk.admin.ch\/fr\/audit\/centre-de-calcul-campus-office-federal-de-linformatique-et-de-la-telecommunication-centre-de-services-informatiques-dfjp-base-daide-au-commandement-de-larmee\/","url":"https:\/\/www.efk.admin.ch\/fr\/audit\/centre-de-calcul-campus-office-federal-de-linformatique-et-de-la-telecommunication-centre-de-services-informatiques-dfjp-base-daide-au-commandement-de-larmee\/","name":"Centre de calcul CAMPUS - Contr\u00f4le f\u00e9d\u00e9ral des finances (CDF)","isPartOf":{"@id":"https:\/\/www.efk.admin.ch\/fr\/#website"},"datePublished":"2024-01-17T15:36:53+00:00","dateModified":"2024-02-27T14:58:46+00:00","description":"Centre de calcul CAMPUS","breadcrumb":{"@id":"https:\/\/www.efk.admin.ch\/fr\/audit\/centre-de-calcul-campus-office-federal-de-linformatique-et-de-la-telecommunication-centre-de-services-informatiques-dfjp-base-daide-au-commandement-de-larmee\/#breadcrumb"},"inLanguage":"fr-FR","potentialAction":[{"@type":"ReadAction","target":["https:\/\/www.efk.admin.ch\/fr\/audit\/centre-de-calcul-campus-office-federal-de-linformatique-et-de-la-telecommunication-centre-de-services-informatiques-dfjp-base-daide-au-commandement-de-larmee\/"]}]},{"@type":"BreadcrumbList","@id":"https:\/\/www.efk.admin.ch\/fr\/audit\/centre-de-calcul-campus-office-federal-de-linformatique-et-de-la-telecommunication-centre-de-services-informatiques-dfjp-base-daide-au-commandement-de-larmee\/#breadcrumb","itemListElement":[{"@type":"ListItem","position":1,"name":"Home","item":"https:\/\/www.efk.admin.ch\/fr\/"},{"@type":"ListItem","position":2,"name":"Rapport","item":"https:\/\/www.efk.admin.ch\/fr\/audit\/"},{"@type":"ListItem","position":3,"name":"Centre de calcul CAMPUS"}]},{"@type":"WebSite","@id":"https:\/\/www.efk.admin.ch\/fr\/#website","url":"https:\/\/www.efk.admin.ch\/fr\/","name":"Informationen \u00fcber das oberste Finanzaufsichtsorgan der Schweiz","description":"Le Contr\u00f4le f\u00e9d\u00e9ral des finances (CDF) est l'organe supr\u00eame de surveillance financi\u00e8re de la Conf\u00e9d\u00e9ration suisse.","publisher":{"@id":"https:\/\/www.efk.admin.ch\/fr\/#organization"},"alternateName":"EFK","potentialAction":[{"@type":"SearchAction","target":{"@type":"EntryPoint","urlTemplate":"https:\/\/www.efk.admin.ch\/fr\/?s={search_term_string}"},"query-input":{"@type":"PropertyValueSpecification","valueRequired":true,"valueName":"search_term_string"}}],"inLanguage":"fr-FR"},{"@type":"Organization","@id":"https:\/\/www.efk.admin.ch\/fr\/#organization","name":"Contr\u00f4le f\u00e9d\u00e9ral des finances (CDF)","alternateName":"EFK","url":"https:\/\/www.efk.admin.ch\/fr\/","logo":{"@type":"ImageObject","inLanguage":"fr-FR","@id":"https:\/\/www.efk.admin.ch\/fr\/#\/schema\/logo\/image\/","url":"https:\/\/www.efk.admin.ch\/wp-content\/uploads\/efk_cdf_logo_ohne_claim.png","contentUrl":"https:\/\/www.efk.admin.ch\/wp-content\/uploads\/efk_cdf_logo_ohne_claim.png","width":268,"height":258,"caption":"Contr\u00f4le f\u00e9d\u00e9ral des finances (CDF)"},"image":{"@id":"https:\/\/www.efk.admin.ch\/fr\/#\/schema\/logo\/image\/"},"sameAs":["https:\/\/www.instagram.com\/efk_cdf_sfao\/","https:\/\/www.youtube.com\/channel\/UCm-bXj227VE5sJzhB-ihdvw\/featured","https:\/\/www.linkedin.com\/company\/11081578\/"]}]}},"_links":{"self":[{"href":"https:\/\/www.efk.admin.ch\/fr\/wp-json\/wp\/v2\/audit\/6065","targetHints":{"allow":["GET"]}}],"collection":[{"href":"https:\/\/www.efk.admin.ch\/fr\/wp-json\/wp\/v2\/audit"}],"about":[{"href":"https:\/\/www.efk.admin.ch\/fr\/wp-json\/wp\/v2\/types\/audit"}],"acf:post":[{"embeddable":true,"href":"https:\/\/www.efk.admin.ch\/fr\/wp-json\/wp\/v2\/office\/7982"},{"embeddable":true,"href":"https:\/\/www.efk.admin.ch\/fr\/wp-json\/wp\/v2\/office\/7920"},{"embeddable":true,"href":"https:\/\/www.efk.admin.ch\/fr\/wp-json\/wp\/v2\/office\/7941"}],"wp:attachment":[{"href":"https:\/\/www.efk.admin.ch\/fr\/wp-json\/wp\/v2\/media?parent=6065"}],"wp:term":[{"taxonomy":"audit_category","embeddable":true,"href":"https:\/\/www.efk.admin.ch\/fr\/wp-json\/wp\/v2\/audit_category?post=6065"},{"taxonomy":"audit_type","embeddable":true,"href":"https:\/\/www.efk.admin.ch\/fr\/wp-json\/wp\/v2\/audit_type?post=6065"}],"curies":[{"name":"wp","href":"https:\/\/api.w.org\/{rel}","templated":true}]}}