{"id":6058,"date":"2024-01-17T16:36:47","date_gmt":"2024-01-17T15:36:47","guid":{"rendered":"https:\/\/preview.efk.admin.ch\/prufung\/gouvernance-suite-au-transfert-des-services-centraux-direction-du-developpement-et-de-la-cooperation-direction-des-ressources-du-departement-federal-des-affaires-etrangeres\/"},"modified":"2024-02-27T15:42:03","modified_gmt":"2024-02-27T14:42:03","slug":"gouvernance-suite-au-transfert-des-services-centraux-direction-du-developpement-et-de-la-cooperation-direction-des-ressources-du-departement-federal-des-affaires-etrangeres","status":"publish","type":"audit","link":"https:\/\/www.efk.admin.ch\/fr\/audit\/gouvernance-suite-au-transfert-des-services-centraux-direction-du-developpement-et-de-la-cooperation-direction-des-ressources-du-departement-federal-des-affaires-etrangeres\/","title":{"rendered":"Gouvernance suite au transfert des services centraux"},"content":{"rendered":"\n<p>Le D\u00e9partement f\u00e9d\u00e9ral des affaires \u00e9trang\u00e8res (DFAE) a connu des r\u00e9formes fondamentales ces dix derni\u00e8res ann\u00e9es. Le Contr\u00f4le f\u00e9d\u00e9ral des finances (CDF) a examin\u00e9 en particulier la fa\u00e7on dont la Direction des ressources (DR) est devenue le centre de comp\u00e9tences et de services du DFAE. Il s\u2019est avant tout pench\u00e9 sur le transfert des services centraux de la Direction du d\u00e9veloppement et de la coop\u00e9ration (DDC) au sein de la DR et du Secr\u00e9tariat g\u00e9n\u00e9ral du DFAE.<\/p>\n","protected":false},"featured_media":0,"menu_order":0,"template":"","audit_category":[31],"audit_type":[52],"class_list":["post-6058","audit","type-audit","status-publish","hentry","audit_category-administration-generale","audit_type-audit-fr"],"acf":{"audit_lang":[{"lang":"d"}],"audit_numbers":[{"audit_number":"17417"}],"audit_office":[7914,7977],"audit_office_text":"","audit_date":"20180417","bgo":false,"keywords":"Le D\u00e9partement f\u00e9d\u00e9ral des affaires \u00e9trang\u00e8res (DFAE), r\u00e9formes, le centre de comp\u00e9tences, services centraux, la Direction du d\u00e9veloppement et de la coop\u00e9ration (DDC), Secr\u00e9tariat g\u00e9n\u00e9ral","audit_office_local":""},"yoast_head":"<!-- This site is optimized with the Yoast SEO Premium plugin v27.4 (Yoast SEO v27.4) - https:\/\/yoast.com\/product\/yoast-seo-premium-wordpress\/ -->\n<title>Gouvernance suite au transfert des services centraux - Contr\u00f4le f\u00e9d\u00e9ral des finances (CDF)<\/title>\n<meta name=\"description\" content=\"Gouvernance suite au transfert des services centraux\" \/>\n<meta name=\"robots\" content=\"index, follow, max-snippet:-1, max-image-preview:large, max-video-preview:-1\" \/>\n<link rel=\"canonical\" href=\"https:\/\/www.efk.admin.ch\/fr\/audit\/gouvernance-suite-au-transfert-des-services-centraux-direction-du-developpement-et-de-la-cooperation-direction-des-ressources-du-departement-federal-des-affaires-etrangeres\/\" \/>\n<meta property=\"og:locale\" content=\"fr_FR\" \/>\n<meta property=\"og:type\" content=\"article\" \/>\n<meta property=\"og:title\" content=\"Gouvernance suite au transfert des services centraux\" \/>\n<meta property=\"og:description\" content=\"Gouvernance suite au transfert des services centraux\" \/>\n<meta property=\"og:url\" content=\"https:\/\/www.efk.admin.ch\/fr\/audit\/gouvernance-suite-au-transfert-des-services-centraux-direction-du-developpement-et-de-la-cooperation-direction-des-ressources-du-departement-federal-des-affaires-etrangeres\/\" \/>\n<meta property=\"og:site_name\" content=\"Contr\u00f4le f\u00e9d\u00e9ral des finances (CDF)\" \/>\n<meta property=\"article:modified_time\" content=\"2024-02-27T14:42:03+00:00\" \/>\n<meta property=\"og:image\" content=\"https:\/\/www.efk.admin.ch\/wp-content\/uploads\/test\/palais.jpg\" \/>\n\t<meta property=\"og:image:width\" content=\"750\" \/>\n\t<meta property=\"og:image:height\" content=\"500\" \/>\n\t<meta property=\"og:image:type\" content=\"image\/jpeg\" \/>\n<meta name=\"twitter:card\" content=\"summary_large_image\" \/>\n<script type=\"application\/ld+json\" class=\"yoast-schema-graph\">{\"@context\":\"https:\\\/\\\/schema.org\",\"@graph\":[{\"@type\":\"WebPage\",\"@id\":\"https:\\\/\\\/www.efk.admin.ch\\\/fr\\\/audit\\\/gouvernance-suite-au-transfert-des-services-centraux-direction-du-developpement-et-de-la-cooperation-direction-des-ressources-du-departement-federal-des-affaires-etrangeres\\\/\",\"url\":\"https:\\\/\\\/www.efk.admin.ch\\\/fr\\\/audit\\\/gouvernance-suite-au-transfert-des-services-centraux-direction-du-developpement-et-de-la-cooperation-direction-des-ressources-du-departement-federal-des-affaires-etrangeres\\\/\",\"name\":\"Gouvernance suite au transfert des services centraux - Contr\u00f4le f\u00e9d\u00e9ral des finances (CDF)\",\"isPartOf\":{\"@id\":\"https:\\\/\\\/www.efk.admin.ch\\\/fr\\\/#website\"},\"datePublished\":\"2024-01-17T15:36:47+00:00\",\"dateModified\":\"2024-02-27T14:42:03+00:00\",\"description\":\"Gouvernance suite au transfert des services centraux\",\"breadcrumb\":{\"@id\":\"https:\\\/\\\/www.efk.admin.ch\\\/fr\\\/audit\\\/gouvernance-suite-au-transfert-des-services-centraux-direction-du-developpement-et-de-la-cooperation-direction-des-ressources-du-departement-federal-des-affaires-etrangeres\\\/#breadcrumb\"},\"inLanguage\":\"fr-FR\",\"potentialAction\":[{\"@type\":\"ReadAction\",\"target\":[\"https:\\\/\\\/www.efk.admin.ch\\\/fr\\\/audit\\\/gouvernance-suite-au-transfert-des-services-centraux-direction-du-developpement-et-de-la-cooperation-direction-des-ressources-du-departement-federal-des-affaires-etrangeres\\\/\"]}]},{\"@type\":\"BreadcrumbList\",\"@id\":\"https:\\\/\\\/www.efk.admin.ch\\\/fr\\\/audit\\\/gouvernance-suite-au-transfert-des-services-centraux-direction-du-developpement-et-de-la-cooperation-direction-des-ressources-du-departement-federal-des-affaires-etrangeres\\\/#breadcrumb\",\"itemListElement\":[{\"@type\":\"ListItem\",\"position\":1,\"name\":\"Home\",\"item\":\"https:\\\/\\\/www.efk.admin.ch\\\/fr\\\/\"},{\"@type\":\"ListItem\",\"position\":2,\"name\":\"Rapport\",\"item\":\"https:\\\/\\\/www.efk.admin.ch\\\/fr\\\/audit\\\/\"},{\"@type\":\"ListItem\",\"position\":3,\"name\":\"Gouvernance suite au transfert des services centraux\"}]},{\"@type\":\"WebSite\",\"@id\":\"https:\\\/\\\/www.efk.admin.ch\\\/fr\\\/#website\",\"url\":\"https:\\\/\\\/www.efk.admin.ch\\\/fr\\\/\",\"name\":\"Informationen \u00fcber das oberste Finanzaufsichtsorgan der Schweiz\",\"description\":\"Le Contr\u00f4le f\u00e9d\u00e9ral des finances (CDF) est l'organe supr\u00eame de surveillance financi\u00e8re de la Conf\u00e9d\u00e9ration suisse.\",\"publisher\":{\"@id\":\"https:\\\/\\\/www.efk.admin.ch\\\/fr\\\/#organization\"},\"alternateName\":\"EFK\",\"potentialAction\":[{\"@type\":\"SearchAction\",\"target\":{\"@type\":\"EntryPoint\",\"urlTemplate\":\"https:\\\/\\\/www.efk.admin.ch\\\/fr\\\/?s={search_term_string}\"},\"query-input\":{\"@type\":\"PropertyValueSpecification\",\"valueRequired\":true,\"valueName\":\"search_term_string\"}}],\"inLanguage\":\"fr-FR\"},{\"@type\":\"Organization\",\"@id\":\"https:\\\/\\\/www.efk.admin.ch\\\/fr\\\/#organization\",\"name\":\"Contr\u00f4le f\u00e9d\u00e9ral des finances (CDF)\",\"alternateName\":\"EFK\",\"url\":\"https:\\\/\\\/www.efk.admin.ch\\\/fr\\\/\",\"logo\":{\"@type\":\"ImageObject\",\"inLanguage\":\"fr-FR\",\"@id\":\"https:\\\/\\\/www.efk.admin.ch\\\/fr\\\/#\\\/schema\\\/logo\\\/image\\\/\",\"url\":\"https:\\\/\\\/www.efk.admin.ch\\\/wp-content\\\/uploads\\\/efk_cdf_logo_ohne_claim.png\",\"contentUrl\":\"https:\\\/\\\/www.efk.admin.ch\\\/wp-content\\\/uploads\\\/efk_cdf_logo_ohne_claim.png\",\"width\":268,\"height\":258,\"caption\":\"Contr\u00f4le f\u00e9d\u00e9ral des finances (CDF)\"},\"image\":{\"@id\":\"https:\\\/\\\/www.efk.admin.ch\\\/fr\\\/#\\\/schema\\\/logo\\\/image\\\/\"},\"sameAs\":[\"https:\\\/\\\/www.instagram.com\\\/efk_cdf_sfao\\\/\",\"https:\\\/\\\/www.youtube.com\\\/channel\\\/UCm-bXj227VE5sJzhB-ihdvw\\\/featured\",\"https:\\\/\\\/www.linkedin.com\\\/company\\\/11081578\\\/\"]}]}<\/script>\n<!-- \/ Yoast SEO Premium plugin. -->","yoast_head_json":{"title":"Gouvernance suite au transfert des services centraux - Contr\u00f4le f\u00e9d\u00e9ral des finances (CDF)","description":"Gouvernance suite au transfert des services centraux","robots":{"index":"index","follow":"follow","max-snippet":"max-snippet:-1","max-image-preview":"max-image-preview:large","max-video-preview":"max-video-preview:-1"},"canonical":"https:\/\/www.efk.admin.ch\/fr\/audit\/gouvernance-suite-au-transfert-des-services-centraux-direction-du-developpement-et-de-la-cooperation-direction-des-ressources-du-departement-federal-des-affaires-etrangeres\/","og_locale":"fr_FR","og_type":"article","og_title":"Gouvernance suite au transfert des services centraux","og_description":"Gouvernance suite au transfert des services centraux","og_url":"https:\/\/www.efk.admin.ch\/fr\/audit\/gouvernance-suite-au-transfert-des-services-centraux-direction-du-developpement-et-de-la-cooperation-direction-des-ressources-du-departement-federal-des-affaires-etrangeres\/","og_site_name":"Contr\u00f4le f\u00e9d\u00e9ral des finances (CDF)","article_modified_time":"2024-02-27T14:42:03+00:00","og_image":[{"width":750,"height":500,"url":"https:\/\/www.efk.admin.ch\/wp-content\/uploads\/test\/palais.jpg","type":"image\/jpeg"}],"twitter_card":"summary_large_image","schema":{"@context":"https:\/\/schema.org","@graph":[{"@type":"WebPage","@id":"https:\/\/www.efk.admin.ch\/fr\/audit\/gouvernance-suite-au-transfert-des-services-centraux-direction-du-developpement-et-de-la-cooperation-direction-des-ressources-du-departement-federal-des-affaires-etrangeres\/","url":"https:\/\/www.efk.admin.ch\/fr\/audit\/gouvernance-suite-au-transfert-des-services-centraux-direction-du-developpement-et-de-la-cooperation-direction-des-ressources-du-departement-federal-des-affaires-etrangeres\/","name":"Gouvernance suite au transfert des services centraux - Contr\u00f4le f\u00e9d\u00e9ral des finances (CDF)","isPartOf":{"@id":"https:\/\/www.efk.admin.ch\/fr\/#website"},"datePublished":"2024-01-17T15:36:47+00:00","dateModified":"2024-02-27T14:42:03+00:00","description":"Gouvernance suite au transfert des services centraux","breadcrumb":{"@id":"https:\/\/www.efk.admin.ch\/fr\/audit\/gouvernance-suite-au-transfert-des-services-centraux-direction-du-developpement-et-de-la-cooperation-direction-des-ressources-du-departement-federal-des-affaires-etrangeres\/#breadcrumb"},"inLanguage":"fr-FR","potentialAction":[{"@type":"ReadAction","target":["https:\/\/www.efk.admin.ch\/fr\/audit\/gouvernance-suite-au-transfert-des-services-centraux-direction-du-developpement-et-de-la-cooperation-direction-des-ressources-du-departement-federal-des-affaires-etrangeres\/"]}]},{"@type":"BreadcrumbList","@id":"https:\/\/www.efk.admin.ch\/fr\/audit\/gouvernance-suite-au-transfert-des-services-centraux-direction-du-developpement-et-de-la-cooperation-direction-des-ressources-du-departement-federal-des-affaires-etrangeres\/#breadcrumb","itemListElement":[{"@type":"ListItem","position":1,"name":"Home","item":"https:\/\/www.efk.admin.ch\/fr\/"},{"@type":"ListItem","position":2,"name":"Rapport","item":"https:\/\/www.efk.admin.ch\/fr\/audit\/"},{"@type":"ListItem","position":3,"name":"Gouvernance suite au transfert des services centraux"}]},{"@type":"WebSite","@id":"https:\/\/www.efk.admin.ch\/fr\/#website","url":"https:\/\/www.efk.admin.ch\/fr\/","name":"Informationen \u00fcber das oberste Finanzaufsichtsorgan der Schweiz","description":"Le Contr\u00f4le f\u00e9d\u00e9ral des finances (CDF) est l'organe supr\u00eame de surveillance financi\u00e8re de la Conf\u00e9d\u00e9ration suisse.","publisher":{"@id":"https:\/\/www.efk.admin.ch\/fr\/#organization"},"alternateName":"EFK","potentialAction":[{"@type":"SearchAction","target":{"@type":"EntryPoint","urlTemplate":"https:\/\/www.efk.admin.ch\/fr\/?s={search_term_string}"},"query-input":{"@type":"PropertyValueSpecification","valueRequired":true,"valueName":"search_term_string"}}],"inLanguage":"fr-FR"},{"@type":"Organization","@id":"https:\/\/www.efk.admin.ch\/fr\/#organization","name":"Contr\u00f4le f\u00e9d\u00e9ral des finances (CDF)","alternateName":"EFK","url":"https:\/\/www.efk.admin.ch\/fr\/","logo":{"@type":"ImageObject","inLanguage":"fr-FR","@id":"https:\/\/www.efk.admin.ch\/fr\/#\/schema\/logo\/image\/","url":"https:\/\/www.efk.admin.ch\/wp-content\/uploads\/efk_cdf_logo_ohne_claim.png","contentUrl":"https:\/\/www.efk.admin.ch\/wp-content\/uploads\/efk_cdf_logo_ohne_claim.png","width":268,"height":258,"caption":"Contr\u00f4le f\u00e9d\u00e9ral des finances (CDF)"},"image":{"@id":"https:\/\/www.efk.admin.ch\/fr\/#\/schema\/logo\/image\/"},"sameAs":["https:\/\/www.instagram.com\/efk_cdf_sfao\/","https:\/\/www.youtube.com\/channel\/UCm-bXj227VE5sJzhB-ihdvw\/featured","https:\/\/www.linkedin.com\/company\/11081578\/"]}]}},"_links":{"self":[{"href":"https:\/\/www.efk.admin.ch\/fr\/wp-json\/wp\/v2\/audit\/6058","targetHints":{"allow":["GET"]}}],"collection":[{"href":"https:\/\/www.efk.admin.ch\/fr\/wp-json\/wp\/v2\/audit"}],"about":[{"href":"https:\/\/www.efk.admin.ch\/fr\/wp-json\/wp\/v2\/types\/audit"}],"acf:post":[{"embeddable":true,"href":"https:\/\/www.efk.admin.ch\/fr\/wp-json\/wp\/v2\/office\/7977"},{"embeddable":true,"href":"https:\/\/www.efk.admin.ch\/fr\/wp-json\/wp\/v2\/office\/7914"}],"wp:attachment":[{"href":"https:\/\/www.efk.admin.ch\/fr\/wp-json\/wp\/v2\/media?parent=6058"}],"wp:term":[{"taxonomy":"audit_category","embeddable":true,"href":"https:\/\/www.efk.admin.ch\/fr\/wp-json\/wp\/v2\/audit_category?post=6058"},{"taxonomy":"audit_type","embeddable":true,"href":"https:\/\/www.efk.admin.ch\/fr\/wp-json\/wp\/v2\/audit_type?post=6058"}],"curies":[{"name":"wp","href":"https:\/\/api.w.org\/{rel}","templated":true}]}}