{"id":6056,"date":"2024-01-17T16:36:47","date_gmt":"2024-01-17T15:36:47","guid":{"rendered":"https:\/\/preview.efk.admin.ch\/prufung\/surveillance-financiere-du-financement-national-de-remplacement-dhorizon-2020-secretariat-detat-a-la-formation-a-la-recherche-et-a-linnovation\/"},"modified":"2024-02-26T15:35:10","modified_gmt":"2024-02-26T14:35:10","slug":"surveillance-financiere-du-financement-national-de-remplacement-dhorizon-2020-secretariat-detat-a-la-formation-a-la-recherche-et-a-linnovation","status":"publish","type":"audit","link":"https:\/\/www.efk.admin.ch\/fr\/audit\/surveillance-financiere-du-financement-national-de-remplacement-dhorizon-2020-secretariat-detat-a-la-formation-a-la-recherche-et-a-linnovation\/","title":{"rendered":"Surveillance financi\u00e8re du financement national de remplacement d\u2019Horizon 2020"},"content":{"rendered":"\n<p>Suite au oui \u00e0 l\u2019initiative sur l\u2019immigration de masse le 9 f\u00e9vrier 2014, l\u2019Union europ\u00e9enne (UE) a retir\u00e9 \u00e0 la Suisse la pleine association au programme-cadre de recherche Horizon 2020 (H2020). De nombreux chercheurs suisses se sont donc vus exclus des consortiums de projets. En juin 2014, le Conseil f\u00e9d\u00e9ral a d\u00e9cid\u00e9 de financer directement les participations suisses \u00e0 des projets relatifs \u00e0 des programmes d\u2019H2020 ne recevant plus d\u2019argent de la Commission europ\u00e9enne (CE) par un mode de financement \u00ab projet par projet \u00bb. Le statut de la Suisse sans association pl\u00e9ni\u00e8re a dur\u00e9 de septembre 2014 \u00e0 fin 2016. Les derni\u00e8res demandes de d\u2019engagements pour de nouveaux projets arriveront au Secr\u00e9tariat d\u2019Etat \u00e0 la formation, \u00e0 la recherche et \u00e0 l\u2019innovation (SEFRI) courant 2018. En raison de la dur\u00e9e pluriannuelle des projets, le SEFRI estime qu\u2019il devra financer et surveiller environ 1000 projets pour pr\u00e8s de 600 millions de francs jusqu\u2019\u00e0 2024 environ.<\/p>\n","protected":false},"featured_media":0,"menu_order":0,"template":"","audit_category":[67],"audit_type":[52],"class_list":["post-6056","audit","type-audit","status-publish","hentry","audit_category-formation-et-recherche","audit_type-audit-fr"],"acf":{"audit_lang":[{"lang":"f"}],"audit_numbers":[{"audit_number":"17655"}],"audit_office":7946,"audit_office_text":"","audit_date":"20180424","bgo":false,"keywords":"l\u2019initiative sur l\u2019immigration de masse, l\u2019Union europ\u00e9enne (UE), pleine association au programme-cadre de recherche Horizon 2020 (H2020),  chercheurs suisses, consortiums de projets, mode de financement \u00ab projet par projet \u00bb","audit_office_local":""},"yoast_head":"<!-- This site is optimized with the Yoast SEO Premium plugin v27.4 (Yoast SEO v27.4) - https:\/\/yoast.com\/product\/yoast-seo-premium-wordpress\/ -->\n<title>Surveillance financi\u00e8re du financement national de remplacement d\u2019Horizon 2020 - Contr\u00f4le f\u00e9d\u00e9ral des finances (CDF)<\/title>\n<meta name=\"description\" content=\"Surveillance financi\u00e8re du financement national de remplacement d\u2019Horizon 2020\" \/>\n<meta name=\"robots\" content=\"index, follow, max-snippet:-1, max-image-preview:large, max-video-preview:-1\" \/>\n<link rel=\"canonical\" href=\"https:\/\/www.efk.admin.ch\/fr\/audit\/surveillance-financiere-du-financement-national-de-remplacement-dhorizon-2020-secretariat-detat-a-la-formation-a-la-recherche-et-a-linnovation\/\" \/>\n<meta property=\"og:locale\" content=\"fr_FR\" \/>\n<meta property=\"og:type\" content=\"article\" \/>\n<meta property=\"og:title\" content=\"Surveillance financi\u00e8re du financement national de remplacement d\u2019Horizon 2020\" \/>\n<meta property=\"og:description\" content=\"Surveillance financi\u00e8re du financement national de remplacement d\u2019Horizon 2020\" \/>\n<meta property=\"og:url\" content=\"https:\/\/www.efk.admin.ch\/fr\/audit\/surveillance-financiere-du-financement-national-de-remplacement-dhorizon-2020-secretariat-detat-a-la-formation-a-la-recherche-et-a-linnovation\/\" \/>\n<meta property=\"og:site_name\" content=\"Contr\u00f4le f\u00e9d\u00e9ral des finances (CDF)\" \/>\n<meta property=\"article:modified_time\" content=\"2024-02-26T14:35:10+00:00\" \/>\n<meta property=\"og:image\" content=\"https:\/\/www.efk.admin.ch\/wp-content\/uploads\/test\/palais.jpg\" \/>\n\t<meta property=\"og:image:width\" content=\"750\" \/>\n\t<meta property=\"og:image:height\" content=\"500\" \/>\n\t<meta property=\"og:image:type\" content=\"image\/jpeg\" \/>\n<meta name=\"twitter:card\" content=\"summary_large_image\" \/>\n<meta name=\"twitter:label1\" content=\"Dur\u00e9e de lecture estim\u00e9e\" \/>\n\t<meta name=\"twitter:data1\" content=\"1 minute\" \/>\n<script type=\"application\/ld+json\" class=\"yoast-schema-graph\">{\"@context\":\"https:\\\/\\\/schema.org\",\"@graph\":[{\"@type\":\"WebPage\",\"@id\":\"https:\\\/\\\/www.efk.admin.ch\\\/fr\\\/audit\\\/surveillance-financiere-du-financement-national-de-remplacement-dhorizon-2020-secretariat-detat-a-la-formation-a-la-recherche-et-a-linnovation\\\/\",\"url\":\"https:\\\/\\\/www.efk.admin.ch\\\/fr\\\/audit\\\/surveillance-financiere-du-financement-national-de-remplacement-dhorizon-2020-secretariat-detat-a-la-formation-a-la-recherche-et-a-linnovation\\\/\",\"name\":\"Surveillance financi\u00e8re du financement national de remplacement d\u2019Horizon 2020 - Contr\u00f4le f\u00e9d\u00e9ral des finances (CDF)\",\"isPartOf\":{\"@id\":\"https:\\\/\\\/www.efk.admin.ch\\\/fr\\\/#website\"},\"datePublished\":\"2024-01-17T15:36:47+00:00\",\"dateModified\":\"2024-02-26T14:35:10+00:00\",\"description\":\"Surveillance financi\u00e8re du financement national de remplacement d\u2019Horizon 2020\",\"breadcrumb\":{\"@id\":\"https:\\\/\\\/www.efk.admin.ch\\\/fr\\\/audit\\\/surveillance-financiere-du-financement-national-de-remplacement-dhorizon-2020-secretariat-detat-a-la-formation-a-la-recherche-et-a-linnovation\\\/#breadcrumb\"},\"inLanguage\":\"fr-FR\",\"potentialAction\":[{\"@type\":\"ReadAction\",\"target\":[\"https:\\\/\\\/www.efk.admin.ch\\\/fr\\\/audit\\\/surveillance-financiere-du-financement-national-de-remplacement-dhorizon-2020-secretariat-detat-a-la-formation-a-la-recherche-et-a-linnovation\\\/\"]}]},{\"@type\":\"BreadcrumbList\",\"@id\":\"https:\\\/\\\/www.efk.admin.ch\\\/fr\\\/audit\\\/surveillance-financiere-du-financement-national-de-remplacement-dhorizon-2020-secretariat-detat-a-la-formation-a-la-recherche-et-a-linnovation\\\/#breadcrumb\",\"itemListElement\":[{\"@type\":\"ListItem\",\"position\":1,\"name\":\"Home\",\"item\":\"https:\\\/\\\/www.efk.admin.ch\\\/fr\\\/\"},{\"@type\":\"ListItem\",\"position\":2,\"name\":\"Rapport\",\"item\":\"https:\\\/\\\/www.efk.admin.ch\\\/fr\\\/audit\\\/\"},{\"@type\":\"ListItem\",\"position\":3,\"name\":\"Surveillance financi\u00e8re du financement national de remplacement d\u2019Horizon 2020\"}]},{\"@type\":\"WebSite\",\"@id\":\"https:\\\/\\\/www.efk.admin.ch\\\/fr\\\/#website\",\"url\":\"https:\\\/\\\/www.efk.admin.ch\\\/fr\\\/\",\"name\":\"Informationen \u00fcber das oberste Finanzaufsichtsorgan der Schweiz\",\"description\":\"Le Contr\u00f4le f\u00e9d\u00e9ral des finances (CDF) est l'organe supr\u00eame de surveillance financi\u00e8re de la Conf\u00e9d\u00e9ration suisse.\",\"publisher\":{\"@id\":\"https:\\\/\\\/www.efk.admin.ch\\\/fr\\\/#organization\"},\"alternateName\":\"EFK\",\"potentialAction\":[{\"@type\":\"SearchAction\",\"target\":{\"@type\":\"EntryPoint\",\"urlTemplate\":\"https:\\\/\\\/www.efk.admin.ch\\\/fr\\\/?s={search_term_string}\"},\"query-input\":{\"@type\":\"PropertyValueSpecification\",\"valueRequired\":true,\"valueName\":\"search_term_string\"}}],\"inLanguage\":\"fr-FR\"},{\"@type\":\"Organization\",\"@id\":\"https:\\\/\\\/www.efk.admin.ch\\\/fr\\\/#organization\",\"name\":\"Contr\u00f4le f\u00e9d\u00e9ral des finances (CDF)\",\"alternateName\":\"EFK\",\"url\":\"https:\\\/\\\/www.efk.admin.ch\\\/fr\\\/\",\"logo\":{\"@type\":\"ImageObject\",\"inLanguage\":\"fr-FR\",\"@id\":\"https:\\\/\\\/www.efk.admin.ch\\\/fr\\\/#\\\/schema\\\/logo\\\/image\\\/\",\"url\":\"https:\\\/\\\/www.efk.admin.ch\\\/wp-content\\\/uploads\\\/efk_cdf_logo_ohne_claim.png\",\"contentUrl\":\"https:\\\/\\\/www.efk.admin.ch\\\/wp-content\\\/uploads\\\/efk_cdf_logo_ohne_claim.png\",\"width\":268,\"height\":258,\"caption\":\"Contr\u00f4le f\u00e9d\u00e9ral des finances (CDF)\"},\"image\":{\"@id\":\"https:\\\/\\\/www.efk.admin.ch\\\/fr\\\/#\\\/schema\\\/logo\\\/image\\\/\"},\"sameAs\":[\"https:\\\/\\\/www.instagram.com\\\/efk_cdf_sfao\\\/\",\"https:\\\/\\\/www.youtube.com\\\/channel\\\/UCm-bXj227VE5sJzhB-ihdvw\\\/featured\",\"https:\\\/\\\/www.linkedin.com\\\/company\\\/11081578\\\/\"]}]}<\/script>\n<!-- \/ Yoast SEO Premium plugin. -->","yoast_head_json":{"title":"Surveillance financi\u00e8re du financement national de remplacement d\u2019Horizon 2020 - Contr\u00f4le f\u00e9d\u00e9ral des finances (CDF)","description":"Surveillance financi\u00e8re du financement national de remplacement d\u2019Horizon 2020","robots":{"index":"index","follow":"follow","max-snippet":"max-snippet:-1","max-image-preview":"max-image-preview:large","max-video-preview":"max-video-preview:-1"},"canonical":"https:\/\/www.efk.admin.ch\/fr\/audit\/surveillance-financiere-du-financement-national-de-remplacement-dhorizon-2020-secretariat-detat-a-la-formation-a-la-recherche-et-a-linnovation\/","og_locale":"fr_FR","og_type":"article","og_title":"Surveillance financi\u00e8re du financement national de remplacement d\u2019Horizon 2020","og_description":"Surveillance financi\u00e8re du financement national de remplacement d\u2019Horizon 2020","og_url":"https:\/\/www.efk.admin.ch\/fr\/audit\/surveillance-financiere-du-financement-national-de-remplacement-dhorizon-2020-secretariat-detat-a-la-formation-a-la-recherche-et-a-linnovation\/","og_site_name":"Contr\u00f4le f\u00e9d\u00e9ral des finances (CDF)","article_modified_time":"2024-02-26T14:35:10+00:00","og_image":[{"width":750,"height":500,"url":"https:\/\/www.efk.admin.ch\/wp-content\/uploads\/test\/palais.jpg","type":"image\/jpeg"}],"twitter_card":"summary_large_image","twitter_misc":{"Dur\u00e9e de lecture estim\u00e9e":"1 minute"},"schema":{"@context":"https:\/\/schema.org","@graph":[{"@type":"WebPage","@id":"https:\/\/www.efk.admin.ch\/fr\/audit\/surveillance-financiere-du-financement-national-de-remplacement-dhorizon-2020-secretariat-detat-a-la-formation-a-la-recherche-et-a-linnovation\/","url":"https:\/\/www.efk.admin.ch\/fr\/audit\/surveillance-financiere-du-financement-national-de-remplacement-dhorizon-2020-secretariat-detat-a-la-formation-a-la-recherche-et-a-linnovation\/","name":"Surveillance financi\u00e8re du financement national de remplacement d\u2019Horizon 2020 - Contr\u00f4le f\u00e9d\u00e9ral des finances (CDF)","isPartOf":{"@id":"https:\/\/www.efk.admin.ch\/fr\/#website"},"datePublished":"2024-01-17T15:36:47+00:00","dateModified":"2024-02-26T14:35:10+00:00","description":"Surveillance financi\u00e8re du financement national de remplacement d\u2019Horizon 2020","breadcrumb":{"@id":"https:\/\/www.efk.admin.ch\/fr\/audit\/surveillance-financiere-du-financement-national-de-remplacement-dhorizon-2020-secretariat-detat-a-la-formation-a-la-recherche-et-a-linnovation\/#breadcrumb"},"inLanguage":"fr-FR","potentialAction":[{"@type":"ReadAction","target":["https:\/\/www.efk.admin.ch\/fr\/audit\/surveillance-financiere-du-financement-national-de-remplacement-dhorizon-2020-secretariat-detat-a-la-formation-a-la-recherche-et-a-linnovation\/"]}]},{"@type":"BreadcrumbList","@id":"https:\/\/www.efk.admin.ch\/fr\/audit\/surveillance-financiere-du-financement-national-de-remplacement-dhorizon-2020-secretariat-detat-a-la-formation-a-la-recherche-et-a-linnovation\/#breadcrumb","itemListElement":[{"@type":"ListItem","position":1,"name":"Home","item":"https:\/\/www.efk.admin.ch\/fr\/"},{"@type":"ListItem","position":2,"name":"Rapport","item":"https:\/\/www.efk.admin.ch\/fr\/audit\/"},{"@type":"ListItem","position":3,"name":"Surveillance financi\u00e8re du financement national de remplacement d\u2019Horizon 2020"}]},{"@type":"WebSite","@id":"https:\/\/www.efk.admin.ch\/fr\/#website","url":"https:\/\/www.efk.admin.ch\/fr\/","name":"Informationen \u00fcber das oberste Finanzaufsichtsorgan der Schweiz","description":"Le Contr\u00f4le f\u00e9d\u00e9ral des finances (CDF) est l'organe supr\u00eame de surveillance financi\u00e8re de la Conf\u00e9d\u00e9ration suisse.","publisher":{"@id":"https:\/\/www.efk.admin.ch\/fr\/#organization"},"alternateName":"EFK","potentialAction":[{"@type":"SearchAction","target":{"@type":"EntryPoint","urlTemplate":"https:\/\/www.efk.admin.ch\/fr\/?s={search_term_string}"},"query-input":{"@type":"PropertyValueSpecification","valueRequired":true,"valueName":"search_term_string"}}],"inLanguage":"fr-FR"},{"@type":"Organization","@id":"https:\/\/www.efk.admin.ch\/fr\/#organization","name":"Contr\u00f4le f\u00e9d\u00e9ral des finances (CDF)","alternateName":"EFK","url":"https:\/\/www.efk.admin.ch\/fr\/","logo":{"@type":"ImageObject","inLanguage":"fr-FR","@id":"https:\/\/www.efk.admin.ch\/fr\/#\/schema\/logo\/image\/","url":"https:\/\/www.efk.admin.ch\/wp-content\/uploads\/efk_cdf_logo_ohne_claim.png","contentUrl":"https:\/\/www.efk.admin.ch\/wp-content\/uploads\/efk_cdf_logo_ohne_claim.png","width":268,"height":258,"caption":"Contr\u00f4le f\u00e9d\u00e9ral des finances (CDF)"},"image":{"@id":"https:\/\/www.efk.admin.ch\/fr\/#\/schema\/logo\/image\/"},"sameAs":["https:\/\/www.instagram.com\/efk_cdf_sfao\/","https:\/\/www.youtube.com\/channel\/UCm-bXj227VE5sJzhB-ihdvw\/featured","https:\/\/www.linkedin.com\/company\/11081578\/"]}]}},"_links":{"self":[{"href":"https:\/\/www.efk.admin.ch\/fr\/wp-json\/wp\/v2\/audit\/6056","targetHints":{"allow":["GET"]}}],"collection":[{"href":"https:\/\/www.efk.admin.ch\/fr\/wp-json\/wp\/v2\/audit"}],"about":[{"href":"https:\/\/www.efk.admin.ch\/fr\/wp-json\/wp\/v2\/types\/audit"}],"acf:post":[{"embeddable":true,"href":"https:\/\/www.efk.admin.ch\/fr\/wp-json\/wp\/v2\/office\/7946"}],"wp:attachment":[{"href":"https:\/\/www.efk.admin.ch\/fr\/wp-json\/wp\/v2\/media?parent=6056"}],"wp:term":[{"taxonomy":"audit_category","embeddable":true,"href":"https:\/\/www.efk.admin.ch\/fr\/wp-json\/wp\/v2\/audit_category?post=6056"},{"taxonomy":"audit_type","embeddable":true,"href":"https:\/\/www.efk.admin.ch\/fr\/wp-json\/wp\/v2\/audit_type?post=6056"}],"curies":[{"name":"wp","href":"https:\/\/api.w.org\/{rel}","templated":true}]}}