{"id":6055,"date":"2024-01-17T16:36:47","date_gmt":"2024-01-17T15:36:47","guid":{"rendered":"https:\/\/preview.efk.admin.ch\/prufung\/examen-par-les-pairs-des-activites-devaluation-de-la-cour-des-comptes-de-la-republique-et-canton-de-geneve\/"},"modified":"2024-03-22T15:20:36","modified_gmt":"2024-03-22T14:20:36","slug":"examen-par-les-pairs-des-activites-devaluation-de-la-cour-des-comptes-de-la-republique-et-canton-de-geneve","status":"publish","type":"audit","link":"https:\/\/www.efk.admin.ch\/fr\/audit\/examen-par-les-pairs-des-activites-devaluation-de-la-cour-des-comptes-de-la-republique-et-canton-de-geneve\/","title":{"rendered":"Examen par les pairs des activit\u00e9s d\u2019\u00e9valuation de la Cour des comptes de la R\u00e9publique et Canton de Gen\u00e8ve"},"content":{"rendered":"\n<p>Le Contr\u00f4le f\u00e9d\u00e9ral des finances (CDF) a effectu\u00e9 un examen des activit\u00e9s d\u2019\u00e9valuation de la Cour des comptes de la R\u00e9publique et Canton de Gen\u00e8ve (CdC), \u00e0 la demande de cette derni\u00e8re. En tant qu\u2019organe de surveillance externe de l\u2019Etat, la CdC assure un contr\u00f4le ind\u00e9pendant et autonome, entre autres, de l\u2019administration cantonale, des entit\u00e9s subventionn\u00e9es et des institutions de droit public. Depuis 2013, elle a pour mission d\u2019\u00e9valuer les politiques publiques. Elle a repris cette activit\u00e9 de la Commission externe d\u2019\u00e9valuation des politiques publiques.<\/p>\n","protected":false},"featured_media":0,"menu_order":0,"template":"","audit_category":[70],"audit_type":[110],"class_list":["post-6055","audit","type-audit","status-publish","hentry","audit_category-divers","audit_type-peer-review"],"acf":{"audit_lang":[{"lang":"f"}],"audit_numbers":[{"audit_number":"17654"}],"audit_office":null,"audit_office_text":"","audit_date":"20180426","bgo":false,"keywords":"la demande, Le Contr\u00f4le f\u00e9d\u00e9ral des finances (CDF), organe de surveillance externe de l\u2019Etat, contr\u00f4le, l\u2019administration cantonale, des entit\u00e9s subventionn\u00e9es,  institutions de droit public, politiques publiques.","audit_office_local":""},"yoast_head":"<!-- This site is optimized with the Yoast SEO Premium plugin v27.4 (Yoast SEO v27.4) - https:\/\/yoast.com\/product\/yoast-seo-premium-wordpress\/ -->\n<title>Examen par les pairs des activit\u00e9s d\u2019\u00e9valuation de la Cour des comptes de la R\u00e9publique et Canton de Gen\u00e8ve - Contr\u00f4le f\u00e9d\u00e9ral des finances (CDF)<\/title>\n<meta name=\"description\" content=\"Examen par les pairs des activit\u00e9s d\u2019\u00e9valuation de la Cour des comptes de la R\u00e9publique et Canton de Gen\u00e8ve\" \/>\n<meta name=\"robots\" content=\"index, follow, max-snippet:-1, max-image-preview:large, max-video-preview:-1\" \/>\n<link rel=\"canonical\" href=\"https:\/\/www.efk.admin.ch\/fr\/audit\/examen-par-les-pairs-des-activites-devaluation-de-la-cour-des-comptes-de-la-republique-et-canton-de-geneve\/\" \/>\n<meta property=\"og:locale\" content=\"fr_FR\" \/>\n<meta property=\"og:type\" content=\"article\" \/>\n<meta property=\"og:title\" content=\"Examen par les pairs des activit\u00e9s d\u2019\u00e9valuation de la Cour des comptes de la R\u00e9publique et Canton de Gen\u00e8ve\" \/>\n<meta property=\"og:description\" content=\"Examen par les pairs des activit\u00e9s d\u2019\u00e9valuation de la Cour des comptes de la R\u00e9publique et Canton de Gen\u00e8ve\" \/>\n<meta property=\"og:url\" content=\"https:\/\/www.efk.admin.ch\/fr\/audit\/examen-par-les-pairs-des-activites-devaluation-de-la-cour-des-comptes-de-la-republique-et-canton-de-geneve\/\" \/>\n<meta property=\"og:site_name\" content=\"Contr\u00f4le f\u00e9d\u00e9ral des finances (CDF)\" \/>\n<meta property=\"article:modified_time\" content=\"2024-03-22T14:20:36+00:00\" \/>\n<meta property=\"og:image\" content=\"https:\/\/www.efk.admin.ch\/wp-content\/uploads\/test\/palais.jpg\" \/>\n\t<meta property=\"og:image:width\" content=\"750\" \/>\n\t<meta property=\"og:image:height\" content=\"500\" \/>\n\t<meta property=\"og:image:type\" content=\"image\/jpeg\" \/>\n<meta name=\"twitter:card\" content=\"summary_large_image\" \/>\n<meta name=\"twitter:label1\" content=\"Dur\u00e9e de lecture estim\u00e9e\" \/>\n\t<meta name=\"twitter:data1\" content=\"1 minute\" \/>\n<script type=\"application\/ld+json\" class=\"yoast-schema-graph\">{\"@context\":\"https:\\\/\\\/schema.org\",\"@graph\":[{\"@type\":\"WebPage\",\"@id\":\"https:\\\/\\\/www.efk.admin.ch\\\/fr\\\/audit\\\/examen-par-les-pairs-des-activites-devaluation-de-la-cour-des-comptes-de-la-republique-et-canton-de-geneve\\\/\",\"url\":\"https:\\\/\\\/www.efk.admin.ch\\\/fr\\\/audit\\\/examen-par-les-pairs-des-activites-devaluation-de-la-cour-des-comptes-de-la-republique-et-canton-de-geneve\\\/\",\"name\":\"Examen par les pairs des activit\u00e9s d\u2019\u00e9valuation de la Cour des comptes de la R\u00e9publique et Canton de Gen\u00e8ve - Contr\u00f4le f\u00e9d\u00e9ral des finances (CDF)\",\"isPartOf\":{\"@id\":\"https:\\\/\\\/www.efk.admin.ch\\\/fr\\\/#website\"},\"datePublished\":\"2024-01-17T15:36:47+00:00\",\"dateModified\":\"2024-03-22T14:20:36+00:00\",\"description\":\"Examen par les pairs des activit\u00e9s d\u2019\u00e9valuation de la Cour des comptes de la R\u00e9publique et Canton de Gen\u00e8ve\",\"breadcrumb\":{\"@id\":\"https:\\\/\\\/www.efk.admin.ch\\\/fr\\\/audit\\\/examen-par-les-pairs-des-activites-devaluation-de-la-cour-des-comptes-de-la-republique-et-canton-de-geneve\\\/#breadcrumb\"},\"inLanguage\":\"fr-FR\",\"potentialAction\":[{\"@type\":\"ReadAction\",\"target\":[\"https:\\\/\\\/www.efk.admin.ch\\\/fr\\\/audit\\\/examen-par-les-pairs-des-activites-devaluation-de-la-cour-des-comptes-de-la-republique-et-canton-de-geneve\\\/\"]}]},{\"@type\":\"BreadcrumbList\",\"@id\":\"https:\\\/\\\/www.efk.admin.ch\\\/fr\\\/audit\\\/examen-par-les-pairs-des-activites-devaluation-de-la-cour-des-comptes-de-la-republique-et-canton-de-geneve\\\/#breadcrumb\",\"itemListElement\":[{\"@type\":\"ListItem\",\"position\":1,\"name\":\"Home\",\"item\":\"https:\\\/\\\/www.efk.admin.ch\\\/fr\\\/\"},{\"@type\":\"ListItem\",\"position\":2,\"name\":\"Rapport\",\"item\":\"https:\\\/\\\/www.efk.admin.ch\\\/fr\\\/audit\\\/\"},{\"@type\":\"ListItem\",\"position\":3,\"name\":\"Examen par les pairs des activit\u00e9s d\u2019\u00e9valuation de la Cour des comptes de la R\u00e9publique et Canton de Gen\u00e8ve\"}]},{\"@type\":\"WebSite\",\"@id\":\"https:\\\/\\\/www.efk.admin.ch\\\/fr\\\/#website\",\"url\":\"https:\\\/\\\/www.efk.admin.ch\\\/fr\\\/\",\"name\":\"Informationen \u00fcber das oberste Finanzaufsichtsorgan der Schweiz\",\"description\":\"Le Contr\u00f4le f\u00e9d\u00e9ral des finances (CDF) est l'organe supr\u00eame de surveillance financi\u00e8re de la Conf\u00e9d\u00e9ration suisse.\",\"publisher\":{\"@id\":\"https:\\\/\\\/www.efk.admin.ch\\\/fr\\\/#organization\"},\"alternateName\":\"EFK\",\"potentialAction\":[{\"@type\":\"SearchAction\",\"target\":{\"@type\":\"EntryPoint\",\"urlTemplate\":\"https:\\\/\\\/www.efk.admin.ch\\\/fr\\\/?s={search_term_string}\"},\"query-input\":{\"@type\":\"PropertyValueSpecification\",\"valueRequired\":true,\"valueName\":\"search_term_string\"}}],\"inLanguage\":\"fr-FR\"},{\"@type\":\"Organization\",\"@id\":\"https:\\\/\\\/www.efk.admin.ch\\\/fr\\\/#organization\",\"name\":\"Contr\u00f4le f\u00e9d\u00e9ral des finances (CDF)\",\"alternateName\":\"EFK\",\"url\":\"https:\\\/\\\/www.efk.admin.ch\\\/fr\\\/\",\"logo\":{\"@type\":\"ImageObject\",\"inLanguage\":\"fr-FR\",\"@id\":\"https:\\\/\\\/www.efk.admin.ch\\\/fr\\\/#\\\/schema\\\/logo\\\/image\\\/\",\"url\":\"https:\\\/\\\/www.efk.admin.ch\\\/wp-content\\\/uploads\\\/efk_cdf_logo_ohne_claim.png\",\"contentUrl\":\"https:\\\/\\\/www.efk.admin.ch\\\/wp-content\\\/uploads\\\/efk_cdf_logo_ohne_claim.png\",\"width\":268,\"height\":258,\"caption\":\"Contr\u00f4le f\u00e9d\u00e9ral des finances (CDF)\"},\"image\":{\"@id\":\"https:\\\/\\\/www.efk.admin.ch\\\/fr\\\/#\\\/schema\\\/logo\\\/image\\\/\"},\"sameAs\":[\"https:\\\/\\\/www.instagram.com\\\/efk_cdf_sfao\\\/\",\"https:\\\/\\\/www.youtube.com\\\/channel\\\/UCm-bXj227VE5sJzhB-ihdvw\\\/featured\",\"https:\\\/\\\/www.linkedin.com\\\/company\\\/11081578\\\/\"]}]}<\/script>\n<!-- \/ Yoast SEO Premium plugin. -->","yoast_head_json":{"title":"Examen par les pairs des activit\u00e9s d\u2019\u00e9valuation de la Cour des comptes de la R\u00e9publique et Canton de Gen\u00e8ve - Contr\u00f4le f\u00e9d\u00e9ral des finances (CDF)","description":"Examen par les pairs des activit\u00e9s d\u2019\u00e9valuation de la Cour des comptes de la R\u00e9publique et Canton de Gen\u00e8ve","robots":{"index":"index","follow":"follow","max-snippet":"max-snippet:-1","max-image-preview":"max-image-preview:large","max-video-preview":"max-video-preview:-1"},"canonical":"https:\/\/www.efk.admin.ch\/fr\/audit\/examen-par-les-pairs-des-activites-devaluation-de-la-cour-des-comptes-de-la-republique-et-canton-de-geneve\/","og_locale":"fr_FR","og_type":"article","og_title":"Examen par les pairs des activit\u00e9s d\u2019\u00e9valuation de la Cour des comptes de la R\u00e9publique et Canton de Gen\u00e8ve","og_description":"Examen par les pairs des activit\u00e9s d\u2019\u00e9valuation de la Cour des comptes de la R\u00e9publique et Canton de Gen\u00e8ve","og_url":"https:\/\/www.efk.admin.ch\/fr\/audit\/examen-par-les-pairs-des-activites-devaluation-de-la-cour-des-comptes-de-la-republique-et-canton-de-geneve\/","og_site_name":"Contr\u00f4le f\u00e9d\u00e9ral des finances (CDF)","article_modified_time":"2024-03-22T14:20:36+00:00","og_image":[{"width":750,"height":500,"url":"https:\/\/www.efk.admin.ch\/wp-content\/uploads\/test\/palais.jpg","type":"image\/jpeg"}],"twitter_card":"summary_large_image","twitter_misc":{"Dur\u00e9e de lecture estim\u00e9e":"1 minute"},"schema":{"@context":"https:\/\/schema.org","@graph":[{"@type":"WebPage","@id":"https:\/\/www.efk.admin.ch\/fr\/audit\/examen-par-les-pairs-des-activites-devaluation-de-la-cour-des-comptes-de-la-republique-et-canton-de-geneve\/","url":"https:\/\/www.efk.admin.ch\/fr\/audit\/examen-par-les-pairs-des-activites-devaluation-de-la-cour-des-comptes-de-la-republique-et-canton-de-geneve\/","name":"Examen par les pairs des activit\u00e9s d\u2019\u00e9valuation de la Cour des comptes de la R\u00e9publique et Canton de Gen\u00e8ve - Contr\u00f4le f\u00e9d\u00e9ral des finances (CDF)","isPartOf":{"@id":"https:\/\/www.efk.admin.ch\/fr\/#website"},"datePublished":"2024-01-17T15:36:47+00:00","dateModified":"2024-03-22T14:20:36+00:00","description":"Examen par les pairs des activit\u00e9s d\u2019\u00e9valuation de la Cour des comptes de la R\u00e9publique et Canton de Gen\u00e8ve","breadcrumb":{"@id":"https:\/\/www.efk.admin.ch\/fr\/audit\/examen-par-les-pairs-des-activites-devaluation-de-la-cour-des-comptes-de-la-republique-et-canton-de-geneve\/#breadcrumb"},"inLanguage":"fr-FR","potentialAction":[{"@type":"ReadAction","target":["https:\/\/www.efk.admin.ch\/fr\/audit\/examen-par-les-pairs-des-activites-devaluation-de-la-cour-des-comptes-de-la-republique-et-canton-de-geneve\/"]}]},{"@type":"BreadcrumbList","@id":"https:\/\/www.efk.admin.ch\/fr\/audit\/examen-par-les-pairs-des-activites-devaluation-de-la-cour-des-comptes-de-la-republique-et-canton-de-geneve\/#breadcrumb","itemListElement":[{"@type":"ListItem","position":1,"name":"Home","item":"https:\/\/www.efk.admin.ch\/fr\/"},{"@type":"ListItem","position":2,"name":"Rapport","item":"https:\/\/www.efk.admin.ch\/fr\/audit\/"},{"@type":"ListItem","position":3,"name":"Examen par les pairs des activit\u00e9s d\u2019\u00e9valuation de la Cour des comptes de la R\u00e9publique et Canton de Gen\u00e8ve"}]},{"@type":"WebSite","@id":"https:\/\/www.efk.admin.ch\/fr\/#website","url":"https:\/\/www.efk.admin.ch\/fr\/","name":"Informationen \u00fcber das oberste Finanzaufsichtsorgan der Schweiz","description":"Le Contr\u00f4le f\u00e9d\u00e9ral des finances (CDF) est l'organe supr\u00eame de surveillance financi\u00e8re de la Conf\u00e9d\u00e9ration suisse.","publisher":{"@id":"https:\/\/www.efk.admin.ch\/fr\/#organization"},"alternateName":"EFK","potentialAction":[{"@type":"SearchAction","target":{"@type":"EntryPoint","urlTemplate":"https:\/\/www.efk.admin.ch\/fr\/?s={search_term_string}"},"query-input":{"@type":"PropertyValueSpecification","valueRequired":true,"valueName":"search_term_string"}}],"inLanguage":"fr-FR"},{"@type":"Organization","@id":"https:\/\/www.efk.admin.ch\/fr\/#organization","name":"Contr\u00f4le f\u00e9d\u00e9ral des finances (CDF)","alternateName":"EFK","url":"https:\/\/www.efk.admin.ch\/fr\/","logo":{"@type":"ImageObject","inLanguage":"fr-FR","@id":"https:\/\/www.efk.admin.ch\/fr\/#\/schema\/logo\/image\/","url":"https:\/\/www.efk.admin.ch\/wp-content\/uploads\/efk_cdf_logo_ohne_claim.png","contentUrl":"https:\/\/www.efk.admin.ch\/wp-content\/uploads\/efk_cdf_logo_ohne_claim.png","width":268,"height":258,"caption":"Contr\u00f4le f\u00e9d\u00e9ral des finances (CDF)"},"image":{"@id":"https:\/\/www.efk.admin.ch\/fr\/#\/schema\/logo\/image\/"},"sameAs":["https:\/\/www.instagram.com\/efk_cdf_sfao\/","https:\/\/www.youtube.com\/channel\/UCm-bXj227VE5sJzhB-ihdvw\/featured","https:\/\/www.linkedin.com\/company\/11081578\/"]}]}},"_links":{"self":[{"href":"https:\/\/www.efk.admin.ch\/fr\/wp-json\/wp\/v2\/audit\/6055","targetHints":{"allow":["GET"]}}],"collection":[{"href":"https:\/\/www.efk.admin.ch\/fr\/wp-json\/wp\/v2\/audit"}],"about":[{"href":"https:\/\/www.efk.admin.ch\/fr\/wp-json\/wp\/v2\/types\/audit"}],"wp:attachment":[{"href":"https:\/\/www.efk.admin.ch\/fr\/wp-json\/wp\/v2\/media?parent=6055"}],"wp:term":[{"taxonomy":"audit_category","embeddable":true,"href":"https:\/\/www.efk.admin.ch\/fr\/wp-json\/wp\/v2\/audit_category?post=6055"},{"taxonomy":"audit_type","embeddable":true,"href":"https:\/\/www.efk.admin.ch\/fr\/wp-json\/wp\/v2\/audit_type?post=6055"}],"curies":[{"name":"wp","href":"https:\/\/api.w.org\/{rel}","templated":true}]}}