{"id":6048,"date":"2024-01-17T16:36:47","date_gmt":"2024-01-17T15:36:47","guid":{"rendered":"https:\/\/preview.efk.admin.ch\/prufung\/lutte-contre-la-corruption-evaluation-de-la-mise-en-oeuvre-de-larrete-du-conseil-federal-du-19-octobre-2008-conseil-federal\/"},"modified":"2024-03-21T17:46:08","modified_gmt":"2024-03-21T16:46:08","slug":"lutte-contre-la-corruption-evaluation-de-la-mise-en-oeuvre-de-larrete-du-conseil-federal-du-19-octobre-2008-conseil-federal","status":"publish","type":"audit","link":"https:\/\/www.efk.admin.ch\/fr\/audit\/lutte-contre-la-corruption-evaluation-de-la-mise-en-oeuvre-de-larrete-du-conseil-federal-du-19-octobre-2008-conseil-federal\/","title":{"rendered":"Lutte contre la corruption : Evaluation de la mise en \u0153uvre de l\u2019arr\u00eat\u00e9 du Conseil f\u00e9d\u00e9ral du 19 octobre 2008 &#8211; Conseil f\u00e9d\u00e9ral"},"content":{"rendered":"\n<p>Une recommandation du Groupe d\u2019Etats contre la corruption (GRECO) du Conseil de l\u2019Europe demandait \u00e0 la Suisse de renforcer l\u2019\u00e9change d\u2019informations, la coordination, la pr\u00e9vention et la sensibilisation des acteurs expos\u00e9s aux risques de corruption. Pour y r\u00e9pondre, le Conseil f\u00e9d\u00e9ral a cr\u00e9\u00e9 en d\u00e9cembre 2008 le Groupe de travail interd\u00e9partemental (GTID) pour la lutte contre la corruption. Ce mandat est limit\u00e9 \u00e0 dix ans. Le Conseil f\u00e9d\u00e9ral se basera sur le rapport d\u2019activit\u00e9 du GTID et sur l\u2019\u00e9valuation du Contr\u00f4le f\u00e9d\u00e9ral des finances (CDF) pour d\u00e9finir la suite de sa politique en mati\u00e8re de lutte contre la corruption.<\/p>\n","protected":false},"featured_media":0,"menu_order":0,"template":"","audit_category":[82],"audit_type":[100],"class_list":["post-6048","audit","type-audit","status-publish","hentry","audit_category-justice-et-police","audit_type-evaluation"],"acf":{"audit_lang":[{"lang":"f"}],"audit_numbers":[{"audit_number":"17436"}],"audit_office":null,"audit_office_text":"","audit_date":"20180704","bgo":false,"keywords":"recommandation, Groupe d\u2019Etats contre la corruption (GRECO), Conseil de l\u2019Europe,l\u2019\u00e9change d\u2019informations, la coordination, la pr\u00e9vention, le Groupe de travail interd\u00e9partemental (GTID)","audit_office_local":""},"yoast_head":"<!-- This site is optimized with the Yoast SEO Premium plugin v27.4 (Yoast SEO v27.4) - https:\/\/yoast.com\/product\/yoast-seo-premium-wordpress\/ -->\n<title>Lutte contre la corruption : Evaluation de la mise en \u0153uvre de l\u2019arr\u00eat\u00e9 du Conseil f\u00e9d\u00e9ral du 19 octobre 2008 - Conseil f\u00e9d\u00e9ral - Contr\u00f4le f\u00e9d\u00e9ral des finances (CDF)<\/title>\n<meta name=\"description\" content=\"Lutte contre la corruption : Evaluation de la mise en \u0153uvre de l\u2019arr\u00eat\u00e9 du Conseil f\u00e9d\u00e9ral du 19 octobre 2008 - Conseil f\u00e9d\u00e9ral\" \/>\n<meta name=\"robots\" content=\"index, follow, max-snippet:-1, max-image-preview:large, max-video-preview:-1\" \/>\n<link rel=\"canonical\" href=\"https:\/\/www.efk.admin.ch\/fr\/audit\/lutte-contre-la-corruption-evaluation-de-la-mise-en-oeuvre-de-larrete-du-conseil-federal-du-19-octobre-2008-conseil-federal\/\" \/>\n<meta property=\"og:locale\" content=\"fr_FR\" \/>\n<meta property=\"og:type\" content=\"article\" \/>\n<meta property=\"og:title\" content=\"Lutte contre la corruption : Evaluation de la mise en \u0153uvre de l\u2019arr\u00eat\u00e9 du Conseil f\u00e9d\u00e9ral du 19 octobre 2008 - Conseil f\u00e9d\u00e9ral\" \/>\n<meta property=\"og:description\" content=\"Lutte contre la corruption : Evaluation de la mise en \u0153uvre de l\u2019arr\u00eat\u00e9 du Conseil f\u00e9d\u00e9ral du 19 octobre 2008 - Conseil f\u00e9d\u00e9ral\" \/>\n<meta property=\"og:url\" content=\"https:\/\/www.efk.admin.ch\/fr\/audit\/lutte-contre-la-corruption-evaluation-de-la-mise-en-oeuvre-de-larrete-du-conseil-federal-du-19-octobre-2008-conseil-federal\/\" \/>\n<meta property=\"og:site_name\" content=\"Contr\u00f4le f\u00e9d\u00e9ral des finances (CDF)\" \/>\n<meta property=\"article:modified_time\" content=\"2024-03-21T16:46:08+00:00\" \/>\n<meta property=\"og:image\" content=\"https:\/\/www.efk.admin.ch\/wp-content\/uploads\/test\/palais.jpg\" \/>\n\t<meta property=\"og:image:width\" content=\"750\" \/>\n\t<meta property=\"og:image:height\" content=\"500\" \/>\n\t<meta property=\"og:image:type\" content=\"image\/jpeg\" \/>\n<meta name=\"twitter:card\" content=\"summary_large_image\" \/>\n<meta name=\"twitter:label1\" content=\"Dur\u00e9e de lecture estim\u00e9e\" \/>\n\t<meta name=\"twitter:data1\" content=\"1 minute\" \/>\n<script type=\"application\/ld+json\" class=\"yoast-schema-graph\">{\"@context\":\"https:\\\/\\\/schema.org\",\"@graph\":[{\"@type\":\"WebPage\",\"@id\":\"https:\\\/\\\/www.efk.admin.ch\\\/fr\\\/audit\\\/lutte-contre-la-corruption-evaluation-de-la-mise-en-oeuvre-de-larrete-du-conseil-federal-du-19-octobre-2008-conseil-federal\\\/\",\"url\":\"https:\\\/\\\/www.efk.admin.ch\\\/fr\\\/audit\\\/lutte-contre-la-corruption-evaluation-de-la-mise-en-oeuvre-de-larrete-du-conseil-federal-du-19-octobre-2008-conseil-federal\\\/\",\"name\":\"Lutte contre la corruption : Evaluation de la mise en \u0153uvre de l\u2019arr\u00eat\u00e9 du Conseil f\u00e9d\u00e9ral du 19 octobre 2008 - Conseil f\u00e9d\u00e9ral - Contr\u00f4le f\u00e9d\u00e9ral des finances (CDF)\",\"isPartOf\":{\"@id\":\"https:\\\/\\\/www.efk.admin.ch\\\/fr\\\/#website\"},\"datePublished\":\"2024-01-17T15:36:47+00:00\",\"dateModified\":\"2024-03-21T16:46:08+00:00\",\"description\":\"Lutte contre la corruption : Evaluation de la mise en \u0153uvre de l\u2019arr\u00eat\u00e9 du Conseil f\u00e9d\u00e9ral du 19 octobre 2008 - Conseil f\u00e9d\u00e9ral\",\"breadcrumb\":{\"@id\":\"https:\\\/\\\/www.efk.admin.ch\\\/fr\\\/audit\\\/lutte-contre-la-corruption-evaluation-de-la-mise-en-oeuvre-de-larrete-du-conseil-federal-du-19-octobre-2008-conseil-federal\\\/#breadcrumb\"},\"inLanguage\":\"fr-FR\",\"potentialAction\":[{\"@type\":\"ReadAction\",\"target\":[\"https:\\\/\\\/www.efk.admin.ch\\\/fr\\\/audit\\\/lutte-contre-la-corruption-evaluation-de-la-mise-en-oeuvre-de-larrete-du-conseil-federal-du-19-octobre-2008-conseil-federal\\\/\"]}]},{\"@type\":\"BreadcrumbList\",\"@id\":\"https:\\\/\\\/www.efk.admin.ch\\\/fr\\\/audit\\\/lutte-contre-la-corruption-evaluation-de-la-mise-en-oeuvre-de-larrete-du-conseil-federal-du-19-octobre-2008-conseil-federal\\\/#breadcrumb\",\"itemListElement\":[{\"@type\":\"ListItem\",\"position\":1,\"name\":\"Home\",\"item\":\"https:\\\/\\\/www.efk.admin.ch\\\/fr\\\/\"},{\"@type\":\"ListItem\",\"position\":2,\"name\":\"Rapport\",\"item\":\"https:\\\/\\\/www.efk.admin.ch\\\/fr\\\/audit\\\/\"},{\"@type\":\"ListItem\",\"position\":3,\"name\":\"Lutte contre la corruption : Evaluation de la mise en \u0153uvre de l\u2019arr\u00eat\u00e9 du Conseil f\u00e9d\u00e9ral du 19 octobre 2008 &#8211; Conseil f\u00e9d\u00e9ral\"}]},{\"@type\":\"WebSite\",\"@id\":\"https:\\\/\\\/www.efk.admin.ch\\\/fr\\\/#website\",\"url\":\"https:\\\/\\\/www.efk.admin.ch\\\/fr\\\/\",\"name\":\"Informationen \u00fcber das oberste Finanzaufsichtsorgan der Schweiz\",\"description\":\"Le Contr\u00f4le f\u00e9d\u00e9ral des finances (CDF) est l'organe supr\u00eame de surveillance financi\u00e8re de la Conf\u00e9d\u00e9ration suisse.\",\"publisher\":{\"@id\":\"https:\\\/\\\/www.efk.admin.ch\\\/fr\\\/#organization\"},\"alternateName\":\"EFK\",\"potentialAction\":[{\"@type\":\"SearchAction\",\"target\":{\"@type\":\"EntryPoint\",\"urlTemplate\":\"https:\\\/\\\/www.efk.admin.ch\\\/fr\\\/?s={search_term_string}\"},\"query-input\":{\"@type\":\"PropertyValueSpecification\",\"valueRequired\":true,\"valueName\":\"search_term_string\"}}],\"inLanguage\":\"fr-FR\"},{\"@type\":\"Organization\",\"@id\":\"https:\\\/\\\/www.efk.admin.ch\\\/fr\\\/#organization\",\"name\":\"Contr\u00f4le f\u00e9d\u00e9ral des finances (CDF)\",\"alternateName\":\"EFK\",\"url\":\"https:\\\/\\\/www.efk.admin.ch\\\/fr\\\/\",\"logo\":{\"@type\":\"ImageObject\",\"inLanguage\":\"fr-FR\",\"@id\":\"https:\\\/\\\/www.efk.admin.ch\\\/fr\\\/#\\\/schema\\\/logo\\\/image\\\/\",\"url\":\"https:\\\/\\\/www.efk.admin.ch\\\/wp-content\\\/uploads\\\/efk_cdf_logo_ohne_claim.png\",\"contentUrl\":\"https:\\\/\\\/www.efk.admin.ch\\\/wp-content\\\/uploads\\\/efk_cdf_logo_ohne_claim.png\",\"width\":268,\"height\":258,\"caption\":\"Contr\u00f4le f\u00e9d\u00e9ral des finances (CDF)\"},\"image\":{\"@id\":\"https:\\\/\\\/www.efk.admin.ch\\\/fr\\\/#\\\/schema\\\/logo\\\/image\\\/\"},\"sameAs\":[\"https:\\\/\\\/www.instagram.com\\\/efk_cdf_sfao\\\/\",\"https:\\\/\\\/www.youtube.com\\\/channel\\\/UCm-bXj227VE5sJzhB-ihdvw\\\/featured\",\"https:\\\/\\\/www.linkedin.com\\\/company\\\/11081578\\\/\"]}]}<\/script>\n<!-- \/ Yoast SEO Premium plugin. -->","yoast_head_json":{"title":"Lutte contre la corruption : Evaluation de la mise en \u0153uvre de l\u2019arr\u00eat\u00e9 du Conseil f\u00e9d\u00e9ral du 19 octobre 2008 - Conseil f\u00e9d\u00e9ral - Contr\u00f4le f\u00e9d\u00e9ral des finances (CDF)","description":"Lutte contre la corruption : Evaluation de la mise en \u0153uvre de l\u2019arr\u00eat\u00e9 du Conseil f\u00e9d\u00e9ral du 19 octobre 2008 - Conseil f\u00e9d\u00e9ral","robots":{"index":"index","follow":"follow","max-snippet":"max-snippet:-1","max-image-preview":"max-image-preview:large","max-video-preview":"max-video-preview:-1"},"canonical":"https:\/\/www.efk.admin.ch\/fr\/audit\/lutte-contre-la-corruption-evaluation-de-la-mise-en-oeuvre-de-larrete-du-conseil-federal-du-19-octobre-2008-conseil-federal\/","og_locale":"fr_FR","og_type":"article","og_title":"Lutte contre la corruption : Evaluation de la mise en \u0153uvre de l\u2019arr\u00eat\u00e9 du Conseil f\u00e9d\u00e9ral du 19 octobre 2008 - Conseil f\u00e9d\u00e9ral","og_description":"Lutte contre la corruption : Evaluation de la mise en \u0153uvre de l\u2019arr\u00eat\u00e9 du Conseil f\u00e9d\u00e9ral du 19 octobre 2008 - Conseil f\u00e9d\u00e9ral","og_url":"https:\/\/www.efk.admin.ch\/fr\/audit\/lutte-contre-la-corruption-evaluation-de-la-mise-en-oeuvre-de-larrete-du-conseil-federal-du-19-octobre-2008-conseil-federal\/","og_site_name":"Contr\u00f4le f\u00e9d\u00e9ral des finances (CDF)","article_modified_time":"2024-03-21T16:46:08+00:00","og_image":[{"width":750,"height":500,"url":"https:\/\/www.efk.admin.ch\/wp-content\/uploads\/test\/palais.jpg","type":"image\/jpeg"}],"twitter_card":"summary_large_image","twitter_misc":{"Dur\u00e9e de lecture estim\u00e9e":"1 minute"},"schema":{"@context":"https:\/\/schema.org","@graph":[{"@type":"WebPage","@id":"https:\/\/www.efk.admin.ch\/fr\/audit\/lutte-contre-la-corruption-evaluation-de-la-mise-en-oeuvre-de-larrete-du-conseil-federal-du-19-octobre-2008-conseil-federal\/","url":"https:\/\/www.efk.admin.ch\/fr\/audit\/lutte-contre-la-corruption-evaluation-de-la-mise-en-oeuvre-de-larrete-du-conseil-federal-du-19-octobre-2008-conseil-federal\/","name":"Lutte contre la corruption : Evaluation de la mise en \u0153uvre de l\u2019arr\u00eat\u00e9 du Conseil f\u00e9d\u00e9ral du 19 octobre 2008 - Conseil f\u00e9d\u00e9ral - Contr\u00f4le f\u00e9d\u00e9ral des finances (CDF)","isPartOf":{"@id":"https:\/\/www.efk.admin.ch\/fr\/#website"},"datePublished":"2024-01-17T15:36:47+00:00","dateModified":"2024-03-21T16:46:08+00:00","description":"Lutte contre la corruption : Evaluation de la mise en \u0153uvre de l\u2019arr\u00eat\u00e9 du Conseil f\u00e9d\u00e9ral du 19 octobre 2008 - Conseil f\u00e9d\u00e9ral","breadcrumb":{"@id":"https:\/\/www.efk.admin.ch\/fr\/audit\/lutte-contre-la-corruption-evaluation-de-la-mise-en-oeuvre-de-larrete-du-conseil-federal-du-19-octobre-2008-conseil-federal\/#breadcrumb"},"inLanguage":"fr-FR","potentialAction":[{"@type":"ReadAction","target":["https:\/\/www.efk.admin.ch\/fr\/audit\/lutte-contre-la-corruption-evaluation-de-la-mise-en-oeuvre-de-larrete-du-conseil-federal-du-19-octobre-2008-conseil-federal\/"]}]},{"@type":"BreadcrumbList","@id":"https:\/\/www.efk.admin.ch\/fr\/audit\/lutte-contre-la-corruption-evaluation-de-la-mise-en-oeuvre-de-larrete-du-conseil-federal-du-19-octobre-2008-conseil-federal\/#breadcrumb","itemListElement":[{"@type":"ListItem","position":1,"name":"Home","item":"https:\/\/www.efk.admin.ch\/fr\/"},{"@type":"ListItem","position":2,"name":"Rapport","item":"https:\/\/www.efk.admin.ch\/fr\/audit\/"},{"@type":"ListItem","position":3,"name":"Lutte contre la corruption : Evaluation de la mise en \u0153uvre de l\u2019arr\u00eat\u00e9 du Conseil f\u00e9d\u00e9ral du 19 octobre 2008 &#8211; Conseil f\u00e9d\u00e9ral"}]},{"@type":"WebSite","@id":"https:\/\/www.efk.admin.ch\/fr\/#website","url":"https:\/\/www.efk.admin.ch\/fr\/","name":"Informationen \u00fcber das oberste Finanzaufsichtsorgan der Schweiz","description":"Le Contr\u00f4le f\u00e9d\u00e9ral des finances (CDF) est l'organe supr\u00eame de surveillance financi\u00e8re de la Conf\u00e9d\u00e9ration suisse.","publisher":{"@id":"https:\/\/www.efk.admin.ch\/fr\/#organization"},"alternateName":"EFK","potentialAction":[{"@type":"SearchAction","target":{"@type":"EntryPoint","urlTemplate":"https:\/\/www.efk.admin.ch\/fr\/?s={search_term_string}"},"query-input":{"@type":"PropertyValueSpecification","valueRequired":true,"valueName":"search_term_string"}}],"inLanguage":"fr-FR"},{"@type":"Organization","@id":"https:\/\/www.efk.admin.ch\/fr\/#organization","name":"Contr\u00f4le f\u00e9d\u00e9ral des finances (CDF)","alternateName":"EFK","url":"https:\/\/www.efk.admin.ch\/fr\/","logo":{"@type":"ImageObject","inLanguage":"fr-FR","@id":"https:\/\/www.efk.admin.ch\/fr\/#\/schema\/logo\/image\/","url":"https:\/\/www.efk.admin.ch\/wp-content\/uploads\/efk_cdf_logo_ohne_claim.png","contentUrl":"https:\/\/www.efk.admin.ch\/wp-content\/uploads\/efk_cdf_logo_ohne_claim.png","width":268,"height":258,"caption":"Contr\u00f4le f\u00e9d\u00e9ral des finances (CDF)"},"image":{"@id":"https:\/\/www.efk.admin.ch\/fr\/#\/schema\/logo\/image\/"},"sameAs":["https:\/\/www.instagram.com\/efk_cdf_sfao\/","https:\/\/www.youtube.com\/channel\/UCm-bXj227VE5sJzhB-ihdvw\/featured","https:\/\/www.linkedin.com\/company\/11081578\/"]}]}},"_links":{"self":[{"href":"https:\/\/www.efk.admin.ch\/fr\/wp-json\/wp\/v2\/audit\/6048","targetHints":{"allow":["GET"]}}],"collection":[{"href":"https:\/\/www.efk.admin.ch\/fr\/wp-json\/wp\/v2\/audit"}],"about":[{"href":"https:\/\/www.efk.admin.ch\/fr\/wp-json\/wp\/v2\/types\/audit"}],"wp:attachment":[{"href":"https:\/\/www.efk.admin.ch\/fr\/wp-json\/wp\/v2\/media?parent=6048"}],"wp:term":[{"taxonomy":"audit_category","embeddable":true,"href":"https:\/\/www.efk.admin.ch\/fr\/wp-json\/wp\/v2\/audit_category?post=6048"},{"taxonomy":"audit_type","embeddable":true,"href":"https:\/\/www.efk.admin.ch\/fr\/wp-json\/wp\/v2\/audit_type?post=6048"}],"curies":[{"name":"wp","href":"https:\/\/api.w.org\/{rel}","templated":true}]}}