{"id":6044,"date":"2024-01-17T16:36:47","date_gmt":"2024-01-17T15:36:47","guid":{"rendered":"https:\/\/preview.efk.admin.ch\/prufung\/surveillance-des-organes-dexecution-des-prestations-complementaires-office-federal-des-assurances-sociales\/"},"modified":"2024-02-28T19:08:04","modified_gmt":"2024-02-28T18:08:04","slug":"surveillance-des-organes-dexecution-des-prestations-complementaires-office-federal-des-assurances-sociales","status":"publish","type":"audit","link":"https:\/\/www.efk.admin.ch\/fr\/audit\/surveillance-des-organes-dexecution-des-prestations-complementaires-office-federal-des-assurances-sociales\/","title":{"rendered":"Surveillance des organes d\u2019ex\u00e9cution des prestations compl\u00e9mentaires"},"content":{"rendered":"\n<p>Les prestations compl\u00e9mentaires (PC) \u00e0 l\u2019AVS et \u00e0 l\u2019AI sont accord\u00e9es lorsque les revenus des b\u00e9n\u00e9ficiaires de rentes ne couvrent pas leurs besoins vitaux. Fin 2016, 201 100 personnes touchaient des PC \u00e0 l\u2019AVS et 113 700 personnes, des PC \u00e0 l\u2019AI. Les d\u00e9penses, financ\u00e9es par la Conf\u00e9d\u00e9ration (30 %) et les cantons (70 %), s\u2019\u00e9levaient \u00e0 4,9 milliards de francs. Selon l&#8217;Office f\u00e9d\u00e9ral des assurances sociales (OFAS), il faut s\u2019attendre \u00e0 ce que cette somme double d\u2019ici \u00e0 2033.<\/p>\n","protected":false},"featured_media":0,"menu_order":0,"template":"","audit_category":[35],"audit_type":[52],"class_list":["post-6044","audit","type-audit","status-publish","hentry","audit_category-assurances-sociales-et-prevoyance-vieillesse","audit_type-audit-fr"],"acf":{"audit_lang":[{"lang":"d"}],"audit_numbers":[{"audit_number":"16428"}],"audit_office":7907,"audit_office_text":"","audit_date":"20180820","bgo":false,"keywords":"Les prestations compl\u00e9mentaires (PC),  l\u2019AVS, l\u2019AI, b\u00e9n\u00e9ficiaires de rentes, besoins vitaux, cantons, Les d\u00e9penses, financ\u00e9es","audit_office_local":""},"yoast_head":"<!-- This site is optimized with the Yoast SEO Premium plugin v27.4 (Yoast SEO v27.4) - https:\/\/yoast.com\/product\/yoast-seo-premium-wordpress\/ -->\n<title>Surveillance des organes d\u2019ex\u00e9cution des prestations compl\u00e9mentaires - Contr\u00f4le f\u00e9d\u00e9ral des finances (CDF)<\/title>\n<meta name=\"description\" content=\"Surveillance des organes d\u2019ex\u00e9cution des prestations compl\u00e9mentaires\" \/>\n<meta name=\"robots\" content=\"index, follow, max-snippet:-1, max-image-preview:large, max-video-preview:-1\" \/>\n<link rel=\"canonical\" href=\"https:\/\/www.efk.admin.ch\/fr\/audit\/surveillance-des-organes-dexecution-des-prestations-complementaires-office-federal-des-assurances-sociales\/\" \/>\n<meta property=\"og:locale\" content=\"fr_FR\" \/>\n<meta property=\"og:type\" content=\"article\" \/>\n<meta property=\"og:title\" content=\"Surveillance des organes d\u2019ex\u00e9cution des prestations compl\u00e9mentaires\" \/>\n<meta property=\"og:description\" content=\"Surveillance des organes d\u2019ex\u00e9cution des prestations compl\u00e9mentaires\" \/>\n<meta property=\"og:url\" content=\"https:\/\/www.efk.admin.ch\/fr\/audit\/surveillance-des-organes-dexecution-des-prestations-complementaires-office-federal-des-assurances-sociales\/\" \/>\n<meta property=\"og:site_name\" content=\"Contr\u00f4le f\u00e9d\u00e9ral des finances (CDF)\" \/>\n<meta property=\"article:modified_time\" content=\"2024-02-28T18:08:04+00:00\" \/>\n<meta property=\"og:image\" content=\"https:\/\/www.efk.admin.ch\/wp-content\/uploads\/test\/palais.jpg\" \/>\n\t<meta property=\"og:image:width\" content=\"750\" \/>\n\t<meta property=\"og:image:height\" content=\"500\" \/>\n\t<meta property=\"og:image:type\" content=\"image\/jpeg\" \/>\n<meta name=\"twitter:card\" content=\"summary_large_image\" \/>\n<script type=\"application\/ld+json\" class=\"yoast-schema-graph\">{\"@context\":\"https:\\\/\\\/schema.org\",\"@graph\":[{\"@type\":\"WebPage\",\"@id\":\"https:\\\/\\\/www.efk.admin.ch\\\/fr\\\/audit\\\/surveillance-des-organes-dexecution-des-prestations-complementaires-office-federal-des-assurances-sociales\\\/\",\"url\":\"https:\\\/\\\/www.efk.admin.ch\\\/fr\\\/audit\\\/surveillance-des-organes-dexecution-des-prestations-complementaires-office-federal-des-assurances-sociales\\\/\",\"name\":\"Surveillance des organes d\u2019ex\u00e9cution des prestations compl\u00e9mentaires - Contr\u00f4le f\u00e9d\u00e9ral des finances (CDF)\",\"isPartOf\":{\"@id\":\"https:\\\/\\\/www.efk.admin.ch\\\/fr\\\/#website\"},\"datePublished\":\"2024-01-17T15:36:47+00:00\",\"dateModified\":\"2024-02-28T18:08:04+00:00\",\"description\":\"Surveillance des organes d\u2019ex\u00e9cution des prestations compl\u00e9mentaires\",\"breadcrumb\":{\"@id\":\"https:\\\/\\\/www.efk.admin.ch\\\/fr\\\/audit\\\/surveillance-des-organes-dexecution-des-prestations-complementaires-office-federal-des-assurances-sociales\\\/#breadcrumb\"},\"inLanguage\":\"fr-FR\",\"potentialAction\":[{\"@type\":\"ReadAction\",\"target\":[\"https:\\\/\\\/www.efk.admin.ch\\\/fr\\\/audit\\\/surveillance-des-organes-dexecution-des-prestations-complementaires-office-federal-des-assurances-sociales\\\/\"]}]},{\"@type\":\"BreadcrumbList\",\"@id\":\"https:\\\/\\\/www.efk.admin.ch\\\/fr\\\/audit\\\/surveillance-des-organes-dexecution-des-prestations-complementaires-office-federal-des-assurances-sociales\\\/#breadcrumb\",\"itemListElement\":[{\"@type\":\"ListItem\",\"position\":1,\"name\":\"Home\",\"item\":\"https:\\\/\\\/www.efk.admin.ch\\\/fr\\\/\"},{\"@type\":\"ListItem\",\"position\":2,\"name\":\"Rapport\",\"item\":\"https:\\\/\\\/www.efk.admin.ch\\\/fr\\\/audit\\\/\"},{\"@type\":\"ListItem\",\"position\":3,\"name\":\"Surveillance des organes d\u2019ex\u00e9cution des prestations compl\u00e9mentaires\"}]},{\"@type\":\"WebSite\",\"@id\":\"https:\\\/\\\/www.efk.admin.ch\\\/fr\\\/#website\",\"url\":\"https:\\\/\\\/www.efk.admin.ch\\\/fr\\\/\",\"name\":\"Informationen \u00fcber das oberste Finanzaufsichtsorgan der Schweiz\",\"description\":\"Le Contr\u00f4le f\u00e9d\u00e9ral des finances (CDF) est l'organe supr\u00eame de surveillance financi\u00e8re de la Conf\u00e9d\u00e9ration suisse.\",\"publisher\":{\"@id\":\"https:\\\/\\\/www.efk.admin.ch\\\/fr\\\/#organization\"},\"alternateName\":\"EFK\",\"potentialAction\":[{\"@type\":\"SearchAction\",\"target\":{\"@type\":\"EntryPoint\",\"urlTemplate\":\"https:\\\/\\\/www.efk.admin.ch\\\/fr\\\/?s={search_term_string}\"},\"query-input\":{\"@type\":\"PropertyValueSpecification\",\"valueRequired\":true,\"valueName\":\"search_term_string\"}}],\"inLanguage\":\"fr-FR\"},{\"@type\":\"Organization\",\"@id\":\"https:\\\/\\\/www.efk.admin.ch\\\/fr\\\/#organization\",\"name\":\"Contr\u00f4le f\u00e9d\u00e9ral des finances (CDF)\",\"alternateName\":\"EFK\",\"url\":\"https:\\\/\\\/www.efk.admin.ch\\\/fr\\\/\",\"logo\":{\"@type\":\"ImageObject\",\"inLanguage\":\"fr-FR\",\"@id\":\"https:\\\/\\\/www.efk.admin.ch\\\/fr\\\/#\\\/schema\\\/logo\\\/image\\\/\",\"url\":\"https:\\\/\\\/www.efk.admin.ch\\\/wp-content\\\/uploads\\\/efk_cdf_logo_ohne_claim.png\",\"contentUrl\":\"https:\\\/\\\/www.efk.admin.ch\\\/wp-content\\\/uploads\\\/efk_cdf_logo_ohne_claim.png\",\"width\":268,\"height\":258,\"caption\":\"Contr\u00f4le f\u00e9d\u00e9ral des finances (CDF)\"},\"image\":{\"@id\":\"https:\\\/\\\/www.efk.admin.ch\\\/fr\\\/#\\\/schema\\\/logo\\\/image\\\/\"},\"sameAs\":[\"https:\\\/\\\/www.instagram.com\\\/efk_cdf_sfao\\\/\",\"https:\\\/\\\/www.youtube.com\\\/channel\\\/UCm-bXj227VE5sJzhB-ihdvw\\\/featured\",\"https:\\\/\\\/www.linkedin.com\\\/company\\\/11081578\\\/\"]}]}<\/script>\n<!-- \/ Yoast SEO Premium plugin. -->","yoast_head_json":{"title":"Surveillance des organes d\u2019ex\u00e9cution des prestations compl\u00e9mentaires - Contr\u00f4le f\u00e9d\u00e9ral des finances (CDF)","description":"Surveillance des organes d\u2019ex\u00e9cution des prestations compl\u00e9mentaires","robots":{"index":"index","follow":"follow","max-snippet":"max-snippet:-1","max-image-preview":"max-image-preview:large","max-video-preview":"max-video-preview:-1"},"canonical":"https:\/\/www.efk.admin.ch\/fr\/audit\/surveillance-des-organes-dexecution-des-prestations-complementaires-office-federal-des-assurances-sociales\/","og_locale":"fr_FR","og_type":"article","og_title":"Surveillance des organes d\u2019ex\u00e9cution des prestations compl\u00e9mentaires","og_description":"Surveillance des organes d\u2019ex\u00e9cution des prestations compl\u00e9mentaires","og_url":"https:\/\/www.efk.admin.ch\/fr\/audit\/surveillance-des-organes-dexecution-des-prestations-complementaires-office-federal-des-assurances-sociales\/","og_site_name":"Contr\u00f4le f\u00e9d\u00e9ral des finances (CDF)","article_modified_time":"2024-02-28T18:08:04+00:00","og_image":[{"width":750,"height":500,"url":"https:\/\/www.efk.admin.ch\/wp-content\/uploads\/test\/palais.jpg","type":"image\/jpeg"}],"twitter_card":"summary_large_image","schema":{"@context":"https:\/\/schema.org","@graph":[{"@type":"WebPage","@id":"https:\/\/www.efk.admin.ch\/fr\/audit\/surveillance-des-organes-dexecution-des-prestations-complementaires-office-federal-des-assurances-sociales\/","url":"https:\/\/www.efk.admin.ch\/fr\/audit\/surveillance-des-organes-dexecution-des-prestations-complementaires-office-federal-des-assurances-sociales\/","name":"Surveillance des organes d\u2019ex\u00e9cution des prestations compl\u00e9mentaires - Contr\u00f4le f\u00e9d\u00e9ral des finances (CDF)","isPartOf":{"@id":"https:\/\/www.efk.admin.ch\/fr\/#website"},"datePublished":"2024-01-17T15:36:47+00:00","dateModified":"2024-02-28T18:08:04+00:00","description":"Surveillance des organes d\u2019ex\u00e9cution des prestations compl\u00e9mentaires","breadcrumb":{"@id":"https:\/\/www.efk.admin.ch\/fr\/audit\/surveillance-des-organes-dexecution-des-prestations-complementaires-office-federal-des-assurances-sociales\/#breadcrumb"},"inLanguage":"fr-FR","potentialAction":[{"@type":"ReadAction","target":["https:\/\/www.efk.admin.ch\/fr\/audit\/surveillance-des-organes-dexecution-des-prestations-complementaires-office-federal-des-assurances-sociales\/"]}]},{"@type":"BreadcrumbList","@id":"https:\/\/www.efk.admin.ch\/fr\/audit\/surveillance-des-organes-dexecution-des-prestations-complementaires-office-federal-des-assurances-sociales\/#breadcrumb","itemListElement":[{"@type":"ListItem","position":1,"name":"Home","item":"https:\/\/www.efk.admin.ch\/fr\/"},{"@type":"ListItem","position":2,"name":"Rapport","item":"https:\/\/www.efk.admin.ch\/fr\/audit\/"},{"@type":"ListItem","position":3,"name":"Surveillance des organes d\u2019ex\u00e9cution des prestations compl\u00e9mentaires"}]},{"@type":"WebSite","@id":"https:\/\/www.efk.admin.ch\/fr\/#website","url":"https:\/\/www.efk.admin.ch\/fr\/","name":"Informationen \u00fcber das oberste Finanzaufsichtsorgan der Schweiz","description":"Le Contr\u00f4le f\u00e9d\u00e9ral des finances (CDF) est l'organe supr\u00eame de surveillance financi\u00e8re de la Conf\u00e9d\u00e9ration suisse.","publisher":{"@id":"https:\/\/www.efk.admin.ch\/fr\/#organization"},"alternateName":"EFK","potentialAction":[{"@type":"SearchAction","target":{"@type":"EntryPoint","urlTemplate":"https:\/\/www.efk.admin.ch\/fr\/?s={search_term_string}"},"query-input":{"@type":"PropertyValueSpecification","valueRequired":true,"valueName":"search_term_string"}}],"inLanguage":"fr-FR"},{"@type":"Organization","@id":"https:\/\/www.efk.admin.ch\/fr\/#organization","name":"Contr\u00f4le f\u00e9d\u00e9ral des finances (CDF)","alternateName":"EFK","url":"https:\/\/www.efk.admin.ch\/fr\/","logo":{"@type":"ImageObject","inLanguage":"fr-FR","@id":"https:\/\/www.efk.admin.ch\/fr\/#\/schema\/logo\/image\/","url":"https:\/\/www.efk.admin.ch\/wp-content\/uploads\/efk_cdf_logo_ohne_claim.png","contentUrl":"https:\/\/www.efk.admin.ch\/wp-content\/uploads\/efk_cdf_logo_ohne_claim.png","width":268,"height":258,"caption":"Contr\u00f4le f\u00e9d\u00e9ral des finances (CDF)"},"image":{"@id":"https:\/\/www.efk.admin.ch\/fr\/#\/schema\/logo\/image\/"},"sameAs":["https:\/\/www.instagram.com\/efk_cdf_sfao\/","https:\/\/www.youtube.com\/channel\/UCm-bXj227VE5sJzhB-ihdvw\/featured","https:\/\/www.linkedin.com\/company\/11081578\/"]}]}},"_links":{"self":[{"href":"https:\/\/www.efk.admin.ch\/fr\/wp-json\/wp\/v2\/audit\/6044","targetHints":{"allow":["GET"]}}],"collection":[{"href":"https:\/\/www.efk.admin.ch\/fr\/wp-json\/wp\/v2\/audit"}],"about":[{"href":"https:\/\/www.efk.admin.ch\/fr\/wp-json\/wp\/v2\/types\/audit"}],"acf:post":[{"embeddable":true,"href":"https:\/\/www.efk.admin.ch\/fr\/wp-json\/wp\/v2\/office\/7907"}],"wp:attachment":[{"href":"https:\/\/www.efk.admin.ch\/fr\/wp-json\/wp\/v2\/media?parent=6044"}],"wp:term":[{"taxonomy":"audit_category","embeddable":true,"href":"https:\/\/www.efk.admin.ch\/fr\/wp-json\/wp\/v2\/audit_category?post=6044"},{"taxonomy":"audit_type","embeddable":true,"href":"https:\/\/www.efk.admin.ch\/fr\/wp-json\/wp\/v2\/audit_type?post=6044"}],"curies":[{"name":"wp","href":"https:\/\/api.w.org\/{rel}","templated":true}]}}