{"id":6041,"date":"2024-01-17T16:36:47","date_gmt":"2024-01-17T15:36:47","guid":{"rendered":"https:\/\/preview.efk.admin.ch\/prufung\/gouvernance-aupres-de-lassurance-chomage-departement-federal-de-leconomie-de-la-formation-et-de-la-recherche\/"},"modified":"2024-03-13T11:24:24","modified_gmt":"2024-03-13T10:24:24","slug":"gouvernance-aupres-de-lassurance-chomage-departement-federal-de-leconomie-de-la-formation-et-de-la-recherche","status":"publish","type":"audit","link":"https:\/\/www.efk.admin.ch\/fr\/audit\/gouvernance-aupres-de-lassurance-chomage-departement-federal-de-leconomie-de-la-formation-et-de-la-recherche\/","title":{"rendered":"Gouvernance aupr\u00e8s de l\u2019assurance-ch\u00f4mage"},"content":{"rendered":"\n<p>En 2014, un cas de corruption pr\u00e9sum\u00e9 au Secr\u00e9tariat d\u2019\u00c9tat \u00e0 l\u2019\u00e9conomie (SECO) a fait la une de la presse. Une enqu\u00eate administrative a aussit\u00f4t \u00e9t\u00e9 lanc\u00e9e, et le SECO a imm\u00e9diatement d\u00e9pos\u00e9 une plainte p\u00e9nale contre les personnes fautives. La D\u00e9l\u00e9gation des finances des Chambres f\u00e9d\u00e9rales (D\u00e9lFin) a propos\u00e9 de modifier fondamentalement l\u2019organisation de l\u2019organe de compensation de l\u2019assurance-ch\u00f4mage: soit en int\u00e9grant cet organe dans le SECO, soit en l\u2019externalisant compl\u00e9tement de l\u2019administration f\u00e9d\u00e9rale. Divers mod\u00e8les possibles d\u2019une r\u00e9organisation de l\u2019organe de compensation ont \u00e9t\u00e9 examin\u00e9s. Le D\u00e9partement de l\u2019\u00e9conomie, de la formation et de la recherche (DEFR) n\u2019a pas suivi la recommandation de la D\u00e9lFin, en 2015, il a limit\u00e9 la modification de l\u2019organisation au minimum. Le Contr\u00f4le f\u00e9d\u00e9ral des finances (CDF) comprend cette d\u00e9cision, mais il consid\u00e8re qu\u2019il existe encore une marge d\u2019am\u00e9lioration.<\/p>\n","protected":false},"featured_media":0,"menu_order":0,"template":"","audit_category":[35],"audit_type":[52],"class_list":["post-6041","audit","type-audit","status-publish","hentry","audit_category-assurances-sociales-et-prevoyance-vieillesse","audit_type-audit-fr"],"acf":{"audit_lang":[{"lang":"d"}],"audit_numbers":[{"audit_number":"17540"}],"audit_office":24096,"audit_office_text":"","audit_date":"20180829","bgo":false,"keywords":"2014, un cas de corruption pr\u00e9sum\u00e9, Secr\u00e9tariat d\u2019\u00c9tat \u00e0 l\u2019\u00e9conomie (SECO), enqu\u00eate administrative, plainte p\u00e9nale,  La D\u00e9l\u00e9gation des finances des Chambres f\u00e9d\u00e9rales (D\u00e9lFin), l\u2019organisation de l\u2019organe de compensation de l\u2019assurance-ch\u00f4mage, d\u00e9cision, d\u2019am\u00e9lioration","audit_office_local":""},"yoast_head":"<!-- This site is optimized with the Yoast SEO Premium plugin v27.4 (Yoast SEO v27.4) - https:\/\/yoast.com\/product\/yoast-seo-premium-wordpress\/ -->\n<title>Gouvernance aupr\u00e8s de l\u2019assurance-ch\u00f4mage - Contr\u00f4le f\u00e9d\u00e9ral des finances (CDF)<\/title>\n<meta name=\"description\" content=\"Gouvernance aupr\u00e8s de l\u2019assurance-ch\u00f4mage\" \/>\n<meta name=\"robots\" content=\"index, follow, max-snippet:-1, max-image-preview:large, max-video-preview:-1\" \/>\n<link rel=\"canonical\" href=\"https:\/\/www.efk.admin.ch\/fr\/audit\/gouvernance-aupres-de-lassurance-chomage-departement-federal-de-leconomie-de-la-formation-et-de-la-recherche\/\" \/>\n<meta property=\"og:locale\" content=\"fr_FR\" \/>\n<meta property=\"og:type\" content=\"article\" \/>\n<meta property=\"og:title\" content=\"Gouvernance aupr\u00e8s de l\u2019assurance-ch\u00f4mage\" \/>\n<meta property=\"og:description\" content=\"Gouvernance aupr\u00e8s de l\u2019assurance-ch\u00f4mage\" \/>\n<meta property=\"og:url\" content=\"https:\/\/www.efk.admin.ch\/fr\/audit\/gouvernance-aupres-de-lassurance-chomage-departement-federal-de-leconomie-de-la-formation-et-de-la-recherche\/\" \/>\n<meta property=\"og:site_name\" content=\"Contr\u00f4le f\u00e9d\u00e9ral des finances (CDF)\" \/>\n<meta property=\"article:modified_time\" content=\"2024-03-13T10:24:24+00:00\" \/>\n<meta property=\"og:image\" content=\"https:\/\/www.efk.admin.ch\/wp-content\/uploads\/test\/palais.jpg\" \/>\n\t<meta property=\"og:image:width\" content=\"750\" \/>\n\t<meta property=\"og:image:height\" content=\"500\" \/>\n\t<meta property=\"og:image:type\" content=\"image\/jpeg\" \/>\n<meta name=\"twitter:card\" content=\"summary_large_image\" \/>\n<meta name=\"twitter:label1\" content=\"Dur\u00e9e de lecture estim\u00e9e\" \/>\n\t<meta name=\"twitter:data1\" content=\"1 minute\" \/>\n<script type=\"application\/ld+json\" class=\"yoast-schema-graph\">{\"@context\":\"https:\\\/\\\/schema.org\",\"@graph\":[{\"@type\":\"WebPage\",\"@id\":\"https:\\\/\\\/www.efk.admin.ch\\\/fr\\\/audit\\\/gouvernance-aupres-de-lassurance-chomage-departement-federal-de-leconomie-de-la-formation-et-de-la-recherche\\\/\",\"url\":\"https:\\\/\\\/www.efk.admin.ch\\\/fr\\\/audit\\\/gouvernance-aupres-de-lassurance-chomage-departement-federal-de-leconomie-de-la-formation-et-de-la-recherche\\\/\",\"name\":\"Gouvernance aupr\u00e8s de l\u2019assurance-ch\u00f4mage - Contr\u00f4le f\u00e9d\u00e9ral des finances (CDF)\",\"isPartOf\":{\"@id\":\"https:\\\/\\\/www.efk.admin.ch\\\/fr\\\/#website\"},\"datePublished\":\"2024-01-17T15:36:47+00:00\",\"dateModified\":\"2024-03-13T10:24:24+00:00\",\"description\":\"Gouvernance aupr\u00e8s de l\u2019assurance-ch\u00f4mage\",\"breadcrumb\":{\"@id\":\"https:\\\/\\\/www.efk.admin.ch\\\/fr\\\/audit\\\/gouvernance-aupres-de-lassurance-chomage-departement-federal-de-leconomie-de-la-formation-et-de-la-recherche\\\/#breadcrumb\"},\"inLanguage\":\"fr-FR\",\"potentialAction\":[{\"@type\":\"ReadAction\",\"target\":[\"https:\\\/\\\/www.efk.admin.ch\\\/fr\\\/audit\\\/gouvernance-aupres-de-lassurance-chomage-departement-federal-de-leconomie-de-la-formation-et-de-la-recherche\\\/\"]}]},{\"@type\":\"BreadcrumbList\",\"@id\":\"https:\\\/\\\/www.efk.admin.ch\\\/fr\\\/audit\\\/gouvernance-aupres-de-lassurance-chomage-departement-federal-de-leconomie-de-la-formation-et-de-la-recherche\\\/#breadcrumb\",\"itemListElement\":[{\"@type\":\"ListItem\",\"position\":1,\"name\":\"Home\",\"item\":\"https:\\\/\\\/www.efk.admin.ch\\\/fr\\\/\"},{\"@type\":\"ListItem\",\"position\":2,\"name\":\"Rapport\",\"item\":\"https:\\\/\\\/www.efk.admin.ch\\\/fr\\\/audit\\\/\"},{\"@type\":\"ListItem\",\"position\":3,\"name\":\"Gouvernance aupr\u00e8s de l\u2019assurance-ch\u00f4mage\"}]},{\"@type\":\"WebSite\",\"@id\":\"https:\\\/\\\/www.efk.admin.ch\\\/fr\\\/#website\",\"url\":\"https:\\\/\\\/www.efk.admin.ch\\\/fr\\\/\",\"name\":\"Informationen \u00fcber das oberste Finanzaufsichtsorgan der Schweiz\",\"description\":\"Le Contr\u00f4le f\u00e9d\u00e9ral des finances (CDF) est l'organe supr\u00eame de surveillance financi\u00e8re de la Conf\u00e9d\u00e9ration suisse.\",\"publisher\":{\"@id\":\"https:\\\/\\\/www.efk.admin.ch\\\/fr\\\/#organization\"},\"alternateName\":\"EFK\",\"potentialAction\":[{\"@type\":\"SearchAction\",\"target\":{\"@type\":\"EntryPoint\",\"urlTemplate\":\"https:\\\/\\\/www.efk.admin.ch\\\/fr\\\/?s={search_term_string}\"},\"query-input\":{\"@type\":\"PropertyValueSpecification\",\"valueRequired\":true,\"valueName\":\"search_term_string\"}}],\"inLanguage\":\"fr-FR\"},{\"@type\":\"Organization\",\"@id\":\"https:\\\/\\\/www.efk.admin.ch\\\/fr\\\/#organization\",\"name\":\"Contr\u00f4le f\u00e9d\u00e9ral des finances (CDF)\",\"alternateName\":\"EFK\",\"url\":\"https:\\\/\\\/www.efk.admin.ch\\\/fr\\\/\",\"logo\":{\"@type\":\"ImageObject\",\"inLanguage\":\"fr-FR\",\"@id\":\"https:\\\/\\\/www.efk.admin.ch\\\/fr\\\/#\\\/schema\\\/logo\\\/image\\\/\",\"url\":\"https:\\\/\\\/www.efk.admin.ch\\\/wp-content\\\/uploads\\\/efk_cdf_logo_ohne_claim.png\",\"contentUrl\":\"https:\\\/\\\/www.efk.admin.ch\\\/wp-content\\\/uploads\\\/efk_cdf_logo_ohne_claim.png\",\"width\":268,\"height\":258,\"caption\":\"Contr\u00f4le f\u00e9d\u00e9ral des finances (CDF)\"},\"image\":{\"@id\":\"https:\\\/\\\/www.efk.admin.ch\\\/fr\\\/#\\\/schema\\\/logo\\\/image\\\/\"},\"sameAs\":[\"https:\\\/\\\/www.instagram.com\\\/efk_cdf_sfao\\\/\",\"https:\\\/\\\/www.youtube.com\\\/channel\\\/UCm-bXj227VE5sJzhB-ihdvw\\\/featured\",\"https:\\\/\\\/www.linkedin.com\\\/company\\\/11081578\\\/\"]}]}<\/script>\n<!-- \/ Yoast SEO Premium plugin. -->","yoast_head_json":{"title":"Gouvernance aupr\u00e8s de l\u2019assurance-ch\u00f4mage - Contr\u00f4le f\u00e9d\u00e9ral des finances (CDF)","description":"Gouvernance aupr\u00e8s de l\u2019assurance-ch\u00f4mage","robots":{"index":"index","follow":"follow","max-snippet":"max-snippet:-1","max-image-preview":"max-image-preview:large","max-video-preview":"max-video-preview:-1"},"canonical":"https:\/\/www.efk.admin.ch\/fr\/audit\/gouvernance-aupres-de-lassurance-chomage-departement-federal-de-leconomie-de-la-formation-et-de-la-recherche\/","og_locale":"fr_FR","og_type":"article","og_title":"Gouvernance aupr\u00e8s de l\u2019assurance-ch\u00f4mage","og_description":"Gouvernance aupr\u00e8s de l\u2019assurance-ch\u00f4mage","og_url":"https:\/\/www.efk.admin.ch\/fr\/audit\/gouvernance-aupres-de-lassurance-chomage-departement-federal-de-leconomie-de-la-formation-et-de-la-recherche\/","og_site_name":"Contr\u00f4le f\u00e9d\u00e9ral des finances (CDF)","article_modified_time":"2024-03-13T10:24:24+00:00","og_image":[{"width":750,"height":500,"url":"https:\/\/www.efk.admin.ch\/wp-content\/uploads\/test\/palais.jpg","type":"image\/jpeg"}],"twitter_card":"summary_large_image","twitter_misc":{"Dur\u00e9e de lecture estim\u00e9e":"1 minute"},"schema":{"@context":"https:\/\/schema.org","@graph":[{"@type":"WebPage","@id":"https:\/\/www.efk.admin.ch\/fr\/audit\/gouvernance-aupres-de-lassurance-chomage-departement-federal-de-leconomie-de-la-formation-et-de-la-recherche\/","url":"https:\/\/www.efk.admin.ch\/fr\/audit\/gouvernance-aupres-de-lassurance-chomage-departement-federal-de-leconomie-de-la-formation-et-de-la-recherche\/","name":"Gouvernance aupr\u00e8s de l\u2019assurance-ch\u00f4mage - Contr\u00f4le f\u00e9d\u00e9ral des finances (CDF)","isPartOf":{"@id":"https:\/\/www.efk.admin.ch\/fr\/#website"},"datePublished":"2024-01-17T15:36:47+00:00","dateModified":"2024-03-13T10:24:24+00:00","description":"Gouvernance aupr\u00e8s de l\u2019assurance-ch\u00f4mage","breadcrumb":{"@id":"https:\/\/www.efk.admin.ch\/fr\/audit\/gouvernance-aupres-de-lassurance-chomage-departement-federal-de-leconomie-de-la-formation-et-de-la-recherche\/#breadcrumb"},"inLanguage":"fr-FR","potentialAction":[{"@type":"ReadAction","target":["https:\/\/www.efk.admin.ch\/fr\/audit\/gouvernance-aupres-de-lassurance-chomage-departement-federal-de-leconomie-de-la-formation-et-de-la-recherche\/"]}]},{"@type":"BreadcrumbList","@id":"https:\/\/www.efk.admin.ch\/fr\/audit\/gouvernance-aupres-de-lassurance-chomage-departement-federal-de-leconomie-de-la-formation-et-de-la-recherche\/#breadcrumb","itemListElement":[{"@type":"ListItem","position":1,"name":"Home","item":"https:\/\/www.efk.admin.ch\/fr\/"},{"@type":"ListItem","position":2,"name":"Rapport","item":"https:\/\/www.efk.admin.ch\/fr\/audit\/"},{"@type":"ListItem","position":3,"name":"Gouvernance aupr\u00e8s de l\u2019assurance-ch\u00f4mage"}]},{"@type":"WebSite","@id":"https:\/\/www.efk.admin.ch\/fr\/#website","url":"https:\/\/www.efk.admin.ch\/fr\/","name":"Informationen \u00fcber das oberste Finanzaufsichtsorgan der Schweiz","description":"Le Contr\u00f4le f\u00e9d\u00e9ral des finances (CDF) est l'organe supr\u00eame de surveillance financi\u00e8re de la Conf\u00e9d\u00e9ration suisse.","publisher":{"@id":"https:\/\/www.efk.admin.ch\/fr\/#organization"},"alternateName":"EFK","potentialAction":[{"@type":"SearchAction","target":{"@type":"EntryPoint","urlTemplate":"https:\/\/www.efk.admin.ch\/fr\/?s={search_term_string}"},"query-input":{"@type":"PropertyValueSpecification","valueRequired":true,"valueName":"search_term_string"}}],"inLanguage":"fr-FR"},{"@type":"Organization","@id":"https:\/\/www.efk.admin.ch\/fr\/#organization","name":"Contr\u00f4le f\u00e9d\u00e9ral des finances (CDF)","alternateName":"EFK","url":"https:\/\/www.efk.admin.ch\/fr\/","logo":{"@type":"ImageObject","inLanguage":"fr-FR","@id":"https:\/\/www.efk.admin.ch\/fr\/#\/schema\/logo\/image\/","url":"https:\/\/www.efk.admin.ch\/wp-content\/uploads\/efk_cdf_logo_ohne_claim.png","contentUrl":"https:\/\/www.efk.admin.ch\/wp-content\/uploads\/efk_cdf_logo_ohne_claim.png","width":268,"height":258,"caption":"Contr\u00f4le f\u00e9d\u00e9ral des finances (CDF)"},"image":{"@id":"https:\/\/www.efk.admin.ch\/fr\/#\/schema\/logo\/image\/"},"sameAs":["https:\/\/www.instagram.com\/efk_cdf_sfao\/","https:\/\/www.youtube.com\/channel\/UCm-bXj227VE5sJzhB-ihdvw\/featured","https:\/\/www.linkedin.com\/company\/11081578\/"]}]}},"_links":{"self":[{"href":"https:\/\/www.efk.admin.ch\/fr\/wp-json\/wp\/v2\/audit\/6041","targetHints":{"allow":["GET"]}}],"collection":[{"href":"https:\/\/www.efk.admin.ch\/fr\/wp-json\/wp\/v2\/audit"}],"about":[{"href":"https:\/\/www.efk.admin.ch\/fr\/wp-json\/wp\/v2\/types\/audit"}],"acf:post":[{"embeddable":true,"href":"https:\/\/www.efk.admin.ch\/fr\/wp-json\/wp\/v2\/office\/24096"}],"wp:attachment":[{"href":"https:\/\/www.efk.admin.ch\/fr\/wp-json\/wp\/v2\/media?parent=6041"}],"wp:term":[{"taxonomy":"audit_category","embeddable":true,"href":"https:\/\/www.efk.admin.ch\/fr\/wp-json\/wp\/v2\/audit_category?post=6041"},{"taxonomy":"audit_type","embeddable":true,"href":"https:\/\/www.efk.admin.ch\/fr\/wp-json\/wp\/v2\/audit_type?post=6041"}],"curies":[{"name":"wp","href":"https:\/\/api.w.org\/{rel}","templated":true}]}}