{"id":6037,"date":"2024-01-17T16:36:41","date_gmt":"2024-01-17T15:36:41","guid":{"rendered":"https:\/\/preview.efk.admin.ch\/prufung\/utilisation-du-forfait-federal-dintegration-aux-admis-provisoires-et-refugies-secretariat-detat-aux-migrations\/"},"modified":"2024-02-23T11:26:01","modified_gmt":"2024-02-23T10:26:01","slug":"utilisation-du-forfait-federal-dintegration-aux-admis-provisoires-et-refugies-secretariat-detat-aux-migrations","status":"publish","type":"audit","link":"https:\/\/www.efk.admin.ch\/fr\/audit\/utilisation-du-forfait-federal-dintegration-aux-admis-provisoires-et-refugies-secretariat-detat-aux-migrations\/","title":{"rendered":"Utilisation du forfait f\u00e9d\u00e9ral d\u2019int\u00e9gration aux admis provisoires et r\u00e9fugi\u00e9s"},"content":{"rendered":"\n<p>Par ann\u00e9e, plus de 80 millions de francs suisses sont investis par la Conf\u00e9d\u00e9ration dans l\u2019int\u00e9gration de la population issue de l\u2019asile. En 2018, Conf\u00e9d\u00e9ration et cantons ont adopt\u00e9 une vision commune pour r\u00e9pondre aux interpellations parlementaires et autres constats d\u2019insuffisance des moyens f\u00e9d\u00e9raux. Intitul\u00e9e \u00ab Agenda Int\u00e9gration Suisse \u00bb, cette approche inclut une hausse du forfait f\u00e9d\u00e9ral d\u2019int\u00e9gration par d\u00e9cision d\u2019admission provisoire ou d\u2019asile de 6000 \u00e0 18 000 francs. D\u00e8s 2019, les moyens financiers f\u00e9d\u00e9raux pourraient ainsi augmenter de l\u2019ordre de 132 millions pour atteindre plus de 210 millions de francs annuels.<\/p>\n","protected":false},"featured_media":0,"menu_order":0,"template":"","audit_category":[82],"audit_type":[52],"class_list":["post-6037","audit","type-audit","status-publish","hentry","audit_category-justice-et-police","audit_type-audit-fr"],"acf":{"audit_lang":[{"lang":"d"},{"lang":"f"}],"audit_numbers":[{"audit_number":"18501"}],"audit_office":7918,"audit_office_text":"","audit_date":"20181003","bgo":false,"keywords":"l\u2019int\u00e9gration, la population, issue de l\u2019asile, interpellations parlementaires, des moyens f\u00e9d\u00e9raux, 2018, Agenda Int\u00e9gration Suisse, d\u00e9cision d\u2019admission provisoire ou d\u2019asile,","audit_office_local":""},"yoast_head":"<!-- This site is optimized with the Yoast SEO Premium plugin v27.4 (Yoast SEO v27.4) - https:\/\/yoast.com\/product\/yoast-seo-premium-wordpress\/ -->\n<title>Utilisation du forfait f\u00e9d\u00e9ral d\u2019int\u00e9gration aux admis provisoires et r\u00e9fugi\u00e9s - Contr\u00f4le f\u00e9d\u00e9ral des finances (CDF)<\/title>\n<meta name=\"description\" content=\"Utilisation du forfait f\u00e9d\u00e9ral d\u2019int\u00e9gration aux admis provisoires et r\u00e9fugi\u00e9s\" \/>\n<meta name=\"robots\" content=\"index, follow, max-snippet:-1, max-image-preview:large, max-video-preview:-1\" \/>\n<link rel=\"canonical\" href=\"https:\/\/www.efk.admin.ch\/fr\/audit\/utilisation-du-forfait-federal-dintegration-aux-admis-provisoires-et-refugies-secretariat-detat-aux-migrations\/\" \/>\n<meta property=\"og:locale\" content=\"fr_FR\" \/>\n<meta property=\"og:type\" content=\"article\" \/>\n<meta property=\"og:title\" content=\"Utilisation du forfait f\u00e9d\u00e9ral d\u2019int\u00e9gration aux admis provisoires et r\u00e9fugi\u00e9s\" \/>\n<meta property=\"og:description\" content=\"Utilisation du forfait f\u00e9d\u00e9ral d\u2019int\u00e9gration aux admis provisoires et r\u00e9fugi\u00e9s\" \/>\n<meta property=\"og:url\" content=\"https:\/\/www.efk.admin.ch\/fr\/audit\/utilisation-du-forfait-federal-dintegration-aux-admis-provisoires-et-refugies-secretariat-detat-aux-migrations\/\" \/>\n<meta property=\"og:site_name\" content=\"Contr\u00f4le f\u00e9d\u00e9ral des finances (CDF)\" \/>\n<meta property=\"article:modified_time\" content=\"2024-02-23T10:26:01+00:00\" \/>\n<meta property=\"og:image\" content=\"https:\/\/www.efk.admin.ch\/wp-content\/uploads\/test\/palais.jpg\" \/>\n\t<meta property=\"og:image:width\" content=\"750\" \/>\n\t<meta property=\"og:image:height\" content=\"500\" \/>\n\t<meta property=\"og:image:type\" content=\"image\/jpeg\" \/>\n<meta name=\"twitter:card\" content=\"summary_large_image\" \/>\n<meta name=\"twitter:label1\" content=\"Dur\u00e9e de lecture estim\u00e9e\" \/>\n\t<meta name=\"twitter:data1\" content=\"1 minute\" \/>\n<script type=\"application\/ld+json\" class=\"yoast-schema-graph\">{\"@context\":\"https:\\\/\\\/schema.org\",\"@graph\":[{\"@type\":\"WebPage\",\"@id\":\"https:\\\/\\\/www.efk.admin.ch\\\/fr\\\/audit\\\/utilisation-du-forfait-federal-dintegration-aux-admis-provisoires-et-refugies-secretariat-detat-aux-migrations\\\/\",\"url\":\"https:\\\/\\\/www.efk.admin.ch\\\/fr\\\/audit\\\/utilisation-du-forfait-federal-dintegration-aux-admis-provisoires-et-refugies-secretariat-detat-aux-migrations\\\/\",\"name\":\"Utilisation du forfait f\u00e9d\u00e9ral d\u2019int\u00e9gration aux admis provisoires et r\u00e9fugi\u00e9s - Contr\u00f4le f\u00e9d\u00e9ral des finances (CDF)\",\"isPartOf\":{\"@id\":\"https:\\\/\\\/www.efk.admin.ch\\\/fr\\\/#website\"},\"datePublished\":\"2024-01-17T15:36:41+00:00\",\"dateModified\":\"2024-02-23T10:26:01+00:00\",\"description\":\"Utilisation du forfait f\u00e9d\u00e9ral d\u2019int\u00e9gration aux admis provisoires et r\u00e9fugi\u00e9s\",\"breadcrumb\":{\"@id\":\"https:\\\/\\\/www.efk.admin.ch\\\/fr\\\/audit\\\/utilisation-du-forfait-federal-dintegration-aux-admis-provisoires-et-refugies-secretariat-detat-aux-migrations\\\/#breadcrumb\"},\"inLanguage\":\"fr-FR\",\"potentialAction\":[{\"@type\":\"ReadAction\",\"target\":[\"https:\\\/\\\/www.efk.admin.ch\\\/fr\\\/audit\\\/utilisation-du-forfait-federal-dintegration-aux-admis-provisoires-et-refugies-secretariat-detat-aux-migrations\\\/\"]}]},{\"@type\":\"BreadcrumbList\",\"@id\":\"https:\\\/\\\/www.efk.admin.ch\\\/fr\\\/audit\\\/utilisation-du-forfait-federal-dintegration-aux-admis-provisoires-et-refugies-secretariat-detat-aux-migrations\\\/#breadcrumb\",\"itemListElement\":[{\"@type\":\"ListItem\",\"position\":1,\"name\":\"Home\",\"item\":\"https:\\\/\\\/www.efk.admin.ch\\\/fr\\\/\"},{\"@type\":\"ListItem\",\"position\":2,\"name\":\"Rapport\",\"item\":\"https:\\\/\\\/www.efk.admin.ch\\\/fr\\\/audit\\\/\"},{\"@type\":\"ListItem\",\"position\":3,\"name\":\"Utilisation du forfait f\u00e9d\u00e9ral d\u2019int\u00e9gration aux admis provisoires et r\u00e9fugi\u00e9s\"}]},{\"@type\":\"WebSite\",\"@id\":\"https:\\\/\\\/www.efk.admin.ch\\\/fr\\\/#website\",\"url\":\"https:\\\/\\\/www.efk.admin.ch\\\/fr\\\/\",\"name\":\"Informationen \u00fcber das oberste Finanzaufsichtsorgan der Schweiz\",\"description\":\"Le Contr\u00f4le f\u00e9d\u00e9ral des finances (CDF) est l'organe supr\u00eame de surveillance financi\u00e8re de la Conf\u00e9d\u00e9ration suisse.\",\"publisher\":{\"@id\":\"https:\\\/\\\/www.efk.admin.ch\\\/fr\\\/#organization\"},\"alternateName\":\"EFK\",\"potentialAction\":[{\"@type\":\"SearchAction\",\"target\":{\"@type\":\"EntryPoint\",\"urlTemplate\":\"https:\\\/\\\/www.efk.admin.ch\\\/fr\\\/?s={search_term_string}\"},\"query-input\":{\"@type\":\"PropertyValueSpecification\",\"valueRequired\":true,\"valueName\":\"search_term_string\"}}],\"inLanguage\":\"fr-FR\"},{\"@type\":\"Organization\",\"@id\":\"https:\\\/\\\/www.efk.admin.ch\\\/fr\\\/#organization\",\"name\":\"Contr\u00f4le f\u00e9d\u00e9ral des finances (CDF)\",\"alternateName\":\"EFK\",\"url\":\"https:\\\/\\\/www.efk.admin.ch\\\/fr\\\/\",\"logo\":{\"@type\":\"ImageObject\",\"inLanguage\":\"fr-FR\",\"@id\":\"https:\\\/\\\/www.efk.admin.ch\\\/fr\\\/#\\\/schema\\\/logo\\\/image\\\/\",\"url\":\"https:\\\/\\\/www.efk.admin.ch\\\/wp-content\\\/uploads\\\/efk_cdf_logo_ohne_claim.png\",\"contentUrl\":\"https:\\\/\\\/www.efk.admin.ch\\\/wp-content\\\/uploads\\\/efk_cdf_logo_ohne_claim.png\",\"width\":268,\"height\":258,\"caption\":\"Contr\u00f4le f\u00e9d\u00e9ral des finances (CDF)\"},\"image\":{\"@id\":\"https:\\\/\\\/www.efk.admin.ch\\\/fr\\\/#\\\/schema\\\/logo\\\/image\\\/\"},\"sameAs\":[\"https:\\\/\\\/www.instagram.com\\\/efk_cdf_sfao\\\/\",\"https:\\\/\\\/www.youtube.com\\\/channel\\\/UCm-bXj227VE5sJzhB-ihdvw\\\/featured\",\"https:\\\/\\\/www.linkedin.com\\\/company\\\/11081578\\\/\"]}]}<\/script>\n<!-- \/ Yoast SEO Premium plugin. -->","yoast_head_json":{"title":"Utilisation du forfait f\u00e9d\u00e9ral d\u2019int\u00e9gration aux admis provisoires et r\u00e9fugi\u00e9s - Contr\u00f4le f\u00e9d\u00e9ral des finances (CDF)","description":"Utilisation du forfait f\u00e9d\u00e9ral d\u2019int\u00e9gration aux admis provisoires et r\u00e9fugi\u00e9s","robots":{"index":"index","follow":"follow","max-snippet":"max-snippet:-1","max-image-preview":"max-image-preview:large","max-video-preview":"max-video-preview:-1"},"canonical":"https:\/\/www.efk.admin.ch\/fr\/audit\/utilisation-du-forfait-federal-dintegration-aux-admis-provisoires-et-refugies-secretariat-detat-aux-migrations\/","og_locale":"fr_FR","og_type":"article","og_title":"Utilisation du forfait f\u00e9d\u00e9ral d\u2019int\u00e9gration aux admis provisoires et r\u00e9fugi\u00e9s","og_description":"Utilisation du forfait f\u00e9d\u00e9ral d\u2019int\u00e9gration aux admis provisoires et r\u00e9fugi\u00e9s","og_url":"https:\/\/www.efk.admin.ch\/fr\/audit\/utilisation-du-forfait-federal-dintegration-aux-admis-provisoires-et-refugies-secretariat-detat-aux-migrations\/","og_site_name":"Contr\u00f4le f\u00e9d\u00e9ral des finances (CDF)","article_modified_time":"2024-02-23T10:26:01+00:00","og_image":[{"width":750,"height":500,"url":"https:\/\/www.efk.admin.ch\/wp-content\/uploads\/test\/palais.jpg","type":"image\/jpeg"}],"twitter_card":"summary_large_image","twitter_misc":{"Dur\u00e9e de lecture estim\u00e9e":"1 minute"},"schema":{"@context":"https:\/\/schema.org","@graph":[{"@type":"WebPage","@id":"https:\/\/www.efk.admin.ch\/fr\/audit\/utilisation-du-forfait-federal-dintegration-aux-admis-provisoires-et-refugies-secretariat-detat-aux-migrations\/","url":"https:\/\/www.efk.admin.ch\/fr\/audit\/utilisation-du-forfait-federal-dintegration-aux-admis-provisoires-et-refugies-secretariat-detat-aux-migrations\/","name":"Utilisation du forfait f\u00e9d\u00e9ral d\u2019int\u00e9gration aux admis provisoires et r\u00e9fugi\u00e9s - Contr\u00f4le f\u00e9d\u00e9ral des finances (CDF)","isPartOf":{"@id":"https:\/\/www.efk.admin.ch\/fr\/#website"},"datePublished":"2024-01-17T15:36:41+00:00","dateModified":"2024-02-23T10:26:01+00:00","description":"Utilisation du forfait f\u00e9d\u00e9ral d\u2019int\u00e9gration aux admis provisoires et r\u00e9fugi\u00e9s","breadcrumb":{"@id":"https:\/\/www.efk.admin.ch\/fr\/audit\/utilisation-du-forfait-federal-dintegration-aux-admis-provisoires-et-refugies-secretariat-detat-aux-migrations\/#breadcrumb"},"inLanguage":"fr-FR","potentialAction":[{"@type":"ReadAction","target":["https:\/\/www.efk.admin.ch\/fr\/audit\/utilisation-du-forfait-federal-dintegration-aux-admis-provisoires-et-refugies-secretariat-detat-aux-migrations\/"]}]},{"@type":"BreadcrumbList","@id":"https:\/\/www.efk.admin.ch\/fr\/audit\/utilisation-du-forfait-federal-dintegration-aux-admis-provisoires-et-refugies-secretariat-detat-aux-migrations\/#breadcrumb","itemListElement":[{"@type":"ListItem","position":1,"name":"Home","item":"https:\/\/www.efk.admin.ch\/fr\/"},{"@type":"ListItem","position":2,"name":"Rapport","item":"https:\/\/www.efk.admin.ch\/fr\/audit\/"},{"@type":"ListItem","position":3,"name":"Utilisation du forfait f\u00e9d\u00e9ral d\u2019int\u00e9gration aux admis provisoires et r\u00e9fugi\u00e9s"}]},{"@type":"WebSite","@id":"https:\/\/www.efk.admin.ch\/fr\/#website","url":"https:\/\/www.efk.admin.ch\/fr\/","name":"Informationen \u00fcber das oberste Finanzaufsichtsorgan der Schweiz","description":"Le Contr\u00f4le f\u00e9d\u00e9ral des finances (CDF) est l'organe supr\u00eame de surveillance financi\u00e8re de la Conf\u00e9d\u00e9ration suisse.","publisher":{"@id":"https:\/\/www.efk.admin.ch\/fr\/#organization"},"alternateName":"EFK","potentialAction":[{"@type":"SearchAction","target":{"@type":"EntryPoint","urlTemplate":"https:\/\/www.efk.admin.ch\/fr\/?s={search_term_string}"},"query-input":{"@type":"PropertyValueSpecification","valueRequired":true,"valueName":"search_term_string"}}],"inLanguage":"fr-FR"},{"@type":"Organization","@id":"https:\/\/www.efk.admin.ch\/fr\/#organization","name":"Contr\u00f4le f\u00e9d\u00e9ral des finances (CDF)","alternateName":"EFK","url":"https:\/\/www.efk.admin.ch\/fr\/","logo":{"@type":"ImageObject","inLanguage":"fr-FR","@id":"https:\/\/www.efk.admin.ch\/fr\/#\/schema\/logo\/image\/","url":"https:\/\/www.efk.admin.ch\/wp-content\/uploads\/efk_cdf_logo_ohne_claim.png","contentUrl":"https:\/\/www.efk.admin.ch\/wp-content\/uploads\/efk_cdf_logo_ohne_claim.png","width":268,"height":258,"caption":"Contr\u00f4le f\u00e9d\u00e9ral des finances (CDF)"},"image":{"@id":"https:\/\/www.efk.admin.ch\/fr\/#\/schema\/logo\/image\/"},"sameAs":["https:\/\/www.instagram.com\/efk_cdf_sfao\/","https:\/\/www.youtube.com\/channel\/UCm-bXj227VE5sJzhB-ihdvw\/featured","https:\/\/www.linkedin.com\/company\/11081578\/"]}]}},"_links":{"self":[{"href":"https:\/\/www.efk.admin.ch\/fr\/wp-json\/wp\/v2\/audit\/6037","targetHints":{"allow":["GET"]}}],"collection":[{"href":"https:\/\/www.efk.admin.ch\/fr\/wp-json\/wp\/v2\/audit"}],"about":[{"href":"https:\/\/www.efk.admin.ch\/fr\/wp-json\/wp\/v2\/types\/audit"}],"acf:post":[{"embeddable":true,"href":"https:\/\/www.efk.admin.ch\/fr\/wp-json\/wp\/v2\/office\/7918"}],"wp:attachment":[{"href":"https:\/\/www.efk.admin.ch\/fr\/wp-json\/wp\/v2\/media?parent=6037"}],"wp:term":[{"taxonomy":"audit_category","embeddable":true,"href":"https:\/\/www.efk.admin.ch\/fr\/wp-json\/wp\/v2\/audit_category?post=6037"},{"taxonomy":"audit_type","embeddable":true,"href":"https:\/\/www.efk.admin.ch\/fr\/wp-json\/wp\/v2\/audit_type?post=6037"}],"curies":[{"name":"wp","href":"https:\/\/api.w.org\/{rel}","templated":true}]}}