{"id":6025,"date":"2024-01-17T16:36:41","date_gmt":"2024-01-17T15:36:41","guid":{"rendered":"https:\/\/preview.efk.admin.ch\/prufung\/perequation-financiere-2019-entre-la-confederation-et-les-cantons-examen-du-traitement-des-donnees-par-les-offices-cantonaux-et-federaux\/"},"modified":"2024-02-26T15:03:14","modified_gmt":"2024-02-26T14:03:14","slug":"perequation-financiere-2019-entre-la-confederation-et-les-cantons-examen-du-traitement-des-donnees-par-les-offices-cantonaux-et-federaux","status":"publish","type":"audit","link":"https:\/\/www.efk.admin.ch\/fr\/audit\/perequation-financiere-2019-entre-la-confederation-et-les-cantons-examen-du-traitement-des-donnees-par-les-offices-cantonaux-et-federaux\/","title":{"rendered":"P\u00e9r\u00e9quation financi\u00e8re 2019 entre la Conf\u00e9d\u00e9ration et les cantons &#8211; Examen du traitement des donn\u00e9es par les offices cantonaux et f\u00e9d\u00e9raux"},"content":{"rendered":"\n<p>Le volume total de la p\u00e9r\u00e9quation financi\u00e8re (RPT) repr\u00e9sentera un montant de 5221 millions de francs pour l\u2019ann\u00e9e 2019, en hausse de 2,6 % par rapport \u00e0 l\u2019an pass\u00e9 (5091 millions). D\u00e8s 2020, des modifications importantes de la p\u00e9r\u00e9quation pourraient intervenir selon les mesures propos\u00e9es par le Conseil f\u00e9d\u00e9ral dans son rapport d\u2019\u00e9valuation sur l\u2019efficacit\u00e9 de la RPT. En 2024, des modifications pourraient aussi avoir lieu avec le projet de r\u00e9forme de l\u2019imposition des entreprises (Projet fiscal 17), qui pr\u00e9voit, entre autres, la suppression des statuts fiscaux sp\u00e9ciaux pour les personnes morales. Enfin, l\u2019Administration f\u00e9d\u00e9rale des finances (AFF) a simul\u00e9, sur demande du Contr\u00f4le f\u00e9d\u00e9ral des finances (CDF), l\u2019impact d\u2019une imposition syst\u00e9matique des banques cantonales sur les paiements compensatoires RPT. Le D\u00e9partement f\u00e9d\u00e9ral des finances (DFF) estime qu\u2019il n\u2019y a cependant pas lieu de modifier le r\u00e9gime actuel d\u2019imposition.<\/p>\n","protected":false},"featured_media":0,"menu_order":0,"template":"","audit_category":[43],"audit_type":[52],"class_list":["post-6025","audit","type-audit","status-publish","hentry","audit_category-finances-publiques-et-impots","audit_type-audit-fr"],"acf":{"audit_lang":[{"lang":"d"},{"lang":"f"}],"audit_numbers":[{"audit_number":"18076"}],"audit_office":null,"audit_office_text":"","audit_date":"20190130","bgo":false,"keywords":"2019, volume total, la p\u00e9r\u00e9quation financi\u00e8re (RPT), les mesures, r\u00e9forme de l\u2019imposition des entreprises (Projet fiscal 17), statuts fiscaux sp\u00e9ciaux pour les personnes morales, l\u2019Administration f\u00e9d\u00e9rale des finances (AFF),  Le D\u00e9partement f\u00e9d\u00e9ral des finances (DFF)","audit_office_local":""},"yoast_head":"<!-- This site is optimized with the Yoast SEO Premium plugin v27.4 (Yoast SEO v27.4) - https:\/\/yoast.com\/product\/yoast-seo-premium-wordpress\/ -->\n<title>P\u00e9r\u00e9quation financi\u00e8re 2019 entre la Conf\u00e9d\u00e9ration et les cantons - Examen du traitement des donn\u00e9es par les offices cantonaux et f\u00e9d\u00e9raux - Contr\u00f4le f\u00e9d\u00e9ral des finances (CDF)<\/title>\n<meta name=\"description\" content=\"P\u00e9r\u00e9quation financi\u00e8re 2019 entre la Conf\u00e9d\u00e9ration et les cantons - Examen du traitement des donn\u00e9es par les offices cantonaux et f\u00e9d\u00e9raux\" \/>\n<meta name=\"robots\" content=\"index, follow, max-snippet:-1, max-image-preview:large, max-video-preview:-1\" \/>\n<link rel=\"canonical\" href=\"https:\/\/www.efk.admin.ch\/fr\/audit\/perequation-financiere-2019-entre-la-confederation-et-les-cantons-examen-du-traitement-des-donnees-par-les-offices-cantonaux-et-federaux\/\" \/>\n<meta property=\"og:locale\" content=\"fr_FR\" \/>\n<meta property=\"og:type\" content=\"article\" \/>\n<meta property=\"og:title\" content=\"P\u00e9r\u00e9quation financi\u00e8re 2019 entre la Conf\u00e9d\u00e9ration et les cantons - Examen du traitement des donn\u00e9es par les offices cantonaux et f\u00e9d\u00e9raux\" \/>\n<meta property=\"og:description\" content=\"P\u00e9r\u00e9quation financi\u00e8re 2019 entre la Conf\u00e9d\u00e9ration et les cantons - Examen du traitement des donn\u00e9es par les offices cantonaux et f\u00e9d\u00e9raux\" \/>\n<meta property=\"og:url\" content=\"https:\/\/www.efk.admin.ch\/fr\/audit\/perequation-financiere-2019-entre-la-confederation-et-les-cantons-examen-du-traitement-des-donnees-par-les-offices-cantonaux-et-federaux\/\" \/>\n<meta property=\"og:site_name\" content=\"Contr\u00f4le f\u00e9d\u00e9ral des finances (CDF)\" \/>\n<meta property=\"article:modified_time\" content=\"2024-02-26T14:03:14+00:00\" \/>\n<meta property=\"og:image\" content=\"https:\/\/www.efk.admin.ch\/wp-content\/uploads\/test\/palais.jpg\" \/>\n\t<meta property=\"og:image:width\" content=\"750\" \/>\n\t<meta property=\"og:image:height\" content=\"500\" \/>\n\t<meta property=\"og:image:type\" content=\"image\/jpeg\" \/>\n<meta name=\"twitter:card\" content=\"summary_large_image\" \/>\n<meta name=\"twitter:label1\" content=\"Dur\u00e9e de lecture estim\u00e9e\" \/>\n\t<meta name=\"twitter:data1\" content=\"1 minute\" \/>\n<script type=\"application\/ld+json\" class=\"yoast-schema-graph\">{\"@context\":\"https:\\\/\\\/schema.org\",\"@graph\":[{\"@type\":\"WebPage\",\"@id\":\"https:\\\/\\\/www.efk.admin.ch\\\/fr\\\/audit\\\/perequation-financiere-2019-entre-la-confederation-et-les-cantons-examen-du-traitement-des-donnees-par-les-offices-cantonaux-et-federaux\\\/\",\"url\":\"https:\\\/\\\/www.efk.admin.ch\\\/fr\\\/audit\\\/perequation-financiere-2019-entre-la-confederation-et-les-cantons-examen-du-traitement-des-donnees-par-les-offices-cantonaux-et-federaux\\\/\",\"name\":\"P\u00e9r\u00e9quation financi\u00e8re 2019 entre la Conf\u00e9d\u00e9ration et les cantons - Examen du traitement des donn\u00e9es par les offices cantonaux et f\u00e9d\u00e9raux - Contr\u00f4le f\u00e9d\u00e9ral des finances (CDF)\",\"isPartOf\":{\"@id\":\"https:\\\/\\\/www.efk.admin.ch\\\/fr\\\/#website\"},\"datePublished\":\"2024-01-17T15:36:41+00:00\",\"dateModified\":\"2024-02-26T14:03:14+00:00\",\"description\":\"P\u00e9r\u00e9quation financi\u00e8re 2019 entre la Conf\u00e9d\u00e9ration et les cantons - Examen du traitement des donn\u00e9es par les offices cantonaux et f\u00e9d\u00e9raux\",\"breadcrumb\":{\"@id\":\"https:\\\/\\\/www.efk.admin.ch\\\/fr\\\/audit\\\/perequation-financiere-2019-entre-la-confederation-et-les-cantons-examen-du-traitement-des-donnees-par-les-offices-cantonaux-et-federaux\\\/#breadcrumb\"},\"inLanguage\":\"fr-FR\",\"potentialAction\":[{\"@type\":\"ReadAction\",\"target\":[\"https:\\\/\\\/www.efk.admin.ch\\\/fr\\\/audit\\\/perequation-financiere-2019-entre-la-confederation-et-les-cantons-examen-du-traitement-des-donnees-par-les-offices-cantonaux-et-federaux\\\/\"]}]},{\"@type\":\"BreadcrumbList\",\"@id\":\"https:\\\/\\\/www.efk.admin.ch\\\/fr\\\/audit\\\/perequation-financiere-2019-entre-la-confederation-et-les-cantons-examen-du-traitement-des-donnees-par-les-offices-cantonaux-et-federaux\\\/#breadcrumb\",\"itemListElement\":[{\"@type\":\"ListItem\",\"position\":1,\"name\":\"Home\",\"item\":\"https:\\\/\\\/www.efk.admin.ch\\\/fr\\\/\"},{\"@type\":\"ListItem\",\"position\":2,\"name\":\"Rapport\",\"item\":\"https:\\\/\\\/www.efk.admin.ch\\\/fr\\\/audit\\\/\"},{\"@type\":\"ListItem\",\"position\":3,\"name\":\"P\u00e9r\u00e9quation financi\u00e8re 2019 entre la Conf\u00e9d\u00e9ration et les cantons &#8211; Examen du traitement des donn\u00e9es par les offices cantonaux et f\u00e9d\u00e9raux\"}]},{\"@type\":\"WebSite\",\"@id\":\"https:\\\/\\\/www.efk.admin.ch\\\/fr\\\/#website\",\"url\":\"https:\\\/\\\/www.efk.admin.ch\\\/fr\\\/\",\"name\":\"Informationen \u00fcber das oberste Finanzaufsichtsorgan der Schweiz\",\"description\":\"Le Contr\u00f4le f\u00e9d\u00e9ral des finances (CDF) est l'organe supr\u00eame de surveillance financi\u00e8re de la Conf\u00e9d\u00e9ration suisse.\",\"publisher\":{\"@id\":\"https:\\\/\\\/www.efk.admin.ch\\\/fr\\\/#organization\"},\"alternateName\":\"EFK\",\"potentialAction\":[{\"@type\":\"SearchAction\",\"target\":{\"@type\":\"EntryPoint\",\"urlTemplate\":\"https:\\\/\\\/www.efk.admin.ch\\\/fr\\\/?s={search_term_string}\"},\"query-input\":{\"@type\":\"PropertyValueSpecification\",\"valueRequired\":true,\"valueName\":\"search_term_string\"}}],\"inLanguage\":\"fr-FR\"},{\"@type\":\"Organization\",\"@id\":\"https:\\\/\\\/www.efk.admin.ch\\\/fr\\\/#organization\",\"name\":\"Contr\u00f4le f\u00e9d\u00e9ral des finances (CDF)\",\"alternateName\":\"EFK\",\"url\":\"https:\\\/\\\/www.efk.admin.ch\\\/fr\\\/\",\"logo\":{\"@type\":\"ImageObject\",\"inLanguage\":\"fr-FR\",\"@id\":\"https:\\\/\\\/www.efk.admin.ch\\\/fr\\\/#\\\/schema\\\/logo\\\/image\\\/\",\"url\":\"https:\\\/\\\/www.efk.admin.ch\\\/wp-content\\\/uploads\\\/efk_cdf_logo_ohne_claim.png\",\"contentUrl\":\"https:\\\/\\\/www.efk.admin.ch\\\/wp-content\\\/uploads\\\/efk_cdf_logo_ohne_claim.png\",\"width\":268,\"height\":258,\"caption\":\"Contr\u00f4le f\u00e9d\u00e9ral des finances (CDF)\"},\"image\":{\"@id\":\"https:\\\/\\\/www.efk.admin.ch\\\/fr\\\/#\\\/schema\\\/logo\\\/image\\\/\"},\"sameAs\":[\"https:\\\/\\\/www.instagram.com\\\/efk_cdf_sfao\\\/\",\"https:\\\/\\\/www.youtube.com\\\/channel\\\/UCm-bXj227VE5sJzhB-ihdvw\\\/featured\",\"https:\\\/\\\/www.linkedin.com\\\/company\\\/11081578\\\/\"]}]}<\/script>\n<!-- \/ Yoast SEO Premium plugin. -->","yoast_head_json":{"title":"P\u00e9r\u00e9quation financi\u00e8re 2019 entre la Conf\u00e9d\u00e9ration et les cantons - Examen du traitement des donn\u00e9es par les offices cantonaux et f\u00e9d\u00e9raux - Contr\u00f4le f\u00e9d\u00e9ral des finances (CDF)","description":"P\u00e9r\u00e9quation financi\u00e8re 2019 entre la Conf\u00e9d\u00e9ration et les cantons - Examen du traitement des donn\u00e9es par les offices cantonaux et f\u00e9d\u00e9raux","robots":{"index":"index","follow":"follow","max-snippet":"max-snippet:-1","max-image-preview":"max-image-preview:large","max-video-preview":"max-video-preview:-1"},"canonical":"https:\/\/www.efk.admin.ch\/fr\/audit\/perequation-financiere-2019-entre-la-confederation-et-les-cantons-examen-du-traitement-des-donnees-par-les-offices-cantonaux-et-federaux\/","og_locale":"fr_FR","og_type":"article","og_title":"P\u00e9r\u00e9quation financi\u00e8re 2019 entre la Conf\u00e9d\u00e9ration et les cantons - Examen du traitement des donn\u00e9es par les offices cantonaux et f\u00e9d\u00e9raux","og_description":"P\u00e9r\u00e9quation financi\u00e8re 2019 entre la Conf\u00e9d\u00e9ration et les cantons - Examen du traitement des donn\u00e9es par les offices cantonaux et f\u00e9d\u00e9raux","og_url":"https:\/\/www.efk.admin.ch\/fr\/audit\/perequation-financiere-2019-entre-la-confederation-et-les-cantons-examen-du-traitement-des-donnees-par-les-offices-cantonaux-et-federaux\/","og_site_name":"Contr\u00f4le f\u00e9d\u00e9ral des finances (CDF)","article_modified_time":"2024-02-26T14:03:14+00:00","og_image":[{"width":750,"height":500,"url":"https:\/\/www.efk.admin.ch\/wp-content\/uploads\/test\/palais.jpg","type":"image\/jpeg"}],"twitter_card":"summary_large_image","twitter_misc":{"Dur\u00e9e de lecture estim\u00e9e":"1 minute"},"schema":{"@context":"https:\/\/schema.org","@graph":[{"@type":"WebPage","@id":"https:\/\/www.efk.admin.ch\/fr\/audit\/perequation-financiere-2019-entre-la-confederation-et-les-cantons-examen-du-traitement-des-donnees-par-les-offices-cantonaux-et-federaux\/","url":"https:\/\/www.efk.admin.ch\/fr\/audit\/perequation-financiere-2019-entre-la-confederation-et-les-cantons-examen-du-traitement-des-donnees-par-les-offices-cantonaux-et-federaux\/","name":"P\u00e9r\u00e9quation financi\u00e8re 2019 entre la Conf\u00e9d\u00e9ration et les cantons - Examen du traitement des donn\u00e9es par les offices cantonaux et f\u00e9d\u00e9raux - Contr\u00f4le f\u00e9d\u00e9ral des finances (CDF)","isPartOf":{"@id":"https:\/\/www.efk.admin.ch\/fr\/#website"},"datePublished":"2024-01-17T15:36:41+00:00","dateModified":"2024-02-26T14:03:14+00:00","description":"P\u00e9r\u00e9quation financi\u00e8re 2019 entre la Conf\u00e9d\u00e9ration et les cantons - Examen du traitement des donn\u00e9es par les offices cantonaux et f\u00e9d\u00e9raux","breadcrumb":{"@id":"https:\/\/www.efk.admin.ch\/fr\/audit\/perequation-financiere-2019-entre-la-confederation-et-les-cantons-examen-du-traitement-des-donnees-par-les-offices-cantonaux-et-federaux\/#breadcrumb"},"inLanguage":"fr-FR","potentialAction":[{"@type":"ReadAction","target":["https:\/\/www.efk.admin.ch\/fr\/audit\/perequation-financiere-2019-entre-la-confederation-et-les-cantons-examen-du-traitement-des-donnees-par-les-offices-cantonaux-et-federaux\/"]}]},{"@type":"BreadcrumbList","@id":"https:\/\/www.efk.admin.ch\/fr\/audit\/perequation-financiere-2019-entre-la-confederation-et-les-cantons-examen-du-traitement-des-donnees-par-les-offices-cantonaux-et-federaux\/#breadcrumb","itemListElement":[{"@type":"ListItem","position":1,"name":"Home","item":"https:\/\/www.efk.admin.ch\/fr\/"},{"@type":"ListItem","position":2,"name":"Rapport","item":"https:\/\/www.efk.admin.ch\/fr\/audit\/"},{"@type":"ListItem","position":3,"name":"P\u00e9r\u00e9quation financi\u00e8re 2019 entre la Conf\u00e9d\u00e9ration et les cantons &#8211; Examen du traitement des donn\u00e9es par les offices cantonaux et f\u00e9d\u00e9raux"}]},{"@type":"WebSite","@id":"https:\/\/www.efk.admin.ch\/fr\/#website","url":"https:\/\/www.efk.admin.ch\/fr\/","name":"Informationen \u00fcber das oberste Finanzaufsichtsorgan der Schweiz","description":"Le Contr\u00f4le f\u00e9d\u00e9ral des finances (CDF) est l'organe supr\u00eame de surveillance financi\u00e8re de la Conf\u00e9d\u00e9ration suisse.","publisher":{"@id":"https:\/\/www.efk.admin.ch\/fr\/#organization"},"alternateName":"EFK","potentialAction":[{"@type":"SearchAction","target":{"@type":"EntryPoint","urlTemplate":"https:\/\/www.efk.admin.ch\/fr\/?s={search_term_string}"},"query-input":{"@type":"PropertyValueSpecification","valueRequired":true,"valueName":"search_term_string"}}],"inLanguage":"fr-FR"},{"@type":"Organization","@id":"https:\/\/www.efk.admin.ch\/fr\/#organization","name":"Contr\u00f4le f\u00e9d\u00e9ral des finances (CDF)","alternateName":"EFK","url":"https:\/\/www.efk.admin.ch\/fr\/","logo":{"@type":"ImageObject","inLanguage":"fr-FR","@id":"https:\/\/www.efk.admin.ch\/fr\/#\/schema\/logo\/image\/","url":"https:\/\/www.efk.admin.ch\/wp-content\/uploads\/efk_cdf_logo_ohne_claim.png","contentUrl":"https:\/\/www.efk.admin.ch\/wp-content\/uploads\/efk_cdf_logo_ohne_claim.png","width":268,"height":258,"caption":"Contr\u00f4le f\u00e9d\u00e9ral des finances (CDF)"},"image":{"@id":"https:\/\/www.efk.admin.ch\/fr\/#\/schema\/logo\/image\/"},"sameAs":["https:\/\/www.instagram.com\/efk_cdf_sfao\/","https:\/\/www.youtube.com\/channel\/UCm-bXj227VE5sJzhB-ihdvw\/featured","https:\/\/www.linkedin.com\/company\/11081578\/"]}]}},"_links":{"self":[{"href":"https:\/\/www.efk.admin.ch\/fr\/wp-json\/wp\/v2\/audit\/6025","targetHints":{"allow":["GET"]}}],"collection":[{"href":"https:\/\/www.efk.admin.ch\/fr\/wp-json\/wp\/v2\/audit"}],"about":[{"href":"https:\/\/www.efk.admin.ch\/fr\/wp-json\/wp\/v2\/types\/audit"}],"wp:attachment":[{"href":"https:\/\/www.efk.admin.ch\/fr\/wp-json\/wp\/v2\/media?parent=6025"}],"wp:term":[{"taxonomy":"audit_category","embeddable":true,"href":"https:\/\/www.efk.admin.ch\/fr\/wp-json\/wp\/v2\/audit_category?post=6025"},{"taxonomy":"audit_type","embeddable":true,"href":"https:\/\/www.efk.admin.ch\/fr\/wp-json\/wp\/v2\/audit_type?post=6025"}],"curies":[{"name":"wp","href":"https:\/\/api.w.org\/{rel}","templated":true}]}}