{"id":6004,"date":"2024-01-17T16:36:35","date_gmt":"2024-01-17T15:36:35","guid":{"rendered":"https:\/\/preview.efk.admin.ch\/prufung\/mise-en-oeuvre-des-mesures-prises-depuis-2008-dans-le-domaine-des-subventions-administration-federale-des-finances\/"},"modified":"2024-02-26T17:57:51","modified_gmt":"2024-02-26T16:57:51","slug":"mise-en-oeuvre-des-mesures-prises-depuis-2008-dans-le-domaine-des-subventions-administration-federale-des-finances","status":"publish","type":"audit","link":"https:\/\/www.efk.admin.ch\/fr\/audit\/mise-en-oeuvre-des-mesures-prises-depuis-2008-dans-le-domaine-des-subventions-administration-federale-des-finances\/","title":{"rendered":"Mise en \u0153uvre des mesures prises depuis 2008 dans le domaine des subventions"},"content":{"rendered":"\n<p>L&#8217;Administration f\u00e9d\u00e9rale des finances (AFF) est charg\u00e9e par le Conseil f\u00e9d\u00e9ral d&#8217;examiner p\u00e9riodiquement les subventions de la Conf\u00e9d\u00e9ration (environ 38,8 milliards de francs par ann\u00e9e, \u00e9tat \u00e0 la fin de 2016) pour s\u2019assurer qu&#8217;elles sont conformes aux principes de la loi sur les subventions et que les t\u00e2ches subventionn\u00e9es sont accomplies de mani\u00e8re \u00e9conome et efficace. Le Conseil f\u00e9d\u00e9ral \u00e9tablit \u00e0 cet \u00e9gard un rapport \u00e9crit. Jusqu&#8217;en 2008, toutes les subventions \u00e9taient examin\u00e9es dans leur int\u00e9gralit\u00e9, depuis 2014, les d\u00e9partements font \u00e0 tour de r\u00f4le l&#8217;objet d&#8217;un rapport annuel dans l&#8217;annexe au compte d&#8217;\u00c9tat.<\/p>\n","protected":false},"featured_media":0,"menu_order":0,"template":"","audit_category":[43],"audit_type":[123],"class_list":["post-6004","audit","type-audit","status-publish","hentry","audit_category-finances-publiques-et-impots","audit_type-audit-de-subventions"],"acf":{"audit_lang":[{"lang":"d"}],"audit_numbers":[{"audit_number":"17575"}],"audit_office":[7937],"audit_office_text":"","audit_date":"20190424","bgo":false,"keywords":"d'examiner, les subventions de la Conf\u00e9d\u00e9ration, la loi sur les subventions, es t\u00e2ches subventionn\u00e9es sont accomplies de mani\u00e8re \u00e9conome et efficace, compte d'\u00c9tat","audit_office_local":""},"yoast_head":"<!-- This site is optimized with the Yoast SEO Premium plugin v27.4 (Yoast SEO v27.4) - https:\/\/yoast.com\/product\/yoast-seo-premium-wordpress\/ -->\n<title>Mise en \u0153uvre des mesures prises depuis 2008 dans le domaine des subventions - Contr\u00f4le f\u00e9d\u00e9ral des finances (CDF)<\/title>\n<meta name=\"description\" content=\"Mise en \u0153uvre des mesures prises depuis 2008 dans le domaine des subventions\" \/>\n<meta name=\"robots\" content=\"index, follow, max-snippet:-1, max-image-preview:large, max-video-preview:-1\" \/>\n<link rel=\"canonical\" href=\"https:\/\/www.efk.admin.ch\/fr\/audit\/mise-en-oeuvre-des-mesures-prises-depuis-2008-dans-le-domaine-des-subventions-administration-federale-des-finances\/\" \/>\n<meta property=\"og:locale\" content=\"fr_FR\" \/>\n<meta property=\"og:type\" content=\"article\" \/>\n<meta property=\"og:title\" content=\"Mise en \u0153uvre des mesures prises depuis 2008 dans le domaine des subventions\" \/>\n<meta property=\"og:description\" content=\"Mise en \u0153uvre des mesures prises depuis 2008 dans le domaine des subventions\" \/>\n<meta property=\"og:url\" content=\"https:\/\/www.efk.admin.ch\/fr\/audit\/mise-en-oeuvre-des-mesures-prises-depuis-2008-dans-le-domaine-des-subventions-administration-federale-des-finances\/\" \/>\n<meta property=\"og:site_name\" content=\"Contr\u00f4le f\u00e9d\u00e9ral des finances (CDF)\" \/>\n<meta property=\"article:modified_time\" content=\"2024-02-26T16:57:51+00:00\" \/>\n<meta property=\"og:image\" content=\"https:\/\/www.efk.admin.ch\/wp-content\/uploads\/test\/palais.jpg\" \/>\n\t<meta property=\"og:image:width\" content=\"750\" \/>\n\t<meta property=\"og:image:height\" content=\"500\" \/>\n\t<meta property=\"og:image:type\" content=\"image\/jpeg\" \/>\n<meta name=\"twitter:card\" content=\"summary_large_image\" \/>\n<meta name=\"twitter:label1\" content=\"Dur\u00e9e de lecture estim\u00e9e\" \/>\n\t<meta name=\"twitter:data1\" content=\"1 minute\" \/>\n<script type=\"application\/ld+json\" class=\"yoast-schema-graph\">{\"@context\":\"https:\\\/\\\/schema.org\",\"@graph\":[{\"@type\":\"WebPage\",\"@id\":\"https:\\\/\\\/www.efk.admin.ch\\\/fr\\\/audit\\\/mise-en-oeuvre-des-mesures-prises-depuis-2008-dans-le-domaine-des-subventions-administration-federale-des-finances\\\/\",\"url\":\"https:\\\/\\\/www.efk.admin.ch\\\/fr\\\/audit\\\/mise-en-oeuvre-des-mesures-prises-depuis-2008-dans-le-domaine-des-subventions-administration-federale-des-finances\\\/\",\"name\":\"Mise en \u0153uvre des mesures prises depuis 2008 dans le domaine des subventions - Contr\u00f4le f\u00e9d\u00e9ral des finances (CDF)\",\"isPartOf\":{\"@id\":\"https:\\\/\\\/www.efk.admin.ch\\\/fr\\\/#website\"},\"datePublished\":\"2024-01-17T15:36:35+00:00\",\"dateModified\":\"2024-02-26T16:57:51+00:00\",\"description\":\"Mise en \u0153uvre des mesures prises depuis 2008 dans le domaine des subventions\",\"breadcrumb\":{\"@id\":\"https:\\\/\\\/www.efk.admin.ch\\\/fr\\\/audit\\\/mise-en-oeuvre-des-mesures-prises-depuis-2008-dans-le-domaine-des-subventions-administration-federale-des-finances\\\/#breadcrumb\"},\"inLanguage\":\"fr-FR\",\"potentialAction\":[{\"@type\":\"ReadAction\",\"target\":[\"https:\\\/\\\/www.efk.admin.ch\\\/fr\\\/audit\\\/mise-en-oeuvre-des-mesures-prises-depuis-2008-dans-le-domaine-des-subventions-administration-federale-des-finances\\\/\"]}]},{\"@type\":\"BreadcrumbList\",\"@id\":\"https:\\\/\\\/www.efk.admin.ch\\\/fr\\\/audit\\\/mise-en-oeuvre-des-mesures-prises-depuis-2008-dans-le-domaine-des-subventions-administration-federale-des-finances\\\/#breadcrumb\",\"itemListElement\":[{\"@type\":\"ListItem\",\"position\":1,\"name\":\"Home\",\"item\":\"https:\\\/\\\/www.efk.admin.ch\\\/fr\\\/\"},{\"@type\":\"ListItem\",\"position\":2,\"name\":\"Rapport\",\"item\":\"https:\\\/\\\/www.efk.admin.ch\\\/fr\\\/audit\\\/\"},{\"@type\":\"ListItem\",\"position\":3,\"name\":\"Mise en \u0153uvre des mesures prises depuis 2008 dans le domaine des subventions\"}]},{\"@type\":\"WebSite\",\"@id\":\"https:\\\/\\\/www.efk.admin.ch\\\/fr\\\/#website\",\"url\":\"https:\\\/\\\/www.efk.admin.ch\\\/fr\\\/\",\"name\":\"Informationen \u00fcber das oberste Finanzaufsichtsorgan der Schweiz\",\"description\":\"Le Contr\u00f4le f\u00e9d\u00e9ral des finances (CDF) est l'organe supr\u00eame de surveillance financi\u00e8re de la Conf\u00e9d\u00e9ration suisse.\",\"publisher\":{\"@id\":\"https:\\\/\\\/www.efk.admin.ch\\\/fr\\\/#organization\"},\"alternateName\":\"EFK\",\"potentialAction\":[{\"@type\":\"SearchAction\",\"target\":{\"@type\":\"EntryPoint\",\"urlTemplate\":\"https:\\\/\\\/www.efk.admin.ch\\\/fr\\\/?s={search_term_string}\"},\"query-input\":{\"@type\":\"PropertyValueSpecification\",\"valueRequired\":true,\"valueName\":\"search_term_string\"}}],\"inLanguage\":\"fr-FR\"},{\"@type\":\"Organization\",\"@id\":\"https:\\\/\\\/www.efk.admin.ch\\\/fr\\\/#organization\",\"name\":\"Contr\u00f4le f\u00e9d\u00e9ral des finances (CDF)\",\"alternateName\":\"EFK\",\"url\":\"https:\\\/\\\/www.efk.admin.ch\\\/fr\\\/\",\"logo\":{\"@type\":\"ImageObject\",\"inLanguage\":\"fr-FR\",\"@id\":\"https:\\\/\\\/www.efk.admin.ch\\\/fr\\\/#\\\/schema\\\/logo\\\/image\\\/\",\"url\":\"https:\\\/\\\/www.efk.admin.ch\\\/wp-content\\\/uploads\\\/efk_cdf_logo_ohne_claim.png\",\"contentUrl\":\"https:\\\/\\\/www.efk.admin.ch\\\/wp-content\\\/uploads\\\/efk_cdf_logo_ohne_claim.png\",\"width\":268,\"height\":258,\"caption\":\"Contr\u00f4le f\u00e9d\u00e9ral des finances (CDF)\"},\"image\":{\"@id\":\"https:\\\/\\\/www.efk.admin.ch\\\/fr\\\/#\\\/schema\\\/logo\\\/image\\\/\"},\"sameAs\":[\"https:\\\/\\\/www.instagram.com\\\/efk_cdf_sfao\\\/\",\"https:\\\/\\\/www.youtube.com\\\/channel\\\/UCm-bXj227VE5sJzhB-ihdvw\\\/featured\",\"https:\\\/\\\/www.linkedin.com\\\/company\\\/11081578\\\/\"]}]}<\/script>\n<!-- \/ Yoast SEO Premium plugin. -->","yoast_head_json":{"title":"Mise en \u0153uvre des mesures prises depuis 2008 dans le domaine des subventions - Contr\u00f4le f\u00e9d\u00e9ral des finances (CDF)","description":"Mise en \u0153uvre des mesures prises depuis 2008 dans le domaine des subventions","robots":{"index":"index","follow":"follow","max-snippet":"max-snippet:-1","max-image-preview":"max-image-preview:large","max-video-preview":"max-video-preview:-1"},"canonical":"https:\/\/www.efk.admin.ch\/fr\/audit\/mise-en-oeuvre-des-mesures-prises-depuis-2008-dans-le-domaine-des-subventions-administration-federale-des-finances\/","og_locale":"fr_FR","og_type":"article","og_title":"Mise en \u0153uvre des mesures prises depuis 2008 dans le domaine des subventions","og_description":"Mise en \u0153uvre des mesures prises depuis 2008 dans le domaine des subventions","og_url":"https:\/\/www.efk.admin.ch\/fr\/audit\/mise-en-oeuvre-des-mesures-prises-depuis-2008-dans-le-domaine-des-subventions-administration-federale-des-finances\/","og_site_name":"Contr\u00f4le f\u00e9d\u00e9ral des finances (CDF)","article_modified_time":"2024-02-26T16:57:51+00:00","og_image":[{"width":750,"height":500,"url":"https:\/\/www.efk.admin.ch\/wp-content\/uploads\/test\/palais.jpg","type":"image\/jpeg"}],"twitter_card":"summary_large_image","twitter_misc":{"Dur\u00e9e de lecture estim\u00e9e":"1 minute"},"schema":{"@context":"https:\/\/schema.org","@graph":[{"@type":"WebPage","@id":"https:\/\/www.efk.admin.ch\/fr\/audit\/mise-en-oeuvre-des-mesures-prises-depuis-2008-dans-le-domaine-des-subventions-administration-federale-des-finances\/","url":"https:\/\/www.efk.admin.ch\/fr\/audit\/mise-en-oeuvre-des-mesures-prises-depuis-2008-dans-le-domaine-des-subventions-administration-federale-des-finances\/","name":"Mise en \u0153uvre des mesures prises depuis 2008 dans le domaine des subventions - Contr\u00f4le f\u00e9d\u00e9ral des finances (CDF)","isPartOf":{"@id":"https:\/\/www.efk.admin.ch\/fr\/#website"},"datePublished":"2024-01-17T15:36:35+00:00","dateModified":"2024-02-26T16:57:51+00:00","description":"Mise en \u0153uvre des mesures prises depuis 2008 dans le domaine des subventions","breadcrumb":{"@id":"https:\/\/www.efk.admin.ch\/fr\/audit\/mise-en-oeuvre-des-mesures-prises-depuis-2008-dans-le-domaine-des-subventions-administration-federale-des-finances\/#breadcrumb"},"inLanguage":"fr-FR","potentialAction":[{"@type":"ReadAction","target":["https:\/\/www.efk.admin.ch\/fr\/audit\/mise-en-oeuvre-des-mesures-prises-depuis-2008-dans-le-domaine-des-subventions-administration-federale-des-finances\/"]}]},{"@type":"BreadcrumbList","@id":"https:\/\/www.efk.admin.ch\/fr\/audit\/mise-en-oeuvre-des-mesures-prises-depuis-2008-dans-le-domaine-des-subventions-administration-federale-des-finances\/#breadcrumb","itemListElement":[{"@type":"ListItem","position":1,"name":"Home","item":"https:\/\/www.efk.admin.ch\/fr\/"},{"@type":"ListItem","position":2,"name":"Rapport","item":"https:\/\/www.efk.admin.ch\/fr\/audit\/"},{"@type":"ListItem","position":3,"name":"Mise en \u0153uvre des mesures prises depuis 2008 dans le domaine des subventions"}]},{"@type":"WebSite","@id":"https:\/\/www.efk.admin.ch\/fr\/#website","url":"https:\/\/www.efk.admin.ch\/fr\/","name":"Informationen \u00fcber das oberste Finanzaufsichtsorgan der Schweiz","description":"Le Contr\u00f4le f\u00e9d\u00e9ral des finances (CDF) est l'organe supr\u00eame de surveillance financi\u00e8re de la Conf\u00e9d\u00e9ration suisse.","publisher":{"@id":"https:\/\/www.efk.admin.ch\/fr\/#organization"},"alternateName":"EFK","potentialAction":[{"@type":"SearchAction","target":{"@type":"EntryPoint","urlTemplate":"https:\/\/www.efk.admin.ch\/fr\/?s={search_term_string}"},"query-input":{"@type":"PropertyValueSpecification","valueRequired":true,"valueName":"search_term_string"}}],"inLanguage":"fr-FR"},{"@type":"Organization","@id":"https:\/\/www.efk.admin.ch\/fr\/#organization","name":"Contr\u00f4le f\u00e9d\u00e9ral des finances (CDF)","alternateName":"EFK","url":"https:\/\/www.efk.admin.ch\/fr\/","logo":{"@type":"ImageObject","inLanguage":"fr-FR","@id":"https:\/\/www.efk.admin.ch\/fr\/#\/schema\/logo\/image\/","url":"https:\/\/www.efk.admin.ch\/wp-content\/uploads\/efk_cdf_logo_ohne_claim.png","contentUrl":"https:\/\/www.efk.admin.ch\/wp-content\/uploads\/efk_cdf_logo_ohne_claim.png","width":268,"height":258,"caption":"Contr\u00f4le f\u00e9d\u00e9ral des finances (CDF)"},"image":{"@id":"https:\/\/www.efk.admin.ch\/fr\/#\/schema\/logo\/image\/"},"sameAs":["https:\/\/www.instagram.com\/efk_cdf_sfao\/","https:\/\/www.youtube.com\/channel\/UCm-bXj227VE5sJzhB-ihdvw\/featured","https:\/\/www.linkedin.com\/company\/11081578\/"]}]}},"_links":{"self":[{"href":"https:\/\/www.efk.admin.ch\/fr\/wp-json\/wp\/v2\/audit\/6004","targetHints":{"allow":["GET"]}}],"collection":[{"href":"https:\/\/www.efk.admin.ch\/fr\/wp-json\/wp\/v2\/audit"}],"about":[{"href":"https:\/\/www.efk.admin.ch\/fr\/wp-json\/wp\/v2\/types\/audit"}],"acf:post":[{"embeddable":true,"href":"https:\/\/www.efk.admin.ch\/fr\/wp-json\/wp\/v2\/office\/7937"}],"wp:attachment":[{"href":"https:\/\/www.efk.admin.ch\/fr\/wp-json\/wp\/v2\/media?parent=6004"}],"wp:term":[{"taxonomy":"audit_category","embeddable":true,"href":"https:\/\/www.efk.admin.ch\/fr\/wp-json\/wp\/v2\/audit_category?post=6004"},{"taxonomy":"audit_type","embeddable":true,"href":"https:\/\/www.efk.admin.ch\/fr\/wp-json\/wp\/v2\/audit_type?post=6004"}],"curies":[{"name":"wp","href":"https:\/\/api.w.org\/{rel}","templated":true}]}}