{"id":6002,"date":"2024-01-17T16:36:35","date_gmt":"2024-01-17T15:36:35","guid":{"rendered":"https:\/\/preview.efk.admin.ch\/prufung\/mesures-medicales-de-lassurance-invalidite-et-controle-des-couts-des-moyens-auxiliaires-office-federal-des-assurances-sociales\/"},"modified":"2024-03-01T09:16:03","modified_gmt":"2024-03-01T08:16:03","slug":"mesures-medicales-de-lassurance-invalidite-et-controle-des-couts-des-moyens-auxiliaires-office-federal-des-assurances-sociales","status":"publish","type":"audit","link":"https:\/\/www.efk.admin.ch\/fr\/audit\/mesures-medicales-de-lassurance-invalidite-et-controle-des-couts-des-moyens-auxiliaires-office-federal-des-assurances-sociales\/","title":{"rendered":"Mesures m\u00e9dicales de l\u2019assurance-invalidit\u00e9 et contr\u00f4le des co\u00fbts des moyens auxiliaires"},"content":{"rendered":"\n<p>Le Contr\u00f4le f\u00e9d\u00e9ral des finances (CDF) a examin\u00e9 le suivi des recommandations de deux rapports sur l\u2019assurance-invalidit\u00e9 (AI) r\u00e9alis\u00e9s en 2012 et 2013. Les mesures m\u00e9dicales sont des prestations visant \u00e0 traiter les infirmit\u00e9s cong\u00e9nitales et des mesures de r\u00e9adaptation des jeunes jusqu\u2019\u00e0 20 ans. Les d\u00e9penses pour les mesures m\u00e9dicales se montent \u00e0 828 millions de francs en 2016, en progression de 1 % par rapport \u00e0 2015 et de 6,3 % par rapport \u00e0 2014. Cette \u00e9volution suit l\u2019augmentation \u00e0 la hausse des co\u00fbts de la sant\u00e9.<\/p>\n","protected":false},"featured_media":0,"menu_order":0,"template":"","audit_category":[76],"audit_type":[50],"class_list":["post-6002","audit","type-audit","status-publish","hentry","audit_category-sante","audit_type-pruefung"],"acf":{"audit_lang":[{"lang":"f"}],"audit_numbers":[{"audit_number":"16143"}],"audit_office":[7907],"audit_office_text":"","audit_date":"20190429","bgo":false,"keywords":"2012, 2013, le suivi, recommandations, rapports, l\u2019assurance-invalidit\u00e9 (AI), es mesures m\u00e9dicales, les infirmit\u00e9s cong\u00e9nitales, des mesures de r\u00e9adaptation, d\u00e9penses","audit_office_local":""},"yoast_head":"<!-- This site is optimized with the Yoast SEO Premium plugin v27.4 (Yoast SEO v27.4) - https:\/\/yoast.com\/product\/yoast-seo-premium-wordpress\/ -->\n<title>Mesures m\u00e9dicales de l\u2019assurance-invalidit\u00e9 et contr\u00f4le des co\u00fbts des moyens auxiliaires - Contr\u00f4le f\u00e9d\u00e9ral des finances (CDF)<\/title>\n<meta name=\"description\" content=\"Mesures m\u00e9dicales de l\u2019assurance-invalidit\u00e9 et contr\u00f4le des co\u00fbts des moyens auxiliaires\" \/>\n<meta name=\"robots\" content=\"index, follow, max-snippet:-1, max-image-preview:large, max-video-preview:-1\" \/>\n<link rel=\"canonical\" href=\"https:\/\/www.efk.admin.ch\/fr\/audit\/mesures-medicales-de-lassurance-invalidite-et-controle-des-couts-des-moyens-auxiliaires-office-federal-des-assurances-sociales\/\" \/>\n<meta property=\"og:locale\" content=\"fr_FR\" \/>\n<meta property=\"og:type\" content=\"article\" \/>\n<meta property=\"og:title\" content=\"Mesures m\u00e9dicales de l\u2019assurance-invalidit\u00e9 et contr\u00f4le des co\u00fbts des moyens auxiliaires\" \/>\n<meta property=\"og:description\" content=\"Mesures m\u00e9dicales de l\u2019assurance-invalidit\u00e9 et contr\u00f4le des co\u00fbts des moyens auxiliaires\" \/>\n<meta property=\"og:url\" content=\"https:\/\/www.efk.admin.ch\/fr\/audit\/mesures-medicales-de-lassurance-invalidite-et-controle-des-couts-des-moyens-auxiliaires-office-federal-des-assurances-sociales\/\" \/>\n<meta property=\"og:site_name\" content=\"Contr\u00f4le f\u00e9d\u00e9ral des finances (CDF)\" \/>\n<meta property=\"article:modified_time\" content=\"2024-03-01T08:16:03+00:00\" \/>\n<meta property=\"og:image\" content=\"https:\/\/www.efk.admin.ch\/wp-content\/uploads\/test\/palais.jpg\" \/>\n\t<meta property=\"og:image:width\" content=\"750\" \/>\n\t<meta property=\"og:image:height\" content=\"500\" \/>\n\t<meta property=\"og:image:type\" content=\"image\/jpeg\" \/>\n<meta name=\"twitter:card\" content=\"summary_large_image\" \/>\n<script type=\"application\/ld+json\" class=\"yoast-schema-graph\">{\"@context\":\"https:\\\/\\\/schema.org\",\"@graph\":[{\"@type\":\"WebPage\",\"@id\":\"https:\\\/\\\/www.efk.admin.ch\\\/fr\\\/audit\\\/mesures-medicales-de-lassurance-invalidite-et-controle-des-couts-des-moyens-auxiliaires-office-federal-des-assurances-sociales\\\/\",\"url\":\"https:\\\/\\\/www.efk.admin.ch\\\/fr\\\/audit\\\/mesures-medicales-de-lassurance-invalidite-et-controle-des-couts-des-moyens-auxiliaires-office-federal-des-assurances-sociales\\\/\",\"name\":\"Mesures m\u00e9dicales de l\u2019assurance-invalidit\u00e9 et contr\u00f4le des co\u00fbts des moyens auxiliaires - Contr\u00f4le f\u00e9d\u00e9ral des finances (CDF)\",\"isPartOf\":{\"@id\":\"https:\\\/\\\/www.efk.admin.ch\\\/fr\\\/#website\"},\"datePublished\":\"2024-01-17T15:36:35+00:00\",\"dateModified\":\"2024-03-01T08:16:03+00:00\",\"description\":\"Mesures m\u00e9dicales de l\u2019assurance-invalidit\u00e9 et contr\u00f4le des co\u00fbts des moyens auxiliaires\",\"breadcrumb\":{\"@id\":\"https:\\\/\\\/www.efk.admin.ch\\\/fr\\\/audit\\\/mesures-medicales-de-lassurance-invalidite-et-controle-des-couts-des-moyens-auxiliaires-office-federal-des-assurances-sociales\\\/#breadcrumb\"},\"inLanguage\":\"fr-FR\",\"potentialAction\":[{\"@type\":\"ReadAction\",\"target\":[\"https:\\\/\\\/www.efk.admin.ch\\\/fr\\\/audit\\\/mesures-medicales-de-lassurance-invalidite-et-controle-des-couts-des-moyens-auxiliaires-office-federal-des-assurances-sociales\\\/\"]}]},{\"@type\":\"BreadcrumbList\",\"@id\":\"https:\\\/\\\/www.efk.admin.ch\\\/fr\\\/audit\\\/mesures-medicales-de-lassurance-invalidite-et-controle-des-couts-des-moyens-auxiliaires-office-federal-des-assurances-sociales\\\/#breadcrumb\",\"itemListElement\":[{\"@type\":\"ListItem\",\"position\":1,\"name\":\"Home\",\"item\":\"https:\\\/\\\/www.efk.admin.ch\\\/fr\\\/\"},{\"@type\":\"ListItem\",\"position\":2,\"name\":\"Rapport\",\"item\":\"https:\\\/\\\/www.efk.admin.ch\\\/fr\\\/audit\\\/\"},{\"@type\":\"ListItem\",\"position\":3,\"name\":\"Mesures m\u00e9dicales de l\u2019assurance-invalidit\u00e9 et contr\u00f4le des co\u00fbts des moyens auxiliaires\"}]},{\"@type\":\"WebSite\",\"@id\":\"https:\\\/\\\/www.efk.admin.ch\\\/fr\\\/#website\",\"url\":\"https:\\\/\\\/www.efk.admin.ch\\\/fr\\\/\",\"name\":\"Informationen \u00fcber das oberste Finanzaufsichtsorgan der Schweiz\",\"description\":\"Le Contr\u00f4le f\u00e9d\u00e9ral des finances (CDF) est l'organe supr\u00eame de surveillance financi\u00e8re de la Conf\u00e9d\u00e9ration suisse.\",\"publisher\":{\"@id\":\"https:\\\/\\\/www.efk.admin.ch\\\/fr\\\/#organization\"},\"alternateName\":\"EFK\",\"potentialAction\":[{\"@type\":\"SearchAction\",\"target\":{\"@type\":\"EntryPoint\",\"urlTemplate\":\"https:\\\/\\\/www.efk.admin.ch\\\/fr\\\/?s={search_term_string}\"},\"query-input\":{\"@type\":\"PropertyValueSpecification\",\"valueRequired\":true,\"valueName\":\"search_term_string\"}}],\"inLanguage\":\"fr-FR\"},{\"@type\":\"Organization\",\"@id\":\"https:\\\/\\\/www.efk.admin.ch\\\/fr\\\/#organization\",\"name\":\"Contr\u00f4le f\u00e9d\u00e9ral des finances (CDF)\",\"alternateName\":\"EFK\",\"url\":\"https:\\\/\\\/www.efk.admin.ch\\\/fr\\\/\",\"logo\":{\"@type\":\"ImageObject\",\"inLanguage\":\"fr-FR\",\"@id\":\"https:\\\/\\\/www.efk.admin.ch\\\/fr\\\/#\\\/schema\\\/logo\\\/image\\\/\",\"url\":\"https:\\\/\\\/www.efk.admin.ch\\\/wp-content\\\/uploads\\\/efk_cdf_logo_ohne_claim.png\",\"contentUrl\":\"https:\\\/\\\/www.efk.admin.ch\\\/wp-content\\\/uploads\\\/efk_cdf_logo_ohne_claim.png\",\"width\":268,\"height\":258,\"caption\":\"Contr\u00f4le f\u00e9d\u00e9ral des finances (CDF)\"},\"image\":{\"@id\":\"https:\\\/\\\/www.efk.admin.ch\\\/fr\\\/#\\\/schema\\\/logo\\\/image\\\/\"},\"sameAs\":[\"https:\\\/\\\/www.instagram.com\\\/efk_cdf_sfao\\\/\",\"https:\\\/\\\/www.youtube.com\\\/channel\\\/UCm-bXj227VE5sJzhB-ihdvw\\\/featured\",\"https:\\\/\\\/www.linkedin.com\\\/company\\\/11081578\\\/\"]}]}<\/script>\n<!-- \/ Yoast SEO Premium plugin. -->","yoast_head_json":{"title":"Mesures m\u00e9dicales de l\u2019assurance-invalidit\u00e9 et contr\u00f4le des co\u00fbts des moyens auxiliaires - Contr\u00f4le f\u00e9d\u00e9ral des finances (CDF)","description":"Mesures m\u00e9dicales de l\u2019assurance-invalidit\u00e9 et contr\u00f4le des co\u00fbts des moyens auxiliaires","robots":{"index":"index","follow":"follow","max-snippet":"max-snippet:-1","max-image-preview":"max-image-preview:large","max-video-preview":"max-video-preview:-1"},"canonical":"https:\/\/www.efk.admin.ch\/fr\/audit\/mesures-medicales-de-lassurance-invalidite-et-controle-des-couts-des-moyens-auxiliaires-office-federal-des-assurances-sociales\/","og_locale":"fr_FR","og_type":"article","og_title":"Mesures m\u00e9dicales de l\u2019assurance-invalidit\u00e9 et contr\u00f4le des co\u00fbts des moyens auxiliaires","og_description":"Mesures m\u00e9dicales de l\u2019assurance-invalidit\u00e9 et contr\u00f4le des co\u00fbts des moyens auxiliaires","og_url":"https:\/\/www.efk.admin.ch\/fr\/audit\/mesures-medicales-de-lassurance-invalidite-et-controle-des-couts-des-moyens-auxiliaires-office-federal-des-assurances-sociales\/","og_site_name":"Contr\u00f4le f\u00e9d\u00e9ral des finances (CDF)","article_modified_time":"2024-03-01T08:16:03+00:00","og_image":[{"width":750,"height":500,"url":"https:\/\/www.efk.admin.ch\/wp-content\/uploads\/test\/palais.jpg","type":"image\/jpeg"}],"twitter_card":"summary_large_image","schema":{"@context":"https:\/\/schema.org","@graph":[{"@type":"WebPage","@id":"https:\/\/www.efk.admin.ch\/fr\/audit\/mesures-medicales-de-lassurance-invalidite-et-controle-des-couts-des-moyens-auxiliaires-office-federal-des-assurances-sociales\/","url":"https:\/\/www.efk.admin.ch\/fr\/audit\/mesures-medicales-de-lassurance-invalidite-et-controle-des-couts-des-moyens-auxiliaires-office-federal-des-assurances-sociales\/","name":"Mesures m\u00e9dicales de l\u2019assurance-invalidit\u00e9 et contr\u00f4le des co\u00fbts des moyens auxiliaires - Contr\u00f4le f\u00e9d\u00e9ral des finances (CDF)","isPartOf":{"@id":"https:\/\/www.efk.admin.ch\/fr\/#website"},"datePublished":"2024-01-17T15:36:35+00:00","dateModified":"2024-03-01T08:16:03+00:00","description":"Mesures m\u00e9dicales de l\u2019assurance-invalidit\u00e9 et contr\u00f4le des co\u00fbts des moyens auxiliaires","breadcrumb":{"@id":"https:\/\/www.efk.admin.ch\/fr\/audit\/mesures-medicales-de-lassurance-invalidite-et-controle-des-couts-des-moyens-auxiliaires-office-federal-des-assurances-sociales\/#breadcrumb"},"inLanguage":"fr-FR","potentialAction":[{"@type":"ReadAction","target":["https:\/\/www.efk.admin.ch\/fr\/audit\/mesures-medicales-de-lassurance-invalidite-et-controle-des-couts-des-moyens-auxiliaires-office-federal-des-assurances-sociales\/"]}]},{"@type":"BreadcrumbList","@id":"https:\/\/www.efk.admin.ch\/fr\/audit\/mesures-medicales-de-lassurance-invalidite-et-controle-des-couts-des-moyens-auxiliaires-office-federal-des-assurances-sociales\/#breadcrumb","itemListElement":[{"@type":"ListItem","position":1,"name":"Home","item":"https:\/\/www.efk.admin.ch\/fr\/"},{"@type":"ListItem","position":2,"name":"Rapport","item":"https:\/\/www.efk.admin.ch\/fr\/audit\/"},{"@type":"ListItem","position":3,"name":"Mesures m\u00e9dicales de l\u2019assurance-invalidit\u00e9 et contr\u00f4le des co\u00fbts des moyens auxiliaires"}]},{"@type":"WebSite","@id":"https:\/\/www.efk.admin.ch\/fr\/#website","url":"https:\/\/www.efk.admin.ch\/fr\/","name":"Informationen \u00fcber das oberste Finanzaufsichtsorgan der Schweiz","description":"Le Contr\u00f4le f\u00e9d\u00e9ral des finances (CDF) est l'organe supr\u00eame de surveillance financi\u00e8re de la Conf\u00e9d\u00e9ration suisse.","publisher":{"@id":"https:\/\/www.efk.admin.ch\/fr\/#organization"},"alternateName":"EFK","potentialAction":[{"@type":"SearchAction","target":{"@type":"EntryPoint","urlTemplate":"https:\/\/www.efk.admin.ch\/fr\/?s={search_term_string}"},"query-input":{"@type":"PropertyValueSpecification","valueRequired":true,"valueName":"search_term_string"}}],"inLanguage":"fr-FR"},{"@type":"Organization","@id":"https:\/\/www.efk.admin.ch\/fr\/#organization","name":"Contr\u00f4le f\u00e9d\u00e9ral des finances (CDF)","alternateName":"EFK","url":"https:\/\/www.efk.admin.ch\/fr\/","logo":{"@type":"ImageObject","inLanguage":"fr-FR","@id":"https:\/\/www.efk.admin.ch\/fr\/#\/schema\/logo\/image\/","url":"https:\/\/www.efk.admin.ch\/wp-content\/uploads\/efk_cdf_logo_ohne_claim.png","contentUrl":"https:\/\/www.efk.admin.ch\/wp-content\/uploads\/efk_cdf_logo_ohne_claim.png","width":268,"height":258,"caption":"Contr\u00f4le f\u00e9d\u00e9ral des finances (CDF)"},"image":{"@id":"https:\/\/www.efk.admin.ch\/fr\/#\/schema\/logo\/image\/"},"sameAs":["https:\/\/www.instagram.com\/efk_cdf_sfao\/","https:\/\/www.youtube.com\/channel\/UCm-bXj227VE5sJzhB-ihdvw\/featured","https:\/\/www.linkedin.com\/company\/11081578\/"]}]}},"_links":{"self":[{"href":"https:\/\/www.efk.admin.ch\/fr\/wp-json\/wp\/v2\/audit\/6002","targetHints":{"allow":["GET"]}}],"collection":[{"href":"https:\/\/www.efk.admin.ch\/fr\/wp-json\/wp\/v2\/audit"}],"about":[{"href":"https:\/\/www.efk.admin.ch\/fr\/wp-json\/wp\/v2\/types\/audit"}],"acf:post":[{"embeddable":true,"href":"https:\/\/www.efk.admin.ch\/fr\/wp-json\/wp\/v2\/office\/7907"}],"wp:attachment":[{"href":"https:\/\/www.efk.admin.ch\/fr\/wp-json\/wp\/v2\/media?parent=6002"}],"wp:term":[{"taxonomy":"audit_category","embeddable":true,"href":"https:\/\/www.efk.admin.ch\/fr\/wp-json\/wp\/v2\/audit_category?post=6002"},{"taxonomy":"audit_type","embeddable":true,"href":"https:\/\/www.efk.admin.ch\/fr\/wp-json\/wp\/v2\/audit_type?post=6002"}],"curies":[{"name":"wp","href":"https:\/\/api.w.org\/{rel}","templated":true}]}}