{"id":5993,"date":"2024-01-17T16:36:29","date_gmt":"2024-01-17T15:36:29","guid":{"rendered":"https:\/\/preview.efk.admin.ch\/prufung\/appels-doffres-publics-pour-les-mesures-defficacite-energetique-office-federal-de-lenergie\/"},"modified":"2024-03-21T17:26:49","modified_gmt":"2024-03-21T16:26:49","slug":"appels-doffres-publics-pour-les-mesures-defficacite-energetique-office-federal-de-lenergie","status":"publish","type":"audit","link":"https:\/\/www.efk.admin.ch\/fr\/audit\/appels-doffres-publics-pour-les-mesures-defficacite-energetique-office-federal-de-lenergie\/","title":{"rendered":"Appels d\u2019offres publics pour les mesures d\u2019efficacit\u00e9 \u00e9nerg\u00e9tique"},"content":{"rendered":"\n<p>Avec les \u00ab appels d\u2019offres publics pour les mesures d\u2019efficacit\u00e9 \u00e9nerg\u00e9tique \u00bb (ProKilowatt), la Conf\u00e9d\u00e9ration encourage des mesures visant \u00e0 r\u00e9duire la consommation d\u2019\u00e9lectricit\u00e9 des entreprises, des collectivit\u00e9s publiques et des m\u00e9nages. La responsabilit\u00e9 pour la mise en \u0153uvre du programme ProKilowatt incombe \u00e0 l\u2019Office f\u00e9d\u00e9ral de l\u2019\u00e9nergie (OFEN), qui a lanc\u00e9 les premiers appels d\u2019offres en 2010. Depuis lors, les subventions sont pass\u00e9es \u00e0 pr\u00e8s de 50 millions de francs par an. Lors d\u2019ench\u00e8res, les fonds d\u2019aide sont attribu\u00e9s aux mesures r\u00e9alis\u00e9es dans le cadre de projets et de programmes qui n\u00e9cessitent le moins de contributions par kilowattheure (kWh) \u00e9conomis\u00e9.<\/p>\n","protected":false},"featured_media":0,"menu_order":0,"template":"","audit_category":[73],"audit_type":[100],"class_list":["post-5993","audit","type-audit","status-publish","hentry","audit_category-energie-et-communication","audit_type-evaluation"],"acf":{"audit_lang":[{"lang":"d"}],"audit_numbers":[{"audit_number":"17590"}],"audit_office":[7958],"audit_office_text":"","audit_date":"20190624","bgo":false,"keywords":"appels d\u2019offres publics pour les mesures d\u2019efficacit\u00e9 \u00e9nerg\u00e9tique (ProKilowatt), mesures visant \u00e0 r\u00e9duire la consommation d\u2019\u00e9lectricit\u00e9, entreprises, des collectivit\u00e9s publiques, des m\u00e9nages, les fonds d\u2019aide, projets et de programmes","audit_office_local":""},"yoast_head":"<!-- This site is optimized with the Yoast SEO Premium plugin v27.4 (Yoast SEO v27.4) - https:\/\/yoast.com\/product\/yoast-seo-premium-wordpress\/ -->\n<title>Appels d\u2019offres publics pour les mesures d\u2019efficacit\u00e9 \u00e9nerg\u00e9tique - Contr\u00f4le f\u00e9d\u00e9ral des finances (CDF)<\/title>\n<meta name=\"description\" content=\"Appels d\u2019offres publics pour les mesures d\u2019efficacit\u00e9 \u00e9nerg\u00e9tique\" \/>\n<meta name=\"robots\" content=\"index, follow, max-snippet:-1, max-image-preview:large, max-video-preview:-1\" \/>\n<link rel=\"canonical\" href=\"https:\/\/www.efk.admin.ch\/fr\/audit\/appels-doffres-publics-pour-les-mesures-defficacite-energetique-office-federal-de-lenergie\/\" \/>\n<meta property=\"og:locale\" content=\"fr_FR\" \/>\n<meta property=\"og:type\" content=\"article\" \/>\n<meta property=\"og:title\" content=\"Appels d\u2019offres publics pour les mesures d\u2019efficacit\u00e9 \u00e9nerg\u00e9tique\" \/>\n<meta property=\"og:description\" content=\"Appels d\u2019offres publics pour les mesures d\u2019efficacit\u00e9 \u00e9nerg\u00e9tique\" \/>\n<meta property=\"og:url\" content=\"https:\/\/www.efk.admin.ch\/fr\/audit\/appels-doffres-publics-pour-les-mesures-defficacite-energetique-office-federal-de-lenergie\/\" \/>\n<meta property=\"og:site_name\" content=\"Contr\u00f4le f\u00e9d\u00e9ral des finances (CDF)\" \/>\n<meta property=\"article:modified_time\" content=\"2024-03-21T16:26:49+00:00\" \/>\n<meta property=\"og:image\" content=\"https:\/\/www.efk.admin.ch\/wp-content\/uploads\/test\/palais.jpg\" \/>\n\t<meta property=\"og:image:width\" content=\"750\" \/>\n\t<meta property=\"og:image:height\" content=\"500\" \/>\n\t<meta property=\"og:image:type\" content=\"image\/jpeg\" \/>\n<meta name=\"twitter:card\" content=\"summary_large_image\" \/>\n<meta name=\"twitter:label1\" content=\"Dur\u00e9e de lecture estim\u00e9e\" \/>\n\t<meta name=\"twitter:data1\" content=\"1 minute\" \/>\n<script type=\"application\/ld+json\" class=\"yoast-schema-graph\">{\"@context\":\"https:\\\/\\\/schema.org\",\"@graph\":[{\"@type\":\"WebPage\",\"@id\":\"https:\\\/\\\/www.efk.admin.ch\\\/fr\\\/audit\\\/appels-doffres-publics-pour-les-mesures-defficacite-energetique-office-federal-de-lenergie\\\/\",\"url\":\"https:\\\/\\\/www.efk.admin.ch\\\/fr\\\/audit\\\/appels-doffres-publics-pour-les-mesures-defficacite-energetique-office-federal-de-lenergie\\\/\",\"name\":\"Appels d\u2019offres publics pour les mesures d\u2019efficacit\u00e9 \u00e9nerg\u00e9tique - Contr\u00f4le f\u00e9d\u00e9ral des finances (CDF)\",\"isPartOf\":{\"@id\":\"https:\\\/\\\/www.efk.admin.ch\\\/fr\\\/#website\"},\"datePublished\":\"2024-01-17T15:36:29+00:00\",\"dateModified\":\"2024-03-21T16:26:49+00:00\",\"description\":\"Appels d\u2019offres publics pour les mesures d\u2019efficacit\u00e9 \u00e9nerg\u00e9tique\",\"breadcrumb\":{\"@id\":\"https:\\\/\\\/www.efk.admin.ch\\\/fr\\\/audit\\\/appels-doffres-publics-pour-les-mesures-defficacite-energetique-office-federal-de-lenergie\\\/#breadcrumb\"},\"inLanguage\":\"fr-FR\",\"potentialAction\":[{\"@type\":\"ReadAction\",\"target\":[\"https:\\\/\\\/www.efk.admin.ch\\\/fr\\\/audit\\\/appels-doffres-publics-pour-les-mesures-defficacite-energetique-office-federal-de-lenergie\\\/\"]}]},{\"@type\":\"BreadcrumbList\",\"@id\":\"https:\\\/\\\/www.efk.admin.ch\\\/fr\\\/audit\\\/appels-doffres-publics-pour-les-mesures-defficacite-energetique-office-federal-de-lenergie\\\/#breadcrumb\",\"itemListElement\":[{\"@type\":\"ListItem\",\"position\":1,\"name\":\"Home\",\"item\":\"https:\\\/\\\/www.efk.admin.ch\\\/fr\\\/\"},{\"@type\":\"ListItem\",\"position\":2,\"name\":\"Rapport\",\"item\":\"https:\\\/\\\/www.efk.admin.ch\\\/fr\\\/audit\\\/\"},{\"@type\":\"ListItem\",\"position\":3,\"name\":\"Appels d\u2019offres publics pour les mesures d\u2019efficacit\u00e9 \u00e9nerg\u00e9tique\"}]},{\"@type\":\"WebSite\",\"@id\":\"https:\\\/\\\/www.efk.admin.ch\\\/fr\\\/#website\",\"url\":\"https:\\\/\\\/www.efk.admin.ch\\\/fr\\\/\",\"name\":\"Informationen \u00fcber das oberste Finanzaufsichtsorgan der Schweiz\",\"description\":\"Le Contr\u00f4le f\u00e9d\u00e9ral des finances (CDF) est l'organe supr\u00eame de surveillance financi\u00e8re de la Conf\u00e9d\u00e9ration suisse.\",\"publisher\":{\"@id\":\"https:\\\/\\\/www.efk.admin.ch\\\/fr\\\/#organization\"},\"alternateName\":\"EFK\",\"potentialAction\":[{\"@type\":\"SearchAction\",\"target\":{\"@type\":\"EntryPoint\",\"urlTemplate\":\"https:\\\/\\\/www.efk.admin.ch\\\/fr\\\/?s={search_term_string}\"},\"query-input\":{\"@type\":\"PropertyValueSpecification\",\"valueRequired\":true,\"valueName\":\"search_term_string\"}}],\"inLanguage\":\"fr-FR\"},{\"@type\":\"Organization\",\"@id\":\"https:\\\/\\\/www.efk.admin.ch\\\/fr\\\/#organization\",\"name\":\"Contr\u00f4le f\u00e9d\u00e9ral des finances (CDF)\",\"alternateName\":\"EFK\",\"url\":\"https:\\\/\\\/www.efk.admin.ch\\\/fr\\\/\",\"logo\":{\"@type\":\"ImageObject\",\"inLanguage\":\"fr-FR\",\"@id\":\"https:\\\/\\\/www.efk.admin.ch\\\/fr\\\/#\\\/schema\\\/logo\\\/image\\\/\",\"url\":\"https:\\\/\\\/www.efk.admin.ch\\\/wp-content\\\/uploads\\\/efk_cdf_logo_ohne_claim.png\",\"contentUrl\":\"https:\\\/\\\/www.efk.admin.ch\\\/wp-content\\\/uploads\\\/efk_cdf_logo_ohne_claim.png\",\"width\":268,\"height\":258,\"caption\":\"Contr\u00f4le f\u00e9d\u00e9ral des finances (CDF)\"},\"image\":{\"@id\":\"https:\\\/\\\/www.efk.admin.ch\\\/fr\\\/#\\\/schema\\\/logo\\\/image\\\/\"},\"sameAs\":[\"https:\\\/\\\/www.instagram.com\\\/efk_cdf_sfao\\\/\",\"https:\\\/\\\/www.youtube.com\\\/channel\\\/UCm-bXj227VE5sJzhB-ihdvw\\\/featured\",\"https:\\\/\\\/www.linkedin.com\\\/company\\\/11081578\\\/\"]}]}<\/script>\n<!-- \/ Yoast SEO Premium plugin. -->","yoast_head_json":{"title":"Appels d\u2019offres publics pour les mesures d\u2019efficacit\u00e9 \u00e9nerg\u00e9tique - Contr\u00f4le f\u00e9d\u00e9ral des finances (CDF)","description":"Appels d\u2019offres publics pour les mesures d\u2019efficacit\u00e9 \u00e9nerg\u00e9tique","robots":{"index":"index","follow":"follow","max-snippet":"max-snippet:-1","max-image-preview":"max-image-preview:large","max-video-preview":"max-video-preview:-1"},"canonical":"https:\/\/www.efk.admin.ch\/fr\/audit\/appels-doffres-publics-pour-les-mesures-defficacite-energetique-office-federal-de-lenergie\/","og_locale":"fr_FR","og_type":"article","og_title":"Appels d\u2019offres publics pour les mesures d\u2019efficacit\u00e9 \u00e9nerg\u00e9tique","og_description":"Appels d\u2019offres publics pour les mesures d\u2019efficacit\u00e9 \u00e9nerg\u00e9tique","og_url":"https:\/\/www.efk.admin.ch\/fr\/audit\/appels-doffres-publics-pour-les-mesures-defficacite-energetique-office-federal-de-lenergie\/","og_site_name":"Contr\u00f4le f\u00e9d\u00e9ral des finances (CDF)","article_modified_time":"2024-03-21T16:26:49+00:00","og_image":[{"width":750,"height":500,"url":"https:\/\/www.efk.admin.ch\/wp-content\/uploads\/test\/palais.jpg","type":"image\/jpeg"}],"twitter_card":"summary_large_image","twitter_misc":{"Dur\u00e9e de lecture estim\u00e9e":"1 minute"},"schema":{"@context":"https:\/\/schema.org","@graph":[{"@type":"WebPage","@id":"https:\/\/www.efk.admin.ch\/fr\/audit\/appels-doffres-publics-pour-les-mesures-defficacite-energetique-office-federal-de-lenergie\/","url":"https:\/\/www.efk.admin.ch\/fr\/audit\/appels-doffres-publics-pour-les-mesures-defficacite-energetique-office-federal-de-lenergie\/","name":"Appels d\u2019offres publics pour les mesures d\u2019efficacit\u00e9 \u00e9nerg\u00e9tique - Contr\u00f4le f\u00e9d\u00e9ral des finances (CDF)","isPartOf":{"@id":"https:\/\/www.efk.admin.ch\/fr\/#website"},"datePublished":"2024-01-17T15:36:29+00:00","dateModified":"2024-03-21T16:26:49+00:00","description":"Appels d\u2019offres publics pour les mesures d\u2019efficacit\u00e9 \u00e9nerg\u00e9tique","breadcrumb":{"@id":"https:\/\/www.efk.admin.ch\/fr\/audit\/appels-doffres-publics-pour-les-mesures-defficacite-energetique-office-federal-de-lenergie\/#breadcrumb"},"inLanguage":"fr-FR","potentialAction":[{"@type":"ReadAction","target":["https:\/\/www.efk.admin.ch\/fr\/audit\/appels-doffres-publics-pour-les-mesures-defficacite-energetique-office-federal-de-lenergie\/"]}]},{"@type":"BreadcrumbList","@id":"https:\/\/www.efk.admin.ch\/fr\/audit\/appels-doffres-publics-pour-les-mesures-defficacite-energetique-office-federal-de-lenergie\/#breadcrumb","itemListElement":[{"@type":"ListItem","position":1,"name":"Home","item":"https:\/\/www.efk.admin.ch\/fr\/"},{"@type":"ListItem","position":2,"name":"Rapport","item":"https:\/\/www.efk.admin.ch\/fr\/audit\/"},{"@type":"ListItem","position":3,"name":"Appels d\u2019offres publics pour les mesures d\u2019efficacit\u00e9 \u00e9nerg\u00e9tique"}]},{"@type":"WebSite","@id":"https:\/\/www.efk.admin.ch\/fr\/#website","url":"https:\/\/www.efk.admin.ch\/fr\/","name":"Informationen \u00fcber das oberste Finanzaufsichtsorgan der Schweiz","description":"Le Contr\u00f4le f\u00e9d\u00e9ral des finances (CDF) est l'organe supr\u00eame de surveillance financi\u00e8re de la Conf\u00e9d\u00e9ration suisse.","publisher":{"@id":"https:\/\/www.efk.admin.ch\/fr\/#organization"},"alternateName":"EFK","potentialAction":[{"@type":"SearchAction","target":{"@type":"EntryPoint","urlTemplate":"https:\/\/www.efk.admin.ch\/fr\/?s={search_term_string}"},"query-input":{"@type":"PropertyValueSpecification","valueRequired":true,"valueName":"search_term_string"}}],"inLanguage":"fr-FR"},{"@type":"Organization","@id":"https:\/\/www.efk.admin.ch\/fr\/#organization","name":"Contr\u00f4le f\u00e9d\u00e9ral des finances (CDF)","alternateName":"EFK","url":"https:\/\/www.efk.admin.ch\/fr\/","logo":{"@type":"ImageObject","inLanguage":"fr-FR","@id":"https:\/\/www.efk.admin.ch\/fr\/#\/schema\/logo\/image\/","url":"https:\/\/www.efk.admin.ch\/wp-content\/uploads\/efk_cdf_logo_ohne_claim.png","contentUrl":"https:\/\/www.efk.admin.ch\/wp-content\/uploads\/efk_cdf_logo_ohne_claim.png","width":268,"height":258,"caption":"Contr\u00f4le f\u00e9d\u00e9ral des finances (CDF)"},"image":{"@id":"https:\/\/www.efk.admin.ch\/fr\/#\/schema\/logo\/image\/"},"sameAs":["https:\/\/www.instagram.com\/efk_cdf_sfao\/","https:\/\/www.youtube.com\/channel\/UCm-bXj227VE5sJzhB-ihdvw\/featured","https:\/\/www.linkedin.com\/company\/11081578\/"]}]}},"_links":{"self":[{"href":"https:\/\/www.efk.admin.ch\/fr\/wp-json\/wp\/v2\/audit\/5993","targetHints":{"allow":["GET"]}}],"collection":[{"href":"https:\/\/www.efk.admin.ch\/fr\/wp-json\/wp\/v2\/audit"}],"about":[{"href":"https:\/\/www.efk.admin.ch\/fr\/wp-json\/wp\/v2\/types\/audit"}],"acf:post":[{"embeddable":true,"href":"https:\/\/www.efk.admin.ch\/fr\/wp-json\/wp\/v2\/office\/7958"}],"wp:attachment":[{"href":"https:\/\/www.efk.admin.ch\/fr\/wp-json\/wp\/v2\/media?parent=5993"}],"wp:term":[{"taxonomy":"audit_category","embeddable":true,"href":"https:\/\/www.efk.admin.ch\/fr\/wp-json\/wp\/v2\/audit_category?post=5993"},{"taxonomy":"audit_type","embeddable":true,"href":"https:\/\/www.efk.admin.ch\/fr\/wp-json\/wp\/v2\/audit_type?post=5993"}],"curies":[{"name":"wp","href":"https:\/\/api.w.org\/{rel}","templated":true}]}}