{"id":5965,"date":"2024-01-17T16:36:24","date_gmt":"2024-01-17T15:36:24","guid":{"rendered":"https:\/\/preview.efk.admin.ch\/prufung\/subvention-pour-le-controle-du-lait-office-federal-de-la-securite-alimentaire-et-des-affaires-veterinaires\/"},"modified":"2024-02-21T10:53:15","modified_gmt":"2024-02-21T09:53:15","slug":"subvention-pour-le-controle-du-lait-office-federal-de-la-securite-alimentaire-et-des-affaires-veterinaires","status":"publish","type":"audit","link":"https:\/\/www.efk.admin.ch\/fr\/audit\/subvention-pour-le-controle-du-lait-office-federal-de-la-securite-alimentaire-et-des-affaires-veterinaires\/","title":{"rendered":"Subvention pour le contr\u00f4le du lait"},"content":{"rendered":"\n<p>Les organisations nationales de producteurs et d\u2019utilisateurs de lait mandatent le laboratoire Suisselab SA pour le contr\u00f4le qualit\u00e9 du lait. Ce dernier r\u00e9alise des contr\u00f4les par \u00e9chantillon deux fois par mois dans pr\u00e8s de 20 000 exploitations. Une partie des tests repose sur les prescriptions de la Conf\u00e9d\u00e9ration. Ces contr\u00f4les du lait de droit public sont subventionn\u00e9s par l\u2019Office f\u00e9d\u00e9ral de la s\u00e9curit\u00e9 alimentaire et des affaires v\u00e9t\u00e9rinaires (OSAV).<\/p>\n","protected":false},"featured_media":0,"menu_order":0,"template":"","audit_category":[88],"audit_type":[52],"class_list":["post-5965","audit","type-audit","status-publish","hentry","audit_category-economie-et-agriculture","audit_type-audit-fr"],"acf":{"audit_lang":[{"lang":"f"}],"audit_numbers":[{"audit_number":"19503"}],"audit_office":7905,"audit_office_text":"","audit_date":"20200224","bgo":false,"keywords":"Les organisations nationales de producteurs et d\u2019utilisateurs de lait, laboratoire Suisselab SA, contr\u00f4le qualit\u00e9, tests, subventionn\u00e9s","audit_office_local":""},"yoast_head":"<!-- This site is optimized with the Yoast SEO Premium plugin v27.4 (Yoast SEO v27.4) - https:\/\/yoast.com\/product\/yoast-seo-premium-wordpress\/ -->\n<title>Subvention pour le contr\u00f4le du lait - Contr\u00f4le f\u00e9d\u00e9ral des finances (CDF)<\/title>\n<meta name=\"description\" content=\"Subvention pour le contr\u00f4le du lait\" \/>\n<meta name=\"robots\" content=\"index, follow, max-snippet:-1, max-image-preview:large, max-video-preview:-1\" \/>\n<link rel=\"canonical\" href=\"https:\/\/www.efk.admin.ch\/fr\/audit\/subvention-pour-le-controle-du-lait-office-federal-de-la-securite-alimentaire-et-des-affaires-veterinaires\/\" \/>\n<meta property=\"og:locale\" content=\"fr_FR\" \/>\n<meta property=\"og:type\" content=\"article\" \/>\n<meta property=\"og:title\" content=\"Subvention pour le contr\u00f4le du lait\" \/>\n<meta property=\"og:description\" content=\"Subvention pour le contr\u00f4le du lait\" \/>\n<meta property=\"og:url\" content=\"https:\/\/www.efk.admin.ch\/fr\/audit\/subvention-pour-le-controle-du-lait-office-federal-de-la-securite-alimentaire-et-des-affaires-veterinaires\/\" \/>\n<meta property=\"og:site_name\" content=\"Contr\u00f4le f\u00e9d\u00e9ral des finances (CDF)\" \/>\n<meta property=\"article:modified_time\" content=\"2024-02-21T09:53:15+00:00\" \/>\n<meta property=\"og:image\" content=\"https:\/\/www.efk.admin.ch\/wp-content\/uploads\/test\/palais.jpg\" \/>\n\t<meta property=\"og:image:width\" content=\"750\" \/>\n\t<meta property=\"og:image:height\" content=\"500\" \/>\n\t<meta property=\"og:image:type\" content=\"image\/jpeg\" \/>\n<meta name=\"twitter:card\" content=\"summary_large_image\" \/>\n<script type=\"application\/ld+json\" class=\"yoast-schema-graph\">{\"@context\":\"https:\\\/\\\/schema.org\",\"@graph\":[{\"@type\":\"WebPage\",\"@id\":\"https:\\\/\\\/www.efk.admin.ch\\\/fr\\\/audit\\\/subvention-pour-le-controle-du-lait-office-federal-de-la-securite-alimentaire-et-des-affaires-veterinaires\\\/\",\"url\":\"https:\\\/\\\/www.efk.admin.ch\\\/fr\\\/audit\\\/subvention-pour-le-controle-du-lait-office-federal-de-la-securite-alimentaire-et-des-affaires-veterinaires\\\/\",\"name\":\"Subvention pour le contr\u00f4le du lait - Contr\u00f4le f\u00e9d\u00e9ral des finances (CDF)\",\"isPartOf\":{\"@id\":\"https:\\\/\\\/www.efk.admin.ch\\\/fr\\\/#website\"},\"datePublished\":\"2024-01-17T15:36:24+00:00\",\"dateModified\":\"2024-02-21T09:53:15+00:00\",\"description\":\"Subvention pour le contr\u00f4le du lait\",\"breadcrumb\":{\"@id\":\"https:\\\/\\\/www.efk.admin.ch\\\/fr\\\/audit\\\/subvention-pour-le-controle-du-lait-office-federal-de-la-securite-alimentaire-et-des-affaires-veterinaires\\\/#breadcrumb\"},\"inLanguage\":\"fr-FR\",\"potentialAction\":[{\"@type\":\"ReadAction\",\"target\":[\"https:\\\/\\\/www.efk.admin.ch\\\/fr\\\/audit\\\/subvention-pour-le-controle-du-lait-office-federal-de-la-securite-alimentaire-et-des-affaires-veterinaires\\\/\"]}]},{\"@type\":\"BreadcrumbList\",\"@id\":\"https:\\\/\\\/www.efk.admin.ch\\\/fr\\\/audit\\\/subvention-pour-le-controle-du-lait-office-federal-de-la-securite-alimentaire-et-des-affaires-veterinaires\\\/#breadcrumb\",\"itemListElement\":[{\"@type\":\"ListItem\",\"position\":1,\"name\":\"Home\",\"item\":\"https:\\\/\\\/www.efk.admin.ch\\\/fr\\\/\"},{\"@type\":\"ListItem\",\"position\":2,\"name\":\"Rapport\",\"item\":\"https:\\\/\\\/www.efk.admin.ch\\\/fr\\\/audit\\\/\"},{\"@type\":\"ListItem\",\"position\":3,\"name\":\"Subvention pour le contr\u00f4le du lait\"}]},{\"@type\":\"WebSite\",\"@id\":\"https:\\\/\\\/www.efk.admin.ch\\\/fr\\\/#website\",\"url\":\"https:\\\/\\\/www.efk.admin.ch\\\/fr\\\/\",\"name\":\"Informationen \u00fcber das oberste Finanzaufsichtsorgan der Schweiz\",\"description\":\"Le Contr\u00f4le f\u00e9d\u00e9ral des finances (CDF) est l'organe supr\u00eame de surveillance financi\u00e8re de la Conf\u00e9d\u00e9ration suisse.\",\"publisher\":{\"@id\":\"https:\\\/\\\/www.efk.admin.ch\\\/fr\\\/#organization\"},\"alternateName\":\"EFK\",\"potentialAction\":[{\"@type\":\"SearchAction\",\"target\":{\"@type\":\"EntryPoint\",\"urlTemplate\":\"https:\\\/\\\/www.efk.admin.ch\\\/fr\\\/?s={search_term_string}\"},\"query-input\":{\"@type\":\"PropertyValueSpecification\",\"valueRequired\":true,\"valueName\":\"search_term_string\"}}],\"inLanguage\":\"fr-FR\"},{\"@type\":\"Organization\",\"@id\":\"https:\\\/\\\/www.efk.admin.ch\\\/fr\\\/#organization\",\"name\":\"Contr\u00f4le f\u00e9d\u00e9ral des finances (CDF)\",\"alternateName\":\"EFK\",\"url\":\"https:\\\/\\\/www.efk.admin.ch\\\/fr\\\/\",\"logo\":{\"@type\":\"ImageObject\",\"inLanguage\":\"fr-FR\",\"@id\":\"https:\\\/\\\/www.efk.admin.ch\\\/fr\\\/#\\\/schema\\\/logo\\\/image\\\/\",\"url\":\"https:\\\/\\\/www.efk.admin.ch\\\/wp-content\\\/uploads\\\/efk_cdf_logo_ohne_claim.png\",\"contentUrl\":\"https:\\\/\\\/www.efk.admin.ch\\\/wp-content\\\/uploads\\\/efk_cdf_logo_ohne_claim.png\",\"width\":268,\"height\":258,\"caption\":\"Contr\u00f4le f\u00e9d\u00e9ral des finances (CDF)\"},\"image\":{\"@id\":\"https:\\\/\\\/www.efk.admin.ch\\\/fr\\\/#\\\/schema\\\/logo\\\/image\\\/\"},\"sameAs\":[\"https:\\\/\\\/www.instagram.com\\\/efk_cdf_sfao\\\/\",\"https:\\\/\\\/www.youtube.com\\\/channel\\\/UCm-bXj227VE5sJzhB-ihdvw\\\/featured\",\"https:\\\/\\\/www.linkedin.com\\\/company\\\/11081578\\\/\"]}]}<\/script>\n<!-- \/ Yoast SEO Premium plugin. -->","yoast_head_json":{"title":"Subvention pour le contr\u00f4le du lait - Contr\u00f4le f\u00e9d\u00e9ral des finances (CDF)","description":"Subvention pour le contr\u00f4le du lait","robots":{"index":"index","follow":"follow","max-snippet":"max-snippet:-1","max-image-preview":"max-image-preview:large","max-video-preview":"max-video-preview:-1"},"canonical":"https:\/\/www.efk.admin.ch\/fr\/audit\/subvention-pour-le-controle-du-lait-office-federal-de-la-securite-alimentaire-et-des-affaires-veterinaires\/","og_locale":"fr_FR","og_type":"article","og_title":"Subvention pour le contr\u00f4le du lait","og_description":"Subvention pour le contr\u00f4le du lait","og_url":"https:\/\/www.efk.admin.ch\/fr\/audit\/subvention-pour-le-controle-du-lait-office-federal-de-la-securite-alimentaire-et-des-affaires-veterinaires\/","og_site_name":"Contr\u00f4le f\u00e9d\u00e9ral des finances (CDF)","article_modified_time":"2024-02-21T09:53:15+00:00","og_image":[{"width":750,"height":500,"url":"https:\/\/www.efk.admin.ch\/wp-content\/uploads\/test\/palais.jpg","type":"image\/jpeg"}],"twitter_card":"summary_large_image","schema":{"@context":"https:\/\/schema.org","@graph":[{"@type":"WebPage","@id":"https:\/\/www.efk.admin.ch\/fr\/audit\/subvention-pour-le-controle-du-lait-office-federal-de-la-securite-alimentaire-et-des-affaires-veterinaires\/","url":"https:\/\/www.efk.admin.ch\/fr\/audit\/subvention-pour-le-controle-du-lait-office-federal-de-la-securite-alimentaire-et-des-affaires-veterinaires\/","name":"Subvention pour le contr\u00f4le du lait - Contr\u00f4le f\u00e9d\u00e9ral des finances (CDF)","isPartOf":{"@id":"https:\/\/www.efk.admin.ch\/fr\/#website"},"datePublished":"2024-01-17T15:36:24+00:00","dateModified":"2024-02-21T09:53:15+00:00","description":"Subvention pour le contr\u00f4le du lait","breadcrumb":{"@id":"https:\/\/www.efk.admin.ch\/fr\/audit\/subvention-pour-le-controle-du-lait-office-federal-de-la-securite-alimentaire-et-des-affaires-veterinaires\/#breadcrumb"},"inLanguage":"fr-FR","potentialAction":[{"@type":"ReadAction","target":["https:\/\/www.efk.admin.ch\/fr\/audit\/subvention-pour-le-controle-du-lait-office-federal-de-la-securite-alimentaire-et-des-affaires-veterinaires\/"]}]},{"@type":"BreadcrumbList","@id":"https:\/\/www.efk.admin.ch\/fr\/audit\/subvention-pour-le-controle-du-lait-office-federal-de-la-securite-alimentaire-et-des-affaires-veterinaires\/#breadcrumb","itemListElement":[{"@type":"ListItem","position":1,"name":"Home","item":"https:\/\/www.efk.admin.ch\/fr\/"},{"@type":"ListItem","position":2,"name":"Rapport","item":"https:\/\/www.efk.admin.ch\/fr\/audit\/"},{"@type":"ListItem","position":3,"name":"Subvention pour le contr\u00f4le du lait"}]},{"@type":"WebSite","@id":"https:\/\/www.efk.admin.ch\/fr\/#website","url":"https:\/\/www.efk.admin.ch\/fr\/","name":"Informationen \u00fcber das oberste Finanzaufsichtsorgan der Schweiz","description":"Le Contr\u00f4le f\u00e9d\u00e9ral des finances (CDF) est l'organe supr\u00eame de surveillance financi\u00e8re de la Conf\u00e9d\u00e9ration suisse.","publisher":{"@id":"https:\/\/www.efk.admin.ch\/fr\/#organization"},"alternateName":"EFK","potentialAction":[{"@type":"SearchAction","target":{"@type":"EntryPoint","urlTemplate":"https:\/\/www.efk.admin.ch\/fr\/?s={search_term_string}"},"query-input":{"@type":"PropertyValueSpecification","valueRequired":true,"valueName":"search_term_string"}}],"inLanguage":"fr-FR"},{"@type":"Organization","@id":"https:\/\/www.efk.admin.ch\/fr\/#organization","name":"Contr\u00f4le f\u00e9d\u00e9ral des finances (CDF)","alternateName":"EFK","url":"https:\/\/www.efk.admin.ch\/fr\/","logo":{"@type":"ImageObject","inLanguage":"fr-FR","@id":"https:\/\/www.efk.admin.ch\/fr\/#\/schema\/logo\/image\/","url":"https:\/\/www.efk.admin.ch\/wp-content\/uploads\/efk_cdf_logo_ohne_claim.png","contentUrl":"https:\/\/www.efk.admin.ch\/wp-content\/uploads\/efk_cdf_logo_ohne_claim.png","width":268,"height":258,"caption":"Contr\u00f4le f\u00e9d\u00e9ral des finances (CDF)"},"image":{"@id":"https:\/\/www.efk.admin.ch\/fr\/#\/schema\/logo\/image\/"},"sameAs":["https:\/\/www.instagram.com\/efk_cdf_sfao\/","https:\/\/www.youtube.com\/channel\/UCm-bXj227VE5sJzhB-ihdvw\/featured","https:\/\/www.linkedin.com\/company\/11081578\/"]}]}},"_links":{"self":[{"href":"https:\/\/www.efk.admin.ch\/fr\/wp-json\/wp\/v2\/audit\/5965","targetHints":{"allow":["GET"]}}],"collection":[{"href":"https:\/\/www.efk.admin.ch\/fr\/wp-json\/wp\/v2\/audit"}],"about":[{"href":"https:\/\/www.efk.admin.ch\/fr\/wp-json\/wp\/v2\/types\/audit"}],"acf:post":[{"embeddable":true,"href":"https:\/\/www.efk.admin.ch\/fr\/wp-json\/wp\/v2\/office\/7905"}],"wp:attachment":[{"href":"https:\/\/www.efk.admin.ch\/fr\/wp-json\/wp\/v2\/media?parent=5965"}],"wp:term":[{"taxonomy":"audit_category","embeddable":true,"href":"https:\/\/www.efk.admin.ch\/fr\/wp-json\/wp\/v2\/audit_category?post=5965"},{"taxonomy":"audit_type","embeddable":true,"href":"https:\/\/www.efk.admin.ch\/fr\/wp-json\/wp\/v2\/audit_type?post=5965"}],"curies":[{"name":"wp","href":"https:\/\/api.w.org\/{rel}","templated":true}]}}