{"id":5963,"date":"2024-01-17T16:36:24","date_gmt":"2024-01-17T15:36:24","guid":{"rendered":"https:\/\/preview.efk.admin.ch\/prufung\/message-concernant-les-programmes-superb-et-systemes-erp-d-ar-a-lintention-des-deux-commissions-des-finances\/"},"modified":"2024-12-19T11:14:29","modified_gmt":"2024-12-19T10:14:29","slug":"message-concernant-les-programmes-superb-et-systemes-erp-d-ar-a-lintention-des-deux-commissions-des-finances","status":"publish","type":"audit","link":"https:\/\/www.efk.admin.ch\/fr\/audit\/message-concernant-les-programmes-superb-et-systemes-erp-d-ar-a-lintention-des-deux-commissions-des-finances\/","title":{"rendered":"Message concernant les programmes \u00abSUPERB\u00bb et \u00abSyst\u00e8mes ERP D\/ar\u00bb \u00e0 l&#8217;intention des deux commissions des finances"},"content":{"rendered":"\n<p>L&#8217;environnement SAP utilis\u00e9 actuellement au sein de l&#8217;administration f\u00e9d\u00e9rale ne sera plus pris en charge par son \u00e9diteur \u00e0 la fin 2025. Le remplacement d&#8217;ici \u00e0 cette date de tous les syst\u00e8mes ERP SAP existants est indispensable et sera mis en \u0153uvre dans le cadre des programmes SUPERB et Syst\u00e8mes ERP D\/ar. La standardisation et la centralisation de la gestion des donn\u00e9es de base pour les partenaires commerciaux constituent les conditions pr\u00e9alables minimales \u00e0 la migration vers la nouvelle architecture des syst\u00e8mes SAP S\/4HANA. Toute l&#8217;administration f\u00e9d\u00e9rale doit de ce fait adapter ou migrer la plupart des processus op\u00e9rationnels et des applications concern\u00e9es.<\/p>\n","protected":false},"featured_media":0,"menu_order":0,"template":"","audit_category":[79],"audit_type":[225],"class_list":["post-5963","audit","type-audit","status-publish","hentry","audit_category-projets-informatiques","audit_type-diverses"],"acf":{"audit_lang":[{"lang":"d"},{"lang":"f"}],"audit_numbers":[{"audit_number":"19445"}],"audit_office":"","audit_office_text":"","audit_date":"20200228","bgo":false,"keywords":"2025,  l'administration f\u00e9d\u00e9rale, L'environnement SAP, migration, architecture des syst\u00e8mes, SAP S\/4HANA,  processus op\u00e9rationnels et des applications","audit_office_local":""},"yoast_head":"<!-- This site is optimized with the Yoast SEO Premium plugin v27.4 (Yoast SEO v27.4) - https:\/\/yoast.com\/product\/yoast-seo-premium-wordpress\/ -->\n<title>Message concernant les programmes \u00abSUPERB\u00bb et \u00abSyst\u00e8mes ERP D\/ar\u00bb \u00e0 l&#039;intention des deux commissions des finances - Contr\u00f4le f\u00e9d\u00e9ral des finances (CDF)<\/title>\n<meta name=\"description\" content=\"Message concernant les programmes \u00abSUPERB\u00bb et \u00abSyst\u00e8mes ERP D\/ar\u00bb \u00e0 l&#039;intention des deux commissions des finances\" \/>\n<meta name=\"robots\" content=\"index, follow, max-snippet:-1, max-image-preview:large, max-video-preview:-1\" \/>\n<link rel=\"canonical\" href=\"https:\/\/www.efk.admin.ch\/fr\/audit\/message-concernant-les-programmes-superb-et-systemes-erp-d-ar-a-lintention-des-deux-commissions-des-finances\/\" \/>\n<meta property=\"og:locale\" content=\"fr_FR\" \/>\n<meta property=\"og:type\" content=\"article\" \/>\n<meta property=\"og:title\" content=\"Message concernant les programmes \u00abSUPERB\u00bb et \u00abSyst\u00e8mes ERP D\/ar\u00bb \u00e0 l&#039;intention des deux commissions des finances\" \/>\n<meta property=\"og:description\" content=\"Message concernant les programmes \u00abSUPERB\u00bb et \u00abSyst\u00e8mes ERP D\/ar\u00bb \u00e0 l&#039;intention des deux commissions des finances\" \/>\n<meta property=\"og:url\" content=\"https:\/\/www.efk.admin.ch\/fr\/audit\/message-concernant-les-programmes-superb-et-systemes-erp-d-ar-a-lintention-des-deux-commissions-des-finances\/\" \/>\n<meta property=\"og:site_name\" content=\"Contr\u00f4le f\u00e9d\u00e9ral des finances (CDF)\" \/>\n<meta property=\"article:modified_time\" content=\"2024-12-19T10:14:29+00:00\" \/>\n<meta property=\"og:image\" content=\"https:\/\/www.efk.admin.ch\/wp-content\/uploads\/test\/palais.jpg\" \/>\n\t<meta property=\"og:image:width\" content=\"750\" \/>\n\t<meta property=\"og:image:height\" content=\"500\" \/>\n\t<meta property=\"og:image:type\" content=\"image\/jpeg\" \/>\n<meta name=\"twitter:card\" content=\"summary_large_image\" \/>\n<meta name=\"twitter:label1\" content=\"Dur\u00e9e de lecture estim\u00e9e\" \/>\n\t<meta name=\"twitter:data1\" content=\"1 minute\" \/>\n<script type=\"application\/ld+json\" class=\"yoast-schema-graph\">{\"@context\":\"https:\\\/\\\/schema.org\",\"@graph\":[{\"@type\":\"WebPage\",\"@id\":\"https:\\\/\\\/www.efk.admin.ch\\\/fr\\\/audit\\\/message-concernant-les-programmes-superb-et-systemes-erp-d-ar-a-lintention-des-deux-commissions-des-finances\\\/\",\"url\":\"https:\\\/\\\/www.efk.admin.ch\\\/fr\\\/audit\\\/message-concernant-les-programmes-superb-et-systemes-erp-d-ar-a-lintention-des-deux-commissions-des-finances\\\/\",\"name\":\"Message concernant les programmes \u00abSUPERB\u00bb et \u00abSyst\u00e8mes ERP D\\\/ar\u00bb \u00e0 l'intention des deux commissions des finances - Contr\u00f4le f\u00e9d\u00e9ral des finances (CDF)\",\"isPartOf\":{\"@id\":\"https:\\\/\\\/www.efk.admin.ch\\\/fr\\\/#website\"},\"datePublished\":\"2024-01-17T15:36:24+00:00\",\"dateModified\":\"2024-12-19T10:14:29+00:00\",\"description\":\"Message concernant les programmes \u00abSUPERB\u00bb et \u00abSyst\u00e8mes ERP D\\\/ar\u00bb \u00e0 l'intention des deux commissions des finances\",\"breadcrumb\":{\"@id\":\"https:\\\/\\\/www.efk.admin.ch\\\/fr\\\/audit\\\/message-concernant-les-programmes-superb-et-systemes-erp-d-ar-a-lintention-des-deux-commissions-des-finances\\\/#breadcrumb\"},\"inLanguage\":\"fr-FR\",\"potentialAction\":[{\"@type\":\"ReadAction\",\"target\":[\"https:\\\/\\\/www.efk.admin.ch\\\/fr\\\/audit\\\/message-concernant-les-programmes-superb-et-systemes-erp-d-ar-a-lintention-des-deux-commissions-des-finances\\\/\"]}]},{\"@type\":\"BreadcrumbList\",\"@id\":\"https:\\\/\\\/www.efk.admin.ch\\\/fr\\\/audit\\\/message-concernant-les-programmes-superb-et-systemes-erp-d-ar-a-lintention-des-deux-commissions-des-finances\\\/#breadcrumb\",\"itemListElement\":[{\"@type\":\"ListItem\",\"position\":1,\"name\":\"Home\",\"item\":\"https:\\\/\\\/www.efk.admin.ch\\\/fr\\\/\"},{\"@type\":\"ListItem\",\"position\":2,\"name\":\"Rapport\",\"item\":\"https:\\\/\\\/www.efk.admin.ch\\\/fr\\\/audit\\\/\"},{\"@type\":\"ListItem\",\"position\":3,\"name\":\"Message concernant les programmes \u00abSUPERB\u00bb et \u00abSyst\u00e8mes ERP D\\\/ar\u00bb \u00e0 l&#8217;intention des deux commissions des finances\"}]},{\"@type\":\"WebSite\",\"@id\":\"https:\\\/\\\/www.efk.admin.ch\\\/fr\\\/#website\",\"url\":\"https:\\\/\\\/www.efk.admin.ch\\\/fr\\\/\",\"name\":\"Informationen \u00fcber das oberste Finanzaufsichtsorgan der Schweiz\",\"description\":\"Le Contr\u00f4le f\u00e9d\u00e9ral des finances (CDF) est l'organe supr\u00eame de surveillance financi\u00e8re de la Conf\u00e9d\u00e9ration suisse.\",\"publisher\":{\"@id\":\"https:\\\/\\\/www.efk.admin.ch\\\/fr\\\/#organization\"},\"alternateName\":\"EFK\",\"potentialAction\":[{\"@type\":\"SearchAction\",\"target\":{\"@type\":\"EntryPoint\",\"urlTemplate\":\"https:\\\/\\\/www.efk.admin.ch\\\/fr\\\/?s={search_term_string}\"},\"query-input\":{\"@type\":\"PropertyValueSpecification\",\"valueRequired\":true,\"valueName\":\"search_term_string\"}}],\"inLanguage\":\"fr-FR\"},{\"@type\":\"Organization\",\"@id\":\"https:\\\/\\\/www.efk.admin.ch\\\/fr\\\/#organization\",\"name\":\"Contr\u00f4le f\u00e9d\u00e9ral des finances (CDF)\",\"alternateName\":\"EFK\",\"url\":\"https:\\\/\\\/www.efk.admin.ch\\\/fr\\\/\",\"logo\":{\"@type\":\"ImageObject\",\"inLanguage\":\"fr-FR\",\"@id\":\"https:\\\/\\\/www.efk.admin.ch\\\/fr\\\/#\\\/schema\\\/logo\\\/image\\\/\",\"url\":\"https:\\\/\\\/www.efk.admin.ch\\\/wp-content\\\/uploads\\\/efk_cdf_logo_ohne_claim.png\",\"contentUrl\":\"https:\\\/\\\/www.efk.admin.ch\\\/wp-content\\\/uploads\\\/efk_cdf_logo_ohne_claim.png\",\"width\":268,\"height\":258,\"caption\":\"Contr\u00f4le f\u00e9d\u00e9ral des finances (CDF)\"},\"image\":{\"@id\":\"https:\\\/\\\/www.efk.admin.ch\\\/fr\\\/#\\\/schema\\\/logo\\\/image\\\/\"},\"sameAs\":[\"https:\\\/\\\/www.instagram.com\\\/efk_cdf_sfao\\\/\",\"https:\\\/\\\/www.youtube.com\\\/channel\\\/UCm-bXj227VE5sJzhB-ihdvw\\\/featured\",\"https:\\\/\\\/www.linkedin.com\\\/company\\\/11081578\\\/\"]}]}<\/script>\n<!-- \/ Yoast SEO Premium plugin. -->","yoast_head_json":{"title":"Message concernant les programmes \u00abSUPERB\u00bb et \u00abSyst\u00e8mes ERP D\/ar\u00bb \u00e0 l'intention des deux commissions des finances - Contr\u00f4le f\u00e9d\u00e9ral des finances (CDF)","description":"Message concernant les programmes \u00abSUPERB\u00bb et \u00abSyst\u00e8mes ERP D\/ar\u00bb \u00e0 l'intention des deux commissions des finances","robots":{"index":"index","follow":"follow","max-snippet":"max-snippet:-1","max-image-preview":"max-image-preview:large","max-video-preview":"max-video-preview:-1"},"canonical":"https:\/\/www.efk.admin.ch\/fr\/audit\/message-concernant-les-programmes-superb-et-systemes-erp-d-ar-a-lintention-des-deux-commissions-des-finances\/","og_locale":"fr_FR","og_type":"article","og_title":"Message concernant les programmes \u00abSUPERB\u00bb et \u00abSyst\u00e8mes ERP D\/ar\u00bb \u00e0 l'intention des deux commissions des finances","og_description":"Message concernant les programmes \u00abSUPERB\u00bb et \u00abSyst\u00e8mes ERP D\/ar\u00bb \u00e0 l'intention des deux commissions des finances","og_url":"https:\/\/www.efk.admin.ch\/fr\/audit\/message-concernant-les-programmes-superb-et-systemes-erp-d-ar-a-lintention-des-deux-commissions-des-finances\/","og_site_name":"Contr\u00f4le f\u00e9d\u00e9ral des finances (CDF)","article_modified_time":"2024-12-19T10:14:29+00:00","og_image":[{"width":750,"height":500,"url":"https:\/\/www.efk.admin.ch\/wp-content\/uploads\/test\/palais.jpg","type":"image\/jpeg"}],"twitter_card":"summary_large_image","twitter_misc":{"Dur\u00e9e de lecture estim\u00e9e":"1 minute"},"schema":{"@context":"https:\/\/schema.org","@graph":[{"@type":"WebPage","@id":"https:\/\/www.efk.admin.ch\/fr\/audit\/message-concernant-les-programmes-superb-et-systemes-erp-d-ar-a-lintention-des-deux-commissions-des-finances\/","url":"https:\/\/www.efk.admin.ch\/fr\/audit\/message-concernant-les-programmes-superb-et-systemes-erp-d-ar-a-lintention-des-deux-commissions-des-finances\/","name":"Message concernant les programmes \u00abSUPERB\u00bb et \u00abSyst\u00e8mes ERP D\/ar\u00bb \u00e0 l'intention des deux commissions des finances - Contr\u00f4le f\u00e9d\u00e9ral des finances (CDF)","isPartOf":{"@id":"https:\/\/www.efk.admin.ch\/fr\/#website"},"datePublished":"2024-01-17T15:36:24+00:00","dateModified":"2024-12-19T10:14:29+00:00","description":"Message concernant les programmes \u00abSUPERB\u00bb et \u00abSyst\u00e8mes ERP D\/ar\u00bb \u00e0 l'intention des deux commissions des finances","breadcrumb":{"@id":"https:\/\/www.efk.admin.ch\/fr\/audit\/message-concernant-les-programmes-superb-et-systemes-erp-d-ar-a-lintention-des-deux-commissions-des-finances\/#breadcrumb"},"inLanguage":"fr-FR","potentialAction":[{"@type":"ReadAction","target":["https:\/\/www.efk.admin.ch\/fr\/audit\/message-concernant-les-programmes-superb-et-systemes-erp-d-ar-a-lintention-des-deux-commissions-des-finances\/"]}]},{"@type":"BreadcrumbList","@id":"https:\/\/www.efk.admin.ch\/fr\/audit\/message-concernant-les-programmes-superb-et-systemes-erp-d-ar-a-lintention-des-deux-commissions-des-finances\/#breadcrumb","itemListElement":[{"@type":"ListItem","position":1,"name":"Home","item":"https:\/\/www.efk.admin.ch\/fr\/"},{"@type":"ListItem","position":2,"name":"Rapport","item":"https:\/\/www.efk.admin.ch\/fr\/audit\/"},{"@type":"ListItem","position":3,"name":"Message concernant les programmes \u00abSUPERB\u00bb et \u00abSyst\u00e8mes ERP D\/ar\u00bb \u00e0 l&#8217;intention des deux commissions des finances"}]},{"@type":"WebSite","@id":"https:\/\/www.efk.admin.ch\/fr\/#website","url":"https:\/\/www.efk.admin.ch\/fr\/","name":"Informationen \u00fcber das oberste Finanzaufsichtsorgan der Schweiz","description":"Le Contr\u00f4le f\u00e9d\u00e9ral des finances (CDF) est l'organe supr\u00eame de surveillance financi\u00e8re de la Conf\u00e9d\u00e9ration suisse.","publisher":{"@id":"https:\/\/www.efk.admin.ch\/fr\/#organization"},"alternateName":"EFK","potentialAction":[{"@type":"SearchAction","target":{"@type":"EntryPoint","urlTemplate":"https:\/\/www.efk.admin.ch\/fr\/?s={search_term_string}"},"query-input":{"@type":"PropertyValueSpecification","valueRequired":true,"valueName":"search_term_string"}}],"inLanguage":"fr-FR"},{"@type":"Organization","@id":"https:\/\/www.efk.admin.ch\/fr\/#organization","name":"Contr\u00f4le f\u00e9d\u00e9ral des finances (CDF)","alternateName":"EFK","url":"https:\/\/www.efk.admin.ch\/fr\/","logo":{"@type":"ImageObject","inLanguage":"fr-FR","@id":"https:\/\/www.efk.admin.ch\/fr\/#\/schema\/logo\/image\/","url":"https:\/\/www.efk.admin.ch\/wp-content\/uploads\/efk_cdf_logo_ohne_claim.png","contentUrl":"https:\/\/www.efk.admin.ch\/wp-content\/uploads\/efk_cdf_logo_ohne_claim.png","width":268,"height":258,"caption":"Contr\u00f4le f\u00e9d\u00e9ral des finances (CDF)"},"image":{"@id":"https:\/\/www.efk.admin.ch\/fr\/#\/schema\/logo\/image\/"},"sameAs":["https:\/\/www.instagram.com\/efk_cdf_sfao\/","https:\/\/www.youtube.com\/channel\/UCm-bXj227VE5sJzhB-ihdvw\/featured","https:\/\/www.linkedin.com\/company\/11081578\/"]}]}},"_links":{"self":[{"href":"https:\/\/www.efk.admin.ch\/fr\/wp-json\/wp\/v2\/audit\/5963","targetHints":{"allow":["GET"]}}],"collection":[{"href":"https:\/\/www.efk.admin.ch\/fr\/wp-json\/wp\/v2\/audit"}],"about":[{"href":"https:\/\/www.efk.admin.ch\/fr\/wp-json\/wp\/v2\/types\/audit"}],"wp:attachment":[{"href":"https:\/\/www.efk.admin.ch\/fr\/wp-json\/wp\/v2\/media?parent=5963"}],"wp:term":[{"taxonomy":"audit_category","embeddable":true,"href":"https:\/\/www.efk.admin.ch\/fr\/wp-json\/wp\/v2\/audit_category?post=5963"},{"taxonomy":"audit_type","embeddable":true,"href":"https:\/\/www.efk.admin.ch\/fr\/wp-json\/wp\/v2\/audit_type?post=5963"}],"curies":[{"name":"wp","href":"https:\/\/api.w.org\/{rel}","templated":true}]}}