{"id":5961,"date":"2024-01-17T16:36:24","date_gmt":"2024-01-17T15:36:24","guid":{"rendered":"https:\/\/preview.efk.admin.ch\/prufung\/etat-des-installations-sanitaires-protegees-et-coordination-entre-les-services-federaux-etat-major-de-larmee-office-federal-de-la-protection-de-la-population\/"},"modified":"2024-02-23T13:36:15","modified_gmt":"2024-02-23T12:36:15","slug":"etat-des-installations-sanitaires-protegees-et-coordination-entre-les-services-federaux-etat-major-de-larmee-office-federal-de-la-protection-de-la-population","status":"publish","type":"audit","link":"https:\/\/www.efk.admin.ch\/fr\/audit\/etat-des-installations-sanitaires-protegees-et-coordination-entre-les-services-federaux-etat-major-de-larmee-office-federal-de-la-protection-de-la-population\/","title":{"rendered":"Etat des installations sanitaires prot\u00e9g\u00e9es et coordination entre les services f\u00e9d\u00e9raux"},"content":{"rendered":"\n<p>Le Contr\u00f4le f\u00e9d\u00e9ral des finances (CDF) a examin\u00e9 l\u2019\u00e9tat des installations sanitaires prot\u00e9g\u00e9es. Il s\u2019agit d\u2019h\u00f4pitaux et de postes sanitaires souterrains, int\u00e9gr\u00e9s \u00e0 des \u00e9tablissements de soins. Ces installations ont pour objectif de venir en aide \u00e0 la population lors d\u2019un conflit arm\u00e9 ou d\u2019une catastrophe. Hormis Isra\u00ebl, la Suisse est le seul pays \u00e0 disposer de telles infrastructures. Les cantons doivent garantir des places dans ces lieux pour 0,6 % de la population r\u00e9sidante. A fin 2018, \u00e9taient r\u00e9pertori\u00e9s 94 h\u00f4pitaux et 248 postes sanitaires prot\u00e9g\u00e9s.<\/p>\n","protected":false},"featured_media":0,"menu_order":0,"template":"","audit_category":[39],"audit_type":[52],"class_list":["post-5961","audit","type-audit","status-publish","hentry","audit_category-defense-et-armee","audit_type-audit-fr"],"acf":{"audit_lang":[{"lang":"d"},{"lang":"f"}],"audit_numbers":[{"audit_number":"18472"}],"audit_office":[7981,7932],"audit_office_text":"","audit_date":"20200529","bgo":false,"keywords":"d\u2019h\u00f4pitaux et de postes sanitaires souterrains, \u00e9tablissements de soins,  d\u2019un conflit arm\u00e9, catastrophe, infrastructures, cantons","audit_office_local":""},"yoast_head":"<!-- This site is optimized with the Yoast SEO Premium plugin v27.4 (Yoast SEO v27.4) - https:\/\/yoast.com\/product\/yoast-seo-premium-wordpress\/ -->\n<title>Etat des installations sanitaires prot\u00e9g\u00e9es et coordination entre les services f\u00e9d\u00e9raux - Contr\u00f4le f\u00e9d\u00e9ral des finances (CDF)<\/title>\n<meta name=\"description\" content=\"Etat des installations sanitaires prot\u00e9g\u00e9es et coordination entre les services f\u00e9d\u00e9raux\" \/>\n<meta name=\"robots\" content=\"index, follow, max-snippet:-1, max-image-preview:large, max-video-preview:-1\" \/>\n<link rel=\"canonical\" href=\"https:\/\/www.efk.admin.ch\/fr\/audit\/etat-des-installations-sanitaires-protegees-et-coordination-entre-les-services-federaux-etat-major-de-larmee-office-federal-de-la-protection-de-la-population\/\" \/>\n<meta property=\"og:locale\" content=\"fr_FR\" \/>\n<meta property=\"og:type\" content=\"article\" \/>\n<meta property=\"og:title\" content=\"Etat des installations sanitaires prot\u00e9g\u00e9es et coordination entre les services f\u00e9d\u00e9raux\" \/>\n<meta property=\"og:description\" content=\"Etat des installations sanitaires prot\u00e9g\u00e9es et coordination entre les services f\u00e9d\u00e9raux\" \/>\n<meta property=\"og:url\" content=\"https:\/\/www.efk.admin.ch\/fr\/audit\/etat-des-installations-sanitaires-protegees-et-coordination-entre-les-services-federaux-etat-major-de-larmee-office-federal-de-la-protection-de-la-population\/\" \/>\n<meta property=\"og:site_name\" content=\"Contr\u00f4le f\u00e9d\u00e9ral des finances (CDF)\" \/>\n<meta property=\"article:modified_time\" content=\"2024-02-23T12:36:15+00:00\" \/>\n<meta property=\"og:image\" content=\"https:\/\/www.efk.admin.ch\/wp-content\/uploads\/test\/palais.jpg\" \/>\n\t<meta property=\"og:image:width\" content=\"750\" \/>\n\t<meta property=\"og:image:height\" content=\"500\" \/>\n\t<meta property=\"og:image:type\" content=\"image\/jpeg\" \/>\n<meta name=\"twitter:card\" content=\"summary_large_image\" \/>\n<script type=\"application\/ld+json\" class=\"yoast-schema-graph\">{\"@context\":\"https:\\\/\\\/schema.org\",\"@graph\":[{\"@type\":\"WebPage\",\"@id\":\"https:\\\/\\\/www.efk.admin.ch\\\/fr\\\/audit\\\/etat-des-installations-sanitaires-protegees-et-coordination-entre-les-services-federaux-etat-major-de-larmee-office-federal-de-la-protection-de-la-population\\\/\",\"url\":\"https:\\\/\\\/www.efk.admin.ch\\\/fr\\\/audit\\\/etat-des-installations-sanitaires-protegees-et-coordination-entre-les-services-federaux-etat-major-de-larmee-office-federal-de-la-protection-de-la-population\\\/\",\"name\":\"Etat des installations sanitaires prot\u00e9g\u00e9es et coordination entre les services f\u00e9d\u00e9raux - Contr\u00f4le f\u00e9d\u00e9ral des finances (CDF)\",\"isPartOf\":{\"@id\":\"https:\\\/\\\/www.efk.admin.ch\\\/fr\\\/#website\"},\"datePublished\":\"2024-01-17T15:36:24+00:00\",\"dateModified\":\"2024-02-23T12:36:15+00:00\",\"description\":\"Etat des installations sanitaires prot\u00e9g\u00e9es et coordination entre les services f\u00e9d\u00e9raux\",\"breadcrumb\":{\"@id\":\"https:\\\/\\\/www.efk.admin.ch\\\/fr\\\/audit\\\/etat-des-installations-sanitaires-protegees-et-coordination-entre-les-services-federaux-etat-major-de-larmee-office-federal-de-la-protection-de-la-population\\\/#breadcrumb\"},\"inLanguage\":\"fr-FR\",\"potentialAction\":[{\"@type\":\"ReadAction\",\"target\":[\"https:\\\/\\\/www.efk.admin.ch\\\/fr\\\/audit\\\/etat-des-installations-sanitaires-protegees-et-coordination-entre-les-services-federaux-etat-major-de-larmee-office-federal-de-la-protection-de-la-population\\\/\"]}]},{\"@type\":\"BreadcrumbList\",\"@id\":\"https:\\\/\\\/www.efk.admin.ch\\\/fr\\\/audit\\\/etat-des-installations-sanitaires-protegees-et-coordination-entre-les-services-federaux-etat-major-de-larmee-office-federal-de-la-protection-de-la-population\\\/#breadcrumb\",\"itemListElement\":[{\"@type\":\"ListItem\",\"position\":1,\"name\":\"Home\",\"item\":\"https:\\\/\\\/www.efk.admin.ch\\\/fr\\\/\"},{\"@type\":\"ListItem\",\"position\":2,\"name\":\"Rapport\",\"item\":\"https:\\\/\\\/www.efk.admin.ch\\\/fr\\\/audit\\\/\"},{\"@type\":\"ListItem\",\"position\":3,\"name\":\"Etat des installations sanitaires prot\u00e9g\u00e9es et coordination entre les services f\u00e9d\u00e9raux\"}]},{\"@type\":\"WebSite\",\"@id\":\"https:\\\/\\\/www.efk.admin.ch\\\/fr\\\/#website\",\"url\":\"https:\\\/\\\/www.efk.admin.ch\\\/fr\\\/\",\"name\":\"Informationen \u00fcber das oberste Finanzaufsichtsorgan der Schweiz\",\"description\":\"Le Contr\u00f4le f\u00e9d\u00e9ral des finances (CDF) est l'organe supr\u00eame de surveillance financi\u00e8re de la Conf\u00e9d\u00e9ration suisse.\",\"publisher\":{\"@id\":\"https:\\\/\\\/www.efk.admin.ch\\\/fr\\\/#organization\"},\"alternateName\":\"EFK\",\"potentialAction\":[{\"@type\":\"SearchAction\",\"target\":{\"@type\":\"EntryPoint\",\"urlTemplate\":\"https:\\\/\\\/www.efk.admin.ch\\\/fr\\\/?s={search_term_string}\"},\"query-input\":{\"@type\":\"PropertyValueSpecification\",\"valueRequired\":true,\"valueName\":\"search_term_string\"}}],\"inLanguage\":\"fr-FR\"},{\"@type\":\"Organization\",\"@id\":\"https:\\\/\\\/www.efk.admin.ch\\\/fr\\\/#organization\",\"name\":\"Contr\u00f4le f\u00e9d\u00e9ral des finances (CDF)\",\"alternateName\":\"EFK\",\"url\":\"https:\\\/\\\/www.efk.admin.ch\\\/fr\\\/\",\"logo\":{\"@type\":\"ImageObject\",\"inLanguage\":\"fr-FR\",\"@id\":\"https:\\\/\\\/www.efk.admin.ch\\\/fr\\\/#\\\/schema\\\/logo\\\/image\\\/\",\"url\":\"https:\\\/\\\/www.efk.admin.ch\\\/wp-content\\\/uploads\\\/efk_cdf_logo_ohne_claim.png\",\"contentUrl\":\"https:\\\/\\\/www.efk.admin.ch\\\/wp-content\\\/uploads\\\/efk_cdf_logo_ohne_claim.png\",\"width\":268,\"height\":258,\"caption\":\"Contr\u00f4le f\u00e9d\u00e9ral des finances (CDF)\"},\"image\":{\"@id\":\"https:\\\/\\\/www.efk.admin.ch\\\/fr\\\/#\\\/schema\\\/logo\\\/image\\\/\"},\"sameAs\":[\"https:\\\/\\\/www.instagram.com\\\/efk_cdf_sfao\\\/\",\"https:\\\/\\\/www.youtube.com\\\/channel\\\/UCm-bXj227VE5sJzhB-ihdvw\\\/featured\",\"https:\\\/\\\/www.linkedin.com\\\/company\\\/11081578\\\/\"]}]}<\/script>\n<!-- \/ Yoast SEO Premium plugin. -->","yoast_head_json":{"title":"Etat des installations sanitaires prot\u00e9g\u00e9es et coordination entre les services f\u00e9d\u00e9raux - Contr\u00f4le f\u00e9d\u00e9ral des finances (CDF)","description":"Etat des installations sanitaires prot\u00e9g\u00e9es et coordination entre les services f\u00e9d\u00e9raux","robots":{"index":"index","follow":"follow","max-snippet":"max-snippet:-1","max-image-preview":"max-image-preview:large","max-video-preview":"max-video-preview:-1"},"canonical":"https:\/\/www.efk.admin.ch\/fr\/audit\/etat-des-installations-sanitaires-protegees-et-coordination-entre-les-services-federaux-etat-major-de-larmee-office-federal-de-la-protection-de-la-population\/","og_locale":"fr_FR","og_type":"article","og_title":"Etat des installations sanitaires prot\u00e9g\u00e9es et coordination entre les services f\u00e9d\u00e9raux","og_description":"Etat des installations sanitaires prot\u00e9g\u00e9es et coordination entre les services f\u00e9d\u00e9raux","og_url":"https:\/\/www.efk.admin.ch\/fr\/audit\/etat-des-installations-sanitaires-protegees-et-coordination-entre-les-services-federaux-etat-major-de-larmee-office-federal-de-la-protection-de-la-population\/","og_site_name":"Contr\u00f4le f\u00e9d\u00e9ral des finances (CDF)","article_modified_time":"2024-02-23T12:36:15+00:00","og_image":[{"width":750,"height":500,"url":"https:\/\/www.efk.admin.ch\/wp-content\/uploads\/test\/palais.jpg","type":"image\/jpeg"}],"twitter_card":"summary_large_image","schema":{"@context":"https:\/\/schema.org","@graph":[{"@type":"WebPage","@id":"https:\/\/www.efk.admin.ch\/fr\/audit\/etat-des-installations-sanitaires-protegees-et-coordination-entre-les-services-federaux-etat-major-de-larmee-office-federal-de-la-protection-de-la-population\/","url":"https:\/\/www.efk.admin.ch\/fr\/audit\/etat-des-installations-sanitaires-protegees-et-coordination-entre-les-services-federaux-etat-major-de-larmee-office-federal-de-la-protection-de-la-population\/","name":"Etat des installations sanitaires prot\u00e9g\u00e9es et coordination entre les services f\u00e9d\u00e9raux - Contr\u00f4le f\u00e9d\u00e9ral des finances (CDF)","isPartOf":{"@id":"https:\/\/www.efk.admin.ch\/fr\/#website"},"datePublished":"2024-01-17T15:36:24+00:00","dateModified":"2024-02-23T12:36:15+00:00","description":"Etat des installations sanitaires prot\u00e9g\u00e9es et coordination entre les services f\u00e9d\u00e9raux","breadcrumb":{"@id":"https:\/\/www.efk.admin.ch\/fr\/audit\/etat-des-installations-sanitaires-protegees-et-coordination-entre-les-services-federaux-etat-major-de-larmee-office-federal-de-la-protection-de-la-population\/#breadcrumb"},"inLanguage":"fr-FR","potentialAction":[{"@type":"ReadAction","target":["https:\/\/www.efk.admin.ch\/fr\/audit\/etat-des-installations-sanitaires-protegees-et-coordination-entre-les-services-federaux-etat-major-de-larmee-office-federal-de-la-protection-de-la-population\/"]}]},{"@type":"BreadcrumbList","@id":"https:\/\/www.efk.admin.ch\/fr\/audit\/etat-des-installations-sanitaires-protegees-et-coordination-entre-les-services-federaux-etat-major-de-larmee-office-federal-de-la-protection-de-la-population\/#breadcrumb","itemListElement":[{"@type":"ListItem","position":1,"name":"Home","item":"https:\/\/www.efk.admin.ch\/fr\/"},{"@type":"ListItem","position":2,"name":"Rapport","item":"https:\/\/www.efk.admin.ch\/fr\/audit\/"},{"@type":"ListItem","position":3,"name":"Etat des installations sanitaires prot\u00e9g\u00e9es et coordination entre les services f\u00e9d\u00e9raux"}]},{"@type":"WebSite","@id":"https:\/\/www.efk.admin.ch\/fr\/#website","url":"https:\/\/www.efk.admin.ch\/fr\/","name":"Informationen \u00fcber das oberste Finanzaufsichtsorgan der Schweiz","description":"Le Contr\u00f4le f\u00e9d\u00e9ral des finances (CDF) est l'organe supr\u00eame de surveillance financi\u00e8re de la Conf\u00e9d\u00e9ration suisse.","publisher":{"@id":"https:\/\/www.efk.admin.ch\/fr\/#organization"},"alternateName":"EFK","potentialAction":[{"@type":"SearchAction","target":{"@type":"EntryPoint","urlTemplate":"https:\/\/www.efk.admin.ch\/fr\/?s={search_term_string}"},"query-input":{"@type":"PropertyValueSpecification","valueRequired":true,"valueName":"search_term_string"}}],"inLanguage":"fr-FR"},{"@type":"Organization","@id":"https:\/\/www.efk.admin.ch\/fr\/#organization","name":"Contr\u00f4le f\u00e9d\u00e9ral des finances (CDF)","alternateName":"EFK","url":"https:\/\/www.efk.admin.ch\/fr\/","logo":{"@type":"ImageObject","inLanguage":"fr-FR","@id":"https:\/\/www.efk.admin.ch\/fr\/#\/schema\/logo\/image\/","url":"https:\/\/www.efk.admin.ch\/wp-content\/uploads\/efk_cdf_logo_ohne_claim.png","contentUrl":"https:\/\/www.efk.admin.ch\/wp-content\/uploads\/efk_cdf_logo_ohne_claim.png","width":268,"height":258,"caption":"Contr\u00f4le f\u00e9d\u00e9ral des finances (CDF)"},"image":{"@id":"https:\/\/www.efk.admin.ch\/fr\/#\/schema\/logo\/image\/"},"sameAs":["https:\/\/www.instagram.com\/efk_cdf_sfao\/","https:\/\/www.youtube.com\/channel\/UCm-bXj227VE5sJzhB-ihdvw\/featured","https:\/\/www.linkedin.com\/company\/11081578\/"]}]}},"_links":{"self":[{"href":"https:\/\/www.efk.admin.ch\/fr\/wp-json\/wp\/v2\/audit\/5961","targetHints":{"allow":["GET"]}}],"collection":[{"href":"https:\/\/www.efk.admin.ch\/fr\/wp-json\/wp\/v2\/audit"}],"about":[{"href":"https:\/\/www.efk.admin.ch\/fr\/wp-json\/wp\/v2\/types\/audit"}],"acf:post":[{"embeddable":true,"href":"https:\/\/www.efk.admin.ch\/fr\/wp-json\/wp\/v2\/office\/7932"},{"embeddable":true,"href":"https:\/\/www.efk.admin.ch\/fr\/wp-json\/wp\/v2\/office\/7981"}],"wp:attachment":[{"href":"https:\/\/www.efk.admin.ch\/fr\/wp-json\/wp\/v2\/media?parent=5961"}],"wp:term":[{"taxonomy":"audit_category","embeddable":true,"href":"https:\/\/www.efk.admin.ch\/fr\/wp-json\/wp\/v2\/audit_category?post=5961"},{"taxonomy":"audit_type","embeddable":true,"href":"https:\/\/www.efk.admin.ch\/fr\/wp-json\/wp\/v2\/audit_type?post=5961"}],"curies":[{"name":"wp","href":"https:\/\/api.w.org\/{rel}","templated":true}]}}