{"id":5950,"date":"2024-01-17T16:36:18","date_gmt":"2024-01-17T15:36:18","guid":{"rendered":"https:\/\/preview.efk.admin.ch\/prufung\/entraide-judiciaire-internationale-en-matiere-penale-office-federal-de-la-justice\/"},"modified":"2024-03-21T17:25:28","modified_gmt":"2024-03-21T16:25:28","slug":"entraide-judiciaire-internationale-en-matiere-penale-office-federal-de-la-justice","status":"publish","type":"audit","link":"https:\/\/www.efk.admin.ch\/fr\/audit\/entraide-judiciaire-internationale-en-matiere-penale-office-federal-de-la-justice\/","title":{"rendered":"Entraide judiciaire internationale en mati\u00e8re p\u00e9nale"},"content":{"rendered":"\n<p>La criminalit\u00e9 se joue des fronti\u00e8res. Voil\u00e0 pourquoi les autorit\u00e9s de poursuite p\u00e9nale font appel \u00e0 l\u2019entraide judiciaire internationale pour obtenir des preuves localis\u00e9es \u00e0 l\u2019\u00e9tranger. Cette entraide est un enjeu important pour la r\u00e9putation de la Suisse, notamment au vu de l\u2019importance de sa place financi\u00e8re. Tr\u00e8s sollicit\u00e9 par d\u2019autres Etats pour des affaires \u00e9conomiques, notre pays accorde plus souvent l\u2019entraide qu\u2019il ne la sollicite. Ces derni\u00e8res ann\u00e9es, il a re\u00e7u en moyenne plus de 2300 demandes par an. Il n\u2019est toutefois pas possible de dire avec pr\u00e9cision combien de demandes ont \u00e9t\u00e9 envoy\u00e9es par la Suisse, les demandes directes des cantons n\u2019\u00e9tant pas r\u00e9pertori\u00e9es dans les statistiques.<\/p>\n","protected":false},"featured_media":0,"menu_order":0,"template":"","audit_category":[82],"audit_type":[100],"class_list":["post-5950","audit","type-audit","status-publish","hentry","audit_category-justice-et-police","audit_type-evaluation"],"acf":{"audit_lang":[{"lang":"d"},{"lang":"f"}],"audit_numbers":[{"audit_number":"18293"}],"audit_office":[7915],"audit_office_text":"","audit_date":"20200930","bgo":false,"keywords":"des preuves localis\u00e9es \u00e0 l\u2019\u00e9tranger, les autorit\u00e9s de poursuite p\u00e9nale, appel \u00e0 l\u2019entraide judiciaire internationale, entraide, place financi\u00e8re, cantons","audit_office_local":""},"yoast_head":"<!-- This site is optimized with the Yoast SEO Premium plugin v27.4 (Yoast SEO v27.4) - https:\/\/yoast.com\/product\/yoast-seo-premium-wordpress\/ -->\n<title>Entraide judiciaire internationale en mati\u00e8re p\u00e9nale - Contr\u00f4le f\u00e9d\u00e9ral des finances (CDF)<\/title>\n<meta name=\"description\" content=\"Entraide judiciaire internationale en mati\u00e8re p\u00e9nale\" \/>\n<meta name=\"robots\" content=\"index, follow, max-snippet:-1, max-image-preview:large, max-video-preview:-1\" \/>\n<link rel=\"canonical\" href=\"https:\/\/www.efk.admin.ch\/fr\/audit\/entraide-judiciaire-internationale-en-matiere-penale-office-federal-de-la-justice\/\" \/>\n<meta property=\"og:locale\" content=\"fr_FR\" \/>\n<meta property=\"og:type\" content=\"article\" \/>\n<meta property=\"og:title\" content=\"Entraide judiciaire internationale en mati\u00e8re p\u00e9nale\" \/>\n<meta property=\"og:description\" content=\"Entraide judiciaire internationale en mati\u00e8re p\u00e9nale\" \/>\n<meta property=\"og:url\" content=\"https:\/\/www.efk.admin.ch\/fr\/audit\/entraide-judiciaire-internationale-en-matiere-penale-office-federal-de-la-justice\/\" \/>\n<meta property=\"og:site_name\" content=\"Contr\u00f4le f\u00e9d\u00e9ral des finances (CDF)\" \/>\n<meta property=\"article:modified_time\" content=\"2024-03-21T16:25:28+00:00\" \/>\n<meta property=\"og:image\" content=\"https:\/\/www.efk.admin.ch\/wp-content\/uploads\/test\/palais.jpg\" \/>\n\t<meta property=\"og:image:width\" content=\"750\" \/>\n\t<meta property=\"og:image:height\" content=\"500\" \/>\n\t<meta property=\"og:image:type\" content=\"image\/jpeg\" \/>\n<meta name=\"twitter:card\" content=\"summary_large_image\" \/>\n<meta name=\"twitter:label1\" content=\"Dur\u00e9e de lecture estim\u00e9e\" \/>\n\t<meta name=\"twitter:data1\" content=\"1 minute\" \/>\n<script type=\"application\/ld+json\" class=\"yoast-schema-graph\">{\"@context\":\"https:\\\/\\\/schema.org\",\"@graph\":[{\"@type\":\"WebPage\",\"@id\":\"https:\\\/\\\/www.efk.admin.ch\\\/fr\\\/audit\\\/entraide-judiciaire-internationale-en-matiere-penale-office-federal-de-la-justice\\\/\",\"url\":\"https:\\\/\\\/www.efk.admin.ch\\\/fr\\\/audit\\\/entraide-judiciaire-internationale-en-matiere-penale-office-federal-de-la-justice\\\/\",\"name\":\"Entraide judiciaire internationale en mati\u00e8re p\u00e9nale - Contr\u00f4le f\u00e9d\u00e9ral des finances (CDF)\",\"isPartOf\":{\"@id\":\"https:\\\/\\\/www.efk.admin.ch\\\/fr\\\/#website\"},\"datePublished\":\"2024-01-17T15:36:18+00:00\",\"dateModified\":\"2024-03-21T16:25:28+00:00\",\"description\":\"Entraide judiciaire internationale en mati\u00e8re p\u00e9nale\",\"breadcrumb\":{\"@id\":\"https:\\\/\\\/www.efk.admin.ch\\\/fr\\\/audit\\\/entraide-judiciaire-internationale-en-matiere-penale-office-federal-de-la-justice\\\/#breadcrumb\"},\"inLanguage\":\"fr-FR\",\"potentialAction\":[{\"@type\":\"ReadAction\",\"target\":[\"https:\\\/\\\/www.efk.admin.ch\\\/fr\\\/audit\\\/entraide-judiciaire-internationale-en-matiere-penale-office-federal-de-la-justice\\\/\"]}]},{\"@type\":\"BreadcrumbList\",\"@id\":\"https:\\\/\\\/www.efk.admin.ch\\\/fr\\\/audit\\\/entraide-judiciaire-internationale-en-matiere-penale-office-federal-de-la-justice\\\/#breadcrumb\",\"itemListElement\":[{\"@type\":\"ListItem\",\"position\":1,\"name\":\"Home\",\"item\":\"https:\\\/\\\/www.efk.admin.ch\\\/fr\\\/\"},{\"@type\":\"ListItem\",\"position\":2,\"name\":\"Rapport\",\"item\":\"https:\\\/\\\/www.efk.admin.ch\\\/fr\\\/audit\\\/\"},{\"@type\":\"ListItem\",\"position\":3,\"name\":\"Entraide judiciaire internationale en mati\u00e8re p\u00e9nale\"}]},{\"@type\":\"WebSite\",\"@id\":\"https:\\\/\\\/www.efk.admin.ch\\\/fr\\\/#website\",\"url\":\"https:\\\/\\\/www.efk.admin.ch\\\/fr\\\/\",\"name\":\"Informationen \u00fcber das oberste Finanzaufsichtsorgan der Schweiz\",\"description\":\"Le Contr\u00f4le f\u00e9d\u00e9ral des finances (CDF) est l'organe supr\u00eame de surveillance financi\u00e8re de la Conf\u00e9d\u00e9ration suisse.\",\"publisher\":{\"@id\":\"https:\\\/\\\/www.efk.admin.ch\\\/fr\\\/#organization\"},\"alternateName\":\"EFK\",\"potentialAction\":[{\"@type\":\"SearchAction\",\"target\":{\"@type\":\"EntryPoint\",\"urlTemplate\":\"https:\\\/\\\/www.efk.admin.ch\\\/fr\\\/?s={search_term_string}\"},\"query-input\":{\"@type\":\"PropertyValueSpecification\",\"valueRequired\":true,\"valueName\":\"search_term_string\"}}],\"inLanguage\":\"fr-FR\"},{\"@type\":\"Organization\",\"@id\":\"https:\\\/\\\/www.efk.admin.ch\\\/fr\\\/#organization\",\"name\":\"Contr\u00f4le f\u00e9d\u00e9ral des finances (CDF)\",\"alternateName\":\"EFK\",\"url\":\"https:\\\/\\\/www.efk.admin.ch\\\/fr\\\/\",\"logo\":{\"@type\":\"ImageObject\",\"inLanguage\":\"fr-FR\",\"@id\":\"https:\\\/\\\/www.efk.admin.ch\\\/fr\\\/#\\\/schema\\\/logo\\\/image\\\/\",\"url\":\"https:\\\/\\\/www.efk.admin.ch\\\/wp-content\\\/uploads\\\/efk_cdf_logo_ohne_claim.png\",\"contentUrl\":\"https:\\\/\\\/www.efk.admin.ch\\\/wp-content\\\/uploads\\\/efk_cdf_logo_ohne_claim.png\",\"width\":268,\"height\":258,\"caption\":\"Contr\u00f4le f\u00e9d\u00e9ral des finances (CDF)\"},\"image\":{\"@id\":\"https:\\\/\\\/www.efk.admin.ch\\\/fr\\\/#\\\/schema\\\/logo\\\/image\\\/\"},\"sameAs\":[\"https:\\\/\\\/www.instagram.com\\\/efk_cdf_sfao\\\/\",\"https:\\\/\\\/www.youtube.com\\\/channel\\\/UCm-bXj227VE5sJzhB-ihdvw\\\/featured\",\"https:\\\/\\\/www.linkedin.com\\\/company\\\/11081578\\\/\"]}]}<\/script>\n<!-- \/ Yoast SEO Premium plugin. -->","yoast_head_json":{"title":"Entraide judiciaire internationale en mati\u00e8re p\u00e9nale - Contr\u00f4le f\u00e9d\u00e9ral des finances (CDF)","description":"Entraide judiciaire internationale en mati\u00e8re p\u00e9nale","robots":{"index":"index","follow":"follow","max-snippet":"max-snippet:-1","max-image-preview":"max-image-preview:large","max-video-preview":"max-video-preview:-1"},"canonical":"https:\/\/www.efk.admin.ch\/fr\/audit\/entraide-judiciaire-internationale-en-matiere-penale-office-federal-de-la-justice\/","og_locale":"fr_FR","og_type":"article","og_title":"Entraide judiciaire internationale en mati\u00e8re p\u00e9nale","og_description":"Entraide judiciaire internationale en mati\u00e8re p\u00e9nale","og_url":"https:\/\/www.efk.admin.ch\/fr\/audit\/entraide-judiciaire-internationale-en-matiere-penale-office-federal-de-la-justice\/","og_site_name":"Contr\u00f4le f\u00e9d\u00e9ral des finances (CDF)","article_modified_time":"2024-03-21T16:25:28+00:00","og_image":[{"width":750,"height":500,"url":"https:\/\/www.efk.admin.ch\/wp-content\/uploads\/test\/palais.jpg","type":"image\/jpeg"}],"twitter_card":"summary_large_image","twitter_misc":{"Dur\u00e9e de lecture estim\u00e9e":"1 minute"},"schema":{"@context":"https:\/\/schema.org","@graph":[{"@type":"WebPage","@id":"https:\/\/www.efk.admin.ch\/fr\/audit\/entraide-judiciaire-internationale-en-matiere-penale-office-federal-de-la-justice\/","url":"https:\/\/www.efk.admin.ch\/fr\/audit\/entraide-judiciaire-internationale-en-matiere-penale-office-federal-de-la-justice\/","name":"Entraide judiciaire internationale en mati\u00e8re p\u00e9nale - Contr\u00f4le f\u00e9d\u00e9ral des finances (CDF)","isPartOf":{"@id":"https:\/\/www.efk.admin.ch\/fr\/#website"},"datePublished":"2024-01-17T15:36:18+00:00","dateModified":"2024-03-21T16:25:28+00:00","description":"Entraide judiciaire internationale en mati\u00e8re p\u00e9nale","breadcrumb":{"@id":"https:\/\/www.efk.admin.ch\/fr\/audit\/entraide-judiciaire-internationale-en-matiere-penale-office-federal-de-la-justice\/#breadcrumb"},"inLanguage":"fr-FR","potentialAction":[{"@type":"ReadAction","target":["https:\/\/www.efk.admin.ch\/fr\/audit\/entraide-judiciaire-internationale-en-matiere-penale-office-federal-de-la-justice\/"]}]},{"@type":"BreadcrumbList","@id":"https:\/\/www.efk.admin.ch\/fr\/audit\/entraide-judiciaire-internationale-en-matiere-penale-office-federal-de-la-justice\/#breadcrumb","itemListElement":[{"@type":"ListItem","position":1,"name":"Home","item":"https:\/\/www.efk.admin.ch\/fr\/"},{"@type":"ListItem","position":2,"name":"Rapport","item":"https:\/\/www.efk.admin.ch\/fr\/audit\/"},{"@type":"ListItem","position":3,"name":"Entraide judiciaire internationale en mati\u00e8re p\u00e9nale"}]},{"@type":"WebSite","@id":"https:\/\/www.efk.admin.ch\/fr\/#website","url":"https:\/\/www.efk.admin.ch\/fr\/","name":"Informationen \u00fcber das oberste Finanzaufsichtsorgan der Schweiz","description":"Le Contr\u00f4le f\u00e9d\u00e9ral des finances (CDF) est l'organe supr\u00eame de surveillance financi\u00e8re de la Conf\u00e9d\u00e9ration suisse.","publisher":{"@id":"https:\/\/www.efk.admin.ch\/fr\/#organization"},"alternateName":"EFK","potentialAction":[{"@type":"SearchAction","target":{"@type":"EntryPoint","urlTemplate":"https:\/\/www.efk.admin.ch\/fr\/?s={search_term_string}"},"query-input":{"@type":"PropertyValueSpecification","valueRequired":true,"valueName":"search_term_string"}}],"inLanguage":"fr-FR"},{"@type":"Organization","@id":"https:\/\/www.efk.admin.ch\/fr\/#organization","name":"Contr\u00f4le f\u00e9d\u00e9ral des finances (CDF)","alternateName":"EFK","url":"https:\/\/www.efk.admin.ch\/fr\/","logo":{"@type":"ImageObject","inLanguage":"fr-FR","@id":"https:\/\/www.efk.admin.ch\/fr\/#\/schema\/logo\/image\/","url":"https:\/\/www.efk.admin.ch\/wp-content\/uploads\/efk_cdf_logo_ohne_claim.png","contentUrl":"https:\/\/www.efk.admin.ch\/wp-content\/uploads\/efk_cdf_logo_ohne_claim.png","width":268,"height":258,"caption":"Contr\u00f4le f\u00e9d\u00e9ral des finances (CDF)"},"image":{"@id":"https:\/\/www.efk.admin.ch\/fr\/#\/schema\/logo\/image\/"},"sameAs":["https:\/\/www.instagram.com\/efk_cdf_sfao\/","https:\/\/www.youtube.com\/channel\/UCm-bXj227VE5sJzhB-ihdvw\/featured","https:\/\/www.linkedin.com\/company\/11081578\/"]}]}},"_links":{"self":[{"href":"https:\/\/www.efk.admin.ch\/fr\/wp-json\/wp\/v2\/audit\/5950","targetHints":{"allow":["GET"]}}],"collection":[{"href":"https:\/\/www.efk.admin.ch\/fr\/wp-json\/wp\/v2\/audit"}],"about":[{"href":"https:\/\/www.efk.admin.ch\/fr\/wp-json\/wp\/v2\/types\/audit"}],"acf:post":[{"embeddable":true,"href":"https:\/\/www.efk.admin.ch\/fr\/wp-json\/wp\/v2\/office\/7915"}],"wp:attachment":[{"href":"https:\/\/www.efk.admin.ch\/fr\/wp-json\/wp\/v2\/media?parent=5950"}],"wp:term":[{"taxonomy":"audit_category","embeddable":true,"href":"https:\/\/www.efk.admin.ch\/fr\/wp-json\/wp\/v2\/audit_category?post=5950"},{"taxonomy":"audit_type","embeddable":true,"href":"https:\/\/www.efk.admin.ch\/fr\/wp-json\/wp\/v2\/audit_type?post=5950"}],"curies":[{"name":"wp","href":"https:\/\/api.w.org\/{rel}","templated":true}]}}