{"id":5945,"date":"2024-01-17T16:36:18","date_gmt":"2024-01-17T15:36:18","guid":{"rendered":"https:\/\/preview.efk.admin.ch\/prufung\/rapport-sur-le-salaire-des-cadres-des-entreprises-et-des-etablissements-de-la-confederation-office-federal-du-personnel\/"},"modified":"2024-02-22T13:28:29","modified_gmt":"2024-02-22T12:28:29","slug":"rapport-sur-le-salaire-des-cadres-des-entreprises-et-des-etablissements-de-la-confederation-office-federal-du-personnel","status":"publish","type":"audit","link":"https:\/\/www.efk.admin.ch\/fr\/audit\/rapport-sur-le-salaire-des-cadres-des-entreprises-et-des-etablissements-de-la-confederation-office-federal-du-personnel\/","title":{"rendered":"Rapport sur le salaire des cadres des entreprises et des \u00e9tablissements de la Conf\u00e9d\u00e9ration"},"content":{"rendered":"\n<p>Le Conseil f\u00e9d\u00e9ral \u00e9tablit chaque ann\u00e9e un rapport sur le salaire des cadres des entreprises et des \u00e9tablissements de la Conf\u00e9d\u00e9ration \u00e0 l\u2019attention de la D\u00e9l\u00e9gation des finances du Parlement (D\u00e9lFin). Ce rapport d\u00e9taille les r\u00e9mun\u00e9rations des membres du Conseil d\u2019administration et de la direction des entit\u00e9s concern\u00e9es.<\/p>\n","protected":false},"featured_media":0,"menu_order":0,"template":"","audit_category":[31],"audit_type":[52],"class_list":["post-5945","audit","type-audit","status-publish","hentry","audit_category-administration-generale","audit_type-audit-fr"],"acf":{"audit_lang":[{"lang":"f"}],"audit_numbers":[{"audit_number":"19271"}],"audit_office":7938,"audit_office_text":"","audit_date":"20201012","bgo":false,"keywords":"le salaire, cadres,  entreprises et des \u00e9tablissements de la Conf\u00e9d\u00e9ration, a D\u00e9l\u00e9gation des finances du Parlement (D\u00e9lFin)","audit_office_local":""},"yoast_head":"<!-- This site is optimized with the Yoast SEO Premium plugin v27.4 (Yoast SEO v27.4) - https:\/\/yoast.com\/product\/yoast-seo-premium-wordpress\/ -->\n<title>Rapport sur le salaire des cadres des entreprises et des \u00e9tablissements de la Conf\u00e9d\u00e9ration - Contr\u00f4le f\u00e9d\u00e9ral des finances (CDF)<\/title>\n<meta name=\"description\" content=\"Rapport sur le salaire des cadres des entreprises et des \u00e9tablissements de la Conf\u00e9d\u00e9ration\" \/>\n<meta name=\"robots\" content=\"index, follow, max-snippet:-1, max-image-preview:large, max-video-preview:-1\" \/>\n<link rel=\"canonical\" href=\"https:\/\/www.efk.admin.ch\/fr\/audit\/rapport-sur-le-salaire-des-cadres-des-entreprises-et-des-etablissements-de-la-confederation-office-federal-du-personnel\/\" \/>\n<meta property=\"og:locale\" content=\"fr_FR\" \/>\n<meta property=\"og:type\" content=\"article\" \/>\n<meta property=\"og:title\" content=\"Rapport sur le salaire des cadres des entreprises et des \u00e9tablissements de la Conf\u00e9d\u00e9ration\" \/>\n<meta property=\"og:description\" content=\"Rapport sur le salaire des cadres des entreprises et des \u00e9tablissements de la Conf\u00e9d\u00e9ration\" \/>\n<meta property=\"og:url\" content=\"https:\/\/www.efk.admin.ch\/fr\/audit\/rapport-sur-le-salaire-des-cadres-des-entreprises-et-des-etablissements-de-la-confederation-office-federal-du-personnel\/\" \/>\n<meta property=\"og:site_name\" content=\"Contr\u00f4le f\u00e9d\u00e9ral des finances (CDF)\" \/>\n<meta property=\"article:modified_time\" content=\"2024-02-22T12:28:29+00:00\" \/>\n<meta property=\"og:image\" content=\"https:\/\/www.efk.admin.ch\/wp-content\/uploads\/test\/palais.jpg\" \/>\n\t<meta property=\"og:image:width\" content=\"750\" \/>\n\t<meta property=\"og:image:height\" content=\"500\" \/>\n\t<meta property=\"og:image:type\" content=\"image\/jpeg\" \/>\n<meta name=\"twitter:card\" content=\"summary_large_image\" \/>\n<script type=\"application\/ld+json\" class=\"yoast-schema-graph\">{\"@context\":\"https:\\\/\\\/schema.org\",\"@graph\":[{\"@type\":\"WebPage\",\"@id\":\"https:\\\/\\\/www.efk.admin.ch\\\/fr\\\/audit\\\/rapport-sur-le-salaire-des-cadres-des-entreprises-et-des-etablissements-de-la-confederation-office-federal-du-personnel\\\/\",\"url\":\"https:\\\/\\\/www.efk.admin.ch\\\/fr\\\/audit\\\/rapport-sur-le-salaire-des-cadres-des-entreprises-et-des-etablissements-de-la-confederation-office-federal-du-personnel\\\/\",\"name\":\"Rapport sur le salaire des cadres des entreprises et des \u00e9tablissements de la Conf\u00e9d\u00e9ration - Contr\u00f4le f\u00e9d\u00e9ral des finances (CDF)\",\"isPartOf\":{\"@id\":\"https:\\\/\\\/www.efk.admin.ch\\\/fr\\\/#website\"},\"datePublished\":\"2024-01-17T15:36:18+00:00\",\"dateModified\":\"2024-02-22T12:28:29+00:00\",\"description\":\"Rapport sur le salaire des cadres des entreprises et des \u00e9tablissements de la Conf\u00e9d\u00e9ration\",\"breadcrumb\":{\"@id\":\"https:\\\/\\\/www.efk.admin.ch\\\/fr\\\/audit\\\/rapport-sur-le-salaire-des-cadres-des-entreprises-et-des-etablissements-de-la-confederation-office-federal-du-personnel\\\/#breadcrumb\"},\"inLanguage\":\"fr-FR\",\"potentialAction\":[{\"@type\":\"ReadAction\",\"target\":[\"https:\\\/\\\/www.efk.admin.ch\\\/fr\\\/audit\\\/rapport-sur-le-salaire-des-cadres-des-entreprises-et-des-etablissements-de-la-confederation-office-federal-du-personnel\\\/\"]}]},{\"@type\":\"BreadcrumbList\",\"@id\":\"https:\\\/\\\/www.efk.admin.ch\\\/fr\\\/audit\\\/rapport-sur-le-salaire-des-cadres-des-entreprises-et-des-etablissements-de-la-confederation-office-federal-du-personnel\\\/#breadcrumb\",\"itemListElement\":[{\"@type\":\"ListItem\",\"position\":1,\"name\":\"Home\",\"item\":\"https:\\\/\\\/www.efk.admin.ch\\\/fr\\\/\"},{\"@type\":\"ListItem\",\"position\":2,\"name\":\"Rapport\",\"item\":\"https:\\\/\\\/www.efk.admin.ch\\\/fr\\\/audit\\\/\"},{\"@type\":\"ListItem\",\"position\":3,\"name\":\"Rapport sur le salaire des cadres des entreprises et des \u00e9tablissements de la Conf\u00e9d\u00e9ration\"}]},{\"@type\":\"WebSite\",\"@id\":\"https:\\\/\\\/www.efk.admin.ch\\\/fr\\\/#website\",\"url\":\"https:\\\/\\\/www.efk.admin.ch\\\/fr\\\/\",\"name\":\"Informationen \u00fcber das oberste Finanzaufsichtsorgan der Schweiz\",\"description\":\"Le Contr\u00f4le f\u00e9d\u00e9ral des finances (CDF) est l'organe supr\u00eame de surveillance financi\u00e8re de la Conf\u00e9d\u00e9ration suisse.\",\"publisher\":{\"@id\":\"https:\\\/\\\/www.efk.admin.ch\\\/fr\\\/#organization\"},\"alternateName\":\"EFK\",\"potentialAction\":[{\"@type\":\"SearchAction\",\"target\":{\"@type\":\"EntryPoint\",\"urlTemplate\":\"https:\\\/\\\/www.efk.admin.ch\\\/fr\\\/?s={search_term_string}\"},\"query-input\":{\"@type\":\"PropertyValueSpecification\",\"valueRequired\":true,\"valueName\":\"search_term_string\"}}],\"inLanguage\":\"fr-FR\"},{\"@type\":\"Organization\",\"@id\":\"https:\\\/\\\/www.efk.admin.ch\\\/fr\\\/#organization\",\"name\":\"Contr\u00f4le f\u00e9d\u00e9ral des finances (CDF)\",\"alternateName\":\"EFK\",\"url\":\"https:\\\/\\\/www.efk.admin.ch\\\/fr\\\/\",\"logo\":{\"@type\":\"ImageObject\",\"inLanguage\":\"fr-FR\",\"@id\":\"https:\\\/\\\/www.efk.admin.ch\\\/fr\\\/#\\\/schema\\\/logo\\\/image\\\/\",\"url\":\"https:\\\/\\\/www.efk.admin.ch\\\/wp-content\\\/uploads\\\/efk_cdf_logo_ohne_claim.png\",\"contentUrl\":\"https:\\\/\\\/www.efk.admin.ch\\\/wp-content\\\/uploads\\\/efk_cdf_logo_ohne_claim.png\",\"width\":268,\"height\":258,\"caption\":\"Contr\u00f4le f\u00e9d\u00e9ral des finances (CDF)\"},\"image\":{\"@id\":\"https:\\\/\\\/www.efk.admin.ch\\\/fr\\\/#\\\/schema\\\/logo\\\/image\\\/\"},\"sameAs\":[\"https:\\\/\\\/www.instagram.com\\\/efk_cdf_sfao\\\/\",\"https:\\\/\\\/www.youtube.com\\\/channel\\\/UCm-bXj227VE5sJzhB-ihdvw\\\/featured\",\"https:\\\/\\\/www.linkedin.com\\\/company\\\/11081578\\\/\"]}]}<\/script>\n<!-- \/ Yoast SEO Premium plugin. -->","yoast_head_json":{"title":"Rapport sur le salaire des cadres des entreprises et des \u00e9tablissements de la Conf\u00e9d\u00e9ration - Contr\u00f4le f\u00e9d\u00e9ral des finances (CDF)","description":"Rapport sur le salaire des cadres des entreprises et des \u00e9tablissements de la Conf\u00e9d\u00e9ration","robots":{"index":"index","follow":"follow","max-snippet":"max-snippet:-1","max-image-preview":"max-image-preview:large","max-video-preview":"max-video-preview:-1"},"canonical":"https:\/\/www.efk.admin.ch\/fr\/audit\/rapport-sur-le-salaire-des-cadres-des-entreprises-et-des-etablissements-de-la-confederation-office-federal-du-personnel\/","og_locale":"fr_FR","og_type":"article","og_title":"Rapport sur le salaire des cadres des entreprises et des \u00e9tablissements de la Conf\u00e9d\u00e9ration","og_description":"Rapport sur le salaire des cadres des entreprises et des \u00e9tablissements de la Conf\u00e9d\u00e9ration","og_url":"https:\/\/www.efk.admin.ch\/fr\/audit\/rapport-sur-le-salaire-des-cadres-des-entreprises-et-des-etablissements-de-la-confederation-office-federal-du-personnel\/","og_site_name":"Contr\u00f4le f\u00e9d\u00e9ral des finances (CDF)","article_modified_time":"2024-02-22T12:28:29+00:00","og_image":[{"width":750,"height":500,"url":"https:\/\/www.efk.admin.ch\/wp-content\/uploads\/test\/palais.jpg","type":"image\/jpeg"}],"twitter_card":"summary_large_image","schema":{"@context":"https:\/\/schema.org","@graph":[{"@type":"WebPage","@id":"https:\/\/www.efk.admin.ch\/fr\/audit\/rapport-sur-le-salaire-des-cadres-des-entreprises-et-des-etablissements-de-la-confederation-office-federal-du-personnel\/","url":"https:\/\/www.efk.admin.ch\/fr\/audit\/rapport-sur-le-salaire-des-cadres-des-entreprises-et-des-etablissements-de-la-confederation-office-federal-du-personnel\/","name":"Rapport sur le salaire des cadres des entreprises et des \u00e9tablissements de la Conf\u00e9d\u00e9ration - Contr\u00f4le f\u00e9d\u00e9ral des finances (CDF)","isPartOf":{"@id":"https:\/\/www.efk.admin.ch\/fr\/#website"},"datePublished":"2024-01-17T15:36:18+00:00","dateModified":"2024-02-22T12:28:29+00:00","description":"Rapport sur le salaire des cadres des entreprises et des \u00e9tablissements de la Conf\u00e9d\u00e9ration","breadcrumb":{"@id":"https:\/\/www.efk.admin.ch\/fr\/audit\/rapport-sur-le-salaire-des-cadres-des-entreprises-et-des-etablissements-de-la-confederation-office-federal-du-personnel\/#breadcrumb"},"inLanguage":"fr-FR","potentialAction":[{"@type":"ReadAction","target":["https:\/\/www.efk.admin.ch\/fr\/audit\/rapport-sur-le-salaire-des-cadres-des-entreprises-et-des-etablissements-de-la-confederation-office-federal-du-personnel\/"]}]},{"@type":"BreadcrumbList","@id":"https:\/\/www.efk.admin.ch\/fr\/audit\/rapport-sur-le-salaire-des-cadres-des-entreprises-et-des-etablissements-de-la-confederation-office-federal-du-personnel\/#breadcrumb","itemListElement":[{"@type":"ListItem","position":1,"name":"Home","item":"https:\/\/www.efk.admin.ch\/fr\/"},{"@type":"ListItem","position":2,"name":"Rapport","item":"https:\/\/www.efk.admin.ch\/fr\/audit\/"},{"@type":"ListItem","position":3,"name":"Rapport sur le salaire des cadres des entreprises et des \u00e9tablissements de la Conf\u00e9d\u00e9ration"}]},{"@type":"WebSite","@id":"https:\/\/www.efk.admin.ch\/fr\/#website","url":"https:\/\/www.efk.admin.ch\/fr\/","name":"Informationen \u00fcber das oberste Finanzaufsichtsorgan der Schweiz","description":"Le Contr\u00f4le f\u00e9d\u00e9ral des finances (CDF) est l'organe supr\u00eame de surveillance financi\u00e8re de la Conf\u00e9d\u00e9ration suisse.","publisher":{"@id":"https:\/\/www.efk.admin.ch\/fr\/#organization"},"alternateName":"EFK","potentialAction":[{"@type":"SearchAction","target":{"@type":"EntryPoint","urlTemplate":"https:\/\/www.efk.admin.ch\/fr\/?s={search_term_string}"},"query-input":{"@type":"PropertyValueSpecification","valueRequired":true,"valueName":"search_term_string"}}],"inLanguage":"fr-FR"},{"@type":"Organization","@id":"https:\/\/www.efk.admin.ch\/fr\/#organization","name":"Contr\u00f4le f\u00e9d\u00e9ral des finances (CDF)","alternateName":"EFK","url":"https:\/\/www.efk.admin.ch\/fr\/","logo":{"@type":"ImageObject","inLanguage":"fr-FR","@id":"https:\/\/www.efk.admin.ch\/fr\/#\/schema\/logo\/image\/","url":"https:\/\/www.efk.admin.ch\/wp-content\/uploads\/efk_cdf_logo_ohne_claim.png","contentUrl":"https:\/\/www.efk.admin.ch\/wp-content\/uploads\/efk_cdf_logo_ohne_claim.png","width":268,"height":258,"caption":"Contr\u00f4le f\u00e9d\u00e9ral des finances (CDF)"},"image":{"@id":"https:\/\/www.efk.admin.ch\/fr\/#\/schema\/logo\/image\/"},"sameAs":["https:\/\/www.instagram.com\/efk_cdf_sfao\/","https:\/\/www.youtube.com\/channel\/UCm-bXj227VE5sJzhB-ihdvw\/featured","https:\/\/www.linkedin.com\/company\/11081578\/"]}]}},"_links":{"self":[{"href":"https:\/\/www.efk.admin.ch\/fr\/wp-json\/wp\/v2\/audit\/5945","targetHints":{"allow":["GET"]}}],"collection":[{"href":"https:\/\/www.efk.admin.ch\/fr\/wp-json\/wp\/v2\/audit"}],"about":[{"href":"https:\/\/www.efk.admin.ch\/fr\/wp-json\/wp\/v2\/types\/audit"}],"acf:post":[{"embeddable":true,"href":"https:\/\/www.efk.admin.ch\/fr\/wp-json\/wp\/v2\/office\/7938"}],"wp:attachment":[{"href":"https:\/\/www.efk.admin.ch\/fr\/wp-json\/wp\/v2\/media?parent=5945"}],"wp:term":[{"taxonomy":"audit_category","embeddable":true,"href":"https:\/\/www.efk.admin.ch\/fr\/wp-json\/wp\/v2\/audit_category?post=5945"},{"taxonomy":"audit_type","embeddable":true,"href":"https:\/\/www.efk.admin.ch\/fr\/wp-json\/wp\/v2\/audit_type?post=5945"}],"curies":[{"name":"wp","href":"https:\/\/api.w.org\/{rel}","templated":true}]}}