{"id":5933,"date":"2024-01-17T16:36:12","date_gmt":"2024-01-17T15:36:12","guid":{"rendered":"https:\/\/preview.efk.admin.ch\/prufung\/mise-en-oeuvre-du-concept-de-stationnement-2013-groupement-defense\/"},"modified":"2024-02-19T10:25:17","modified_gmt":"2024-02-19T09:25:17","slug":"mise-en-oeuvre-du-concept-de-stationnement-2013-groupement-defense","status":"publish","type":"audit","link":"https:\/\/www.efk.admin.ch\/fr\/audit\/mise-en-oeuvre-du-concept-de-stationnement-2013-groupement-defense\/","title":{"rendered":"Mise en \u0153uvre du concept de stationnement 2013"},"content":{"rendered":"\n<p>Le Contr\u00f4le f\u00e9d\u00e9ral des finances (CDF) a men\u00e9 un audit aupr\u00e8s du D\u00e9partement f\u00e9d\u00e9ral de la d\u00e9fense, de la protection de la population et des sports (DDPS) portant sur la mise en \u0153uvre du concept de stationnement 2013. Ce concept fournit un aper\u00e7u \u00e0 l\u2019\u00e9chelle nationale des sites que l\u2019arm\u00e9e entend continuer \u00e0 utiliser et ceux dont elle pourra se passer \u00e0 court ou \u00e0 moyen terme.<\/p>\n","protected":false},"featured_media":0,"menu_order":0,"template":"","audit_category":[39],"audit_type":[52],"class_list":["post-5933","audit","type-audit","status-publish","hentry","audit_category-defense-et-armee","audit_type-audit-fr"],"acf":{"audit_lang":[{"lang":"d"}],"audit_numbers":[{"audit_number":"20418"}],"audit_office":22340,"audit_office_text":"","audit_date":"20210224","bgo":false,"keywords":"D\u00e9partement f\u00e9d\u00e9ral de la d\u00e9fense, de la protection de la population et des sports (DDPS),  concept de stationnement, des sites,  l\u2019arm\u00e9e","audit_office_local":""},"yoast_head":"<!-- This site is optimized with the Yoast SEO Premium plugin v27.4 (Yoast SEO v27.4) - https:\/\/yoast.com\/product\/yoast-seo-premium-wordpress\/ -->\n<title>Mise en \u0153uvre du concept de stationnement 2013 - Contr\u00f4le f\u00e9d\u00e9ral des finances (CDF)<\/title>\n<meta name=\"description\" content=\"Mise en \u0153uvre du concept de stationnement 2013\" \/>\n<meta name=\"robots\" content=\"index, follow, max-snippet:-1, max-image-preview:large, max-video-preview:-1\" \/>\n<link rel=\"canonical\" href=\"https:\/\/www.efk.admin.ch\/fr\/audit\/mise-en-oeuvre-du-concept-de-stationnement-2013-groupement-defense\/\" \/>\n<meta property=\"og:locale\" content=\"fr_FR\" \/>\n<meta property=\"og:type\" content=\"article\" \/>\n<meta property=\"og:title\" content=\"Mise en \u0153uvre du concept de stationnement 2013\" \/>\n<meta property=\"og:description\" content=\"Mise en \u0153uvre du concept de stationnement 2013\" \/>\n<meta property=\"og:url\" content=\"https:\/\/www.efk.admin.ch\/fr\/audit\/mise-en-oeuvre-du-concept-de-stationnement-2013-groupement-defense\/\" \/>\n<meta property=\"og:site_name\" content=\"Contr\u00f4le f\u00e9d\u00e9ral des finances (CDF)\" \/>\n<meta property=\"article:modified_time\" content=\"2024-02-19T09:25:17+00:00\" \/>\n<meta property=\"og:image\" content=\"https:\/\/www.efk.admin.ch\/wp-content\/uploads\/test\/palais.jpg\" \/>\n\t<meta property=\"og:image:width\" content=\"750\" \/>\n\t<meta property=\"og:image:height\" content=\"500\" \/>\n\t<meta property=\"og:image:type\" content=\"image\/jpeg\" \/>\n<meta name=\"twitter:card\" content=\"summary_large_image\" \/>\n<script type=\"application\/ld+json\" class=\"yoast-schema-graph\">{\"@context\":\"https:\\\/\\\/schema.org\",\"@graph\":[{\"@type\":\"WebPage\",\"@id\":\"https:\\\/\\\/www.efk.admin.ch\\\/fr\\\/audit\\\/mise-en-oeuvre-du-concept-de-stationnement-2013-groupement-defense\\\/\",\"url\":\"https:\\\/\\\/www.efk.admin.ch\\\/fr\\\/audit\\\/mise-en-oeuvre-du-concept-de-stationnement-2013-groupement-defense\\\/\",\"name\":\"Mise en \u0153uvre du concept de stationnement 2013 - Contr\u00f4le f\u00e9d\u00e9ral des finances (CDF)\",\"isPartOf\":{\"@id\":\"https:\\\/\\\/www.efk.admin.ch\\\/fr\\\/#website\"},\"datePublished\":\"2024-01-17T15:36:12+00:00\",\"dateModified\":\"2024-02-19T09:25:17+00:00\",\"description\":\"Mise en \u0153uvre du concept de stationnement 2013\",\"breadcrumb\":{\"@id\":\"https:\\\/\\\/www.efk.admin.ch\\\/fr\\\/audit\\\/mise-en-oeuvre-du-concept-de-stationnement-2013-groupement-defense\\\/#breadcrumb\"},\"inLanguage\":\"fr-FR\",\"potentialAction\":[{\"@type\":\"ReadAction\",\"target\":[\"https:\\\/\\\/www.efk.admin.ch\\\/fr\\\/audit\\\/mise-en-oeuvre-du-concept-de-stationnement-2013-groupement-defense\\\/\"]}]},{\"@type\":\"BreadcrumbList\",\"@id\":\"https:\\\/\\\/www.efk.admin.ch\\\/fr\\\/audit\\\/mise-en-oeuvre-du-concept-de-stationnement-2013-groupement-defense\\\/#breadcrumb\",\"itemListElement\":[{\"@type\":\"ListItem\",\"position\":1,\"name\":\"Home\",\"item\":\"https:\\\/\\\/www.efk.admin.ch\\\/fr\\\/\"},{\"@type\":\"ListItem\",\"position\":2,\"name\":\"Rapport\",\"item\":\"https:\\\/\\\/www.efk.admin.ch\\\/fr\\\/audit\\\/\"},{\"@type\":\"ListItem\",\"position\":3,\"name\":\"Mise en \u0153uvre du concept de stationnement 2013\"}]},{\"@type\":\"WebSite\",\"@id\":\"https:\\\/\\\/www.efk.admin.ch\\\/fr\\\/#website\",\"url\":\"https:\\\/\\\/www.efk.admin.ch\\\/fr\\\/\",\"name\":\"Informationen \u00fcber das oberste Finanzaufsichtsorgan der Schweiz\",\"description\":\"Le Contr\u00f4le f\u00e9d\u00e9ral des finances (CDF) est l'organe supr\u00eame de surveillance financi\u00e8re de la Conf\u00e9d\u00e9ration suisse.\",\"publisher\":{\"@id\":\"https:\\\/\\\/www.efk.admin.ch\\\/fr\\\/#organization\"},\"alternateName\":\"EFK\",\"potentialAction\":[{\"@type\":\"SearchAction\",\"target\":{\"@type\":\"EntryPoint\",\"urlTemplate\":\"https:\\\/\\\/www.efk.admin.ch\\\/fr\\\/?s={search_term_string}\"},\"query-input\":{\"@type\":\"PropertyValueSpecification\",\"valueRequired\":true,\"valueName\":\"search_term_string\"}}],\"inLanguage\":\"fr-FR\"},{\"@type\":\"Organization\",\"@id\":\"https:\\\/\\\/www.efk.admin.ch\\\/fr\\\/#organization\",\"name\":\"Contr\u00f4le f\u00e9d\u00e9ral des finances (CDF)\",\"alternateName\":\"EFK\",\"url\":\"https:\\\/\\\/www.efk.admin.ch\\\/fr\\\/\",\"logo\":{\"@type\":\"ImageObject\",\"inLanguage\":\"fr-FR\",\"@id\":\"https:\\\/\\\/www.efk.admin.ch\\\/fr\\\/#\\\/schema\\\/logo\\\/image\\\/\",\"url\":\"https:\\\/\\\/www.efk.admin.ch\\\/wp-content\\\/uploads\\\/efk_cdf_logo_ohne_claim.png\",\"contentUrl\":\"https:\\\/\\\/www.efk.admin.ch\\\/wp-content\\\/uploads\\\/efk_cdf_logo_ohne_claim.png\",\"width\":268,\"height\":258,\"caption\":\"Contr\u00f4le f\u00e9d\u00e9ral des finances (CDF)\"},\"image\":{\"@id\":\"https:\\\/\\\/www.efk.admin.ch\\\/fr\\\/#\\\/schema\\\/logo\\\/image\\\/\"},\"sameAs\":[\"https:\\\/\\\/www.instagram.com\\\/efk_cdf_sfao\\\/\",\"https:\\\/\\\/www.youtube.com\\\/channel\\\/UCm-bXj227VE5sJzhB-ihdvw\\\/featured\",\"https:\\\/\\\/www.linkedin.com\\\/company\\\/11081578\\\/\"]}]}<\/script>\n<!-- \/ Yoast SEO Premium plugin. -->","yoast_head_json":{"title":"Mise en \u0153uvre du concept de stationnement 2013 - Contr\u00f4le f\u00e9d\u00e9ral des finances (CDF)","description":"Mise en \u0153uvre du concept de stationnement 2013","robots":{"index":"index","follow":"follow","max-snippet":"max-snippet:-1","max-image-preview":"max-image-preview:large","max-video-preview":"max-video-preview:-1"},"canonical":"https:\/\/www.efk.admin.ch\/fr\/audit\/mise-en-oeuvre-du-concept-de-stationnement-2013-groupement-defense\/","og_locale":"fr_FR","og_type":"article","og_title":"Mise en \u0153uvre du concept de stationnement 2013","og_description":"Mise en \u0153uvre du concept de stationnement 2013","og_url":"https:\/\/www.efk.admin.ch\/fr\/audit\/mise-en-oeuvre-du-concept-de-stationnement-2013-groupement-defense\/","og_site_name":"Contr\u00f4le f\u00e9d\u00e9ral des finances (CDF)","article_modified_time":"2024-02-19T09:25:17+00:00","og_image":[{"width":750,"height":500,"url":"https:\/\/www.efk.admin.ch\/wp-content\/uploads\/test\/palais.jpg","type":"image\/jpeg"}],"twitter_card":"summary_large_image","schema":{"@context":"https:\/\/schema.org","@graph":[{"@type":"WebPage","@id":"https:\/\/www.efk.admin.ch\/fr\/audit\/mise-en-oeuvre-du-concept-de-stationnement-2013-groupement-defense\/","url":"https:\/\/www.efk.admin.ch\/fr\/audit\/mise-en-oeuvre-du-concept-de-stationnement-2013-groupement-defense\/","name":"Mise en \u0153uvre du concept de stationnement 2013 - Contr\u00f4le f\u00e9d\u00e9ral des finances (CDF)","isPartOf":{"@id":"https:\/\/www.efk.admin.ch\/fr\/#website"},"datePublished":"2024-01-17T15:36:12+00:00","dateModified":"2024-02-19T09:25:17+00:00","description":"Mise en \u0153uvre du concept de stationnement 2013","breadcrumb":{"@id":"https:\/\/www.efk.admin.ch\/fr\/audit\/mise-en-oeuvre-du-concept-de-stationnement-2013-groupement-defense\/#breadcrumb"},"inLanguage":"fr-FR","potentialAction":[{"@type":"ReadAction","target":["https:\/\/www.efk.admin.ch\/fr\/audit\/mise-en-oeuvre-du-concept-de-stationnement-2013-groupement-defense\/"]}]},{"@type":"BreadcrumbList","@id":"https:\/\/www.efk.admin.ch\/fr\/audit\/mise-en-oeuvre-du-concept-de-stationnement-2013-groupement-defense\/#breadcrumb","itemListElement":[{"@type":"ListItem","position":1,"name":"Home","item":"https:\/\/www.efk.admin.ch\/fr\/"},{"@type":"ListItem","position":2,"name":"Rapport","item":"https:\/\/www.efk.admin.ch\/fr\/audit\/"},{"@type":"ListItem","position":3,"name":"Mise en \u0153uvre du concept de stationnement 2013"}]},{"@type":"WebSite","@id":"https:\/\/www.efk.admin.ch\/fr\/#website","url":"https:\/\/www.efk.admin.ch\/fr\/","name":"Informationen \u00fcber das oberste Finanzaufsichtsorgan der Schweiz","description":"Le Contr\u00f4le f\u00e9d\u00e9ral des finances (CDF) est l'organe supr\u00eame de surveillance financi\u00e8re de la Conf\u00e9d\u00e9ration suisse.","publisher":{"@id":"https:\/\/www.efk.admin.ch\/fr\/#organization"},"alternateName":"EFK","potentialAction":[{"@type":"SearchAction","target":{"@type":"EntryPoint","urlTemplate":"https:\/\/www.efk.admin.ch\/fr\/?s={search_term_string}"},"query-input":{"@type":"PropertyValueSpecification","valueRequired":true,"valueName":"search_term_string"}}],"inLanguage":"fr-FR"},{"@type":"Organization","@id":"https:\/\/www.efk.admin.ch\/fr\/#organization","name":"Contr\u00f4le f\u00e9d\u00e9ral des finances (CDF)","alternateName":"EFK","url":"https:\/\/www.efk.admin.ch\/fr\/","logo":{"@type":"ImageObject","inLanguage":"fr-FR","@id":"https:\/\/www.efk.admin.ch\/fr\/#\/schema\/logo\/image\/","url":"https:\/\/www.efk.admin.ch\/wp-content\/uploads\/efk_cdf_logo_ohne_claim.png","contentUrl":"https:\/\/www.efk.admin.ch\/wp-content\/uploads\/efk_cdf_logo_ohne_claim.png","width":268,"height":258,"caption":"Contr\u00f4le f\u00e9d\u00e9ral des finances (CDF)"},"image":{"@id":"https:\/\/www.efk.admin.ch\/fr\/#\/schema\/logo\/image\/"},"sameAs":["https:\/\/www.instagram.com\/efk_cdf_sfao\/","https:\/\/www.youtube.com\/channel\/UCm-bXj227VE5sJzhB-ihdvw\/featured","https:\/\/www.linkedin.com\/company\/11081578\/"]}]}},"_links":{"self":[{"href":"https:\/\/www.efk.admin.ch\/fr\/wp-json\/wp\/v2\/audit\/5933","targetHints":{"allow":["GET"]}}],"collection":[{"href":"https:\/\/www.efk.admin.ch\/fr\/wp-json\/wp\/v2\/audit"}],"about":[{"href":"https:\/\/www.efk.admin.ch\/fr\/wp-json\/wp\/v2\/types\/audit"}],"acf:post":[{"embeddable":true,"href":"https:\/\/www.efk.admin.ch\/fr\/wp-json\/wp\/v2\/office\/22340"}],"wp:attachment":[{"href":"https:\/\/www.efk.admin.ch\/fr\/wp-json\/wp\/v2\/media?parent=5933"}],"wp:term":[{"taxonomy":"audit_category","embeddable":true,"href":"https:\/\/www.efk.admin.ch\/fr\/wp-json\/wp\/v2\/audit_category?post=5933"},{"taxonomy":"audit_type","embeddable":true,"href":"https:\/\/www.efk.admin.ch\/fr\/wp-json\/wp\/v2\/audit_type?post=5933"}],"curies":[{"name":"wp","href":"https:\/\/api.w.org\/{rel}","templated":true}]}}