{"id":5907,"date":"2024-01-17T16:36:06","date_gmt":"2024-01-17T15:36:06","guid":{"rendered":"https:\/\/preview.efk.admin.ch\/prufung\/trafic-regional-des-voyageurs-resultats-des-audits-de-ces-dernieres-annees\/"},"modified":"2024-02-16T14:17:34","modified_gmt":"2024-02-16T13:17:34","slug":"trafic-regional-des-voyageurs-resultats-des-audits-de-ces-dernieres-annees","status":"publish","type":"audit","link":"https:\/\/www.efk.admin.ch\/fr\/audit\/trafic-regional-des-voyageurs-resultats-des-audits-de-ces-dernieres-annees\/","title":{"rendered":"Trafic r\u00e9gional des voyageurs: R\u00e9sultats des audits de ces derni\u00e8res ann\u00e9es"},"content":{"rendered":"\n<p>Depuis un certain temps, le trafic r\u00e9gional voyageurs (TRV) doit faire face \u00e0 d\u2019importants d\u00e9fis. Des scandales comme celui de CarPostal SA ou r\u00e9cemment de BLS SA, ou encore des transports publics de Lucerne font sourciller et nuisent \u00e0 la r\u00e9putation des acteurs impliqu\u00e9s.<\/p>\n","protected":false},"featured_media":0,"menu_order":0,"template":"","audit_category":[47],"audit_type":[52],"class_list":["post-5907","audit","type-audit","status-publish","hentry","audit_category-transports-et-environnement","audit_type-audit-fr"],"acf":{"audit_lang":[{"lang":"d"}],"audit_numbers":[{"audit_number":"20570"}],"audit_office":null,"audit_office_text":"","audit_date":"20210705","bgo":false,"keywords":"le trafic r\u00e9gional voyageurs (TRV)  ,Des scandales, CarPostal SA, BLS SA, des transports publics de Lucerne, des acteurs impliqu\u00e9s","audit_office_local":""},"yoast_head":"<!-- This site is optimized with the Yoast SEO Premium plugin v27.4 (Yoast SEO v27.4) - https:\/\/yoast.com\/product\/yoast-seo-premium-wordpress\/ -->\n<title>Trafic r\u00e9gional des voyageurs: R\u00e9sultats des audits de ces derni\u00e8res ann\u00e9es - Contr\u00f4le f\u00e9d\u00e9ral des finances (CDF)<\/title>\n<meta name=\"description\" content=\"Trafic r\u00e9gional des voyageurs: R\u00e9sultats des audits de ces derni\u00e8res ann\u00e9es\" \/>\n<meta name=\"robots\" content=\"index, follow, max-snippet:-1, max-image-preview:large, max-video-preview:-1\" \/>\n<link rel=\"canonical\" href=\"https:\/\/www.efk.admin.ch\/fr\/audit\/trafic-regional-des-voyageurs-resultats-des-audits-de-ces-dernieres-annees\/\" \/>\n<meta property=\"og:locale\" content=\"fr_FR\" \/>\n<meta property=\"og:type\" content=\"article\" \/>\n<meta property=\"og:title\" content=\"Trafic r\u00e9gional des voyageurs: R\u00e9sultats des audits de ces derni\u00e8res ann\u00e9es\" \/>\n<meta property=\"og:description\" content=\"Trafic r\u00e9gional des voyageurs: R\u00e9sultats des audits de ces derni\u00e8res ann\u00e9es\" \/>\n<meta property=\"og:url\" content=\"https:\/\/www.efk.admin.ch\/fr\/audit\/trafic-regional-des-voyageurs-resultats-des-audits-de-ces-dernieres-annees\/\" \/>\n<meta property=\"og:site_name\" content=\"Contr\u00f4le f\u00e9d\u00e9ral des finances (CDF)\" \/>\n<meta property=\"article:modified_time\" content=\"2024-02-16T13:17:34+00:00\" \/>\n<meta property=\"og:image\" content=\"https:\/\/www.efk.admin.ch\/wp-content\/uploads\/test\/palais.jpg\" \/>\n\t<meta property=\"og:image:width\" content=\"750\" \/>\n\t<meta property=\"og:image:height\" content=\"500\" \/>\n\t<meta property=\"og:image:type\" content=\"image\/jpeg\" \/>\n<meta name=\"twitter:card\" content=\"summary_large_image\" \/>\n<script type=\"application\/ld+json\" class=\"yoast-schema-graph\">{\"@context\":\"https:\\\/\\\/schema.org\",\"@graph\":[{\"@type\":\"WebPage\",\"@id\":\"https:\\\/\\\/www.efk.admin.ch\\\/fr\\\/audit\\\/trafic-regional-des-voyageurs-resultats-des-audits-de-ces-dernieres-annees\\\/\",\"url\":\"https:\\\/\\\/www.efk.admin.ch\\\/fr\\\/audit\\\/trafic-regional-des-voyageurs-resultats-des-audits-de-ces-dernieres-annees\\\/\",\"name\":\"Trafic r\u00e9gional des voyageurs: R\u00e9sultats des audits de ces derni\u00e8res ann\u00e9es - Contr\u00f4le f\u00e9d\u00e9ral des finances (CDF)\",\"isPartOf\":{\"@id\":\"https:\\\/\\\/www.efk.admin.ch\\\/fr\\\/#website\"},\"datePublished\":\"2024-01-17T15:36:06+00:00\",\"dateModified\":\"2024-02-16T13:17:34+00:00\",\"description\":\"Trafic r\u00e9gional des voyageurs: R\u00e9sultats des audits de ces derni\u00e8res ann\u00e9es\",\"breadcrumb\":{\"@id\":\"https:\\\/\\\/www.efk.admin.ch\\\/fr\\\/audit\\\/trafic-regional-des-voyageurs-resultats-des-audits-de-ces-dernieres-annees\\\/#breadcrumb\"},\"inLanguage\":\"fr-FR\",\"potentialAction\":[{\"@type\":\"ReadAction\",\"target\":[\"https:\\\/\\\/www.efk.admin.ch\\\/fr\\\/audit\\\/trafic-regional-des-voyageurs-resultats-des-audits-de-ces-dernieres-annees\\\/\"]}]},{\"@type\":\"BreadcrumbList\",\"@id\":\"https:\\\/\\\/www.efk.admin.ch\\\/fr\\\/audit\\\/trafic-regional-des-voyageurs-resultats-des-audits-de-ces-dernieres-annees\\\/#breadcrumb\",\"itemListElement\":[{\"@type\":\"ListItem\",\"position\":1,\"name\":\"Home\",\"item\":\"https:\\\/\\\/www.efk.admin.ch\\\/fr\\\/\"},{\"@type\":\"ListItem\",\"position\":2,\"name\":\"Rapport\",\"item\":\"https:\\\/\\\/www.efk.admin.ch\\\/fr\\\/audit\\\/\"},{\"@type\":\"ListItem\",\"position\":3,\"name\":\"Trafic r\u00e9gional des voyageurs: R\u00e9sultats des audits de ces derni\u00e8res ann\u00e9es\"}]},{\"@type\":\"WebSite\",\"@id\":\"https:\\\/\\\/www.efk.admin.ch\\\/fr\\\/#website\",\"url\":\"https:\\\/\\\/www.efk.admin.ch\\\/fr\\\/\",\"name\":\"Informationen \u00fcber das oberste Finanzaufsichtsorgan der Schweiz\",\"description\":\"Le Contr\u00f4le f\u00e9d\u00e9ral des finances (CDF) est l'organe supr\u00eame de surveillance financi\u00e8re de la Conf\u00e9d\u00e9ration suisse.\",\"publisher\":{\"@id\":\"https:\\\/\\\/www.efk.admin.ch\\\/fr\\\/#organization\"},\"alternateName\":\"EFK\",\"potentialAction\":[{\"@type\":\"SearchAction\",\"target\":{\"@type\":\"EntryPoint\",\"urlTemplate\":\"https:\\\/\\\/www.efk.admin.ch\\\/fr\\\/?s={search_term_string}\"},\"query-input\":{\"@type\":\"PropertyValueSpecification\",\"valueRequired\":true,\"valueName\":\"search_term_string\"}}],\"inLanguage\":\"fr-FR\"},{\"@type\":\"Organization\",\"@id\":\"https:\\\/\\\/www.efk.admin.ch\\\/fr\\\/#organization\",\"name\":\"Contr\u00f4le f\u00e9d\u00e9ral des finances (CDF)\",\"alternateName\":\"EFK\",\"url\":\"https:\\\/\\\/www.efk.admin.ch\\\/fr\\\/\",\"logo\":{\"@type\":\"ImageObject\",\"inLanguage\":\"fr-FR\",\"@id\":\"https:\\\/\\\/www.efk.admin.ch\\\/fr\\\/#\\\/schema\\\/logo\\\/image\\\/\",\"url\":\"https:\\\/\\\/www.efk.admin.ch\\\/wp-content\\\/uploads\\\/efk_cdf_logo_ohne_claim.png\",\"contentUrl\":\"https:\\\/\\\/www.efk.admin.ch\\\/wp-content\\\/uploads\\\/efk_cdf_logo_ohne_claim.png\",\"width\":268,\"height\":258,\"caption\":\"Contr\u00f4le f\u00e9d\u00e9ral des finances (CDF)\"},\"image\":{\"@id\":\"https:\\\/\\\/www.efk.admin.ch\\\/fr\\\/#\\\/schema\\\/logo\\\/image\\\/\"},\"sameAs\":[\"https:\\\/\\\/www.instagram.com\\\/efk_cdf_sfao\\\/\",\"https:\\\/\\\/www.youtube.com\\\/channel\\\/UCm-bXj227VE5sJzhB-ihdvw\\\/featured\",\"https:\\\/\\\/www.linkedin.com\\\/company\\\/11081578\\\/\"]}]}<\/script>\n<!-- \/ Yoast SEO Premium plugin. -->","yoast_head_json":{"title":"Trafic r\u00e9gional des voyageurs: R\u00e9sultats des audits de ces derni\u00e8res ann\u00e9es - Contr\u00f4le f\u00e9d\u00e9ral des finances (CDF)","description":"Trafic r\u00e9gional des voyageurs: R\u00e9sultats des audits de ces derni\u00e8res ann\u00e9es","robots":{"index":"index","follow":"follow","max-snippet":"max-snippet:-1","max-image-preview":"max-image-preview:large","max-video-preview":"max-video-preview:-1"},"canonical":"https:\/\/www.efk.admin.ch\/fr\/audit\/trafic-regional-des-voyageurs-resultats-des-audits-de-ces-dernieres-annees\/","og_locale":"fr_FR","og_type":"article","og_title":"Trafic r\u00e9gional des voyageurs: R\u00e9sultats des audits de ces derni\u00e8res ann\u00e9es","og_description":"Trafic r\u00e9gional des voyageurs: R\u00e9sultats des audits de ces derni\u00e8res ann\u00e9es","og_url":"https:\/\/www.efk.admin.ch\/fr\/audit\/trafic-regional-des-voyageurs-resultats-des-audits-de-ces-dernieres-annees\/","og_site_name":"Contr\u00f4le f\u00e9d\u00e9ral des finances (CDF)","article_modified_time":"2024-02-16T13:17:34+00:00","og_image":[{"width":750,"height":500,"url":"https:\/\/www.efk.admin.ch\/wp-content\/uploads\/test\/palais.jpg","type":"image\/jpeg"}],"twitter_card":"summary_large_image","schema":{"@context":"https:\/\/schema.org","@graph":[{"@type":"WebPage","@id":"https:\/\/www.efk.admin.ch\/fr\/audit\/trafic-regional-des-voyageurs-resultats-des-audits-de-ces-dernieres-annees\/","url":"https:\/\/www.efk.admin.ch\/fr\/audit\/trafic-regional-des-voyageurs-resultats-des-audits-de-ces-dernieres-annees\/","name":"Trafic r\u00e9gional des voyageurs: R\u00e9sultats des audits de ces derni\u00e8res ann\u00e9es - Contr\u00f4le f\u00e9d\u00e9ral des finances (CDF)","isPartOf":{"@id":"https:\/\/www.efk.admin.ch\/fr\/#website"},"datePublished":"2024-01-17T15:36:06+00:00","dateModified":"2024-02-16T13:17:34+00:00","description":"Trafic r\u00e9gional des voyageurs: R\u00e9sultats des audits de ces derni\u00e8res ann\u00e9es","breadcrumb":{"@id":"https:\/\/www.efk.admin.ch\/fr\/audit\/trafic-regional-des-voyageurs-resultats-des-audits-de-ces-dernieres-annees\/#breadcrumb"},"inLanguage":"fr-FR","potentialAction":[{"@type":"ReadAction","target":["https:\/\/www.efk.admin.ch\/fr\/audit\/trafic-regional-des-voyageurs-resultats-des-audits-de-ces-dernieres-annees\/"]}]},{"@type":"BreadcrumbList","@id":"https:\/\/www.efk.admin.ch\/fr\/audit\/trafic-regional-des-voyageurs-resultats-des-audits-de-ces-dernieres-annees\/#breadcrumb","itemListElement":[{"@type":"ListItem","position":1,"name":"Home","item":"https:\/\/www.efk.admin.ch\/fr\/"},{"@type":"ListItem","position":2,"name":"Rapport","item":"https:\/\/www.efk.admin.ch\/fr\/audit\/"},{"@type":"ListItem","position":3,"name":"Trafic r\u00e9gional des voyageurs: R\u00e9sultats des audits de ces derni\u00e8res ann\u00e9es"}]},{"@type":"WebSite","@id":"https:\/\/www.efk.admin.ch\/fr\/#website","url":"https:\/\/www.efk.admin.ch\/fr\/","name":"Informationen \u00fcber das oberste Finanzaufsichtsorgan der Schweiz","description":"Le Contr\u00f4le f\u00e9d\u00e9ral des finances (CDF) est l'organe supr\u00eame de surveillance financi\u00e8re de la Conf\u00e9d\u00e9ration suisse.","publisher":{"@id":"https:\/\/www.efk.admin.ch\/fr\/#organization"},"alternateName":"EFK","potentialAction":[{"@type":"SearchAction","target":{"@type":"EntryPoint","urlTemplate":"https:\/\/www.efk.admin.ch\/fr\/?s={search_term_string}"},"query-input":{"@type":"PropertyValueSpecification","valueRequired":true,"valueName":"search_term_string"}}],"inLanguage":"fr-FR"},{"@type":"Organization","@id":"https:\/\/www.efk.admin.ch\/fr\/#organization","name":"Contr\u00f4le f\u00e9d\u00e9ral des finances (CDF)","alternateName":"EFK","url":"https:\/\/www.efk.admin.ch\/fr\/","logo":{"@type":"ImageObject","inLanguage":"fr-FR","@id":"https:\/\/www.efk.admin.ch\/fr\/#\/schema\/logo\/image\/","url":"https:\/\/www.efk.admin.ch\/wp-content\/uploads\/efk_cdf_logo_ohne_claim.png","contentUrl":"https:\/\/www.efk.admin.ch\/wp-content\/uploads\/efk_cdf_logo_ohne_claim.png","width":268,"height":258,"caption":"Contr\u00f4le f\u00e9d\u00e9ral des finances (CDF)"},"image":{"@id":"https:\/\/www.efk.admin.ch\/fr\/#\/schema\/logo\/image\/"},"sameAs":["https:\/\/www.instagram.com\/efk_cdf_sfao\/","https:\/\/www.youtube.com\/channel\/UCm-bXj227VE5sJzhB-ihdvw\/featured","https:\/\/www.linkedin.com\/company\/11081578\/"]}]}},"_links":{"self":[{"href":"https:\/\/www.efk.admin.ch\/fr\/wp-json\/wp\/v2\/audit\/5907","targetHints":{"allow":["GET"]}}],"collection":[{"href":"https:\/\/www.efk.admin.ch\/fr\/wp-json\/wp\/v2\/audit"}],"about":[{"href":"https:\/\/www.efk.admin.ch\/fr\/wp-json\/wp\/v2\/types\/audit"}],"wp:attachment":[{"href":"https:\/\/www.efk.admin.ch\/fr\/wp-json\/wp\/v2\/media?parent=5907"}],"wp:term":[{"taxonomy":"audit_category","embeddable":true,"href":"https:\/\/www.efk.admin.ch\/fr\/wp-json\/wp\/v2\/audit_category?post=5907"},{"taxonomy":"audit_type","embeddable":true,"href":"https:\/\/www.efk.admin.ch\/fr\/wp-json\/wp\/v2\/audit_type?post=5907"}],"curies":[{"name":"wp","href":"https:\/\/api.w.org\/{rel}","templated":true}]}}