{"id":5890,"date":"2024-01-17T16:36:00","date_gmt":"2024-01-17T15:36:00","guid":{"rendered":"https:\/\/preview.efk.admin.ch\/prufung\/mise-en-oeuvre-de-la-strategie-des-donnees-de-base-de-la-confederation-chancellerie-federale-et-office-federal-de-la-statistique\/"},"modified":"2024-02-16T15:40:56","modified_gmt":"2024-02-16T14:40:56","slug":"mise-en-oeuvre-de-la-strategie-des-donnees-de-base-de-la-confederation-chancellerie-federale-et-office-federal-de-la-statistique","status":"publish","type":"audit","link":"https:\/\/www.efk.admin.ch\/fr\/audit\/mise-en-oeuvre-de-la-strategie-des-donnees-de-base-de-la-confederation-chancellerie-federale-et-office-federal-de-la-statistique\/","title":{"rendered":"Mise en \u0153uvre de la strat\u00e9gie des donn\u00e9es de base de la Conf\u00e9d\u00e9ration"},"content":{"rendered":"\n<p>En d\u00e9cembre 2018, le Conseil f\u00e9d\u00e9ral a adopt\u00e9 une strat\u00e9gie pour le d\u00e9veloppement de la gestion commune des donn\u00e9es de base de la Conf\u00e9d\u00e9ration. Une premi\u00e8re \u00e9tape de la mise en \u0153uvre se poursuit jusqu\u2019\u00e0 fin 2021. Elle se concentre sur les donn\u00e9es de base des entreprises. La coordination des travaux est assur\u00e9e par le comit\u00e9 de pilotage de la gestion commune des donn\u00e9es de base de la Conf\u00e9d\u00e9ration (ci-apr\u00e8s \u00ab comit\u00e9 de pilotage GSVB \u00bb). Cet organe est plac\u00e9 sous la direction du secteur Transformation num\u00e9rique et gouvernance informatique (TNI) de la Chancellerie f\u00e9d\u00e9rale (ChF).<\/p>\n","protected":false},"featured_media":0,"menu_order":0,"template":"","audit_category":[79],"audit_type":[52],"class_list":["post-5890","audit","type-audit","status-publish","hentry","audit_category-projets-informatiques","audit_type-audit-fr"],"acf":{"audit_lang":[{"lang":"f"}],"audit_numbers":[{"audit_number":"20526"}],"audit_office":[7967,7906],"audit_office_text":"","audit_date":"20211220","bgo":false,"keywords":"la gestion commune des donn\u00e9es de base de la Conf\u00e9d\u00e9ration, es donn\u00e9es de base des entreprises, le comit\u00e9 de pilotage,  secteur Transformation num\u00e9rique et gouvernance informatique (TNI)","audit_office_local":""},"yoast_head":"<!-- This site is optimized with the Yoast SEO Premium plugin v27.4 (Yoast SEO v27.4) - https:\/\/yoast.com\/product\/yoast-seo-premium-wordpress\/ -->\n<title>Mise en \u0153uvre de la strat\u00e9gie des donn\u00e9es de base de la Conf\u00e9d\u00e9ration - Contr\u00f4le f\u00e9d\u00e9ral des finances (CDF)<\/title>\n<meta name=\"description\" content=\"Mise en \u0153uvre de la strat\u00e9gie des donn\u00e9es de base de la Conf\u00e9d\u00e9ration\" \/>\n<meta name=\"robots\" content=\"index, follow, max-snippet:-1, max-image-preview:large, max-video-preview:-1\" \/>\n<link rel=\"canonical\" href=\"https:\/\/www.efk.admin.ch\/fr\/audit\/mise-en-oeuvre-de-la-strategie-des-donnees-de-base-de-la-confederation-chancellerie-federale-et-office-federal-de-la-statistique\/\" \/>\n<meta property=\"og:locale\" content=\"fr_FR\" \/>\n<meta property=\"og:type\" content=\"article\" \/>\n<meta property=\"og:title\" content=\"Mise en \u0153uvre de la strat\u00e9gie des donn\u00e9es de base de la Conf\u00e9d\u00e9ration\" \/>\n<meta property=\"og:description\" content=\"Mise en \u0153uvre de la strat\u00e9gie des donn\u00e9es de base de la Conf\u00e9d\u00e9ration\" \/>\n<meta property=\"og:url\" content=\"https:\/\/www.efk.admin.ch\/fr\/audit\/mise-en-oeuvre-de-la-strategie-des-donnees-de-base-de-la-confederation-chancellerie-federale-et-office-federal-de-la-statistique\/\" \/>\n<meta property=\"og:site_name\" content=\"Contr\u00f4le f\u00e9d\u00e9ral des finances (CDF)\" \/>\n<meta property=\"article:modified_time\" content=\"2024-02-16T14:40:56+00:00\" \/>\n<meta property=\"og:image\" content=\"https:\/\/www.efk.admin.ch\/wp-content\/uploads\/test\/palais.jpg\" \/>\n\t<meta property=\"og:image:width\" content=\"750\" \/>\n\t<meta property=\"og:image:height\" content=\"500\" \/>\n\t<meta property=\"og:image:type\" content=\"image\/jpeg\" \/>\n<meta name=\"twitter:card\" content=\"summary_large_image\" \/>\n<meta name=\"twitter:label1\" content=\"Dur\u00e9e de lecture estim\u00e9e\" \/>\n\t<meta name=\"twitter:data1\" content=\"1 minute\" \/>\n<script type=\"application\/ld+json\" class=\"yoast-schema-graph\">{\"@context\":\"https:\\\/\\\/schema.org\",\"@graph\":[{\"@type\":\"WebPage\",\"@id\":\"https:\\\/\\\/www.efk.admin.ch\\\/fr\\\/audit\\\/mise-en-oeuvre-de-la-strategie-des-donnees-de-base-de-la-confederation-chancellerie-federale-et-office-federal-de-la-statistique\\\/\",\"url\":\"https:\\\/\\\/www.efk.admin.ch\\\/fr\\\/audit\\\/mise-en-oeuvre-de-la-strategie-des-donnees-de-base-de-la-confederation-chancellerie-federale-et-office-federal-de-la-statistique\\\/\",\"name\":\"Mise en \u0153uvre de la strat\u00e9gie des donn\u00e9es de base de la Conf\u00e9d\u00e9ration - Contr\u00f4le f\u00e9d\u00e9ral des finances (CDF)\",\"isPartOf\":{\"@id\":\"https:\\\/\\\/www.efk.admin.ch\\\/fr\\\/#website\"},\"datePublished\":\"2024-01-17T15:36:00+00:00\",\"dateModified\":\"2024-02-16T14:40:56+00:00\",\"description\":\"Mise en \u0153uvre de la strat\u00e9gie des donn\u00e9es de base de la Conf\u00e9d\u00e9ration\",\"breadcrumb\":{\"@id\":\"https:\\\/\\\/www.efk.admin.ch\\\/fr\\\/audit\\\/mise-en-oeuvre-de-la-strategie-des-donnees-de-base-de-la-confederation-chancellerie-federale-et-office-federal-de-la-statistique\\\/#breadcrumb\"},\"inLanguage\":\"fr-FR\",\"potentialAction\":[{\"@type\":\"ReadAction\",\"target\":[\"https:\\\/\\\/www.efk.admin.ch\\\/fr\\\/audit\\\/mise-en-oeuvre-de-la-strategie-des-donnees-de-base-de-la-confederation-chancellerie-federale-et-office-federal-de-la-statistique\\\/\"]}]},{\"@type\":\"BreadcrumbList\",\"@id\":\"https:\\\/\\\/www.efk.admin.ch\\\/fr\\\/audit\\\/mise-en-oeuvre-de-la-strategie-des-donnees-de-base-de-la-confederation-chancellerie-federale-et-office-federal-de-la-statistique\\\/#breadcrumb\",\"itemListElement\":[{\"@type\":\"ListItem\",\"position\":1,\"name\":\"Home\",\"item\":\"https:\\\/\\\/www.efk.admin.ch\\\/fr\\\/\"},{\"@type\":\"ListItem\",\"position\":2,\"name\":\"Rapport\",\"item\":\"https:\\\/\\\/www.efk.admin.ch\\\/fr\\\/audit\\\/\"},{\"@type\":\"ListItem\",\"position\":3,\"name\":\"Mise en \u0153uvre de la strat\u00e9gie des donn\u00e9es de base de la Conf\u00e9d\u00e9ration\"}]},{\"@type\":\"WebSite\",\"@id\":\"https:\\\/\\\/www.efk.admin.ch\\\/fr\\\/#website\",\"url\":\"https:\\\/\\\/www.efk.admin.ch\\\/fr\\\/\",\"name\":\"Informationen \u00fcber das oberste Finanzaufsichtsorgan der Schweiz\",\"description\":\"Le Contr\u00f4le f\u00e9d\u00e9ral des finances (CDF) est l'organe supr\u00eame de surveillance financi\u00e8re de la Conf\u00e9d\u00e9ration suisse.\",\"publisher\":{\"@id\":\"https:\\\/\\\/www.efk.admin.ch\\\/fr\\\/#organization\"},\"alternateName\":\"EFK\",\"potentialAction\":[{\"@type\":\"SearchAction\",\"target\":{\"@type\":\"EntryPoint\",\"urlTemplate\":\"https:\\\/\\\/www.efk.admin.ch\\\/fr\\\/?s={search_term_string}\"},\"query-input\":{\"@type\":\"PropertyValueSpecification\",\"valueRequired\":true,\"valueName\":\"search_term_string\"}}],\"inLanguage\":\"fr-FR\"},{\"@type\":\"Organization\",\"@id\":\"https:\\\/\\\/www.efk.admin.ch\\\/fr\\\/#organization\",\"name\":\"Contr\u00f4le f\u00e9d\u00e9ral des finances (CDF)\",\"alternateName\":\"EFK\",\"url\":\"https:\\\/\\\/www.efk.admin.ch\\\/fr\\\/\",\"logo\":{\"@type\":\"ImageObject\",\"inLanguage\":\"fr-FR\",\"@id\":\"https:\\\/\\\/www.efk.admin.ch\\\/fr\\\/#\\\/schema\\\/logo\\\/image\\\/\",\"url\":\"https:\\\/\\\/www.efk.admin.ch\\\/wp-content\\\/uploads\\\/efk_cdf_logo_ohne_claim.png\",\"contentUrl\":\"https:\\\/\\\/www.efk.admin.ch\\\/wp-content\\\/uploads\\\/efk_cdf_logo_ohne_claim.png\",\"width\":268,\"height\":258,\"caption\":\"Contr\u00f4le f\u00e9d\u00e9ral des finances (CDF)\"},\"image\":{\"@id\":\"https:\\\/\\\/www.efk.admin.ch\\\/fr\\\/#\\\/schema\\\/logo\\\/image\\\/\"},\"sameAs\":[\"https:\\\/\\\/www.instagram.com\\\/efk_cdf_sfao\\\/\",\"https:\\\/\\\/www.youtube.com\\\/channel\\\/UCm-bXj227VE5sJzhB-ihdvw\\\/featured\",\"https:\\\/\\\/www.linkedin.com\\\/company\\\/11081578\\\/\"]}]}<\/script>\n<!-- \/ Yoast SEO Premium plugin. -->","yoast_head_json":{"title":"Mise en \u0153uvre de la strat\u00e9gie des donn\u00e9es de base de la Conf\u00e9d\u00e9ration - Contr\u00f4le f\u00e9d\u00e9ral des finances (CDF)","description":"Mise en \u0153uvre de la strat\u00e9gie des donn\u00e9es de base de la Conf\u00e9d\u00e9ration","robots":{"index":"index","follow":"follow","max-snippet":"max-snippet:-1","max-image-preview":"max-image-preview:large","max-video-preview":"max-video-preview:-1"},"canonical":"https:\/\/www.efk.admin.ch\/fr\/audit\/mise-en-oeuvre-de-la-strategie-des-donnees-de-base-de-la-confederation-chancellerie-federale-et-office-federal-de-la-statistique\/","og_locale":"fr_FR","og_type":"article","og_title":"Mise en \u0153uvre de la strat\u00e9gie des donn\u00e9es de base de la Conf\u00e9d\u00e9ration","og_description":"Mise en \u0153uvre de la strat\u00e9gie des donn\u00e9es de base de la Conf\u00e9d\u00e9ration","og_url":"https:\/\/www.efk.admin.ch\/fr\/audit\/mise-en-oeuvre-de-la-strategie-des-donnees-de-base-de-la-confederation-chancellerie-federale-et-office-federal-de-la-statistique\/","og_site_name":"Contr\u00f4le f\u00e9d\u00e9ral des finances (CDF)","article_modified_time":"2024-02-16T14:40:56+00:00","og_image":[{"width":750,"height":500,"url":"https:\/\/www.efk.admin.ch\/wp-content\/uploads\/test\/palais.jpg","type":"image\/jpeg"}],"twitter_card":"summary_large_image","twitter_misc":{"Dur\u00e9e de lecture estim\u00e9e":"1 minute"},"schema":{"@context":"https:\/\/schema.org","@graph":[{"@type":"WebPage","@id":"https:\/\/www.efk.admin.ch\/fr\/audit\/mise-en-oeuvre-de-la-strategie-des-donnees-de-base-de-la-confederation-chancellerie-federale-et-office-federal-de-la-statistique\/","url":"https:\/\/www.efk.admin.ch\/fr\/audit\/mise-en-oeuvre-de-la-strategie-des-donnees-de-base-de-la-confederation-chancellerie-federale-et-office-federal-de-la-statistique\/","name":"Mise en \u0153uvre de la strat\u00e9gie des donn\u00e9es de base de la Conf\u00e9d\u00e9ration - Contr\u00f4le f\u00e9d\u00e9ral des finances (CDF)","isPartOf":{"@id":"https:\/\/www.efk.admin.ch\/fr\/#website"},"datePublished":"2024-01-17T15:36:00+00:00","dateModified":"2024-02-16T14:40:56+00:00","description":"Mise en \u0153uvre de la strat\u00e9gie des donn\u00e9es de base de la Conf\u00e9d\u00e9ration","breadcrumb":{"@id":"https:\/\/www.efk.admin.ch\/fr\/audit\/mise-en-oeuvre-de-la-strategie-des-donnees-de-base-de-la-confederation-chancellerie-federale-et-office-federal-de-la-statistique\/#breadcrumb"},"inLanguage":"fr-FR","potentialAction":[{"@type":"ReadAction","target":["https:\/\/www.efk.admin.ch\/fr\/audit\/mise-en-oeuvre-de-la-strategie-des-donnees-de-base-de-la-confederation-chancellerie-federale-et-office-federal-de-la-statistique\/"]}]},{"@type":"BreadcrumbList","@id":"https:\/\/www.efk.admin.ch\/fr\/audit\/mise-en-oeuvre-de-la-strategie-des-donnees-de-base-de-la-confederation-chancellerie-federale-et-office-federal-de-la-statistique\/#breadcrumb","itemListElement":[{"@type":"ListItem","position":1,"name":"Home","item":"https:\/\/www.efk.admin.ch\/fr\/"},{"@type":"ListItem","position":2,"name":"Rapport","item":"https:\/\/www.efk.admin.ch\/fr\/audit\/"},{"@type":"ListItem","position":3,"name":"Mise en \u0153uvre de la strat\u00e9gie des donn\u00e9es de base de la Conf\u00e9d\u00e9ration"}]},{"@type":"WebSite","@id":"https:\/\/www.efk.admin.ch\/fr\/#website","url":"https:\/\/www.efk.admin.ch\/fr\/","name":"Informationen \u00fcber das oberste Finanzaufsichtsorgan der Schweiz","description":"Le Contr\u00f4le f\u00e9d\u00e9ral des finances (CDF) est l'organe supr\u00eame de surveillance financi\u00e8re de la Conf\u00e9d\u00e9ration suisse.","publisher":{"@id":"https:\/\/www.efk.admin.ch\/fr\/#organization"},"alternateName":"EFK","potentialAction":[{"@type":"SearchAction","target":{"@type":"EntryPoint","urlTemplate":"https:\/\/www.efk.admin.ch\/fr\/?s={search_term_string}"},"query-input":{"@type":"PropertyValueSpecification","valueRequired":true,"valueName":"search_term_string"}}],"inLanguage":"fr-FR"},{"@type":"Organization","@id":"https:\/\/www.efk.admin.ch\/fr\/#organization","name":"Contr\u00f4le f\u00e9d\u00e9ral des finances (CDF)","alternateName":"EFK","url":"https:\/\/www.efk.admin.ch\/fr\/","logo":{"@type":"ImageObject","inLanguage":"fr-FR","@id":"https:\/\/www.efk.admin.ch\/fr\/#\/schema\/logo\/image\/","url":"https:\/\/www.efk.admin.ch\/wp-content\/uploads\/efk_cdf_logo_ohne_claim.png","contentUrl":"https:\/\/www.efk.admin.ch\/wp-content\/uploads\/efk_cdf_logo_ohne_claim.png","width":268,"height":258,"caption":"Contr\u00f4le f\u00e9d\u00e9ral des finances (CDF)"},"image":{"@id":"https:\/\/www.efk.admin.ch\/fr\/#\/schema\/logo\/image\/"},"sameAs":["https:\/\/www.instagram.com\/efk_cdf_sfao\/","https:\/\/www.youtube.com\/channel\/UCm-bXj227VE5sJzhB-ihdvw\/featured","https:\/\/www.linkedin.com\/company\/11081578\/"]}]}},"_links":{"self":[{"href":"https:\/\/www.efk.admin.ch\/fr\/wp-json\/wp\/v2\/audit\/5890","targetHints":{"allow":["GET"]}}],"collection":[{"href":"https:\/\/www.efk.admin.ch\/fr\/wp-json\/wp\/v2\/audit"}],"about":[{"href":"https:\/\/www.efk.admin.ch\/fr\/wp-json\/wp\/v2\/types\/audit"}],"acf:post":[{"embeddable":true,"href":"https:\/\/www.efk.admin.ch\/fr\/wp-json\/wp\/v2\/office\/7906"},{"embeddable":true,"href":"https:\/\/www.efk.admin.ch\/fr\/wp-json\/wp\/v2\/office\/7967"}],"wp:attachment":[{"href":"https:\/\/www.efk.admin.ch\/fr\/wp-json\/wp\/v2\/media?parent=5890"}],"wp:term":[{"taxonomy":"audit_category","embeddable":true,"href":"https:\/\/www.efk.admin.ch\/fr\/wp-json\/wp\/v2\/audit_category?post=5890"},{"taxonomy":"audit_type","embeddable":true,"href":"https:\/\/www.efk.admin.ch\/fr\/wp-json\/wp\/v2\/audit_type?post=5890"}],"curies":[{"name":"wp","href":"https:\/\/api.w.org\/{rel}","templated":true}]}}