{"id":5865,"date":"2024-01-17T16:35:54","date_gmt":"2024-01-17T15:35:54","guid":{"rendered":"https:\/\/preview.efk.admin.ch\/prufung\/mise-en-oeuvre-des-recommandations-traitement-et-controle-des-factures-pour-les-prestations-individuelles-de-lavs-et-de-lai-centrale-de-compensation-et-office-federal-des\/"},"modified":"2024-02-20T10:42:54","modified_gmt":"2024-02-20T09:42:54","slug":"mise-en-oeuvre-des-recommandations-traitement-et-controle-des-factures-pour-les-prestations-individuelles-de-lavs-et-de-lai-centrale-de-compensation-et-office-federal-des","status":"publish","type":"audit","link":"https:\/\/www.efk.admin.ch\/fr\/audit\/mise-en-oeuvre-des-recommandations-traitement-et-controle-des-factures-pour-les-prestations-individuelles-de-lavs-et-de-lai-centrale-de-compensation-et-office-federal-des\/","title":{"rendered":"Mise en \u0153uvre des recommandations \u2013 Traitement et contr\u00f4le des factures pour les prestations individuelles de l\u2019AVS et de l\u2019AI"},"content":{"rendered":"\n<p>Le Contr\u00f4le f\u00e9d\u00e9ral des finances (CDF) a examin\u00e9 le suivi des recommandations de son rapport sur le traitement et le contr\u00f4le des factures pour les prestations individuelles de l\u2019assurance-vieillesse et survivants (AVS) et de l\u2019assurance-invalidit\u00e9 (AI). Il s\u2019agit, entre autres, de mesures m\u00e9dicales, de formations professionnelles, de moyens auxiliaires ou de frais de transport. Ces factures repr\u00e9sentent un volume financier d\u2019environ 2,4 milliards par an. L\u2019Office f\u00e9d\u00e9ral des assurances sociales (OFAS) d\u00e9finit les principes g\u00e9n\u00e9raux et exerce une fonction de surveillance. Les offices AI et la Centrale de compensation (CdC) se partagent les t\u00e2ches d\u2019ex\u00e9cution, soit le traitement et le contr\u00f4le des factures.<\/p>\n","protected":false},"featured_media":0,"menu_order":0,"template":"","audit_category":[35],"audit_type":[52],"class_list":["post-5865","audit","type-audit","status-publish","hentry","audit_category-assurances-sociales-et-prevoyance-vieillesse","audit_type-audit-fr"],"acf":{"audit_lang":[{"lang":"f"}],"audit_numbers":[{"audit_number":"20267"}],"audit_office":[7986,7907],"audit_office_text":"","audit_date":"20220427","bgo":false,"keywords":"contr\u00f4le, de mesures m\u00e9dicales, de formations professionnelles, de moyens auxiliaires, de frais de transport","audit_office_local":""},"yoast_head":"<!-- This site is optimized with the Yoast SEO Premium plugin v27.4 (Yoast SEO v27.4) - https:\/\/yoast.com\/product\/yoast-seo-premium-wordpress\/ -->\n<title>Mise en \u0153uvre des recommandations \u2013 Traitement et contr\u00f4le des factures pour les prestations individuelles de l\u2019AVS et de l\u2019AI - Contr\u00f4le f\u00e9d\u00e9ral des finances (CDF)<\/title>\n<meta name=\"description\" content=\"Mise en \u0153uvre des recommandations \u2013 Traitement et contr\u00f4le des factures pour les prestations individuelles de l\u2019AVS et de l\u2019AI\" \/>\n<meta name=\"robots\" content=\"index, follow, max-snippet:-1, max-image-preview:large, max-video-preview:-1\" \/>\n<link rel=\"canonical\" href=\"https:\/\/www.efk.admin.ch\/fr\/audit\/mise-en-oeuvre-des-recommandations-traitement-et-controle-des-factures-pour-les-prestations-individuelles-de-lavs-et-de-lai-centrale-de-compensation-et-office-federal-des\/\" \/>\n<meta property=\"og:locale\" content=\"fr_FR\" \/>\n<meta property=\"og:type\" content=\"article\" \/>\n<meta property=\"og:title\" content=\"Mise en \u0153uvre des recommandations \u2013 Traitement et contr\u00f4le des factures pour les prestations individuelles de l\u2019AVS et de l\u2019AI\" \/>\n<meta property=\"og:description\" content=\"Mise en \u0153uvre des recommandations \u2013 Traitement et contr\u00f4le des factures pour les prestations individuelles de l\u2019AVS et de l\u2019AI\" \/>\n<meta property=\"og:url\" content=\"https:\/\/www.efk.admin.ch\/fr\/audit\/mise-en-oeuvre-des-recommandations-traitement-et-controle-des-factures-pour-les-prestations-individuelles-de-lavs-et-de-lai-centrale-de-compensation-et-office-federal-des\/\" \/>\n<meta property=\"og:site_name\" content=\"Contr\u00f4le f\u00e9d\u00e9ral des finances (CDF)\" \/>\n<meta property=\"article:modified_time\" content=\"2024-02-20T09:42:54+00:00\" \/>\n<meta property=\"og:image\" content=\"https:\/\/www.efk.admin.ch\/wp-content\/uploads\/test\/palais.jpg\" \/>\n\t<meta property=\"og:image:width\" content=\"750\" \/>\n\t<meta property=\"og:image:height\" content=\"500\" \/>\n\t<meta property=\"og:image:type\" content=\"image\/jpeg\" \/>\n<meta name=\"twitter:card\" content=\"summary_large_image\" \/>\n<meta name=\"twitter:label1\" content=\"Dur\u00e9e de lecture estim\u00e9e\" \/>\n\t<meta name=\"twitter:data1\" content=\"1 minute\" \/>\n<script type=\"application\/ld+json\" class=\"yoast-schema-graph\">{\"@context\":\"https:\\\/\\\/schema.org\",\"@graph\":[{\"@type\":\"WebPage\",\"@id\":\"https:\\\/\\\/www.efk.admin.ch\\\/fr\\\/audit\\\/mise-en-oeuvre-des-recommandations-traitement-et-controle-des-factures-pour-les-prestations-individuelles-de-lavs-et-de-lai-centrale-de-compensation-et-office-federal-des\\\/\",\"url\":\"https:\\\/\\\/www.efk.admin.ch\\\/fr\\\/audit\\\/mise-en-oeuvre-des-recommandations-traitement-et-controle-des-factures-pour-les-prestations-individuelles-de-lavs-et-de-lai-centrale-de-compensation-et-office-federal-des\\\/\",\"name\":\"Mise en \u0153uvre des recommandations \u2013 Traitement et contr\u00f4le des factures pour les prestations individuelles de l\u2019AVS et de l\u2019AI - Contr\u00f4le f\u00e9d\u00e9ral des finances (CDF)\",\"isPartOf\":{\"@id\":\"https:\\\/\\\/www.efk.admin.ch\\\/fr\\\/#website\"},\"datePublished\":\"2024-01-17T15:35:54+00:00\",\"dateModified\":\"2024-02-20T09:42:54+00:00\",\"description\":\"Mise en \u0153uvre des recommandations \u2013 Traitement et contr\u00f4le des factures pour les prestations individuelles de l\u2019AVS et de l\u2019AI\",\"breadcrumb\":{\"@id\":\"https:\\\/\\\/www.efk.admin.ch\\\/fr\\\/audit\\\/mise-en-oeuvre-des-recommandations-traitement-et-controle-des-factures-pour-les-prestations-individuelles-de-lavs-et-de-lai-centrale-de-compensation-et-office-federal-des\\\/#breadcrumb\"},\"inLanguage\":\"fr-FR\",\"potentialAction\":[{\"@type\":\"ReadAction\",\"target\":[\"https:\\\/\\\/www.efk.admin.ch\\\/fr\\\/audit\\\/mise-en-oeuvre-des-recommandations-traitement-et-controle-des-factures-pour-les-prestations-individuelles-de-lavs-et-de-lai-centrale-de-compensation-et-office-federal-des\\\/\"]}]},{\"@type\":\"BreadcrumbList\",\"@id\":\"https:\\\/\\\/www.efk.admin.ch\\\/fr\\\/audit\\\/mise-en-oeuvre-des-recommandations-traitement-et-controle-des-factures-pour-les-prestations-individuelles-de-lavs-et-de-lai-centrale-de-compensation-et-office-federal-des\\\/#breadcrumb\",\"itemListElement\":[{\"@type\":\"ListItem\",\"position\":1,\"name\":\"Home\",\"item\":\"https:\\\/\\\/www.efk.admin.ch\\\/fr\\\/\"},{\"@type\":\"ListItem\",\"position\":2,\"name\":\"Rapport\",\"item\":\"https:\\\/\\\/www.efk.admin.ch\\\/fr\\\/audit\\\/\"},{\"@type\":\"ListItem\",\"position\":3,\"name\":\"Mise en \u0153uvre des recommandations \u2013 Traitement et contr\u00f4le des factures pour les prestations individuelles de l\u2019AVS et de l\u2019AI\"}]},{\"@type\":\"WebSite\",\"@id\":\"https:\\\/\\\/www.efk.admin.ch\\\/fr\\\/#website\",\"url\":\"https:\\\/\\\/www.efk.admin.ch\\\/fr\\\/\",\"name\":\"Informationen \u00fcber das oberste Finanzaufsichtsorgan der Schweiz\",\"description\":\"Le Contr\u00f4le f\u00e9d\u00e9ral des finances (CDF) est l'organe supr\u00eame de surveillance financi\u00e8re de la Conf\u00e9d\u00e9ration suisse.\",\"publisher\":{\"@id\":\"https:\\\/\\\/www.efk.admin.ch\\\/fr\\\/#organization\"},\"alternateName\":\"EFK\",\"potentialAction\":[{\"@type\":\"SearchAction\",\"target\":{\"@type\":\"EntryPoint\",\"urlTemplate\":\"https:\\\/\\\/www.efk.admin.ch\\\/fr\\\/?s={search_term_string}\"},\"query-input\":{\"@type\":\"PropertyValueSpecification\",\"valueRequired\":true,\"valueName\":\"search_term_string\"}}],\"inLanguage\":\"fr-FR\"},{\"@type\":\"Organization\",\"@id\":\"https:\\\/\\\/www.efk.admin.ch\\\/fr\\\/#organization\",\"name\":\"Contr\u00f4le f\u00e9d\u00e9ral des finances (CDF)\",\"alternateName\":\"EFK\",\"url\":\"https:\\\/\\\/www.efk.admin.ch\\\/fr\\\/\",\"logo\":{\"@type\":\"ImageObject\",\"inLanguage\":\"fr-FR\",\"@id\":\"https:\\\/\\\/www.efk.admin.ch\\\/fr\\\/#\\\/schema\\\/logo\\\/image\\\/\",\"url\":\"https:\\\/\\\/www.efk.admin.ch\\\/wp-content\\\/uploads\\\/efk_cdf_logo_ohne_claim.png\",\"contentUrl\":\"https:\\\/\\\/www.efk.admin.ch\\\/wp-content\\\/uploads\\\/efk_cdf_logo_ohne_claim.png\",\"width\":268,\"height\":258,\"caption\":\"Contr\u00f4le f\u00e9d\u00e9ral des finances (CDF)\"},\"image\":{\"@id\":\"https:\\\/\\\/www.efk.admin.ch\\\/fr\\\/#\\\/schema\\\/logo\\\/image\\\/\"},\"sameAs\":[\"https:\\\/\\\/www.instagram.com\\\/efk_cdf_sfao\\\/\",\"https:\\\/\\\/www.youtube.com\\\/channel\\\/UCm-bXj227VE5sJzhB-ihdvw\\\/featured\",\"https:\\\/\\\/www.linkedin.com\\\/company\\\/11081578\\\/\"]}]}<\/script>\n<!-- \/ Yoast SEO Premium plugin. -->","yoast_head_json":{"title":"Mise en \u0153uvre des recommandations \u2013 Traitement et contr\u00f4le des factures pour les prestations individuelles de l\u2019AVS et de l\u2019AI - Contr\u00f4le f\u00e9d\u00e9ral des finances (CDF)","description":"Mise en \u0153uvre des recommandations \u2013 Traitement et contr\u00f4le des factures pour les prestations individuelles de l\u2019AVS et de l\u2019AI","robots":{"index":"index","follow":"follow","max-snippet":"max-snippet:-1","max-image-preview":"max-image-preview:large","max-video-preview":"max-video-preview:-1"},"canonical":"https:\/\/www.efk.admin.ch\/fr\/audit\/mise-en-oeuvre-des-recommandations-traitement-et-controle-des-factures-pour-les-prestations-individuelles-de-lavs-et-de-lai-centrale-de-compensation-et-office-federal-des\/","og_locale":"fr_FR","og_type":"article","og_title":"Mise en \u0153uvre des recommandations \u2013 Traitement et contr\u00f4le des factures pour les prestations individuelles de l\u2019AVS et de l\u2019AI","og_description":"Mise en \u0153uvre des recommandations \u2013 Traitement et contr\u00f4le des factures pour les prestations individuelles de l\u2019AVS et de l\u2019AI","og_url":"https:\/\/www.efk.admin.ch\/fr\/audit\/mise-en-oeuvre-des-recommandations-traitement-et-controle-des-factures-pour-les-prestations-individuelles-de-lavs-et-de-lai-centrale-de-compensation-et-office-federal-des\/","og_site_name":"Contr\u00f4le f\u00e9d\u00e9ral des finances (CDF)","article_modified_time":"2024-02-20T09:42:54+00:00","og_image":[{"width":750,"height":500,"url":"https:\/\/www.efk.admin.ch\/wp-content\/uploads\/test\/palais.jpg","type":"image\/jpeg"}],"twitter_card":"summary_large_image","twitter_misc":{"Dur\u00e9e de lecture estim\u00e9e":"1 minute"},"schema":{"@context":"https:\/\/schema.org","@graph":[{"@type":"WebPage","@id":"https:\/\/www.efk.admin.ch\/fr\/audit\/mise-en-oeuvre-des-recommandations-traitement-et-controle-des-factures-pour-les-prestations-individuelles-de-lavs-et-de-lai-centrale-de-compensation-et-office-federal-des\/","url":"https:\/\/www.efk.admin.ch\/fr\/audit\/mise-en-oeuvre-des-recommandations-traitement-et-controle-des-factures-pour-les-prestations-individuelles-de-lavs-et-de-lai-centrale-de-compensation-et-office-federal-des\/","name":"Mise en \u0153uvre des recommandations \u2013 Traitement et contr\u00f4le des factures pour les prestations individuelles de l\u2019AVS et de l\u2019AI - Contr\u00f4le f\u00e9d\u00e9ral des finances (CDF)","isPartOf":{"@id":"https:\/\/www.efk.admin.ch\/fr\/#website"},"datePublished":"2024-01-17T15:35:54+00:00","dateModified":"2024-02-20T09:42:54+00:00","description":"Mise en \u0153uvre des recommandations \u2013 Traitement et contr\u00f4le des factures pour les prestations individuelles de l\u2019AVS et de l\u2019AI","breadcrumb":{"@id":"https:\/\/www.efk.admin.ch\/fr\/audit\/mise-en-oeuvre-des-recommandations-traitement-et-controle-des-factures-pour-les-prestations-individuelles-de-lavs-et-de-lai-centrale-de-compensation-et-office-federal-des\/#breadcrumb"},"inLanguage":"fr-FR","potentialAction":[{"@type":"ReadAction","target":["https:\/\/www.efk.admin.ch\/fr\/audit\/mise-en-oeuvre-des-recommandations-traitement-et-controle-des-factures-pour-les-prestations-individuelles-de-lavs-et-de-lai-centrale-de-compensation-et-office-federal-des\/"]}]},{"@type":"BreadcrumbList","@id":"https:\/\/www.efk.admin.ch\/fr\/audit\/mise-en-oeuvre-des-recommandations-traitement-et-controle-des-factures-pour-les-prestations-individuelles-de-lavs-et-de-lai-centrale-de-compensation-et-office-federal-des\/#breadcrumb","itemListElement":[{"@type":"ListItem","position":1,"name":"Home","item":"https:\/\/www.efk.admin.ch\/fr\/"},{"@type":"ListItem","position":2,"name":"Rapport","item":"https:\/\/www.efk.admin.ch\/fr\/audit\/"},{"@type":"ListItem","position":3,"name":"Mise en \u0153uvre des recommandations \u2013 Traitement et contr\u00f4le des factures pour les prestations individuelles de l\u2019AVS et de l\u2019AI"}]},{"@type":"WebSite","@id":"https:\/\/www.efk.admin.ch\/fr\/#website","url":"https:\/\/www.efk.admin.ch\/fr\/","name":"Informationen \u00fcber das oberste Finanzaufsichtsorgan der Schweiz","description":"Le Contr\u00f4le f\u00e9d\u00e9ral des finances (CDF) est l'organe supr\u00eame de surveillance financi\u00e8re de la Conf\u00e9d\u00e9ration suisse.","publisher":{"@id":"https:\/\/www.efk.admin.ch\/fr\/#organization"},"alternateName":"EFK","potentialAction":[{"@type":"SearchAction","target":{"@type":"EntryPoint","urlTemplate":"https:\/\/www.efk.admin.ch\/fr\/?s={search_term_string}"},"query-input":{"@type":"PropertyValueSpecification","valueRequired":true,"valueName":"search_term_string"}}],"inLanguage":"fr-FR"},{"@type":"Organization","@id":"https:\/\/www.efk.admin.ch\/fr\/#organization","name":"Contr\u00f4le f\u00e9d\u00e9ral des finances (CDF)","alternateName":"EFK","url":"https:\/\/www.efk.admin.ch\/fr\/","logo":{"@type":"ImageObject","inLanguage":"fr-FR","@id":"https:\/\/www.efk.admin.ch\/fr\/#\/schema\/logo\/image\/","url":"https:\/\/www.efk.admin.ch\/wp-content\/uploads\/efk_cdf_logo_ohne_claim.png","contentUrl":"https:\/\/www.efk.admin.ch\/wp-content\/uploads\/efk_cdf_logo_ohne_claim.png","width":268,"height":258,"caption":"Contr\u00f4le f\u00e9d\u00e9ral des finances (CDF)"},"image":{"@id":"https:\/\/www.efk.admin.ch\/fr\/#\/schema\/logo\/image\/"},"sameAs":["https:\/\/www.instagram.com\/efk_cdf_sfao\/","https:\/\/www.youtube.com\/channel\/UCm-bXj227VE5sJzhB-ihdvw\/featured","https:\/\/www.linkedin.com\/company\/11081578\/"]}]}},"_links":{"self":[{"href":"https:\/\/www.efk.admin.ch\/fr\/wp-json\/wp\/v2\/audit\/5865","targetHints":{"allow":["GET"]}}],"collection":[{"href":"https:\/\/www.efk.admin.ch\/fr\/wp-json\/wp\/v2\/audit"}],"about":[{"href":"https:\/\/www.efk.admin.ch\/fr\/wp-json\/wp\/v2\/types\/audit"}],"acf:post":[{"embeddable":true,"href":"https:\/\/www.efk.admin.ch\/fr\/wp-json\/wp\/v2\/office\/7907"},{"embeddable":true,"href":"https:\/\/www.efk.admin.ch\/fr\/wp-json\/wp\/v2\/office\/7986"}],"wp:attachment":[{"href":"https:\/\/www.efk.admin.ch\/fr\/wp-json\/wp\/v2\/media?parent=5865"}],"wp:term":[{"taxonomy":"audit_category","embeddable":true,"href":"https:\/\/www.efk.admin.ch\/fr\/wp-json\/wp\/v2\/audit_category?post=5865"},{"taxonomy":"audit_type","embeddable":true,"href":"https:\/\/www.efk.admin.ch\/fr\/wp-json\/wp\/v2\/audit_type?post=5865"}],"curies":[{"name":"wp","href":"https:\/\/api.w.org\/{rel}","templated":true}]}}