{"id":5844,"date":"2024-01-17T16:35:48","date_gmt":"2024-01-17T15:35:48","guid":{"rendered":"https:\/\/preview.efk.admin.ch\/prufung\/registres-nationaux-rapport-de-synthese-des-audits-du-controle-federal-des-finances\/"},"modified":"2025-04-29T09:00:34","modified_gmt":"2025-04-29T07:00:34","slug":"registres-nationaux-rapport-de-synthese-des-audits-du-controle-federal-des-finances","status":"publish","type":"audit","link":"https:\/\/www.efk.admin.ch\/fr\/audit\/registres-nationaux-rapport-de-synthese-des-audits-du-controle-federal-des-finances\/","title":{"rendered":"Registres nationaux &#8211; Rapport de synth\u00e8se des audits du Contr\u00f4le f\u00e9d\u00e9ral des finances"},"content":{"rendered":"\n<p>Les questions touchant au f\u00e9d\u00e9ralisme sont centrales en Suisse et les audits du Contr\u00f4le f\u00e9d\u00e9ral des finances (CDF) impliquant les cantons ne sont pas rares. Ils sont de trois types. Le premier type de contr\u00f4le v\u00e9rifie l\u2019application correcte du droit f\u00e9d\u00e9ral. Les audits de subventions constituent le second groupe. Les questions informatiques constituent le troisi\u00e8me groupe. On trouve dans ce troisi\u00e8me groupe le d\u00e9fi des r\u00e9seaux de t\u00e9l\u00e9communications, mais \u00e9galement le th\u00e8me des registres nationaux. Comment d\u00e9finir et collecter \u00e0 l\u2019\u00e9chelon suisse les donn\u00e9es informatiques n\u00e9cessaires \u00e0 la gestion de l\u2019administration et de la justice.<\/p>\n","protected":false},"featured_media":0,"menu_order":0,"template":"","audit_category":[82],"audit_type":[52],"class_list":["post-5844","audit","type-audit","status-publish","hentry","audit_category-justice-et-police","audit_type-audit-fr"],"acf":{"audit_lang":[{"lang":"d"},{"lang":"f"}],"audit_numbers":[{"audit_number":"22245"}],"audit_office":"","audit_office_text":"","audit_date":"20220708","bgo":false,"keywords":"cantons, l\u2019application correcte du droit f\u00e9d\u00e9ral, Les audits de subventions, Les questions informatiques,  r\u00e9seaux de t\u00e9l\u00e9communications,  les donn\u00e9es informatiques, \u00e0 l\u2019\u00e9chelon suisse","audit_office_local":""},"yoast_head":"<!-- This site is optimized with the Yoast SEO Premium plugin v27.4 (Yoast SEO v27.4) - https:\/\/yoast.com\/product\/yoast-seo-premium-wordpress\/ -->\n<title>Registres nationaux - Rapport de synth\u00e8se des audits du Contr\u00f4le f\u00e9d\u00e9ral des finances - Contr\u00f4le f\u00e9d\u00e9ral des finances (CDF)<\/title>\n<meta name=\"description\" content=\"Registres nationaux - Rapport de synth\u00e8se des audits du Contr\u00f4le f\u00e9d\u00e9ral des finances\" \/>\n<meta name=\"robots\" content=\"index, follow, max-snippet:-1, max-image-preview:large, max-video-preview:-1\" \/>\n<link rel=\"canonical\" href=\"https:\/\/www.efk.admin.ch\/fr\/audit\/registres-nationaux-rapport-de-synthese-des-audits-du-controle-federal-des-finances\/\" \/>\n<meta property=\"og:locale\" content=\"fr_FR\" \/>\n<meta property=\"og:type\" content=\"article\" \/>\n<meta property=\"og:title\" content=\"Registres nationaux - Rapport de synth\u00e8se des audits du Contr\u00f4le f\u00e9d\u00e9ral des finances\" \/>\n<meta property=\"og:description\" content=\"Registres nationaux - Rapport de synth\u00e8se des audits du Contr\u00f4le f\u00e9d\u00e9ral des finances\" \/>\n<meta property=\"og:url\" content=\"https:\/\/www.efk.admin.ch\/fr\/audit\/registres-nationaux-rapport-de-synthese-des-audits-du-controle-federal-des-finances\/\" \/>\n<meta property=\"og:site_name\" content=\"Contr\u00f4le f\u00e9d\u00e9ral des finances (CDF)\" \/>\n<meta property=\"article:modified_time\" content=\"2025-04-29T07:00:34+00:00\" \/>\n<meta property=\"og:image\" content=\"https:\/\/www.efk.admin.ch\/wp-content\/uploads\/test\/palais.jpg\" \/>\n\t<meta property=\"og:image:width\" content=\"750\" \/>\n\t<meta property=\"og:image:height\" content=\"500\" \/>\n\t<meta property=\"og:image:type\" content=\"image\/jpeg\" \/>\n<meta name=\"twitter:card\" content=\"summary_large_image\" \/>\n<meta name=\"twitter:label1\" content=\"Dur\u00e9e de lecture estim\u00e9e\" \/>\n\t<meta name=\"twitter:data1\" content=\"1 minute\" \/>\n<script type=\"application\/ld+json\" class=\"yoast-schema-graph\">{\"@context\":\"https:\\\/\\\/schema.org\",\"@graph\":[{\"@type\":\"WebPage\",\"@id\":\"https:\\\/\\\/www.efk.admin.ch\\\/fr\\\/audit\\\/registres-nationaux-rapport-de-synthese-des-audits-du-controle-federal-des-finances\\\/\",\"url\":\"https:\\\/\\\/www.efk.admin.ch\\\/fr\\\/audit\\\/registres-nationaux-rapport-de-synthese-des-audits-du-controle-federal-des-finances\\\/\",\"name\":\"Registres nationaux - Rapport de synth\u00e8se des audits du Contr\u00f4le f\u00e9d\u00e9ral des finances - Contr\u00f4le f\u00e9d\u00e9ral des finances (CDF)\",\"isPartOf\":{\"@id\":\"https:\\\/\\\/www.efk.admin.ch\\\/fr\\\/#website\"},\"datePublished\":\"2024-01-17T15:35:48+00:00\",\"dateModified\":\"2025-04-29T07:00:34+00:00\",\"description\":\"Registres nationaux - Rapport de synth\u00e8se des audits du Contr\u00f4le f\u00e9d\u00e9ral des finances\",\"breadcrumb\":{\"@id\":\"https:\\\/\\\/www.efk.admin.ch\\\/fr\\\/audit\\\/registres-nationaux-rapport-de-synthese-des-audits-du-controle-federal-des-finances\\\/#breadcrumb\"},\"inLanguage\":\"fr-FR\",\"potentialAction\":[{\"@type\":\"ReadAction\",\"target\":[\"https:\\\/\\\/www.efk.admin.ch\\\/fr\\\/audit\\\/registres-nationaux-rapport-de-synthese-des-audits-du-controle-federal-des-finances\\\/\"]}]},{\"@type\":\"BreadcrumbList\",\"@id\":\"https:\\\/\\\/www.efk.admin.ch\\\/fr\\\/audit\\\/registres-nationaux-rapport-de-synthese-des-audits-du-controle-federal-des-finances\\\/#breadcrumb\",\"itemListElement\":[{\"@type\":\"ListItem\",\"position\":1,\"name\":\"Home\",\"item\":\"https:\\\/\\\/www.efk.admin.ch\\\/fr\\\/\"},{\"@type\":\"ListItem\",\"position\":2,\"name\":\"Rapport\",\"item\":\"https:\\\/\\\/www.efk.admin.ch\\\/fr\\\/audit\\\/\"},{\"@type\":\"ListItem\",\"position\":3,\"name\":\"Registres nationaux &#8211; Rapport de synth\u00e8se des audits du Contr\u00f4le f\u00e9d\u00e9ral des finances\"}]},{\"@type\":\"WebSite\",\"@id\":\"https:\\\/\\\/www.efk.admin.ch\\\/fr\\\/#website\",\"url\":\"https:\\\/\\\/www.efk.admin.ch\\\/fr\\\/\",\"name\":\"Informationen \u00fcber das oberste Finanzaufsichtsorgan der Schweiz\",\"description\":\"Le Contr\u00f4le f\u00e9d\u00e9ral des finances (CDF) est l'organe supr\u00eame de surveillance financi\u00e8re de la Conf\u00e9d\u00e9ration suisse.\",\"publisher\":{\"@id\":\"https:\\\/\\\/www.efk.admin.ch\\\/fr\\\/#organization\"},\"alternateName\":\"EFK\",\"potentialAction\":[{\"@type\":\"SearchAction\",\"target\":{\"@type\":\"EntryPoint\",\"urlTemplate\":\"https:\\\/\\\/www.efk.admin.ch\\\/fr\\\/?s={search_term_string}\"},\"query-input\":{\"@type\":\"PropertyValueSpecification\",\"valueRequired\":true,\"valueName\":\"search_term_string\"}}],\"inLanguage\":\"fr-FR\"},{\"@type\":\"Organization\",\"@id\":\"https:\\\/\\\/www.efk.admin.ch\\\/fr\\\/#organization\",\"name\":\"Contr\u00f4le f\u00e9d\u00e9ral des finances (CDF)\",\"alternateName\":\"EFK\",\"url\":\"https:\\\/\\\/www.efk.admin.ch\\\/fr\\\/\",\"logo\":{\"@type\":\"ImageObject\",\"inLanguage\":\"fr-FR\",\"@id\":\"https:\\\/\\\/www.efk.admin.ch\\\/fr\\\/#\\\/schema\\\/logo\\\/image\\\/\",\"url\":\"https:\\\/\\\/www.efk.admin.ch\\\/wp-content\\\/uploads\\\/efk_cdf_logo_ohne_claim.png\",\"contentUrl\":\"https:\\\/\\\/www.efk.admin.ch\\\/wp-content\\\/uploads\\\/efk_cdf_logo_ohne_claim.png\",\"width\":268,\"height\":258,\"caption\":\"Contr\u00f4le f\u00e9d\u00e9ral des finances (CDF)\"},\"image\":{\"@id\":\"https:\\\/\\\/www.efk.admin.ch\\\/fr\\\/#\\\/schema\\\/logo\\\/image\\\/\"},\"sameAs\":[\"https:\\\/\\\/www.instagram.com\\\/efk_cdf_sfao\\\/\",\"https:\\\/\\\/www.youtube.com\\\/channel\\\/UCm-bXj227VE5sJzhB-ihdvw\\\/featured\",\"https:\\\/\\\/www.linkedin.com\\\/company\\\/11081578\\\/\"]}]}<\/script>\n<!-- \/ Yoast SEO Premium plugin. -->","yoast_head_json":{"title":"Registres nationaux - Rapport de synth\u00e8se des audits du Contr\u00f4le f\u00e9d\u00e9ral des finances - Contr\u00f4le f\u00e9d\u00e9ral des finances (CDF)","description":"Registres nationaux - Rapport de synth\u00e8se des audits du Contr\u00f4le f\u00e9d\u00e9ral des finances","robots":{"index":"index","follow":"follow","max-snippet":"max-snippet:-1","max-image-preview":"max-image-preview:large","max-video-preview":"max-video-preview:-1"},"canonical":"https:\/\/www.efk.admin.ch\/fr\/audit\/registres-nationaux-rapport-de-synthese-des-audits-du-controle-federal-des-finances\/","og_locale":"fr_FR","og_type":"article","og_title":"Registres nationaux - Rapport de synth\u00e8se des audits du Contr\u00f4le f\u00e9d\u00e9ral des finances","og_description":"Registres nationaux - Rapport de synth\u00e8se des audits du Contr\u00f4le f\u00e9d\u00e9ral des finances","og_url":"https:\/\/www.efk.admin.ch\/fr\/audit\/registres-nationaux-rapport-de-synthese-des-audits-du-controle-federal-des-finances\/","og_site_name":"Contr\u00f4le f\u00e9d\u00e9ral des finances (CDF)","article_modified_time":"2025-04-29T07:00:34+00:00","og_image":[{"width":750,"height":500,"url":"https:\/\/www.efk.admin.ch\/wp-content\/uploads\/test\/palais.jpg","type":"image\/jpeg"}],"twitter_card":"summary_large_image","twitter_misc":{"Dur\u00e9e de lecture estim\u00e9e":"1 minute"},"schema":{"@context":"https:\/\/schema.org","@graph":[{"@type":"WebPage","@id":"https:\/\/www.efk.admin.ch\/fr\/audit\/registres-nationaux-rapport-de-synthese-des-audits-du-controle-federal-des-finances\/","url":"https:\/\/www.efk.admin.ch\/fr\/audit\/registres-nationaux-rapport-de-synthese-des-audits-du-controle-federal-des-finances\/","name":"Registres nationaux - Rapport de synth\u00e8se des audits du Contr\u00f4le f\u00e9d\u00e9ral des finances - Contr\u00f4le f\u00e9d\u00e9ral des finances (CDF)","isPartOf":{"@id":"https:\/\/www.efk.admin.ch\/fr\/#website"},"datePublished":"2024-01-17T15:35:48+00:00","dateModified":"2025-04-29T07:00:34+00:00","description":"Registres nationaux - Rapport de synth\u00e8se des audits du Contr\u00f4le f\u00e9d\u00e9ral des finances","breadcrumb":{"@id":"https:\/\/www.efk.admin.ch\/fr\/audit\/registres-nationaux-rapport-de-synthese-des-audits-du-controle-federal-des-finances\/#breadcrumb"},"inLanguage":"fr-FR","potentialAction":[{"@type":"ReadAction","target":["https:\/\/www.efk.admin.ch\/fr\/audit\/registres-nationaux-rapport-de-synthese-des-audits-du-controle-federal-des-finances\/"]}]},{"@type":"BreadcrumbList","@id":"https:\/\/www.efk.admin.ch\/fr\/audit\/registres-nationaux-rapport-de-synthese-des-audits-du-controle-federal-des-finances\/#breadcrumb","itemListElement":[{"@type":"ListItem","position":1,"name":"Home","item":"https:\/\/www.efk.admin.ch\/fr\/"},{"@type":"ListItem","position":2,"name":"Rapport","item":"https:\/\/www.efk.admin.ch\/fr\/audit\/"},{"@type":"ListItem","position":3,"name":"Registres nationaux &#8211; Rapport de synth\u00e8se des audits du Contr\u00f4le f\u00e9d\u00e9ral des finances"}]},{"@type":"WebSite","@id":"https:\/\/www.efk.admin.ch\/fr\/#website","url":"https:\/\/www.efk.admin.ch\/fr\/","name":"Informationen \u00fcber das oberste Finanzaufsichtsorgan der Schweiz","description":"Le Contr\u00f4le f\u00e9d\u00e9ral des finances (CDF) est l'organe supr\u00eame de surveillance financi\u00e8re de la Conf\u00e9d\u00e9ration suisse.","publisher":{"@id":"https:\/\/www.efk.admin.ch\/fr\/#organization"},"alternateName":"EFK","potentialAction":[{"@type":"SearchAction","target":{"@type":"EntryPoint","urlTemplate":"https:\/\/www.efk.admin.ch\/fr\/?s={search_term_string}"},"query-input":{"@type":"PropertyValueSpecification","valueRequired":true,"valueName":"search_term_string"}}],"inLanguage":"fr-FR"},{"@type":"Organization","@id":"https:\/\/www.efk.admin.ch\/fr\/#organization","name":"Contr\u00f4le f\u00e9d\u00e9ral des finances (CDF)","alternateName":"EFK","url":"https:\/\/www.efk.admin.ch\/fr\/","logo":{"@type":"ImageObject","inLanguage":"fr-FR","@id":"https:\/\/www.efk.admin.ch\/fr\/#\/schema\/logo\/image\/","url":"https:\/\/www.efk.admin.ch\/wp-content\/uploads\/efk_cdf_logo_ohne_claim.png","contentUrl":"https:\/\/www.efk.admin.ch\/wp-content\/uploads\/efk_cdf_logo_ohne_claim.png","width":268,"height":258,"caption":"Contr\u00f4le f\u00e9d\u00e9ral des finances (CDF)"},"image":{"@id":"https:\/\/www.efk.admin.ch\/fr\/#\/schema\/logo\/image\/"},"sameAs":["https:\/\/www.instagram.com\/efk_cdf_sfao\/","https:\/\/www.youtube.com\/channel\/UCm-bXj227VE5sJzhB-ihdvw\/featured","https:\/\/www.linkedin.com\/company\/11081578\/"]}]}},"_links":{"self":[{"href":"https:\/\/www.efk.admin.ch\/fr\/wp-json\/wp\/v2\/audit\/5844","targetHints":{"allow":["GET"]}}],"collection":[{"href":"https:\/\/www.efk.admin.ch\/fr\/wp-json\/wp\/v2\/audit"}],"about":[{"href":"https:\/\/www.efk.admin.ch\/fr\/wp-json\/wp\/v2\/types\/audit"}],"wp:attachment":[{"href":"https:\/\/www.efk.admin.ch\/fr\/wp-json\/wp\/v2\/media?parent=5844"}],"wp:term":[{"taxonomy":"audit_category","embeddable":true,"href":"https:\/\/www.efk.admin.ch\/fr\/wp-json\/wp\/v2\/audit_category?post=5844"},{"taxonomy":"audit_type","embeddable":true,"href":"https:\/\/www.efk.admin.ch\/fr\/wp-json\/wp\/v2\/audit_type?post=5844"}],"curies":[{"name":"wp","href":"https:\/\/api.w.org\/{rel}","templated":true}]}}