{"id":5838,"date":"2024-01-17T16:35:42","date_gmt":"2024-01-17T15:35:42","guid":{"rendered":"https:\/\/preview.efk.admin.ch\/prufung\/impact-de-leconomie-des-plateformes-sur-le-secteur-public-office-federal-des-assurances-sociales-administration-federale-des-contributions-secretariat-detat-aux-questions-financi\/"},"modified":"2026-03-30T11:47:48","modified_gmt":"2026-03-30T09:47:48","slug":"impact-de-leconomie-des-plateformes-sur-le-secteur-public-office-federal-des-assurances-sociales-administration-federale-des-contributions-secretariat-detat-aux-questions-financi","status":"publish","type":"audit","link":"https:\/\/www.efk.admin.ch\/fr\/audit\/impact-de-leconomie-des-plateformes-sur-le-secteur-public-office-federal-des-assurances-sociales-administration-federale-des-contributions-secretariat-detat-aux-questions-financi\/","title":{"rendered":"Impact de l\u2019\u00e9conomie des plateformes sur le secteur public"},"content":{"rendered":"\n<p>Le Contr\u00f4le f\u00e9d\u00e9ral des finances (CDF) a r\u00e9alis\u00e9 un audit transversal aupr\u00e8s de l\u2019Office f\u00e9d\u00e9ral des assurances sociales (OFAS), de l\u2019Administration f\u00e9d\u00e9rale des contributions (AFC), du Secr\u00e9tariat d\u2019\u00c9tat aux questions financi\u00e8res internationales (SFI) et du Secr\u00e9tariat d\u2019\u00c9tat \u00e0 l\u2019\u00e9conomie (SECO) afin d\u2019examiner les d\u00e9fis que l\u2019\u00e9conomie des plateformes pose aux autorit\u00e9s en ce qui concerne les contributions et les taxes des prestataires de services correspondants.<\/p>\n","protected":false},"featured_media":0,"menu_order":0,"template":"","audit_category":[88],"audit_type":[52],"class_list":["post-5838","audit","type-audit","status-publish","hentry","audit_category-economie-et-agriculture","audit_type-audit-fr"],"acf":{"audit_lang":[{"lang":"d"}],"audit_numbers":[{"audit_number":"21323"}],"audit_office":[7907,7939,7936,7945],"audit_office_text":"","audit_date":"20220803","bgo":false,"keywords":"d\u2019examiner les d\u00e9fis que l\u2019\u00e9conomie des plateformes pose,autorit\u00e9s, les contributions et les taxes,des prestataires de services correspondants, audit transversal","audit_office_local":"OFAS, AFC, SFI, SECO"},"yoast_head":"<!-- This site is optimized with the Yoast SEO Premium plugin v27.4 (Yoast SEO v27.4) - https:\/\/yoast.com\/product\/yoast-seo-premium-wordpress\/ -->\n<title>Impact de l\u2019\u00e9conomie des plateformes sur le secteur public - Contr\u00f4le f\u00e9d\u00e9ral des finances (CDF)<\/title>\n<meta name=\"description\" content=\"Impact de l\u2019\u00e9conomie des plateformes sur le secteur public\" \/>\n<meta name=\"robots\" content=\"index, follow, max-snippet:-1, max-image-preview:large, max-video-preview:-1\" \/>\n<link rel=\"canonical\" href=\"https:\/\/www.efk.admin.ch\/fr\/audit\/impact-de-leconomie-des-plateformes-sur-le-secteur-public-office-federal-des-assurances-sociales-administration-federale-des-contributions-secretariat-detat-aux-questions-financi\/\" \/>\n<meta property=\"og:locale\" content=\"fr_FR\" \/>\n<meta property=\"og:type\" content=\"article\" \/>\n<meta property=\"og:title\" content=\"Impact de l\u2019\u00e9conomie des plateformes sur le secteur public\" \/>\n<meta property=\"og:description\" content=\"Impact de l\u2019\u00e9conomie des plateformes sur le secteur public\" \/>\n<meta property=\"og:url\" content=\"https:\/\/www.efk.admin.ch\/fr\/audit\/impact-de-leconomie-des-plateformes-sur-le-secteur-public-office-federal-des-assurances-sociales-administration-federale-des-contributions-secretariat-detat-aux-questions-financi\/\" \/>\n<meta property=\"og:site_name\" content=\"Contr\u00f4le f\u00e9d\u00e9ral des finances (CDF)\" \/>\n<meta property=\"article:modified_time\" content=\"2026-03-30T09:47:48+00:00\" \/>\n<meta property=\"og:image\" content=\"https:\/\/www.efk.admin.ch\/wp-content\/uploads\/test\/palais.jpg\" \/>\n\t<meta property=\"og:image:width\" content=\"750\" \/>\n\t<meta property=\"og:image:height\" content=\"500\" \/>\n\t<meta property=\"og:image:type\" content=\"image\/jpeg\" \/>\n<meta name=\"twitter:card\" content=\"summary_large_image\" \/>\n<meta name=\"twitter:label1\" content=\"Dur\u00e9e de lecture estim\u00e9e\" \/>\n\t<meta name=\"twitter:data1\" content=\"1 minute\" \/>\n<script type=\"application\/ld+json\" class=\"yoast-schema-graph\">{\"@context\":\"https:\\\/\\\/schema.org\",\"@graph\":[{\"@type\":\"WebPage\",\"@id\":\"https:\\\/\\\/www.efk.admin.ch\\\/fr\\\/audit\\\/impact-de-leconomie-des-plateformes-sur-le-secteur-public-office-federal-des-assurances-sociales-administration-federale-des-contributions-secretariat-detat-aux-questions-financi\\\/\",\"url\":\"https:\\\/\\\/www.efk.admin.ch\\\/fr\\\/audit\\\/impact-de-leconomie-des-plateformes-sur-le-secteur-public-office-federal-des-assurances-sociales-administration-federale-des-contributions-secretariat-detat-aux-questions-financi\\\/\",\"name\":\"Impact de l\u2019\u00e9conomie des plateformes sur le secteur public - Contr\u00f4le f\u00e9d\u00e9ral des finances (CDF)\",\"isPartOf\":{\"@id\":\"https:\\\/\\\/www.efk.admin.ch\\\/fr\\\/#website\"},\"datePublished\":\"2024-01-17T15:35:42+00:00\",\"dateModified\":\"2026-03-30T09:47:48+00:00\",\"description\":\"Impact de l\u2019\u00e9conomie des plateformes sur le secteur public\",\"breadcrumb\":{\"@id\":\"https:\\\/\\\/www.efk.admin.ch\\\/fr\\\/audit\\\/impact-de-leconomie-des-plateformes-sur-le-secteur-public-office-federal-des-assurances-sociales-administration-federale-des-contributions-secretariat-detat-aux-questions-financi\\\/#breadcrumb\"},\"inLanguage\":\"fr-FR\",\"potentialAction\":[{\"@type\":\"ReadAction\",\"target\":[\"https:\\\/\\\/www.efk.admin.ch\\\/fr\\\/audit\\\/impact-de-leconomie-des-plateformes-sur-le-secteur-public-office-federal-des-assurances-sociales-administration-federale-des-contributions-secretariat-detat-aux-questions-financi\\\/\"]}]},{\"@type\":\"BreadcrumbList\",\"@id\":\"https:\\\/\\\/www.efk.admin.ch\\\/fr\\\/audit\\\/impact-de-leconomie-des-plateformes-sur-le-secteur-public-office-federal-des-assurances-sociales-administration-federale-des-contributions-secretariat-detat-aux-questions-financi\\\/#breadcrumb\",\"itemListElement\":[{\"@type\":\"ListItem\",\"position\":1,\"name\":\"Home\",\"item\":\"https:\\\/\\\/www.efk.admin.ch\\\/fr\\\/\"},{\"@type\":\"ListItem\",\"position\":2,\"name\":\"Rapport\",\"item\":\"https:\\\/\\\/www.efk.admin.ch\\\/fr\\\/audit\\\/\"},{\"@type\":\"ListItem\",\"position\":3,\"name\":\"Impact de l\u2019\u00e9conomie des plateformes sur le secteur public\"}]},{\"@type\":\"WebSite\",\"@id\":\"https:\\\/\\\/www.efk.admin.ch\\\/fr\\\/#website\",\"url\":\"https:\\\/\\\/www.efk.admin.ch\\\/fr\\\/\",\"name\":\"Informationen \u00fcber das oberste Finanzaufsichtsorgan der Schweiz\",\"description\":\"Le Contr\u00f4le f\u00e9d\u00e9ral des finances (CDF) est l'organe supr\u00eame de surveillance financi\u00e8re de la Conf\u00e9d\u00e9ration suisse.\",\"publisher\":{\"@id\":\"https:\\\/\\\/www.efk.admin.ch\\\/fr\\\/#organization\"},\"alternateName\":\"EFK\",\"potentialAction\":[{\"@type\":\"SearchAction\",\"target\":{\"@type\":\"EntryPoint\",\"urlTemplate\":\"https:\\\/\\\/www.efk.admin.ch\\\/fr\\\/?s={search_term_string}\"},\"query-input\":{\"@type\":\"PropertyValueSpecification\",\"valueRequired\":true,\"valueName\":\"search_term_string\"}}],\"inLanguage\":\"fr-FR\"},{\"@type\":\"Organization\",\"@id\":\"https:\\\/\\\/www.efk.admin.ch\\\/fr\\\/#organization\",\"name\":\"Contr\u00f4le f\u00e9d\u00e9ral des finances (CDF)\",\"alternateName\":\"EFK\",\"url\":\"https:\\\/\\\/www.efk.admin.ch\\\/fr\\\/\",\"logo\":{\"@type\":\"ImageObject\",\"inLanguage\":\"fr-FR\",\"@id\":\"https:\\\/\\\/www.efk.admin.ch\\\/fr\\\/#\\\/schema\\\/logo\\\/image\\\/\",\"url\":\"https:\\\/\\\/www.efk.admin.ch\\\/wp-content\\\/uploads\\\/efk_cdf_logo_ohne_claim.png\",\"contentUrl\":\"https:\\\/\\\/www.efk.admin.ch\\\/wp-content\\\/uploads\\\/efk_cdf_logo_ohne_claim.png\",\"width\":268,\"height\":258,\"caption\":\"Contr\u00f4le f\u00e9d\u00e9ral des finances (CDF)\"},\"image\":{\"@id\":\"https:\\\/\\\/www.efk.admin.ch\\\/fr\\\/#\\\/schema\\\/logo\\\/image\\\/\"},\"sameAs\":[\"https:\\\/\\\/www.instagram.com\\\/efk_cdf_sfao\\\/\",\"https:\\\/\\\/www.youtube.com\\\/channel\\\/UCm-bXj227VE5sJzhB-ihdvw\\\/featured\",\"https:\\\/\\\/www.linkedin.com\\\/company\\\/11081578\\\/\"]}]}<\/script>\n<!-- \/ Yoast SEO Premium plugin. -->","yoast_head_json":{"title":"Impact de l\u2019\u00e9conomie des plateformes sur le secteur public - Contr\u00f4le f\u00e9d\u00e9ral des finances (CDF)","description":"Impact de l\u2019\u00e9conomie des plateformes sur le secteur public","robots":{"index":"index","follow":"follow","max-snippet":"max-snippet:-1","max-image-preview":"max-image-preview:large","max-video-preview":"max-video-preview:-1"},"canonical":"https:\/\/www.efk.admin.ch\/fr\/audit\/impact-de-leconomie-des-plateformes-sur-le-secteur-public-office-federal-des-assurances-sociales-administration-federale-des-contributions-secretariat-detat-aux-questions-financi\/","og_locale":"fr_FR","og_type":"article","og_title":"Impact de l\u2019\u00e9conomie des plateformes sur le secteur public","og_description":"Impact de l\u2019\u00e9conomie des plateformes sur le secteur public","og_url":"https:\/\/www.efk.admin.ch\/fr\/audit\/impact-de-leconomie-des-plateformes-sur-le-secteur-public-office-federal-des-assurances-sociales-administration-federale-des-contributions-secretariat-detat-aux-questions-financi\/","og_site_name":"Contr\u00f4le f\u00e9d\u00e9ral des finances (CDF)","article_modified_time":"2026-03-30T09:47:48+00:00","og_image":[{"width":750,"height":500,"url":"https:\/\/www.efk.admin.ch\/wp-content\/uploads\/test\/palais.jpg","type":"image\/jpeg"}],"twitter_card":"summary_large_image","twitter_misc":{"Dur\u00e9e de lecture estim\u00e9e":"1 minute"},"schema":{"@context":"https:\/\/schema.org","@graph":[{"@type":"WebPage","@id":"https:\/\/www.efk.admin.ch\/fr\/audit\/impact-de-leconomie-des-plateformes-sur-le-secteur-public-office-federal-des-assurances-sociales-administration-federale-des-contributions-secretariat-detat-aux-questions-financi\/","url":"https:\/\/www.efk.admin.ch\/fr\/audit\/impact-de-leconomie-des-plateformes-sur-le-secteur-public-office-federal-des-assurances-sociales-administration-federale-des-contributions-secretariat-detat-aux-questions-financi\/","name":"Impact de l\u2019\u00e9conomie des plateformes sur le secteur public - Contr\u00f4le f\u00e9d\u00e9ral des finances (CDF)","isPartOf":{"@id":"https:\/\/www.efk.admin.ch\/fr\/#website"},"datePublished":"2024-01-17T15:35:42+00:00","dateModified":"2026-03-30T09:47:48+00:00","description":"Impact de l\u2019\u00e9conomie des plateformes sur le secteur public","breadcrumb":{"@id":"https:\/\/www.efk.admin.ch\/fr\/audit\/impact-de-leconomie-des-plateformes-sur-le-secteur-public-office-federal-des-assurances-sociales-administration-federale-des-contributions-secretariat-detat-aux-questions-financi\/#breadcrumb"},"inLanguage":"fr-FR","potentialAction":[{"@type":"ReadAction","target":["https:\/\/www.efk.admin.ch\/fr\/audit\/impact-de-leconomie-des-plateformes-sur-le-secteur-public-office-federal-des-assurances-sociales-administration-federale-des-contributions-secretariat-detat-aux-questions-financi\/"]}]},{"@type":"BreadcrumbList","@id":"https:\/\/www.efk.admin.ch\/fr\/audit\/impact-de-leconomie-des-plateformes-sur-le-secteur-public-office-federal-des-assurances-sociales-administration-federale-des-contributions-secretariat-detat-aux-questions-financi\/#breadcrumb","itemListElement":[{"@type":"ListItem","position":1,"name":"Home","item":"https:\/\/www.efk.admin.ch\/fr\/"},{"@type":"ListItem","position":2,"name":"Rapport","item":"https:\/\/www.efk.admin.ch\/fr\/audit\/"},{"@type":"ListItem","position":3,"name":"Impact de l\u2019\u00e9conomie des plateformes sur le secteur public"}]},{"@type":"WebSite","@id":"https:\/\/www.efk.admin.ch\/fr\/#website","url":"https:\/\/www.efk.admin.ch\/fr\/","name":"Informationen \u00fcber das oberste Finanzaufsichtsorgan der Schweiz","description":"Le Contr\u00f4le f\u00e9d\u00e9ral des finances (CDF) est l'organe supr\u00eame de surveillance financi\u00e8re de la Conf\u00e9d\u00e9ration suisse.","publisher":{"@id":"https:\/\/www.efk.admin.ch\/fr\/#organization"},"alternateName":"EFK","potentialAction":[{"@type":"SearchAction","target":{"@type":"EntryPoint","urlTemplate":"https:\/\/www.efk.admin.ch\/fr\/?s={search_term_string}"},"query-input":{"@type":"PropertyValueSpecification","valueRequired":true,"valueName":"search_term_string"}}],"inLanguage":"fr-FR"},{"@type":"Organization","@id":"https:\/\/www.efk.admin.ch\/fr\/#organization","name":"Contr\u00f4le f\u00e9d\u00e9ral des finances (CDF)","alternateName":"EFK","url":"https:\/\/www.efk.admin.ch\/fr\/","logo":{"@type":"ImageObject","inLanguage":"fr-FR","@id":"https:\/\/www.efk.admin.ch\/fr\/#\/schema\/logo\/image\/","url":"https:\/\/www.efk.admin.ch\/wp-content\/uploads\/efk_cdf_logo_ohne_claim.png","contentUrl":"https:\/\/www.efk.admin.ch\/wp-content\/uploads\/efk_cdf_logo_ohne_claim.png","width":268,"height":258,"caption":"Contr\u00f4le f\u00e9d\u00e9ral des finances (CDF)"},"image":{"@id":"https:\/\/www.efk.admin.ch\/fr\/#\/schema\/logo\/image\/"},"sameAs":["https:\/\/www.instagram.com\/efk_cdf_sfao\/","https:\/\/www.youtube.com\/channel\/UCm-bXj227VE5sJzhB-ihdvw\/featured","https:\/\/www.linkedin.com\/company\/11081578\/"]}]}},"_links":{"self":[{"href":"https:\/\/www.efk.admin.ch\/fr\/wp-json\/wp\/v2\/audit\/5838","targetHints":{"allow":["GET"]}}],"collection":[{"href":"https:\/\/www.efk.admin.ch\/fr\/wp-json\/wp\/v2\/audit"}],"about":[{"href":"https:\/\/www.efk.admin.ch\/fr\/wp-json\/wp\/v2\/types\/audit"}],"acf:post":[{"embeddable":true,"href":"https:\/\/www.efk.admin.ch\/fr\/wp-json\/wp\/v2\/office\/7945"},{"embeddable":true,"href":"https:\/\/www.efk.admin.ch\/fr\/wp-json\/wp\/v2\/office\/7936"},{"embeddable":true,"href":"https:\/\/www.efk.admin.ch\/fr\/wp-json\/wp\/v2\/office\/7939"},{"embeddable":true,"href":"https:\/\/www.efk.admin.ch\/fr\/wp-json\/wp\/v2\/office\/7907"}],"wp:attachment":[{"href":"https:\/\/www.efk.admin.ch\/fr\/wp-json\/wp\/v2\/media?parent=5838"}],"wp:term":[{"taxonomy":"audit_category","embeddable":true,"href":"https:\/\/www.efk.admin.ch\/fr\/wp-json\/wp\/v2\/audit_category?post=5838"},{"taxonomy":"audit_type","embeddable":true,"href":"https:\/\/www.efk.admin.ch\/fr\/wp-json\/wp\/v2\/audit_type?post=5838"}],"curies":[{"name":"wp","href":"https:\/\/api.w.org\/{rel}","templated":true}]}}