{"id":5827,"date":"2024-01-17T16:35:42","date_gmt":"2024-01-17T15:35:42","guid":{"rendered":"https:\/\/preview.efk.admin.ch\/prufung\/contributions-dinvestissements-pour-les-hautes-ecoles-secretariat-detat-a-la-formation-a-la-recherche-et-a-linnovation\/"},"modified":"2024-02-15T13:22:50","modified_gmt":"2024-02-15T12:22:50","slug":"contributions-dinvestissements-pour-les-hautes-ecoles-secretariat-detat-a-la-formation-a-la-recherche-et-a-linnovation","status":"publish","type":"audit","link":"https:\/\/www.efk.admin.ch\/fr\/audit\/contributions-dinvestissements-pour-les-hautes-ecoles-secretariat-detat-a-la-formation-a-la-recherche-et-a-linnovation\/","title":{"rendered":"Contributions d\u2019investissements pour les hautes \u00e9coles"},"content":{"rendered":"\n<p>Ces cinq derni\u00e8res ann\u00e9es, le Secr\u00e9tariat d\u2019\u00c9tat \u00e0 la formation, \u00e0 la recherche et \u00e0 l\u2019innovation (SEFRI) a vers\u00e9 des aides financi\u00e8res s\u2019\u00e9levant en moyenne \u00e0 83 millions de francs par ann\u00e9e \u00e0 des projets de construction des universit\u00e9s et hautes \u00e9coles sp\u00e9cialis\u00e9es. Les contributions sont accord\u00e9es aux cantons pour l\u2019acquisition, la construction ou la transformation de b\u00e2timents destin\u00e9s \u00e0 l\u2019enseignement, \u00e0 la recherche ou \u00e0 d\u2019autres services des hautes \u00e9coles. Elles se basent sur la Loi f\u00e9d\u00e9rale sur l\u2019encouragement des hautes \u00e9coles et la coordination dans le domaine suisse des hautes \u00e9coles (LEHE). Selon le message relatif \u00e0 la LEHE, seuls les projets d\u2019importance strat\u00e9gique qui ne pourraient pas \u00eatre r\u00e9alis\u00e9s sans subventions f\u00e9d\u00e9rales doivent \u00eatre soutenus. Entre 2017 et 2020, 23 demandes ont \u00e9t\u00e9 approuv\u00e9es.<\/p>\n","protected":false},"featured_media":0,"menu_order":0,"template":"","audit_category":[67],"audit_type":[52],"class_list":["post-5827","audit","type-audit","status-publish","hentry","audit_category-formation-et-recherche","audit_type-audit-fr"],"acf":{"audit_lang":[{"lang":"d"}],"audit_numbers":[{"audit_number":"21320"}],"audit_office":7946,"audit_office_text":"","audit_date":"20221003","bgo":false,"keywords":"des projets de construction des universit\u00e9s et hautes \u00e9coles sp\u00e9cialis\u00e9es, la Loi f\u00e9d\u00e9rale sur l\u2019encouragement des hautes \u00e9coles et la coordination dans le domaine suisse des hautes \u00e9coles (LEHE),subventions f\u00e9d\u00e9rales","audit_office_local":""},"yoast_head":"<!-- This site is optimized with the Yoast SEO Premium plugin v27.4 (Yoast SEO v27.4) - https:\/\/yoast.com\/product\/yoast-seo-premium-wordpress\/ -->\n<title>Contributions d\u2019investissements pour les hautes \u00e9coles - Contr\u00f4le f\u00e9d\u00e9ral des finances (CDF)<\/title>\n<meta name=\"description\" content=\"Contributions d\u2019investissements pour les hautes \u00e9coles\" \/>\n<meta name=\"robots\" content=\"index, follow, max-snippet:-1, max-image-preview:large, max-video-preview:-1\" \/>\n<link rel=\"canonical\" href=\"https:\/\/www.efk.admin.ch\/fr\/audit\/contributions-dinvestissements-pour-les-hautes-ecoles-secretariat-detat-a-la-formation-a-la-recherche-et-a-linnovation\/\" \/>\n<meta property=\"og:locale\" content=\"fr_FR\" \/>\n<meta property=\"og:type\" content=\"article\" \/>\n<meta property=\"og:title\" content=\"Contributions d\u2019investissements pour les hautes \u00e9coles\" \/>\n<meta property=\"og:description\" content=\"Contributions d\u2019investissements pour les hautes \u00e9coles\" \/>\n<meta property=\"og:url\" content=\"https:\/\/www.efk.admin.ch\/fr\/audit\/contributions-dinvestissements-pour-les-hautes-ecoles-secretariat-detat-a-la-formation-a-la-recherche-et-a-linnovation\/\" \/>\n<meta property=\"og:site_name\" content=\"Contr\u00f4le f\u00e9d\u00e9ral des finances (CDF)\" \/>\n<meta property=\"article:modified_time\" content=\"2024-02-15T12:22:50+00:00\" \/>\n<meta property=\"og:image\" content=\"https:\/\/www.efk.admin.ch\/wp-content\/uploads\/test\/palais.jpg\" \/>\n\t<meta property=\"og:image:width\" content=\"750\" \/>\n\t<meta property=\"og:image:height\" content=\"500\" \/>\n\t<meta property=\"og:image:type\" content=\"image\/jpeg\" \/>\n<meta name=\"twitter:card\" content=\"summary_large_image\" \/>\n<meta name=\"twitter:label1\" content=\"Dur\u00e9e de lecture estim\u00e9e\" \/>\n\t<meta name=\"twitter:data1\" content=\"1 minute\" \/>\n<script type=\"application\/ld+json\" class=\"yoast-schema-graph\">{\"@context\":\"https:\\\/\\\/schema.org\",\"@graph\":[{\"@type\":\"WebPage\",\"@id\":\"https:\\\/\\\/www.efk.admin.ch\\\/fr\\\/audit\\\/contributions-dinvestissements-pour-les-hautes-ecoles-secretariat-detat-a-la-formation-a-la-recherche-et-a-linnovation\\\/\",\"url\":\"https:\\\/\\\/www.efk.admin.ch\\\/fr\\\/audit\\\/contributions-dinvestissements-pour-les-hautes-ecoles-secretariat-detat-a-la-formation-a-la-recherche-et-a-linnovation\\\/\",\"name\":\"Contributions d\u2019investissements pour les hautes \u00e9coles - Contr\u00f4le f\u00e9d\u00e9ral des finances (CDF)\",\"isPartOf\":{\"@id\":\"https:\\\/\\\/www.efk.admin.ch\\\/fr\\\/#website\"},\"datePublished\":\"2024-01-17T15:35:42+00:00\",\"dateModified\":\"2024-02-15T12:22:50+00:00\",\"description\":\"Contributions d\u2019investissements pour les hautes \u00e9coles\",\"breadcrumb\":{\"@id\":\"https:\\\/\\\/www.efk.admin.ch\\\/fr\\\/audit\\\/contributions-dinvestissements-pour-les-hautes-ecoles-secretariat-detat-a-la-formation-a-la-recherche-et-a-linnovation\\\/#breadcrumb\"},\"inLanguage\":\"fr-FR\",\"potentialAction\":[{\"@type\":\"ReadAction\",\"target\":[\"https:\\\/\\\/www.efk.admin.ch\\\/fr\\\/audit\\\/contributions-dinvestissements-pour-les-hautes-ecoles-secretariat-detat-a-la-formation-a-la-recherche-et-a-linnovation\\\/\"]}]},{\"@type\":\"BreadcrumbList\",\"@id\":\"https:\\\/\\\/www.efk.admin.ch\\\/fr\\\/audit\\\/contributions-dinvestissements-pour-les-hautes-ecoles-secretariat-detat-a-la-formation-a-la-recherche-et-a-linnovation\\\/#breadcrumb\",\"itemListElement\":[{\"@type\":\"ListItem\",\"position\":1,\"name\":\"Home\",\"item\":\"https:\\\/\\\/www.efk.admin.ch\\\/fr\\\/\"},{\"@type\":\"ListItem\",\"position\":2,\"name\":\"Rapport\",\"item\":\"https:\\\/\\\/www.efk.admin.ch\\\/fr\\\/audit\\\/\"},{\"@type\":\"ListItem\",\"position\":3,\"name\":\"Contributions d\u2019investissements pour les hautes \u00e9coles\"}]},{\"@type\":\"WebSite\",\"@id\":\"https:\\\/\\\/www.efk.admin.ch\\\/fr\\\/#website\",\"url\":\"https:\\\/\\\/www.efk.admin.ch\\\/fr\\\/\",\"name\":\"Informationen \u00fcber das oberste Finanzaufsichtsorgan der Schweiz\",\"description\":\"Le Contr\u00f4le f\u00e9d\u00e9ral des finances (CDF) est l'organe supr\u00eame de surveillance financi\u00e8re de la Conf\u00e9d\u00e9ration suisse.\",\"publisher\":{\"@id\":\"https:\\\/\\\/www.efk.admin.ch\\\/fr\\\/#organization\"},\"alternateName\":\"EFK\",\"potentialAction\":[{\"@type\":\"SearchAction\",\"target\":{\"@type\":\"EntryPoint\",\"urlTemplate\":\"https:\\\/\\\/www.efk.admin.ch\\\/fr\\\/?s={search_term_string}\"},\"query-input\":{\"@type\":\"PropertyValueSpecification\",\"valueRequired\":true,\"valueName\":\"search_term_string\"}}],\"inLanguage\":\"fr-FR\"},{\"@type\":\"Organization\",\"@id\":\"https:\\\/\\\/www.efk.admin.ch\\\/fr\\\/#organization\",\"name\":\"Contr\u00f4le f\u00e9d\u00e9ral des finances (CDF)\",\"alternateName\":\"EFK\",\"url\":\"https:\\\/\\\/www.efk.admin.ch\\\/fr\\\/\",\"logo\":{\"@type\":\"ImageObject\",\"inLanguage\":\"fr-FR\",\"@id\":\"https:\\\/\\\/www.efk.admin.ch\\\/fr\\\/#\\\/schema\\\/logo\\\/image\\\/\",\"url\":\"https:\\\/\\\/www.efk.admin.ch\\\/wp-content\\\/uploads\\\/efk_cdf_logo_ohne_claim.png\",\"contentUrl\":\"https:\\\/\\\/www.efk.admin.ch\\\/wp-content\\\/uploads\\\/efk_cdf_logo_ohne_claim.png\",\"width\":268,\"height\":258,\"caption\":\"Contr\u00f4le f\u00e9d\u00e9ral des finances (CDF)\"},\"image\":{\"@id\":\"https:\\\/\\\/www.efk.admin.ch\\\/fr\\\/#\\\/schema\\\/logo\\\/image\\\/\"},\"sameAs\":[\"https:\\\/\\\/www.instagram.com\\\/efk_cdf_sfao\\\/\",\"https:\\\/\\\/www.youtube.com\\\/channel\\\/UCm-bXj227VE5sJzhB-ihdvw\\\/featured\",\"https:\\\/\\\/www.linkedin.com\\\/company\\\/11081578\\\/\"]}]}<\/script>\n<!-- \/ Yoast SEO Premium plugin. -->","yoast_head_json":{"title":"Contributions d\u2019investissements pour les hautes \u00e9coles - Contr\u00f4le f\u00e9d\u00e9ral des finances (CDF)","description":"Contributions d\u2019investissements pour les hautes \u00e9coles","robots":{"index":"index","follow":"follow","max-snippet":"max-snippet:-1","max-image-preview":"max-image-preview:large","max-video-preview":"max-video-preview:-1"},"canonical":"https:\/\/www.efk.admin.ch\/fr\/audit\/contributions-dinvestissements-pour-les-hautes-ecoles-secretariat-detat-a-la-formation-a-la-recherche-et-a-linnovation\/","og_locale":"fr_FR","og_type":"article","og_title":"Contributions d\u2019investissements pour les hautes \u00e9coles","og_description":"Contributions d\u2019investissements pour les hautes \u00e9coles","og_url":"https:\/\/www.efk.admin.ch\/fr\/audit\/contributions-dinvestissements-pour-les-hautes-ecoles-secretariat-detat-a-la-formation-a-la-recherche-et-a-linnovation\/","og_site_name":"Contr\u00f4le f\u00e9d\u00e9ral des finances (CDF)","article_modified_time":"2024-02-15T12:22:50+00:00","og_image":[{"width":750,"height":500,"url":"https:\/\/www.efk.admin.ch\/wp-content\/uploads\/test\/palais.jpg","type":"image\/jpeg"}],"twitter_card":"summary_large_image","twitter_misc":{"Dur\u00e9e de lecture estim\u00e9e":"1 minute"},"schema":{"@context":"https:\/\/schema.org","@graph":[{"@type":"WebPage","@id":"https:\/\/www.efk.admin.ch\/fr\/audit\/contributions-dinvestissements-pour-les-hautes-ecoles-secretariat-detat-a-la-formation-a-la-recherche-et-a-linnovation\/","url":"https:\/\/www.efk.admin.ch\/fr\/audit\/contributions-dinvestissements-pour-les-hautes-ecoles-secretariat-detat-a-la-formation-a-la-recherche-et-a-linnovation\/","name":"Contributions d\u2019investissements pour les hautes \u00e9coles - Contr\u00f4le f\u00e9d\u00e9ral des finances (CDF)","isPartOf":{"@id":"https:\/\/www.efk.admin.ch\/fr\/#website"},"datePublished":"2024-01-17T15:35:42+00:00","dateModified":"2024-02-15T12:22:50+00:00","description":"Contributions d\u2019investissements pour les hautes \u00e9coles","breadcrumb":{"@id":"https:\/\/www.efk.admin.ch\/fr\/audit\/contributions-dinvestissements-pour-les-hautes-ecoles-secretariat-detat-a-la-formation-a-la-recherche-et-a-linnovation\/#breadcrumb"},"inLanguage":"fr-FR","potentialAction":[{"@type":"ReadAction","target":["https:\/\/www.efk.admin.ch\/fr\/audit\/contributions-dinvestissements-pour-les-hautes-ecoles-secretariat-detat-a-la-formation-a-la-recherche-et-a-linnovation\/"]}]},{"@type":"BreadcrumbList","@id":"https:\/\/www.efk.admin.ch\/fr\/audit\/contributions-dinvestissements-pour-les-hautes-ecoles-secretariat-detat-a-la-formation-a-la-recherche-et-a-linnovation\/#breadcrumb","itemListElement":[{"@type":"ListItem","position":1,"name":"Home","item":"https:\/\/www.efk.admin.ch\/fr\/"},{"@type":"ListItem","position":2,"name":"Rapport","item":"https:\/\/www.efk.admin.ch\/fr\/audit\/"},{"@type":"ListItem","position":3,"name":"Contributions d\u2019investissements pour les hautes \u00e9coles"}]},{"@type":"WebSite","@id":"https:\/\/www.efk.admin.ch\/fr\/#website","url":"https:\/\/www.efk.admin.ch\/fr\/","name":"Informationen \u00fcber das oberste Finanzaufsichtsorgan der Schweiz","description":"Le Contr\u00f4le f\u00e9d\u00e9ral des finances (CDF) est l'organe supr\u00eame de surveillance financi\u00e8re de la Conf\u00e9d\u00e9ration suisse.","publisher":{"@id":"https:\/\/www.efk.admin.ch\/fr\/#organization"},"alternateName":"EFK","potentialAction":[{"@type":"SearchAction","target":{"@type":"EntryPoint","urlTemplate":"https:\/\/www.efk.admin.ch\/fr\/?s={search_term_string}"},"query-input":{"@type":"PropertyValueSpecification","valueRequired":true,"valueName":"search_term_string"}}],"inLanguage":"fr-FR"},{"@type":"Organization","@id":"https:\/\/www.efk.admin.ch\/fr\/#organization","name":"Contr\u00f4le f\u00e9d\u00e9ral des finances (CDF)","alternateName":"EFK","url":"https:\/\/www.efk.admin.ch\/fr\/","logo":{"@type":"ImageObject","inLanguage":"fr-FR","@id":"https:\/\/www.efk.admin.ch\/fr\/#\/schema\/logo\/image\/","url":"https:\/\/www.efk.admin.ch\/wp-content\/uploads\/efk_cdf_logo_ohne_claim.png","contentUrl":"https:\/\/www.efk.admin.ch\/wp-content\/uploads\/efk_cdf_logo_ohne_claim.png","width":268,"height":258,"caption":"Contr\u00f4le f\u00e9d\u00e9ral des finances (CDF)"},"image":{"@id":"https:\/\/www.efk.admin.ch\/fr\/#\/schema\/logo\/image\/"},"sameAs":["https:\/\/www.instagram.com\/efk_cdf_sfao\/","https:\/\/www.youtube.com\/channel\/UCm-bXj227VE5sJzhB-ihdvw\/featured","https:\/\/www.linkedin.com\/company\/11081578\/"]}]}},"_links":{"self":[{"href":"https:\/\/www.efk.admin.ch\/fr\/wp-json\/wp\/v2\/audit\/5827","targetHints":{"allow":["GET"]}}],"collection":[{"href":"https:\/\/www.efk.admin.ch\/fr\/wp-json\/wp\/v2\/audit"}],"about":[{"href":"https:\/\/www.efk.admin.ch\/fr\/wp-json\/wp\/v2\/types\/audit"}],"acf:post":[{"embeddable":true,"href":"https:\/\/www.efk.admin.ch\/fr\/wp-json\/wp\/v2\/office\/7946"}],"wp:attachment":[{"href":"https:\/\/www.efk.admin.ch\/fr\/wp-json\/wp\/v2\/media?parent=5827"}],"wp:term":[{"taxonomy":"audit_category","embeddable":true,"href":"https:\/\/www.efk.admin.ch\/fr\/wp-json\/wp\/v2\/audit_category?post=5827"},{"taxonomy":"audit_type","embeddable":true,"href":"https:\/\/www.efk.admin.ch\/fr\/wp-json\/wp\/v2\/audit_type?post=5827"}],"curies":[{"name":"wp","href":"https:\/\/api.w.org\/{rel}","templated":true}]}}