{"id":5820,"date":"2024-01-17T16:35:42","date_gmt":"2024-01-17T15:35:42","guid":{"rendered":"https:\/\/preview.efk.admin.ch\/prufung\/risques-et-defis-lies-aux-conventions-programmes\/"},"modified":"2024-03-06T15:34:55","modified_gmt":"2024-03-06T14:34:55","slug":"risques-et-defis-lies-aux-conventions-programmes","status":"publish","type":"audit","link":"https:\/\/www.efk.admin.ch\/fr\/audit\/risques-et-defis-lies-aux-conventions-programmes\/","title":{"rendered":"Risques et d\u00e9fis li\u00e9s aux conventions-programmes"},"content":{"rendered":"\n<p>Depuis 2008, les aides financi\u00e8res et les indemnit\u00e9s sont g\u00e9n\u00e9ralement accord\u00e9es aux cantons dans le cadre de conventions-programmes, conform\u00e9ment \u00e0 la loi sur les subventions. Le pr\u00e9sent rapport regroupe les r\u00e9sultats de plusieurs r\u00e9visions qui ont \u00e9t\u00e9 effectu\u00e9es par le Contr\u00f4le des finances (CDF) concernant le champ d&#8217;application des conventions-programmes. Il s\u2019agit d&#8217;\u00e9valuer la situation afin de d\u00e9finir des objectifs prioritaires visant \u00e0 am\u00e9liorer l\u2019utilisation de ce nouvel instrument.<\/p>\n","protected":false},"featured_media":0,"menu_order":0,"template":"","audit_category":[31,43],"audit_type":[52],"class_list":["post-5820","audit","type-audit","status-publish","hentry","audit_category-administration-generale","audit_category-finances-publiques-et-impots","audit_type-audit-fr"],"acf":{"audit_lang":[{"lang":"f"},{"lang":"d"}],"audit_numbers":[{"audit_number":"12507"}],"audit_office":null,"audit_office_text":"","audit_date":"20140402","bgo":false,"keywords":"Depuis 2008, les aides financi\u00e8res et les indemnit\u00e9s sont g\u00e9n\u00e9ralement accord\u00e9es aux cantons dans le cadre de conventions-programmes, conform\u00e9ment \u00e0 la loi sur les subventions. Le pr\u00e9sent rapport regroupe les r\u00e9sultats de plusieurs r\u00e9visions qui ont \u00e9t\u00e9 effectu\u00e9es par le Contr\u00f4le des finances (CDF) concernant le champ d'application des conventions-programmes. Il s\u2019agit d'\u00e9valuer la situation afin de d\u00e9finir des objectifs prioritaires visant \u00e0 am\u00e9liorer l\u2019utilisation de ce nouvel instrument.","audit_office_local":""},"yoast_head":"<!-- This site is optimized with the Yoast SEO Premium plugin v27.4 (Yoast SEO v27.4) - https:\/\/yoast.com\/product\/yoast-seo-premium-wordpress\/ -->\n<title>Risques et d\u00e9fis li\u00e9s aux conventions-programmes - Contr\u00f4le f\u00e9d\u00e9ral des finances (CDF)<\/title>\n<meta name=\"description\" content=\"Risques et d\u00e9fis li\u00e9s aux conventions-programmes\" \/>\n<meta name=\"robots\" content=\"index, follow, max-snippet:-1, max-image-preview:large, max-video-preview:-1\" \/>\n<link rel=\"canonical\" href=\"https:\/\/www.efk.admin.ch\/fr\/audit\/risques-et-defis-lies-aux-conventions-programmes\/\" \/>\n<meta property=\"og:locale\" content=\"fr_FR\" \/>\n<meta property=\"og:type\" content=\"article\" \/>\n<meta property=\"og:title\" content=\"Risques et d\u00e9fis li\u00e9s aux conventions-programmes\" \/>\n<meta property=\"og:description\" content=\"Risques et d\u00e9fis li\u00e9s aux conventions-programmes\" \/>\n<meta property=\"og:url\" content=\"https:\/\/www.efk.admin.ch\/fr\/audit\/risques-et-defis-lies-aux-conventions-programmes\/\" \/>\n<meta property=\"og:site_name\" content=\"Contr\u00f4le f\u00e9d\u00e9ral des finances (CDF)\" \/>\n<meta property=\"article:modified_time\" content=\"2024-03-06T14:34:55+00:00\" \/>\n<meta property=\"og:image\" content=\"https:\/\/www.efk.admin.ch\/wp-content\/uploads\/test\/palais.jpg\" \/>\n\t<meta property=\"og:image:width\" content=\"750\" \/>\n\t<meta property=\"og:image:height\" content=\"500\" \/>\n\t<meta property=\"og:image:type\" content=\"image\/jpeg\" \/>\n<meta name=\"twitter:card\" content=\"summary_large_image\" \/>\n<script type=\"application\/ld+json\" class=\"yoast-schema-graph\">{\"@context\":\"https:\\\/\\\/schema.org\",\"@graph\":[{\"@type\":\"WebPage\",\"@id\":\"https:\\\/\\\/www.efk.admin.ch\\\/fr\\\/audit\\\/risques-et-defis-lies-aux-conventions-programmes\\\/\",\"url\":\"https:\\\/\\\/www.efk.admin.ch\\\/fr\\\/audit\\\/risques-et-defis-lies-aux-conventions-programmes\\\/\",\"name\":\"Risques et d\u00e9fis li\u00e9s aux conventions-programmes - Contr\u00f4le f\u00e9d\u00e9ral des finances (CDF)\",\"isPartOf\":{\"@id\":\"https:\\\/\\\/www.efk.admin.ch\\\/fr\\\/#website\"},\"datePublished\":\"2024-01-17T15:35:42+00:00\",\"dateModified\":\"2024-03-06T14:34:55+00:00\",\"description\":\"Risques et d\u00e9fis li\u00e9s aux conventions-programmes\",\"breadcrumb\":{\"@id\":\"https:\\\/\\\/www.efk.admin.ch\\\/fr\\\/audit\\\/risques-et-defis-lies-aux-conventions-programmes\\\/#breadcrumb\"},\"inLanguage\":\"fr-FR\",\"potentialAction\":[{\"@type\":\"ReadAction\",\"target\":[\"https:\\\/\\\/www.efk.admin.ch\\\/fr\\\/audit\\\/risques-et-defis-lies-aux-conventions-programmes\\\/\"]}]},{\"@type\":\"BreadcrumbList\",\"@id\":\"https:\\\/\\\/www.efk.admin.ch\\\/fr\\\/audit\\\/risques-et-defis-lies-aux-conventions-programmes\\\/#breadcrumb\",\"itemListElement\":[{\"@type\":\"ListItem\",\"position\":1,\"name\":\"Home\",\"item\":\"https:\\\/\\\/www.efk.admin.ch\\\/fr\\\/\"},{\"@type\":\"ListItem\",\"position\":2,\"name\":\"Rapport\",\"item\":\"https:\\\/\\\/www.efk.admin.ch\\\/fr\\\/audit\\\/\"},{\"@type\":\"ListItem\",\"position\":3,\"name\":\"Risques et d\u00e9fis li\u00e9s aux conventions-programmes\"}]},{\"@type\":\"WebSite\",\"@id\":\"https:\\\/\\\/www.efk.admin.ch\\\/fr\\\/#website\",\"url\":\"https:\\\/\\\/www.efk.admin.ch\\\/fr\\\/\",\"name\":\"Informationen \u00fcber das oberste Finanzaufsichtsorgan der Schweiz\",\"description\":\"Le Contr\u00f4le f\u00e9d\u00e9ral des finances (CDF) est l'organe supr\u00eame de surveillance financi\u00e8re de la Conf\u00e9d\u00e9ration suisse.\",\"publisher\":{\"@id\":\"https:\\\/\\\/www.efk.admin.ch\\\/fr\\\/#organization\"},\"alternateName\":\"EFK\",\"potentialAction\":[{\"@type\":\"SearchAction\",\"target\":{\"@type\":\"EntryPoint\",\"urlTemplate\":\"https:\\\/\\\/www.efk.admin.ch\\\/fr\\\/?s={search_term_string}\"},\"query-input\":{\"@type\":\"PropertyValueSpecification\",\"valueRequired\":true,\"valueName\":\"search_term_string\"}}],\"inLanguage\":\"fr-FR\"},{\"@type\":\"Organization\",\"@id\":\"https:\\\/\\\/www.efk.admin.ch\\\/fr\\\/#organization\",\"name\":\"Contr\u00f4le f\u00e9d\u00e9ral des finances (CDF)\",\"alternateName\":\"EFK\",\"url\":\"https:\\\/\\\/www.efk.admin.ch\\\/fr\\\/\",\"logo\":{\"@type\":\"ImageObject\",\"inLanguage\":\"fr-FR\",\"@id\":\"https:\\\/\\\/www.efk.admin.ch\\\/fr\\\/#\\\/schema\\\/logo\\\/image\\\/\",\"url\":\"https:\\\/\\\/www.efk.admin.ch\\\/wp-content\\\/uploads\\\/efk_cdf_logo_ohne_claim.png\",\"contentUrl\":\"https:\\\/\\\/www.efk.admin.ch\\\/wp-content\\\/uploads\\\/efk_cdf_logo_ohne_claim.png\",\"width\":268,\"height\":258,\"caption\":\"Contr\u00f4le f\u00e9d\u00e9ral des finances (CDF)\"},\"image\":{\"@id\":\"https:\\\/\\\/www.efk.admin.ch\\\/fr\\\/#\\\/schema\\\/logo\\\/image\\\/\"},\"sameAs\":[\"https:\\\/\\\/www.instagram.com\\\/efk_cdf_sfao\\\/\",\"https:\\\/\\\/www.youtube.com\\\/channel\\\/UCm-bXj227VE5sJzhB-ihdvw\\\/featured\",\"https:\\\/\\\/www.linkedin.com\\\/company\\\/11081578\\\/\"]}]}<\/script>\n<!-- \/ Yoast SEO Premium plugin. -->","yoast_head_json":{"title":"Risques et d\u00e9fis li\u00e9s aux conventions-programmes - Contr\u00f4le f\u00e9d\u00e9ral des finances (CDF)","description":"Risques et d\u00e9fis li\u00e9s aux conventions-programmes","robots":{"index":"index","follow":"follow","max-snippet":"max-snippet:-1","max-image-preview":"max-image-preview:large","max-video-preview":"max-video-preview:-1"},"canonical":"https:\/\/www.efk.admin.ch\/fr\/audit\/risques-et-defis-lies-aux-conventions-programmes\/","og_locale":"fr_FR","og_type":"article","og_title":"Risques et d\u00e9fis li\u00e9s aux conventions-programmes","og_description":"Risques et d\u00e9fis li\u00e9s aux conventions-programmes","og_url":"https:\/\/www.efk.admin.ch\/fr\/audit\/risques-et-defis-lies-aux-conventions-programmes\/","og_site_name":"Contr\u00f4le f\u00e9d\u00e9ral des finances (CDF)","article_modified_time":"2024-03-06T14:34:55+00:00","og_image":[{"width":750,"height":500,"url":"https:\/\/www.efk.admin.ch\/wp-content\/uploads\/test\/palais.jpg","type":"image\/jpeg"}],"twitter_card":"summary_large_image","schema":{"@context":"https:\/\/schema.org","@graph":[{"@type":"WebPage","@id":"https:\/\/www.efk.admin.ch\/fr\/audit\/risques-et-defis-lies-aux-conventions-programmes\/","url":"https:\/\/www.efk.admin.ch\/fr\/audit\/risques-et-defis-lies-aux-conventions-programmes\/","name":"Risques et d\u00e9fis li\u00e9s aux conventions-programmes - Contr\u00f4le f\u00e9d\u00e9ral des finances (CDF)","isPartOf":{"@id":"https:\/\/www.efk.admin.ch\/fr\/#website"},"datePublished":"2024-01-17T15:35:42+00:00","dateModified":"2024-03-06T14:34:55+00:00","description":"Risques et d\u00e9fis li\u00e9s aux conventions-programmes","breadcrumb":{"@id":"https:\/\/www.efk.admin.ch\/fr\/audit\/risques-et-defis-lies-aux-conventions-programmes\/#breadcrumb"},"inLanguage":"fr-FR","potentialAction":[{"@type":"ReadAction","target":["https:\/\/www.efk.admin.ch\/fr\/audit\/risques-et-defis-lies-aux-conventions-programmes\/"]}]},{"@type":"BreadcrumbList","@id":"https:\/\/www.efk.admin.ch\/fr\/audit\/risques-et-defis-lies-aux-conventions-programmes\/#breadcrumb","itemListElement":[{"@type":"ListItem","position":1,"name":"Home","item":"https:\/\/www.efk.admin.ch\/fr\/"},{"@type":"ListItem","position":2,"name":"Rapport","item":"https:\/\/www.efk.admin.ch\/fr\/audit\/"},{"@type":"ListItem","position":3,"name":"Risques et d\u00e9fis li\u00e9s aux conventions-programmes"}]},{"@type":"WebSite","@id":"https:\/\/www.efk.admin.ch\/fr\/#website","url":"https:\/\/www.efk.admin.ch\/fr\/","name":"Informationen \u00fcber das oberste Finanzaufsichtsorgan der Schweiz","description":"Le Contr\u00f4le f\u00e9d\u00e9ral des finances (CDF) est l'organe supr\u00eame de surveillance financi\u00e8re de la Conf\u00e9d\u00e9ration suisse.","publisher":{"@id":"https:\/\/www.efk.admin.ch\/fr\/#organization"},"alternateName":"EFK","potentialAction":[{"@type":"SearchAction","target":{"@type":"EntryPoint","urlTemplate":"https:\/\/www.efk.admin.ch\/fr\/?s={search_term_string}"},"query-input":{"@type":"PropertyValueSpecification","valueRequired":true,"valueName":"search_term_string"}}],"inLanguage":"fr-FR"},{"@type":"Organization","@id":"https:\/\/www.efk.admin.ch\/fr\/#organization","name":"Contr\u00f4le f\u00e9d\u00e9ral des finances (CDF)","alternateName":"EFK","url":"https:\/\/www.efk.admin.ch\/fr\/","logo":{"@type":"ImageObject","inLanguage":"fr-FR","@id":"https:\/\/www.efk.admin.ch\/fr\/#\/schema\/logo\/image\/","url":"https:\/\/www.efk.admin.ch\/wp-content\/uploads\/efk_cdf_logo_ohne_claim.png","contentUrl":"https:\/\/www.efk.admin.ch\/wp-content\/uploads\/efk_cdf_logo_ohne_claim.png","width":268,"height":258,"caption":"Contr\u00f4le f\u00e9d\u00e9ral des finances (CDF)"},"image":{"@id":"https:\/\/www.efk.admin.ch\/fr\/#\/schema\/logo\/image\/"},"sameAs":["https:\/\/www.instagram.com\/efk_cdf_sfao\/","https:\/\/www.youtube.com\/channel\/UCm-bXj227VE5sJzhB-ihdvw\/featured","https:\/\/www.linkedin.com\/company\/11081578\/"]}]}},"_links":{"self":[{"href":"https:\/\/www.efk.admin.ch\/fr\/wp-json\/wp\/v2\/audit\/5820","targetHints":{"allow":["GET"]}}],"collection":[{"href":"https:\/\/www.efk.admin.ch\/fr\/wp-json\/wp\/v2\/audit"}],"about":[{"href":"https:\/\/www.efk.admin.ch\/fr\/wp-json\/wp\/v2\/types\/audit"}],"wp:attachment":[{"href":"https:\/\/www.efk.admin.ch\/fr\/wp-json\/wp\/v2\/media?parent=5820"}],"wp:term":[{"taxonomy":"audit_category","embeddable":true,"href":"https:\/\/www.efk.admin.ch\/fr\/wp-json\/wp\/v2\/audit_category?post=5820"},{"taxonomy":"audit_type","embeddable":true,"href":"https:\/\/www.efk.admin.ch\/fr\/wp-json\/wp\/v2\/audit_type?post=5820"}],"curies":[{"name":"wp","href":"https:\/\/api.w.org\/{rel}","templated":true}]}}