{"id":5814,"date":"2024-01-17T16:35:36","date_gmt":"2024-01-17T15:35:36","guid":{"rendered":"https:\/\/preview.efk.admin.ch\/prufung\/surveillance-du-recyclage-des-dechets-soumis-a-des-taxes-et-contributions-anticipees\/"},"modified":"2024-02-19T15:39:57","modified_gmt":"2024-02-19T14:39:57","slug":"surveillance-du-recyclage-des-dechets-soumis-a-des-taxes-et-contributions-anticipees","status":"publish","type":"audit","link":"https:\/\/www.efk.admin.ch\/fr\/audit\/surveillance-du-recyclage-des-dechets-soumis-a-des-taxes-et-contributions-anticipees\/","title":{"rendered":"Surveillance du recyclage des d\u00e9chets soumis \u00e0 des taxes et contributions anticip\u00e9es"},"content":{"rendered":"\n<p>L\u2019Office f\u00e9d\u00e9ral de l\u2019environnement (OFEV) doit veiller \u00e0 la p\u00e9rennit\u00e9 du syst\u00e8me de recyclage des d\u00e9chets. Ce syst\u00e8me est financ\u00e9 via une redevance \u00e0 l\u2019achat de certains produits par les consommateurs. Solution \u00e9tatique, la taxe d\u2019\u00e9limination anticip\u00e9e (TEA) est pay\u00e9e lors de l\u2019achat d\u2019emballages en verre et de piles. La contribution de recyclage anticip\u00e9e (CRA), instaur\u00e9e par l\u2019\u00e9conomie priv\u00e9e, concerne l\u2019achat d\u2019emballages en PET, de canettes en aluminium, de bo\u00eetes en fer blanc, d\u2019appareils \u00e9lectriques et \u00e9lectroniques et de sources lumineuses. Les organisations de gestion des d\u00e9chets (OGD) per\u00e7oivent les moyens financiers qu\u2019ils soient obligatoires (TEA) ou volontaires (CRA) et les redistribuent aux communes et aux entreprises en charge de la collecte, du transport et du recyclage des d\u00e9chets. En 2019, le total des taxes et des contributions s\u2019\u00e9levait \u00e0 176 millions de francs, selon une estimation du Contr\u00f4le f\u00e9d\u00e9ral des finances (CDF).<\/p>\n","protected":false},"featured_media":0,"menu_order":0,"template":"","audit_category":[47],"audit_type":[52],"class_list":["post-5814","audit","type-audit","status-publish","hentry","audit_category-transports-et-environnement","audit_type-audit-fr"],"acf":{"audit_lang":[{"lang":"f"}],"audit_numbers":[{"audit_number":"20397"}],"audit_office":7961,"audit_office_text":"","audit_date":"20230208","bgo":false,"keywords":"P\u00e9rennit\u00e9 du syst\u00e8me de recyclage des d\u00e9chets,Taxe d'\u00e9limination, Contribution de recyclage,Organisations de gestion des d\u00e9chets (OGD)","audit_office_local":""},"yoast_head":"<!-- This site is optimized with the Yoast SEO Premium plugin v27.4 (Yoast SEO v27.4) - https:\/\/yoast.com\/product\/yoast-seo-premium-wordpress\/ -->\n<title>Surveillance du recyclage des d\u00e9chets soumis \u00e0 des taxes et contributions anticip\u00e9es - Contr\u00f4le f\u00e9d\u00e9ral des finances (CDF)<\/title>\n<meta name=\"description\" content=\"Surveillance du recyclage des d\u00e9chets soumis \u00e0 des taxes et contributions anticip\u00e9es\" \/>\n<meta name=\"robots\" content=\"index, follow, max-snippet:-1, max-image-preview:large, max-video-preview:-1\" \/>\n<link rel=\"canonical\" href=\"https:\/\/www.efk.admin.ch\/fr\/audit\/surveillance-du-recyclage-des-dechets-soumis-a-des-taxes-et-contributions-anticipees\/\" \/>\n<meta property=\"og:locale\" content=\"fr_FR\" \/>\n<meta property=\"og:type\" content=\"article\" \/>\n<meta property=\"og:title\" content=\"Surveillance du recyclage des d\u00e9chets soumis \u00e0 des taxes et contributions anticip\u00e9es\" \/>\n<meta property=\"og:description\" content=\"Surveillance du recyclage des d\u00e9chets soumis \u00e0 des taxes et contributions anticip\u00e9es\" \/>\n<meta property=\"og:url\" content=\"https:\/\/www.efk.admin.ch\/fr\/audit\/surveillance-du-recyclage-des-dechets-soumis-a-des-taxes-et-contributions-anticipees\/\" \/>\n<meta property=\"og:site_name\" content=\"Contr\u00f4le f\u00e9d\u00e9ral des finances (CDF)\" \/>\n<meta property=\"article:modified_time\" content=\"2024-02-19T14:39:57+00:00\" \/>\n<meta property=\"og:image\" content=\"https:\/\/www.efk.admin.ch\/wp-content\/uploads\/test\/palais.jpg\" \/>\n\t<meta property=\"og:image:width\" content=\"750\" \/>\n\t<meta property=\"og:image:height\" content=\"500\" \/>\n\t<meta property=\"og:image:type\" content=\"image\/jpeg\" \/>\n<meta name=\"twitter:card\" content=\"summary_large_image\" \/>\n<meta name=\"twitter:label1\" content=\"Dur\u00e9e de lecture estim\u00e9e\" \/>\n\t<meta name=\"twitter:data1\" content=\"1 minute\" \/>\n<script type=\"application\/ld+json\" class=\"yoast-schema-graph\">{\"@context\":\"https:\\\/\\\/schema.org\",\"@graph\":[{\"@type\":\"WebPage\",\"@id\":\"https:\\\/\\\/www.efk.admin.ch\\\/fr\\\/audit\\\/surveillance-du-recyclage-des-dechets-soumis-a-des-taxes-et-contributions-anticipees\\\/\",\"url\":\"https:\\\/\\\/www.efk.admin.ch\\\/fr\\\/audit\\\/surveillance-du-recyclage-des-dechets-soumis-a-des-taxes-et-contributions-anticipees\\\/\",\"name\":\"Surveillance du recyclage des d\u00e9chets soumis \u00e0 des taxes et contributions anticip\u00e9es - Contr\u00f4le f\u00e9d\u00e9ral des finances (CDF)\",\"isPartOf\":{\"@id\":\"https:\\\/\\\/www.efk.admin.ch\\\/fr\\\/#website\"},\"datePublished\":\"2024-01-17T15:35:36+00:00\",\"dateModified\":\"2024-02-19T14:39:57+00:00\",\"description\":\"Surveillance du recyclage des d\u00e9chets soumis \u00e0 des taxes et contributions anticip\u00e9es\",\"breadcrumb\":{\"@id\":\"https:\\\/\\\/www.efk.admin.ch\\\/fr\\\/audit\\\/surveillance-du-recyclage-des-dechets-soumis-a-des-taxes-et-contributions-anticipees\\\/#breadcrumb\"},\"inLanguage\":\"fr-FR\",\"potentialAction\":[{\"@type\":\"ReadAction\",\"target\":[\"https:\\\/\\\/www.efk.admin.ch\\\/fr\\\/audit\\\/surveillance-du-recyclage-des-dechets-soumis-a-des-taxes-et-contributions-anticipees\\\/\"]}]},{\"@type\":\"BreadcrumbList\",\"@id\":\"https:\\\/\\\/www.efk.admin.ch\\\/fr\\\/audit\\\/surveillance-du-recyclage-des-dechets-soumis-a-des-taxes-et-contributions-anticipees\\\/#breadcrumb\",\"itemListElement\":[{\"@type\":\"ListItem\",\"position\":1,\"name\":\"Home\",\"item\":\"https:\\\/\\\/www.efk.admin.ch\\\/fr\\\/\"},{\"@type\":\"ListItem\",\"position\":2,\"name\":\"Rapport\",\"item\":\"https:\\\/\\\/www.efk.admin.ch\\\/fr\\\/audit\\\/\"},{\"@type\":\"ListItem\",\"position\":3,\"name\":\"Surveillance du recyclage des d\u00e9chets soumis \u00e0 des taxes et contributions anticip\u00e9es\"}]},{\"@type\":\"WebSite\",\"@id\":\"https:\\\/\\\/www.efk.admin.ch\\\/fr\\\/#website\",\"url\":\"https:\\\/\\\/www.efk.admin.ch\\\/fr\\\/\",\"name\":\"Informationen \u00fcber das oberste Finanzaufsichtsorgan der Schweiz\",\"description\":\"Le Contr\u00f4le f\u00e9d\u00e9ral des finances (CDF) est l'organe supr\u00eame de surveillance financi\u00e8re de la Conf\u00e9d\u00e9ration suisse.\",\"publisher\":{\"@id\":\"https:\\\/\\\/www.efk.admin.ch\\\/fr\\\/#organization\"},\"alternateName\":\"EFK\",\"potentialAction\":[{\"@type\":\"SearchAction\",\"target\":{\"@type\":\"EntryPoint\",\"urlTemplate\":\"https:\\\/\\\/www.efk.admin.ch\\\/fr\\\/?s={search_term_string}\"},\"query-input\":{\"@type\":\"PropertyValueSpecification\",\"valueRequired\":true,\"valueName\":\"search_term_string\"}}],\"inLanguage\":\"fr-FR\"},{\"@type\":\"Organization\",\"@id\":\"https:\\\/\\\/www.efk.admin.ch\\\/fr\\\/#organization\",\"name\":\"Contr\u00f4le f\u00e9d\u00e9ral des finances (CDF)\",\"alternateName\":\"EFK\",\"url\":\"https:\\\/\\\/www.efk.admin.ch\\\/fr\\\/\",\"logo\":{\"@type\":\"ImageObject\",\"inLanguage\":\"fr-FR\",\"@id\":\"https:\\\/\\\/www.efk.admin.ch\\\/fr\\\/#\\\/schema\\\/logo\\\/image\\\/\",\"url\":\"https:\\\/\\\/www.efk.admin.ch\\\/wp-content\\\/uploads\\\/efk_cdf_logo_ohne_claim.png\",\"contentUrl\":\"https:\\\/\\\/www.efk.admin.ch\\\/wp-content\\\/uploads\\\/efk_cdf_logo_ohne_claim.png\",\"width\":268,\"height\":258,\"caption\":\"Contr\u00f4le f\u00e9d\u00e9ral des finances (CDF)\"},\"image\":{\"@id\":\"https:\\\/\\\/www.efk.admin.ch\\\/fr\\\/#\\\/schema\\\/logo\\\/image\\\/\"},\"sameAs\":[\"https:\\\/\\\/www.instagram.com\\\/efk_cdf_sfao\\\/\",\"https:\\\/\\\/www.youtube.com\\\/channel\\\/UCm-bXj227VE5sJzhB-ihdvw\\\/featured\",\"https:\\\/\\\/www.linkedin.com\\\/company\\\/11081578\\\/\"]}]}<\/script>\n<!-- \/ Yoast SEO Premium plugin. -->","yoast_head_json":{"title":"Surveillance du recyclage des d\u00e9chets soumis \u00e0 des taxes et contributions anticip\u00e9es - Contr\u00f4le f\u00e9d\u00e9ral des finances (CDF)","description":"Surveillance du recyclage des d\u00e9chets soumis \u00e0 des taxes et contributions anticip\u00e9es","robots":{"index":"index","follow":"follow","max-snippet":"max-snippet:-1","max-image-preview":"max-image-preview:large","max-video-preview":"max-video-preview:-1"},"canonical":"https:\/\/www.efk.admin.ch\/fr\/audit\/surveillance-du-recyclage-des-dechets-soumis-a-des-taxes-et-contributions-anticipees\/","og_locale":"fr_FR","og_type":"article","og_title":"Surveillance du recyclage des d\u00e9chets soumis \u00e0 des taxes et contributions anticip\u00e9es","og_description":"Surveillance du recyclage des d\u00e9chets soumis \u00e0 des taxes et contributions anticip\u00e9es","og_url":"https:\/\/www.efk.admin.ch\/fr\/audit\/surveillance-du-recyclage-des-dechets-soumis-a-des-taxes-et-contributions-anticipees\/","og_site_name":"Contr\u00f4le f\u00e9d\u00e9ral des finances (CDF)","article_modified_time":"2024-02-19T14:39:57+00:00","og_image":[{"width":750,"height":500,"url":"https:\/\/www.efk.admin.ch\/wp-content\/uploads\/test\/palais.jpg","type":"image\/jpeg"}],"twitter_card":"summary_large_image","twitter_misc":{"Dur\u00e9e de lecture estim\u00e9e":"1 minute"},"schema":{"@context":"https:\/\/schema.org","@graph":[{"@type":"WebPage","@id":"https:\/\/www.efk.admin.ch\/fr\/audit\/surveillance-du-recyclage-des-dechets-soumis-a-des-taxes-et-contributions-anticipees\/","url":"https:\/\/www.efk.admin.ch\/fr\/audit\/surveillance-du-recyclage-des-dechets-soumis-a-des-taxes-et-contributions-anticipees\/","name":"Surveillance du recyclage des d\u00e9chets soumis \u00e0 des taxes et contributions anticip\u00e9es - Contr\u00f4le f\u00e9d\u00e9ral des finances (CDF)","isPartOf":{"@id":"https:\/\/www.efk.admin.ch\/fr\/#website"},"datePublished":"2024-01-17T15:35:36+00:00","dateModified":"2024-02-19T14:39:57+00:00","description":"Surveillance du recyclage des d\u00e9chets soumis \u00e0 des taxes et contributions anticip\u00e9es","breadcrumb":{"@id":"https:\/\/www.efk.admin.ch\/fr\/audit\/surveillance-du-recyclage-des-dechets-soumis-a-des-taxes-et-contributions-anticipees\/#breadcrumb"},"inLanguage":"fr-FR","potentialAction":[{"@type":"ReadAction","target":["https:\/\/www.efk.admin.ch\/fr\/audit\/surveillance-du-recyclage-des-dechets-soumis-a-des-taxes-et-contributions-anticipees\/"]}]},{"@type":"BreadcrumbList","@id":"https:\/\/www.efk.admin.ch\/fr\/audit\/surveillance-du-recyclage-des-dechets-soumis-a-des-taxes-et-contributions-anticipees\/#breadcrumb","itemListElement":[{"@type":"ListItem","position":1,"name":"Home","item":"https:\/\/www.efk.admin.ch\/fr\/"},{"@type":"ListItem","position":2,"name":"Rapport","item":"https:\/\/www.efk.admin.ch\/fr\/audit\/"},{"@type":"ListItem","position":3,"name":"Surveillance du recyclage des d\u00e9chets soumis \u00e0 des taxes et contributions anticip\u00e9es"}]},{"@type":"WebSite","@id":"https:\/\/www.efk.admin.ch\/fr\/#website","url":"https:\/\/www.efk.admin.ch\/fr\/","name":"Informationen \u00fcber das oberste Finanzaufsichtsorgan der Schweiz","description":"Le Contr\u00f4le f\u00e9d\u00e9ral des finances (CDF) est l'organe supr\u00eame de surveillance financi\u00e8re de la Conf\u00e9d\u00e9ration suisse.","publisher":{"@id":"https:\/\/www.efk.admin.ch\/fr\/#organization"},"alternateName":"EFK","potentialAction":[{"@type":"SearchAction","target":{"@type":"EntryPoint","urlTemplate":"https:\/\/www.efk.admin.ch\/fr\/?s={search_term_string}"},"query-input":{"@type":"PropertyValueSpecification","valueRequired":true,"valueName":"search_term_string"}}],"inLanguage":"fr-FR"},{"@type":"Organization","@id":"https:\/\/www.efk.admin.ch\/fr\/#organization","name":"Contr\u00f4le f\u00e9d\u00e9ral des finances (CDF)","alternateName":"EFK","url":"https:\/\/www.efk.admin.ch\/fr\/","logo":{"@type":"ImageObject","inLanguage":"fr-FR","@id":"https:\/\/www.efk.admin.ch\/fr\/#\/schema\/logo\/image\/","url":"https:\/\/www.efk.admin.ch\/wp-content\/uploads\/efk_cdf_logo_ohne_claim.png","contentUrl":"https:\/\/www.efk.admin.ch\/wp-content\/uploads\/efk_cdf_logo_ohne_claim.png","width":268,"height":258,"caption":"Contr\u00f4le f\u00e9d\u00e9ral des finances (CDF)"},"image":{"@id":"https:\/\/www.efk.admin.ch\/fr\/#\/schema\/logo\/image\/"},"sameAs":["https:\/\/www.instagram.com\/efk_cdf_sfao\/","https:\/\/www.youtube.com\/channel\/UCm-bXj227VE5sJzhB-ihdvw\/featured","https:\/\/www.linkedin.com\/company\/11081578\/"]}]}},"_links":{"self":[{"href":"https:\/\/www.efk.admin.ch\/fr\/wp-json\/wp\/v2\/audit\/5814","targetHints":{"allow":["GET"]}}],"collection":[{"href":"https:\/\/www.efk.admin.ch\/fr\/wp-json\/wp\/v2\/audit"}],"about":[{"href":"https:\/\/www.efk.admin.ch\/fr\/wp-json\/wp\/v2\/types\/audit"}],"acf:post":[{"embeddable":true,"href":"https:\/\/www.efk.admin.ch\/fr\/wp-json\/wp\/v2\/office\/7961"}],"wp:attachment":[{"href":"https:\/\/www.efk.admin.ch\/fr\/wp-json\/wp\/v2\/media?parent=5814"}],"wp:term":[{"taxonomy":"audit_category","embeddable":true,"href":"https:\/\/www.efk.admin.ch\/fr\/wp-json\/wp\/v2\/audit_category?post=5814"},{"taxonomy":"audit_type","embeddable":true,"href":"https:\/\/www.efk.admin.ch\/fr\/wp-json\/wp\/v2\/audit_type?post=5814"}],"curies":[{"name":"wp","href":"https:\/\/api.w.org\/{rel}","templated":true}]}}