{"id":5811,"date":"2024-01-17T16:35:36","date_gmt":"2024-01-17T15:35:36","guid":{"rendered":"https:\/\/preview.efk.admin.ch\/prufung\/gouvernance-informatique\/"},"modified":"2024-02-19T09:02:56","modified_gmt":"2024-02-19T08:02:56","slug":"gouvernance-informatique","status":"publish","type":"audit","link":"https:\/\/www.efk.admin.ch\/fr\/audit\/gouvernance-informatique\/","title":{"rendered":"Gouvernance informatique"},"content":{"rendered":"\n<p>Le Contr\u00f4le f\u00e9d\u00e9ral des finances (CDF) a annonc\u00e9 l\u2019audit de la gouvernance TIC du D\u00e9partement f\u00e9d\u00e9ral de la d\u00e9fense, de la protection de la population et des sports (DDPS) dans son programme annuel de 2020. Divers motifs ayant emp\u00each\u00e9 sa r\u00e9alisation plus t\u00f4t, l\u2019audit a \u00e9t\u00e9 remis \u00e0\u00a02022. Compte tenu des r\u00e9sultats des travaux pr\u00e9paratoires de l\u2019audit r\u00e9alis\u00e9s en \u00e9t\u00e9 2022, le CDF renonce \u00e0 un audit complet pour les raisons suivantes\u00a0: les responsables au niveau du d\u00e9partement et du Groupement D\u00e9fense (Groupement D) ont reconnu la n\u00e9cessit\u00e9 d\u2019agir et des risques en lien avec la gouvernance TIC et ont pris les mesures qui s\u2019imposent. En outre, le CDF ne voit pas, pour le moment, la n\u00e9cessit\u00e9 d\u2019agir. Une \u00e9valuation d\u00e9finitive n\u2019est toutefois pas encore possible en raison de l\u2019absence de r\u00e9sultats des travaux.<\/p>\n","protected":false},"featured_media":0,"menu_order":0,"template":"","audit_category":[39],"audit_type":[52],"class_list":["post-5811","audit","type-audit","status-publish","hentry","audit_category-defense-et-armee","audit_type-audit-fr"],"acf":{"audit_lang":[{"lang":"d"}],"audit_numbers":[{"audit_number":"20436"}],"audit_office":8039,"audit_office_text":"","audit_date":"20230322","bgo":false,"keywords":"gouvernance, TIC, Informatique","audit_office_local":""},"yoast_head":"<!-- This site is optimized with the Yoast SEO Premium plugin v27.4 (Yoast SEO v27.4) - https:\/\/yoast.com\/product\/yoast-seo-premium-wordpress\/ -->\n<title>Gouvernance informatique - Contr\u00f4le f\u00e9d\u00e9ral des finances (CDF)<\/title>\n<meta name=\"description\" content=\"Gouvernance informatique\" \/>\n<meta name=\"robots\" content=\"index, follow, max-snippet:-1, max-image-preview:large, max-video-preview:-1\" \/>\n<link rel=\"canonical\" href=\"https:\/\/www.efk.admin.ch\/fr\/audit\/gouvernance-informatique\/\" \/>\n<meta property=\"og:locale\" content=\"fr_FR\" \/>\n<meta property=\"og:type\" content=\"article\" \/>\n<meta property=\"og:title\" content=\"Gouvernance informatique\" \/>\n<meta property=\"og:description\" content=\"Gouvernance informatique\" \/>\n<meta property=\"og:url\" content=\"https:\/\/www.efk.admin.ch\/fr\/audit\/gouvernance-informatique\/\" \/>\n<meta property=\"og:site_name\" content=\"Contr\u00f4le f\u00e9d\u00e9ral des finances (CDF)\" \/>\n<meta property=\"article:modified_time\" content=\"2024-02-19T08:02:56+00:00\" \/>\n<meta property=\"og:image\" content=\"https:\/\/www.efk.admin.ch\/wp-content\/uploads\/test\/palais.jpg\" \/>\n\t<meta property=\"og:image:width\" content=\"750\" \/>\n\t<meta property=\"og:image:height\" content=\"500\" \/>\n\t<meta property=\"og:image:type\" content=\"image\/jpeg\" \/>\n<meta name=\"twitter:card\" content=\"summary_large_image\" \/>\n<meta name=\"twitter:label1\" content=\"Dur\u00e9e de lecture estim\u00e9e\" \/>\n\t<meta name=\"twitter:data1\" content=\"1 minute\" \/>\n<script type=\"application\/ld+json\" class=\"yoast-schema-graph\">{\"@context\":\"https:\\\/\\\/schema.org\",\"@graph\":[{\"@type\":\"WebPage\",\"@id\":\"https:\\\/\\\/www.efk.admin.ch\\\/fr\\\/audit\\\/gouvernance-informatique\\\/\",\"url\":\"https:\\\/\\\/www.efk.admin.ch\\\/fr\\\/audit\\\/gouvernance-informatique\\\/\",\"name\":\"Gouvernance informatique - Contr\u00f4le f\u00e9d\u00e9ral des finances (CDF)\",\"isPartOf\":{\"@id\":\"https:\\\/\\\/www.efk.admin.ch\\\/fr\\\/#website\"},\"datePublished\":\"2024-01-17T15:35:36+00:00\",\"dateModified\":\"2024-02-19T08:02:56+00:00\",\"description\":\"Gouvernance informatique\",\"breadcrumb\":{\"@id\":\"https:\\\/\\\/www.efk.admin.ch\\\/fr\\\/audit\\\/gouvernance-informatique\\\/#breadcrumb\"},\"inLanguage\":\"fr-FR\",\"potentialAction\":[{\"@type\":\"ReadAction\",\"target\":[\"https:\\\/\\\/www.efk.admin.ch\\\/fr\\\/audit\\\/gouvernance-informatique\\\/\"]}]},{\"@type\":\"BreadcrumbList\",\"@id\":\"https:\\\/\\\/www.efk.admin.ch\\\/fr\\\/audit\\\/gouvernance-informatique\\\/#breadcrumb\",\"itemListElement\":[{\"@type\":\"ListItem\",\"position\":1,\"name\":\"Home\",\"item\":\"https:\\\/\\\/www.efk.admin.ch\\\/fr\\\/\"},{\"@type\":\"ListItem\",\"position\":2,\"name\":\"Rapport\",\"item\":\"https:\\\/\\\/www.efk.admin.ch\\\/fr\\\/audit\\\/\"},{\"@type\":\"ListItem\",\"position\":3,\"name\":\"Gouvernance informatique\"}]},{\"@type\":\"WebSite\",\"@id\":\"https:\\\/\\\/www.efk.admin.ch\\\/fr\\\/#website\",\"url\":\"https:\\\/\\\/www.efk.admin.ch\\\/fr\\\/\",\"name\":\"Informationen \u00fcber das oberste Finanzaufsichtsorgan der Schweiz\",\"description\":\"Le Contr\u00f4le f\u00e9d\u00e9ral des finances (CDF) est l'organe supr\u00eame de surveillance financi\u00e8re de la Conf\u00e9d\u00e9ration suisse.\",\"publisher\":{\"@id\":\"https:\\\/\\\/www.efk.admin.ch\\\/fr\\\/#organization\"},\"alternateName\":\"EFK\",\"potentialAction\":[{\"@type\":\"SearchAction\",\"target\":{\"@type\":\"EntryPoint\",\"urlTemplate\":\"https:\\\/\\\/www.efk.admin.ch\\\/fr\\\/?s={search_term_string}\"},\"query-input\":{\"@type\":\"PropertyValueSpecification\",\"valueRequired\":true,\"valueName\":\"search_term_string\"}}],\"inLanguage\":\"fr-FR\"},{\"@type\":\"Organization\",\"@id\":\"https:\\\/\\\/www.efk.admin.ch\\\/fr\\\/#organization\",\"name\":\"Contr\u00f4le f\u00e9d\u00e9ral des finances (CDF)\",\"alternateName\":\"EFK\",\"url\":\"https:\\\/\\\/www.efk.admin.ch\\\/fr\\\/\",\"logo\":{\"@type\":\"ImageObject\",\"inLanguage\":\"fr-FR\",\"@id\":\"https:\\\/\\\/www.efk.admin.ch\\\/fr\\\/#\\\/schema\\\/logo\\\/image\\\/\",\"url\":\"https:\\\/\\\/www.efk.admin.ch\\\/wp-content\\\/uploads\\\/efk_cdf_logo_ohne_claim.png\",\"contentUrl\":\"https:\\\/\\\/www.efk.admin.ch\\\/wp-content\\\/uploads\\\/efk_cdf_logo_ohne_claim.png\",\"width\":268,\"height\":258,\"caption\":\"Contr\u00f4le f\u00e9d\u00e9ral des finances (CDF)\"},\"image\":{\"@id\":\"https:\\\/\\\/www.efk.admin.ch\\\/fr\\\/#\\\/schema\\\/logo\\\/image\\\/\"},\"sameAs\":[\"https:\\\/\\\/www.instagram.com\\\/efk_cdf_sfao\\\/\",\"https:\\\/\\\/www.youtube.com\\\/channel\\\/UCm-bXj227VE5sJzhB-ihdvw\\\/featured\",\"https:\\\/\\\/www.linkedin.com\\\/company\\\/11081578\\\/\"]}]}<\/script>\n<!-- \/ Yoast SEO Premium plugin. -->","yoast_head_json":{"title":"Gouvernance informatique - Contr\u00f4le f\u00e9d\u00e9ral des finances (CDF)","description":"Gouvernance informatique","robots":{"index":"index","follow":"follow","max-snippet":"max-snippet:-1","max-image-preview":"max-image-preview:large","max-video-preview":"max-video-preview:-1"},"canonical":"https:\/\/www.efk.admin.ch\/fr\/audit\/gouvernance-informatique\/","og_locale":"fr_FR","og_type":"article","og_title":"Gouvernance informatique","og_description":"Gouvernance informatique","og_url":"https:\/\/www.efk.admin.ch\/fr\/audit\/gouvernance-informatique\/","og_site_name":"Contr\u00f4le f\u00e9d\u00e9ral des finances (CDF)","article_modified_time":"2024-02-19T08:02:56+00:00","og_image":[{"width":750,"height":500,"url":"https:\/\/www.efk.admin.ch\/wp-content\/uploads\/test\/palais.jpg","type":"image\/jpeg"}],"twitter_card":"summary_large_image","twitter_misc":{"Dur\u00e9e de lecture estim\u00e9e":"1 minute"},"schema":{"@context":"https:\/\/schema.org","@graph":[{"@type":"WebPage","@id":"https:\/\/www.efk.admin.ch\/fr\/audit\/gouvernance-informatique\/","url":"https:\/\/www.efk.admin.ch\/fr\/audit\/gouvernance-informatique\/","name":"Gouvernance informatique - Contr\u00f4le f\u00e9d\u00e9ral des finances (CDF)","isPartOf":{"@id":"https:\/\/www.efk.admin.ch\/fr\/#website"},"datePublished":"2024-01-17T15:35:36+00:00","dateModified":"2024-02-19T08:02:56+00:00","description":"Gouvernance informatique","breadcrumb":{"@id":"https:\/\/www.efk.admin.ch\/fr\/audit\/gouvernance-informatique\/#breadcrumb"},"inLanguage":"fr-FR","potentialAction":[{"@type":"ReadAction","target":["https:\/\/www.efk.admin.ch\/fr\/audit\/gouvernance-informatique\/"]}]},{"@type":"BreadcrumbList","@id":"https:\/\/www.efk.admin.ch\/fr\/audit\/gouvernance-informatique\/#breadcrumb","itemListElement":[{"@type":"ListItem","position":1,"name":"Home","item":"https:\/\/www.efk.admin.ch\/fr\/"},{"@type":"ListItem","position":2,"name":"Rapport","item":"https:\/\/www.efk.admin.ch\/fr\/audit\/"},{"@type":"ListItem","position":3,"name":"Gouvernance informatique"}]},{"@type":"WebSite","@id":"https:\/\/www.efk.admin.ch\/fr\/#website","url":"https:\/\/www.efk.admin.ch\/fr\/","name":"Informationen \u00fcber das oberste Finanzaufsichtsorgan der Schweiz","description":"Le Contr\u00f4le f\u00e9d\u00e9ral des finances (CDF) est l'organe supr\u00eame de surveillance financi\u00e8re de la Conf\u00e9d\u00e9ration suisse.","publisher":{"@id":"https:\/\/www.efk.admin.ch\/fr\/#organization"},"alternateName":"EFK","potentialAction":[{"@type":"SearchAction","target":{"@type":"EntryPoint","urlTemplate":"https:\/\/www.efk.admin.ch\/fr\/?s={search_term_string}"},"query-input":{"@type":"PropertyValueSpecification","valueRequired":true,"valueName":"search_term_string"}}],"inLanguage":"fr-FR"},{"@type":"Organization","@id":"https:\/\/www.efk.admin.ch\/fr\/#organization","name":"Contr\u00f4le f\u00e9d\u00e9ral des finances (CDF)","alternateName":"EFK","url":"https:\/\/www.efk.admin.ch\/fr\/","logo":{"@type":"ImageObject","inLanguage":"fr-FR","@id":"https:\/\/www.efk.admin.ch\/fr\/#\/schema\/logo\/image\/","url":"https:\/\/www.efk.admin.ch\/wp-content\/uploads\/efk_cdf_logo_ohne_claim.png","contentUrl":"https:\/\/www.efk.admin.ch\/wp-content\/uploads\/efk_cdf_logo_ohne_claim.png","width":268,"height":258,"caption":"Contr\u00f4le f\u00e9d\u00e9ral des finances (CDF)"},"image":{"@id":"https:\/\/www.efk.admin.ch\/fr\/#\/schema\/logo\/image\/"},"sameAs":["https:\/\/www.instagram.com\/efk_cdf_sfao\/","https:\/\/www.youtube.com\/channel\/UCm-bXj227VE5sJzhB-ihdvw\/featured","https:\/\/www.linkedin.com\/company\/11081578\/"]}]}},"_links":{"self":[{"href":"https:\/\/www.efk.admin.ch\/fr\/wp-json\/wp\/v2\/audit\/5811","targetHints":{"allow":["GET"]}}],"collection":[{"href":"https:\/\/www.efk.admin.ch\/fr\/wp-json\/wp\/v2\/audit"}],"about":[{"href":"https:\/\/www.efk.admin.ch\/fr\/wp-json\/wp\/v2\/types\/audit"}],"acf:post":[{"embeddable":true,"href":"https:\/\/www.efk.admin.ch\/fr\/wp-json\/wp\/v2\/office\/8039"}],"wp:attachment":[{"href":"https:\/\/www.efk.admin.ch\/fr\/wp-json\/wp\/v2\/media?parent=5811"}],"wp:term":[{"taxonomy":"audit_category","embeddable":true,"href":"https:\/\/www.efk.admin.ch\/fr\/wp-json\/wp\/v2\/audit_category?post=5811"},{"taxonomy":"audit_type","embeddable":true,"href":"https:\/\/www.efk.admin.ch\/fr\/wp-json\/wp\/v2\/audit_type?post=5811"}],"curies":[{"name":"wp","href":"https:\/\/api.w.org\/{rel}","templated":true}]}}