{"id":5810,"date":"2024-01-17T16:35:36","date_gmt":"2024-01-17T15:35:36","guid":{"rendered":"https:\/\/preview.efk.admin.ch\/prufung\/protection-des-infrastructures-critiques-gouvernance-et-gestion-des-risques-integrale\/"},"modified":"2024-02-13T14:33:37","modified_gmt":"2024-02-13T13:33:37","slug":"protection-des-infrastructures-critiques-gouvernance-et-gestion-des-risques-integrale","status":"publish","type":"audit","link":"https:\/\/www.efk.admin.ch\/fr\/audit\/protection-des-infrastructures-critiques-gouvernance-et-gestion-des-risques-integrale\/","title":{"rendered":"Protection des infrastructures critiques \u2013 Gouvernance et gestion des risques int\u00e9grale"},"content":{"rendered":"\n<p>La protection des infrastructures critiques (PIC) vise \u00e0 garantir la disponibilit\u00e9 des principaux biens et prestations. Les mesures pr\u00e9ventives doivent permettre d\u2019\u00e9viter autant que possible une panne ou de recourir \u00e0 des mesures de pr\u00e9caution et sp\u00e9cifiques \u00e0 l\u2019\u00e9v\u00e9nement dans le but de r\u00e9duire l\u2019impact ou d\u2019acc\u00e9l\u00e9rer le retour au fonctionnement normal. La strat\u00e9gie nationale pour la protection des infrastructures critiques 2018\u20132022 (strat\u00e9gie PIC) a formul\u00e9 diff\u00e9rentes mesures \u00e0 cet effet. La PIC est une t\u00e2che commune de la Conf\u00e9d\u00e9ration, des cantons et des exploitants d\u2019infrastructures critiques (IC).<\/p>\n","protected":false},"featured_media":0,"menu_order":0,"template":"","audit_category":[39],"audit_type":[52],"class_list":["post-5810","audit","type-audit","status-publish","hentry","audit_category-defense-et-armee","audit_type-audit-fr"],"acf":{"audit_lang":[{"lang":"d"},{"lang":"f"}],"audit_numbers":[{"audit_number":"22116"}],"audit_office":7932,"audit_office_text":"","audit_date":"20230322","bgo":false,"keywords":"Disponibilit\u00e9 des principaux biens et prestations, Retour au fonctionnement normal, Strat\u00e9gie nationale pour la protection des infrastructures critiques 2018\u20132022 (strat\u00e9gie PIC)","audit_office_local":""},"yoast_head":"<!-- This site is optimized with the Yoast SEO Premium plugin v27.4 (Yoast SEO v27.4) - https:\/\/yoast.com\/product\/yoast-seo-premium-wordpress\/ -->\n<title>Protection des infrastructures critiques \u2013 Gouvernance et gestion des risques int\u00e9grale - Contr\u00f4le f\u00e9d\u00e9ral des finances (CDF)<\/title>\n<meta name=\"description\" content=\"Protection des infrastructures critiques \u2013 Gouvernance et gestion des risques int\u00e9grale\" \/>\n<meta name=\"robots\" content=\"index, follow, max-snippet:-1, max-image-preview:large, max-video-preview:-1\" \/>\n<link rel=\"canonical\" href=\"https:\/\/www.efk.admin.ch\/fr\/audit\/protection-des-infrastructures-critiques-gouvernance-et-gestion-des-risques-integrale\/\" \/>\n<meta property=\"og:locale\" content=\"fr_FR\" \/>\n<meta property=\"og:type\" content=\"article\" \/>\n<meta property=\"og:title\" content=\"Protection des infrastructures critiques \u2013 Gouvernance et gestion des risques int\u00e9grale\" \/>\n<meta property=\"og:description\" content=\"Protection des infrastructures critiques \u2013 Gouvernance et gestion des risques int\u00e9grale\" \/>\n<meta property=\"og:url\" content=\"https:\/\/www.efk.admin.ch\/fr\/audit\/protection-des-infrastructures-critiques-gouvernance-et-gestion-des-risques-integrale\/\" \/>\n<meta property=\"og:site_name\" content=\"Contr\u00f4le f\u00e9d\u00e9ral des finances (CDF)\" \/>\n<meta property=\"article:modified_time\" content=\"2024-02-13T13:33:37+00:00\" \/>\n<meta property=\"og:image\" content=\"https:\/\/www.efk.admin.ch\/wp-content\/uploads\/test\/palais.jpg\" \/>\n\t<meta property=\"og:image:width\" content=\"750\" \/>\n\t<meta property=\"og:image:height\" content=\"500\" \/>\n\t<meta property=\"og:image:type\" content=\"image\/jpeg\" \/>\n<meta name=\"twitter:card\" content=\"summary_large_image\" \/>\n<meta name=\"twitter:label1\" content=\"Dur\u00e9e de lecture estim\u00e9e\" \/>\n\t<meta name=\"twitter:data1\" content=\"1 minute\" \/>\n<script type=\"application\/ld+json\" class=\"yoast-schema-graph\">{\"@context\":\"https:\\\/\\\/schema.org\",\"@graph\":[{\"@type\":\"WebPage\",\"@id\":\"https:\\\/\\\/www.efk.admin.ch\\\/fr\\\/audit\\\/protection-des-infrastructures-critiques-gouvernance-et-gestion-des-risques-integrale\\\/\",\"url\":\"https:\\\/\\\/www.efk.admin.ch\\\/fr\\\/audit\\\/protection-des-infrastructures-critiques-gouvernance-et-gestion-des-risques-integrale\\\/\",\"name\":\"Protection des infrastructures critiques \u2013 Gouvernance et gestion des risques int\u00e9grale - Contr\u00f4le f\u00e9d\u00e9ral des finances (CDF)\",\"isPartOf\":{\"@id\":\"https:\\\/\\\/www.efk.admin.ch\\\/fr\\\/#website\"},\"datePublished\":\"2024-01-17T15:35:36+00:00\",\"dateModified\":\"2024-02-13T13:33:37+00:00\",\"description\":\"Protection des infrastructures critiques \u2013 Gouvernance et gestion des risques int\u00e9grale\",\"breadcrumb\":{\"@id\":\"https:\\\/\\\/www.efk.admin.ch\\\/fr\\\/audit\\\/protection-des-infrastructures-critiques-gouvernance-et-gestion-des-risques-integrale\\\/#breadcrumb\"},\"inLanguage\":\"fr-FR\",\"potentialAction\":[{\"@type\":\"ReadAction\",\"target\":[\"https:\\\/\\\/www.efk.admin.ch\\\/fr\\\/audit\\\/protection-des-infrastructures-critiques-gouvernance-et-gestion-des-risques-integrale\\\/\"]}]},{\"@type\":\"BreadcrumbList\",\"@id\":\"https:\\\/\\\/www.efk.admin.ch\\\/fr\\\/audit\\\/protection-des-infrastructures-critiques-gouvernance-et-gestion-des-risques-integrale\\\/#breadcrumb\",\"itemListElement\":[{\"@type\":\"ListItem\",\"position\":1,\"name\":\"Home\",\"item\":\"https:\\\/\\\/www.efk.admin.ch\\\/fr\\\/\"},{\"@type\":\"ListItem\",\"position\":2,\"name\":\"Rapport\",\"item\":\"https:\\\/\\\/www.efk.admin.ch\\\/fr\\\/audit\\\/\"},{\"@type\":\"ListItem\",\"position\":3,\"name\":\"Protection des infrastructures critiques \u2013 Gouvernance et gestion des risques int\u00e9grale\"}]},{\"@type\":\"WebSite\",\"@id\":\"https:\\\/\\\/www.efk.admin.ch\\\/fr\\\/#website\",\"url\":\"https:\\\/\\\/www.efk.admin.ch\\\/fr\\\/\",\"name\":\"Informationen \u00fcber das oberste Finanzaufsichtsorgan der Schweiz\",\"description\":\"Le Contr\u00f4le f\u00e9d\u00e9ral des finances (CDF) est l'organe supr\u00eame de surveillance financi\u00e8re de la Conf\u00e9d\u00e9ration suisse.\",\"publisher\":{\"@id\":\"https:\\\/\\\/www.efk.admin.ch\\\/fr\\\/#organization\"},\"alternateName\":\"EFK\",\"potentialAction\":[{\"@type\":\"SearchAction\",\"target\":{\"@type\":\"EntryPoint\",\"urlTemplate\":\"https:\\\/\\\/www.efk.admin.ch\\\/fr\\\/?s={search_term_string}\"},\"query-input\":{\"@type\":\"PropertyValueSpecification\",\"valueRequired\":true,\"valueName\":\"search_term_string\"}}],\"inLanguage\":\"fr-FR\"},{\"@type\":\"Organization\",\"@id\":\"https:\\\/\\\/www.efk.admin.ch\\\/fr\\\/#organization\",\"name\":\"Contr\u00f4le f\u00e9d\u00e9ral des finances (CDF)\",\"alternateName\":\"EFK\",\"url\":\"https:\\\/\\\/www.efk.admin.ch\\\/fr\\\/\",\"logo\":{\"@type\":\"ImageObject\",\"inLanguage\":\"fr-FR\",\"@id\":\"https:\\\/\\\/www.efk.admin.ch\\\/fr\\\/#\\\/schema\\\/logo\\\/image\\\/\",\"url\":\"https:\\\/\\\/www.efk.admin.ch\\\/wp-content\\\/uploads\\\/efk_cdf_logo_ohne_claim.png\",\"contentUrl\":\"https:\\\/\\\/www.efk.admin.ch\\\/wp-content\\\/uploads\\\/efk_cdf_logo_ohne_claim.png\",\"width\":268,\"height\":258,\"caption\":\"Contr\u00f4le f\u00e9d\u00e9ral des finances (CDF)\"},\"image\":{\"@id\":\"https:\\\/\\\/www.efk.admin.ch\\\/fr\\\/#\\\/schema\\\/logo\\\/image\\\/\"},\"sameAs\":[\"https:\\\/\\\/www.instagram.com\\\/efk_cdf_sfao\\\/\",\"https:\\\/\\\/www.youtube.com\\\/channel\\\/UCm-bXj227VE5sJzhB-ihdvw\\\/featured\",\"https:\\\/\\\/www.linkedin.com\\\/company\\\/11081578\\\/\"]}]}<\/script>\n<!-- \/ Yoast SEO Premium plugin. -->","yoast_head_json":{"title":"Protection des infrastructures critiques \u2013 Gouvernance et gestion des risques int\u00e9grale - Contr\u00f4le f\u00e9d\u00e9ral des finances (CDF)","description":"Protection des infrastructures critiques \u2013 Gouvernance et gestion des risques int\u00e9grale","robots":{"index":"index","follow":"follow","max-snippet":"max-snippet:-1","max-image-preview":"max-image-preview:large","max-video-preview":"max-video-preview:-1"},"canonical":"https:\/\/www.efk.admin.ch\/fr\/audit\/protection-des-infrastructures-critiques-gouvernance-et-gestion-des-risques-integrale\/","og_locale":"fr_FR","og_type":"article","og_title":"Protection des infrastructures critiques \u2013 Gouvernance et gestion des risques int\u00e9grale","og_description":"Protection des infrastructures critiques \u2013 Gouvernance et gestion des risques int\u00e9grale","og_url":"https:\/\/www.efk.admin.ch\/fr\/audit\/protection-des-infrastructures-critiques-gouvernance-et-gestion-des-risques-integrale\/","og_site_name":"Contr\u00f4le f\u00e9d\u00e9ral des finances (CDF)","article_modified_time":"2024-02-13T13:33:37+00:00","og_image":[{"width":750,"height":500,"url":"https:\/\/www.efk.admin.ch\/wp-content\/uploads\/test\/palais.jpg","type":"image\/jpeg"}],"twitter_card":"summary_large_image","twitter_misc":{"Dur\u00e9e de lecture estim\u00e9e":"1 minute"},"schema":{"@context":"https:\/\/schema.org","@graph":[{"@type":"WebPage","@id":"https:\/\/www.efk.admin.ch\/fr\/audit\/protection-des-infrastructures-critiques-gouvernance-et-gestion-des-risques-integrale\/","url":"https:\/\/www.efk.admin.ch\/fr\/audit\/protection-des-infrastructures-critiques-gouvernance-et-gestion-des-risques-integrale\/","name":"Protection des infrastructures critiques \u2013 Gouvernance et gestion des risques int\u00e9grale - Contr\u00f4le f\u00e9d\u00e9ral des finances (CDF)","isPartOf":{"@id":"https:\/\/www.efk.admin.ch\/fr\/#website"},"datePublished":"2024-01-17T15:35:36+00:00","dateModified":"2024-02-13T13:33:37+00:00","description":"Protection des infrastructures critiques \u2013 Gouvernance et gestion des risques int\u00e9grale","breadcrumb":{"@id":"https:\/\/www.efk.admin.ch\/fr\/audit\/protection-des-infrastructures-critiques-gouvernance-et-gestion-des-risques-integrale\/#breadcrumb"},"inLanguage":"fr-FR","potentialAction":[{"@type":"ReadAction","target":["https:\/\/www.efk.admin.ch\/fr\/audit\/protection-des-infrastructures-critiques-gouvernance-et-gestion-des-risques-integrale\/"]}]},{"@type":"BreadcrumbList","@id":"https:\/\/www.efk.admin.ch\/fr\/audit\/protection-des-infrastructures-critiques-gouvernance-et-gestion-des-risques-integrale\/#breadcrumb","itemListElement":[{"@type":"ListItem","position":1,"name":"Home","item":"https:\/\/www.efk.admin.ch\/fr\/"},{"@type":"ListItem","position":2,"name":"Rapport","item":"https:\/\/www.efk.admin.ch\/fr\/audit\/"},{"@type":"ListItem","position":3,"name":"Protection des infrastructures critiques \u2013 Gouvernance et gestion des risques int\u00e9grale"}]},{"@type":"WebSite","@id":"https:\/\/www.efk.admin.ch\/fr\/#website","url":"https:\/\/www.efk.admin.ch\/fr\/","name":"Informationen \u00fcber das oberste Finanzaufsichtsorgan der Schweiz","description":"Le Contr\u00f4le f\u00e9d\u00e9ral des finances (CDF) est l'organe supr\u00eame de surveillance financi\u00e8re de la Conf\u00e9d\u00e9ration suisse.","publisher":{"@id":"https:\/\/www.efk.admin.ch\/fr\/#organization"},"alternateName":"EFK","potentialAction":[{"@type":"SearchAction","target":{"@type":"EntryPoint","urlTemplate":"https:\/\/www.efk.admin.ch\/fr\/?s={search_term_string}"},"query-input":{"@type":"PropertyValueSpecification","valueRequired":true,"valueName":"search_term_string"}}],"inLanguage":"fr-FR"},{"@type":"Organization","@id":"https:\/\/www.efk.admin.ch\/fr\/#organization","name":"Contr\u00f4le f\u00e9d\u00e9ral des finances (CDF)","alternateName":"EFK","url":"https:\/\/www.efk.admin.ch\/fr\/","logo":{"@type":"ImageObject","inLanguage":"fr-FR","@id":"https:\/\/www.efk.admin.ch\/fr\/#\/schema\/logo\/image\/","url":"https:\/\/www.efk.admin.ch\/wp-content\/uploads\/efk_cdf_logo_ohne_claim.png","contentUrl":"https:\/\/www.efk.admin.ch\/wp-content\/uploads\/efk_cdf_logo_ohne_claim.png","width":268,"height":258,"caption":"Contr\u00f4le f\u00e9d\u00e9ral des finances (CDF)"},"image":{"@id":"https:\/\/www.efk.admin.ch\/fr\/#\/schema\/logo\/image\/"},"sameAs":["https:\/\/www.instagram.com\/efk_cdf_sfao\/","https:\/\/www.youtube.com\/channel\/UCm-bXj227VE5sJzhB-ihdvw\/featured","https:\/\/www.linkedin.com\/company\/11081578\/"]}]}},"_links":{"self":[{"href":"https:\/\/www.efk.admin.ch\/fr\/wp-json\/wp\/v2\/audit\/5810","targetHints":{"allow":["GET"]}}],"collection":[{"href":"https:\/\/www.efk.admin.ch\/fr\/wp-json\/wp\/v2\/audit"}],"about":[{"href":"https:\/\/www.efk.admin.ch\/fr\/wp-json\/wp\/v2\/types\/audit"}],"acf:post":[{"embeddable":true,"href":"https:\/\/www.efk.admin.ch\/fr\/wp-json\/wp\/v2\/office\/7932"}],"wp:attachment":[{"href":"https:\/\/www.efk.admin.ch\/fr\/wp-json\/wp\/v2\/media?parent=5810"}],"wp:term":[{"taxonomy":"audit_category","embeddable":true,"href":"https:\/\/www.efk.admin.ch\/fr\/wp-json\/wp\/v2\/audit_category?post=5810"},{"taxonomy":"audit_type","embeddable":true,"href":"https:\/\/www.efk.admin.ch\/fr\/wp-json\/wp\/v2\/audit_type?post=5810"}],"curies":[{"name":"wp","href":"https:\/\/api.w.org\/{rel}","templated":true}]}}