{"id":5808,"date":"2024-01-17T16:35:36","date_gmt":"2024-01-17T15:35:36","guid":{"rendered":"https:\/\/preview.efk.admin.ch\/prufung\/projet-cle-tni-dazit-axe-sur-le-systeme-de-gestion-du-trafic-des-marchandises-passar\/"},"modified":"2024-02-09T16:29:16","modified_gmt":"2024-02-09T15:29:16","slug":"projet-cle-tni-dazit-axe-sur-le-systeme-de-gestion-du-trafic-des-marchandises-passar","status":"publish","type":"audit","link":"https:\/\/www.efk.admin.ch\/fr\/audit\/projet-cle-tni-dazit-axe-sur-le-systeme-de-gestion-du-trafic-des-marchandises-passar\/","title":{"rendered":"Projet cl\u00e9 TNI DaziT ax\u00e9 sur le syst\u00e8me de gestion du trafic des marchandises \u00ab Passar \u00bb"},"content":{"rendered":"\n<p>Le programme DaziT vise \u00e0 num\u00e9riser tous les processus cl\u00e9s de l\u2019Office f\u00e9d\u00e9ral de la douane et de la s\u00e9curit\u00e9 des fronti\u00e8res (OFDF) d\u2019ici \u00e0 fin 2026 (perception des droits de douane et des redevances et s\u00e9curit\u00e9 des fronti\u00e8res). L\u2019OFDF estime le co\u00fbt total du projet \u00e0 475,4\u00a0millions de francs. Cette somme englobe des d\u00e9penses avec incidences financi\u00e8res \u00e0 hauteur de 393\u00a0millions de francs pour des prestations internes et externes \u00e0 la Conf\u00e9d\u00e9ration. \u00c0 ce jour, un montant de 334,9\u00a0millions de francs a \u00e9t\u00e9 lib\u00e9r\u00e9 par le Conseil f\u00e9d\u00e9ral.<\/p>\n","protected":false},"featured_media":0,"menu_order":0,"template":"","audit_category":[79],"audit_type":[52],"class_list":["post-5808","audit","type-audit","status-publish","hentry","audit_category-projets-informatiques","audit_type-audit-fr"],"acf":{"audit_lang":[{"lang":"d"}],"audit_numbers":[{"audit_number":"22536"}],"audit_office":7940,"audit_office_text":"","audit_date":"20230327","bgo":false,"keywords":"Perception des droits de douane et des redevances et s\u00e9curit\u00e9 des fronti\u00e8res","audit_office_local":""},"yoast_head":"<!-- This site is optimized with the Yoast SEO Premium plugin v27.4 (Yoast SEO v27.4) - https:\/\/yoast.com\/product\/yoast-seo-premium-wordpress\/ -->\n<title>Projet cl\u00e9 TNI DaziT ax\u00e9 sur le syst\u00e8me de gestion du trafic des marchandises \u00ab Passar \u00bb - Contr\u00f4le f\u00e9d\u00e9ral des finances (CDF)<\/title>\n<meta name=\"description\" content=\"Projet cl\u00e9 TNI DaziT ax\u00e9 sur le syst\u00e8me de gestion du trafic des marchandises \u00ab Passar \u00bb\" \/>\n<meta name=\"robots\" content=\"index, follow, max-snippet:-1, max-image-preview:large, max-video-preview:-1\" \/>\n<link rel=\"canonical\" href=\"https:\/\/www.efk.admin.ch\/fr\/audit\/projet-cle-tni-dazit-axe-sur-le-systeme-de-gestion-du-trafic-des-marchandises-passar\/\" \/>\n<meta property=\"og:locale\" content=\"fr_FR\" \/>\n<meta property=\"og:type\" content=\"article\" \/>\n<meta property=\"og:title\" content=\"Projet cl\u00e9 TNI DaziT ax\u00e9 sur le syst\u00e8me de gestion du trafic des marchandises \u00ab Passar \u00bb\" \/>\n<meta property=\"og:description\" content=\"Projet cl\u00e9 TNI DaziT ax\u00e9 sur le syst\u00e8me de gestion du trafic des marchandises \u00ab Passar \u00bb\" \/>\n<meta property=\"og:url\" content=\"https:\/\/www.efk.admin.ch\/fr\/audit\/projet-cle-tni-dazit-axe-sur-le-systeme-de-gestion-du-trafic-des-marchandises-passar\/\" \/>\n<meta property=\"og:site_name\" content=\"Contr\u00f4le f\u00e9d\u00e9ral des finances (CDF)\" \/>\n<meta property=\"article:modified_time\" content=\"2024-02-09T15:29:16+00:00\" \/>\n<meta property=\"og:image\" content=\"https:\/\/www.efk.admin.ch\/wp-content\/uploads\/test\/palais.jpg\" \/>\n\t<meta property=\"og:image:width\" content=\"750\" \/>\n\t<meta property=\"og:image:height\" content=\"500\" \/>\n\t<meta property=\"og:image:type\" content=\"image\/jpeg\" \/>\n<meta name=\"twitter:card\" content=\"summary_large_image\" \/>\n<meta name=\"twitter:label1\" content=\"Dur\u00e9e de lecture estim\u00e9e\" \/>\n\t<meta name=\"twitter:data1\" content=\"1 minute\" \/>\n<script type=\"application\/ld+json\" class=\"yoast-schema-graph\">{\"@context\":\"https:\\\/\\\/schema.org\",\"@graph\":[{\"@type\":\"WebPage\",\"@id\":\"https:\\\/\\\/www.efk.admin.ch\\\/fr\\\/audit\\\/projet-cle-tni-dazit-axe-sur-le-systeme-de-gestion-du-trafic-des-marchandises-passar\\\/\",\"url\":\"https:\\\/\\\/www.efk.admin.ch\\\/fr\\\/audit\\\/projet-cle-tni-dazit-axe-sur-le-systeme-de-gestion-du-trafic-des-marchandises-passar\\\/\",\"name\":\"Projet cl\u00e9 TNI DaziT ax\u00e9 sur le syst\u00e8me de gestion du trafic des marchandises \u00ab Passar \u00bb - Contr\u00f4le f\u00e9d\u00e9ral des finances (CDF)\",\"isPartOf\":{\"@id\":\"https:\\\/\\\/www.efk.admin.ch\\\/fr\\\/#website\"},\"datePublished\":\"2024-01-17T15:35:36+00:00\",\"dateModified\":\"2024-02-09T15:29:16+00:00\",\"description\":\"Projet cl\u00e9 TNI DaziT ax\u00e9 sur le syst\u00e8me de gestion du trafic des marchandises \u00ab Passar \u00bb\",\"breadcrumb\":{\"@id\":\"https:\\\/\\\/www.efk.admin.ch\\\/fr\\\/audit\\\/projet-cle-tni-dazit-axe-sur-le-systeme-de-gestion-du-trafic-des-marchandises-passar\\\/#breadcrumb\"},\"inLanguage\":\"fr-FR\",\"potentialAction\":[{\"@type\":\"ReadAction\",\"target\":[\"https:\\\/\\\/www.efk.admin.ch\\\/fr\\\/audit\\\/projet-cle-tni-dazit-axe-sur-le-systeme-de-gestion-du-trafic-des-marchandises-passar\\\/\"]}]},{\"@type\":\"BreadcrumbList\",\"@id\":\"https:\\\/\\\/www.efk.admin.ch\\\/fr\\\/audit\\\/projet-cle-tni-dazit-axe-sur-le-systeme-de-gestion-du-trafic-des-marchandises-passar\\\/#breadcrumb\",\"itemListElement\":[{\"@type\":\"ListItem\",\"position\":1,\"name\":\"Home\",\"item\":\"https:\\\/\\\/www.efk.admin.ch\\\/fr\\\/\"},{\"@type\":\"ListItem\",\"position\":2,\"name\":\"Rapport\",\"item\":\"https:\\\/\\\/www.efk.admin.ch\\\/fr\\\/audit\\\/\"},{\"@type\":\"ListItem\",\"position\":3,\"name\":\"Projet cl\u00e9 TNI DaziT ax\u00e9 sur le syst\u00e8me de gestion du trafic des marchandises \u00ab Passar \u00bb\"}]},{\"@type\":\"WebSite\",\"@id\":\"https:\\\/\\\/www.efk.admin.ch\\\/fr\\\/#website\",\"url\":\"https:\\\/\\\/www.efk.admin.ch\\\/fr\\\/\",\"name\":\"Informationen \u00fcber das oberste Finanzaufsichtsorgan der Schweiz\",\"description\":\"Le Contr\u00f4le f\u00e9d\u00e9ral des finances (CDF) est l'organe supr\u00eame de surveillance financi\u00e8re de la Conf\u00e9d\u00e9ration suisse.\",\"publisher\":{\"@id\":\"https:\\\/\\\/www.efk.admin.ch\\\/fr\\\/#organization\"},\"alternateName\":\"EFK\",\"potentialAction\":[{\"@type\":\"SearchAction\",\"target\":{\"@type\":\"EntryPoint\",\"urlTemplate\":\"https:\\\/\\\/www.efk.admin.ch\\\/fr\\\/?s={search_term_string}\"},\"query-input\":{\"@type\":\"PropertyValueSpecification\",\"valueRequired\":true,\"valueName\":\"search_term_string\"}}],\"inLanguage\":\"fr-FR\"},{\"@type\":\"Organization\",\"@id\":\"https:\\\/\\\/www.efk.admin.ch\\\/fr\\\/#organization\",\"name\":\"Contr\u00f4le f\u00e9d\u00e9ral des finances (CDF)\",\"alternateName\":\"EFK\",\"url\":\"https:\\\/\\\/www.efk.admin.ch\\\/fr\\\/\",\"logo\":{\"@type\":\"ImageObject\",\"inLanguage\":\"fr-FR\",\"@id\":\"https:\\\/\\\/www.efk.admin.ch\\\/fr\\\/#\\\/schema\\\/logo\\\/image\\\/\",\"url\":\"https:\\\/\\\/www.efk.admin.ch\\\/wp-content\\\/uploads\\\/efk_cdf_logo_ohne_claim.png\",\"contentUrl\":\"https:\\\/\\\/www.efk.admin.ch\\\/wp-content\\\/uploads\\\/efk_cdf_logo_ohne_claim.png\",\"width\":268,\"height\":258,\"caption\":\"Contr\u00f4le f\u00e9d\u00e9ral des finances (CDF)\"},\"image\":{\"@id\":\"https:\\\/\\\/www.efk.admin.ch\\\/fr\\\/#\\\/schema\\\/logo\\\/image\\\/\"},\"sameAs\":[\"https:\\\/\\\/www.instagram.com\\\/efk_cdf_sfao\\\/\",\"https:\\\/\\\/www.youtube.com\\\/channel\\\/UCm-bXj227VE5sJzhB-ihdvw\\\/featured\",\"https:\\\/\\\/www.linkedin.com\\\/company\\\/11081578\\\/\"]}]}<\/script>\n<!-- \/ Yoast SEO Premium plugin. -->","yoast_head_json":{"title":"Projet cl\u00e9 TNI DaziT ax\u00e9 sur le syst\u00e8me de gestion du trafic des marchandises \u00ab Passar \u00bb - Contr\u00f4le f\u00e9d\u00e9ral des finances (CDF)","description":"Projet cl\u00e9 TNI DaziT ax\u00e9 sur le syst\u00e8me de gestion du trafic des marchandises \u00ab Passar \u00bb","robots":{"index":"index","follow":"follow","max-snippet":"max-snippet:-1","max-image-preview":"max-image-preview:large","max-video-preview":"max-video-preview:-1"},"canonical":"https:\/\/www.efk.admin.ch\/fr\/audit\/projet-cle-tni-dazit-axe-sur-le-systeme-de-gestion-du-trafic-des-marchandises-passar\/","og_locale":"fr_FR","og_type":"article","og_title":"Projet cl\u00e9 TNI DaziT ax\u00e9 sur le syst\u00e8me de gestion du trafic des marchandises \u00ab Passar \u00bb","og_description":"Projet cl\u00e9 TNI DaziT ax\u00e9 sur le syst\u00e8me de gestion du trafic des marchandises \u00ab Passar \u00bb","og_url":"https:\/\/www.efk.admin.ch\/fr\/audit\/projet-cle-tni-dazit-axe-sur-le-systeme-de-gestion-du-trafic-des-marchandises-passar\/","og_site_name":"Contr\u00f4le f\u00e9d\u00e9ral des finances (CDF)","article_modified_time":"2024-02-09T15:29:16+00:00","og_image":[{"width":750,"height":500,"url":"https:\/\/www.efk.admin.ch\/wp-content\/uploads\/test\/palais.jpg","type":"image\/jpeg"}],"twitter_card":"summary_large_image","twitter_misc":{"Dur\u00e9e de lecture estim\u00e9e":"1 minute"},"schema":{"@context":"https:\/\/schema.org","@graph":[{"@type":"WebPage","@id":"https:\/\/www.efk.admin.ch\/fr\/audit\/projet-cle-tni-dazit-axe-sur-le-systeme-de-gestion-du-trafic-des-marchandises-passar\/","url":"https:\/\/www.efk.admin.ch\/fr\/audit\/projet-cle-tni-dazit-axe-sur-le-systeme-de-gestion-du-trafic-des-marchandises-passar\/","name":"Projet cl\u00e9 TNI DaziT ax\u00e9 sur le syst\u00e8me de gestion du trafic des marchandises \u00ab Passar \u00bb - Contr\u00f4le f\u00e9d\u00e9ral des finances (CDF)","isPartOf":{"@id":"https:\/\/www.efk.admin.ch\/fr\/#website"},"datePublished":"2024-01-17T15:35:36+00:00","dateModified":"2024-02-09T15:29:16+00:00","description":"Projet cl\u00e9 TNI DaziT ax\u00e9 sur le syst\u00e8me de gestion du trafic des marchandises \u00ab Passar \u00bb","breadcrumb":{"@id":"https:\/\/www.efk.admin.ch\/fr\/audit\/projet-cle-tni-dazit-axe-sur-le-systeme-de-gestion-du-trafic-des-marchandises-passar\/#breadcrumb"},"inLanguage":"fr-FR","potentialAction":[{"@type":"ReadAction","target":["https:\/\/www.efk.admin.ch\/fr\/audit\/projet-cle-tni-dazit-axe-sur-le-systeme-de-gestion-du-trafic-des-marchandises-passar\/"]}]},{"@type":"BreadcrumbList","@id":"https:\/\/www.efk.admin.ch\/fr\/audit\/projet-cle-tni-dazit-axe-sur-le-systeme-de-gestion-du-trafic-des-marchandises-passar\/#breadcrumb","itemListElement":[{"@type":"ListItem","position":1,"name":"Home","item":"https:\/\/www.efk.admin.ch\/fr\/"},{"@type":"ListItem","position":2,"name":"Rapport","item":"https:\/\/www.efk.admin.ch\/fr\/audit\/"},{"@type":"ListItem","position":3,"name":"Projet cl\u00e9 TNI DaziT ax\u00e9 sur le syst\u00e8me de gestion du trafic des marchandises \u00ab Passar \u00bb"}]},{"@type":"WebSite","@id":"https:\/\/www.efk.admin.ch\/fr\/#website","url":"https:\/\/www.efk.admin.ch\/fr\/","name":"Informationen \u00fcber das oberste Finanzaufsichtsorgan der Schweiz","description":"Le Contr\u00f4le f\u00e9d\u00e9ral des finances (CDF) est l'organe supr\u00eame de surveillance financi\u00e8re de la Conf\u00e9d\u00e9ration suisse.","publisher":{"@id":"https:\/\/www.efk.admin.ch\/fr\/#organization"},"alternateName":"EFK","potentialAction":[{"@type":"SearchAction","target":{"@type":"EntryPoint","urlTemplate":"https:\/\/www.efk.admin.ch\/fr\/?s={search_term_string}"},"query-input":{"@type":"PropertyValueSpecification","valueRequired":true,"valueName":"search_term_string"}}],"inLanguage":"fr-FR"},{"@type":"Organization","@id":"https:\/\/www.efk.admin.ch\/fr\/#organization","name":"Contr\u00f4le f\u00e9d\u00e9ral des finances (CDF)","alternateName":"EFK","url":"https:\/\/www.efk.admin.ch\/fr\/","logo":{"@type":"ImageObject","inLanguage":"fr-FR","@id":"https:\/\/www.efk.admin.ch\/fr\/#\/schema\/logo\/image\/","url":"https:\/\/www.efk.admin.ch\/wp-content\/uploads\/efk_cdf_logo_ohne_claim.png","contentUrl":"https:\/\/www.efk.admin.ch\/wp-content\/uploads\/efk_cdf_logo_ohne_claim.png","width":268,"height":258,"caption":"Contr\u00f4le f\u00e9d\u00e9ral des finances (CDF)"},"image":{"@id":"https:\/\/www.efk.admin.ch\/fr\/#\/schema\/logo\/image\/"},"sameAs":["https:\/\/www.instagram.com\/efk_cdf_sfao\/","https:\/\/www.youtube.com\/channel\/UCm-bXj227VE5sJzhB-ihdvw\/featured","https:\/\/www.linkedin.com\/company\/11081578\/"]}]}},"_links":{"self":[{"href":"https:\/\/www.efk.admin.ch\/fr\/wp-json\/wp\/v2\/audit\/5808","targetHints":{"allow":["GET"]}}],"collection":[{"href":"https:\/\/www.efk.admin.ch\/fr\/wp-json\/wp\/v2\/audit"}],"about":[{"href":"https:\/\/www.efk.admin.ch\/fr\/wp-json\/wp\/v2\/types\/audit"}],"acf:post":[{"embeddable":true,"href":"https:\/\/www.efk.admin.ch\/fr\/wp-json\/wp\/v2\/office\/7940"}],"wp:attachment":[{"href":"https:\/\/www.efk.admin.ch\/fr\/wp-json\/wp\/v2\/media?parent=5808"}],"wp:term":[{"taxonomy":"audit_category","embeddable":true,"href":"https:\/\/www.efk.admin.ch\/fr\/wp-json\/wp\/v2\/audit_category?post=5808"},{"taxonomy":"audit_type","embeddable":true,"href":"https:\/\/www.efk.admin.ch\/fr\/wp-json\/wp\/v2\/audit_type?post=5808"}],"curies":[{"name":"wp","href":"https:\/\/api.w.org\/{rel}","templated":true}]}}