{"id":5806,"date":"2024-01-17T16:35:36","date_gmt":"2024-01-17T15:35:36","guid":{"rendered":"https:\/\/preview.efk.admin.ch\/prufung\/mesures-en-cas-de-defaillance-des-systemes-dapplications-metier\/"},"modified":"2024-02-13T10:33:57","modified_gmt":"2024-02-13T09:33:57","slug":"mesures-en-cas-de-defaillance-des-systemes-dapplications-metier","status":"publish","type":"audit","link":"https:\/\/www.efk.admin.ch\/fr\/audit\/mesures-en-cas-de-defaillance-des-systemes-dapplications-metier\/","title":{"rendered":"Mesures en cas de d\u00e9faillance des syst\u00e8mes d\u2019applications m\u00e9tier"},"content":{"rendered":"\n<p>La gestion de la continuit\u00e9 des activit\u00e9s (Business Continuity Management, BCM) sert \u00e0 maintenir les activit\u00e9s d\u2019une organisation en cas de d\u00e9faillance. Il inclut la pr\u00e9paration en vue d\u2019une d\u00e9faillance, la gestion et le suivi apr\u00e8s une d\u00e9faillance. Au printemps 2017, une r\u00e9glementation relative \u00e0 la BCM a \u00e9t\u00e9 adopt\u00e9e au sein de l\u2019administration f\u00e9d\u00e9rale et mise en \u0153uvre dans les d\u00e9partements et \u00e0 la Chancellerie f\u00e9d\u00e9rale.<\/p>\n","protected":false},"featured_media":0,"menu_order":0,"template":"","audit_category":[79],"audit_type":[231],"class_list":["post-5806","audit","type-audit","status-publish","hentry","audit_category-projets-informatiques","audit_type-informatikpruefung"],"acf":{"audit_lang":[{"lang":"d"}],"audit_numbers":[{"audit_number":"22520"},{"audit_number":"22752"}],"audit_office":[7940,7939,7941],"audit_office_text":"","audit_date":"20230329","bgo":false,"keywords":"Gestion de la continuit\u00e9 des activit\u00e9s (Business Continuity Management, BCM), Maintenir les activit\u00e9s d\u2019une organisation en cas de d\u00e9faillance","audit_office_local":""},"yoast_head":"<!-- This site is optimized with the Yoast SEO Premium plugin v27.4 (Yoast SEO v27.4) - https:\/\/yoast.com\/product\/yoast-seo-premium-wordpress\/ -->\n<title>Mesures en cas de d\u00e9faillance des syst\u00e8mes d\u2019applications m\u00e9tier - Contr\u00f4le f\u00e9d\u00e9ral des finances (CDF)<\/title>\n<meta name=\"description\" content=\"Mesures en cas de d\u00e9faillance des syst\u00e8mes d\u2019applications m\u00e9tier\" \/>\n<meta name=\"robots\" content=\"index, follow, max-snippet:-1, max-image-preview:large, max-video-preview:-1\" \/>\n<link rel=\"canonical\" href=\"https:\/\/www.efk.admin.ch\/fr\/audit\/mesures-en-cas-de-defaillance-des-systemes-dapplications-metier\/\" \/>\n<meta property=\"og:locale\" content=\"fr_FR\" \/>\n<meta property=\"og:type\" content=\"article\" \/>\n<meta property=\"og:title\" content=\"Mesures en cas de d\u00e9faillance des syst\u00e8mes d\u2019applications m\u00e9tier\" \/>\n<meta property=\"og:description\" content=\"Mesures en cas de d\u00e9faillance des syst\u00e8mes d\u2019applications m\u00e9tier\" \/>\n<meta property=\"og:url\" content=\"https:\/\/www.efk.admin.ch\/fr\/audit\/mesures-en-cas-de-defaillance-des-systemes-dapplications-metier\/\" \/>\n<meta property=\"og:site_name\" content=\"Contr\u00f4le f\u00e9d\u00e9ral des finances (CDF)\" \/>\n<meta property=\"article:modified_time\" content=\"2024-02-13T09:33:57+00:00\" \/>\n<meta property=\"og:image\" content=\"https:\/\/www.efk.admin.ch\/wp-content\/uploads\/test\/palais.jpg\" \/>\n\t<meta property=\"og:image:width\" content=\"750\" \/>\n\t<meta property=\"og:image:height\" content=\"500\" \/>\n\t<meta property=\"og:image:type\" content=\"image\/jpeg\" \/>\n<meta name=\"twitter:card\" content=\"summary_large_image\" \/>\n<script type=\"application\/ld+json\" class=\"yoast-schema-graph\">{\"@context\":\"https:\\\/\\\/schema.org\",\"@graph\":[{\"@type\":\"WebPage\",\"@id\":\"https:\\\/\\\/www.efk.admin.ch\\\/fr\\\/audit\\\/mesures-en-cas-de-defaillance-des-systemes-dapplications-metier\\\/\",\"url\":\"https:\\\/\\\/www.efk.admin.ch\\\/fr\\\/audit\\\/mesures-en-cas-de-defaillance-des-systemes-dapplications-metier\\\/\",\"name\":\"Mesures en cas de d\u00e9faillance des syst\u00e8mes d\u2019applications m\u00e9tier - Contr\u00f4le f\u00e9d\u00e9ral des finances (CDF)\",\"isPartOf\":{\"@id\":\"https:\\\/\\\/www.efk.admin.ch\\\/fr\\\/#website\"},\"datePublished\":\"2024-01-17T15:35:36+00:00\",\"dateModified\":\"2024-02-13T09:33:57+00:00\",\"description\":\"Mesures en cas de d\u00e9faillance des syst\u00e8mes d\u2019applications m\u00e9tier\",\"breadcrumb\":{\"@id\":\"https:\\\/\\\/www.efk.admin.ch\\\/fr\\\/audit\\\/mesures-en-cas-de-defaillance-des-systemes-dapplications-metier\\\/#breadcrumb\"},\"inLanguage\":\"fr-FR\",\"potentialAction\":[{\"@type\":\"ReadAction\",\"target\":[\"https:\\\/\\\/www.efk.admin.ch\\\/fr\\\/audit\\\/mesures-en-cas-de-defaillance-des-systemes-dapplications-metier\\\/\"]}]},{\"@type\":\"BreadcrumbList\",\"@id\":\"https:\\\/\\\/www.efk.admin.ch\\\/fr\\\/audit\\\/mesures-en-cas-de-defaillance-des-systemes-dapplications-metier\\\/#breadcrumb\",\"itemListElement\":[{\"@type\":\"ListItem\",\"position\":1,\"name\":\"Home\",\"item\":\"https:\\\/\\\/www.efk.admin.ch\\\/fr\\\/\"},{\"@type\":\"ListItem\",\"position\":2,\"name\":\"Rapport\",\"item\":\"https:\\\/\\\/www.efk.admin.ch\\\/fr\\\/audit\\\/\"},{\"@type\":\"ListItem\",\"position\":3,\"name\":\"Mesures en cas de d\u00e9faillance des syst\u00e8mes d\u2019applications m\u00e9tier\"}]},{\"@type\":\"WebSite\",\"@id\":\"https:\\\/\\\/www.efk.admin.ch\\\/fr\\\/#website\",\"url\":\"https:\\\/\\\/www.efk.admin.ch\\\/fr\\\/\",\"name\":\"Informationen \u00fcber das oberste Finanzaufsichtsorgan der Schweiz\",\"description\":\"Le Contr\u00f4le f\u00e9d\u00e9ral des finances (CDF) est l'organe supr\u00eame de surveillance financi\u00e8re de la Conf\u00e9d\u00e9ration suisse.\",\"publisher\":{\"@id\":\"https:\\\/\\\/www.efk.admin.ch\\\/fr\\\/#organization\"},\"alternateName\":\"EFK\",\"potentialAction\":[{\"@type\":\"SearchAction\",\"target\":{\"@type\":\"EntryPoint\",\"urlTemplate\":\"https:\\\/\\\/www.efk.admin.ch\\\/fr\\\/?s={search_term_string}\"},\"query-input\":{\"@type\":\"PropertyValueSpecification\",\"valueRequired\":true,\"valueName\":\"search_term_string\"}}],\"inLanguage\":\"fr-FR\"},{\"@type\":\"Organization\",\"@id\":\"https:\\\/\\\/www.efk.admin.ch\\\/fr\\\/#organization\",\"name\":\"Contr\u00f4le f\u00e9d\u00e9ral des finances (CDF)\",\"alternateName\":\"EFK\",\"url\":\"https:\\\/\\\/www.efk.admin.ch\\\/fr\\\/\",\"logo\":{\"@type\":\"ImageObject\",\"inLanguage\":\"fr-FR\",\"@id\":\"https:\\\/\\\/www.efk.admin.ch\\\/fr\\\/#\\\/schema\\\/logo\\\/image\\\/\",\"url\":\"https:\\\/\\\/www.efk.admin.ch\\\/wp-content\\\/uploads\\\/efk_cdf_logo_ohne_claim.png\",\"contentUrl\":\"https:\\\/\\\/www.efk.admin.ch\\\/wp-content\\\/uploads\\\/efk_cdf_logo_ohne_claim.png\",\"width\":268,\"height\":258,\"caption\":\"Contr\u00f4le f\u00e9d\u00e9ral des finances (CDF)\"},\"image\":{\"@id\":\"https:\\\/\\\/www.efk.admin.ch\\\/fr\\\/#\\\/schema\\\/logo\\\/image\\\/\"},\"sameAs\":[\"https:\\\/\\\/www.instagram.com\\\/efk_cdf_sfao\\\/\",\"https:\\\/\\\/www.youtube.com\\\/channel\\\/UCm-bXj227VE5sJzhB-ihdvw\\\/featured\",\"https:\\\/\\\/www.linkedin.com\\\/company\\\/11081578\\\/\"]}]}<\/script>\n<!-- \/ Yoast SEO Premium plugin. -->","yoast_head_json":{"title":"Mesures en cas de d\u00e9faillance des syst\u00e8mes d\u2019applications m\u00e9tier - Contr\u00f4le f\u00e9d\u00e9ral des finances (CDF)","description":"Mesures en cas de d\u00e9faillance des syst\u00e8mes d\u2019applications m\u00e9tier","robots":{"index":"index","follow":"follow","max-snippet":"max-snippet:-1","max-image-preview":"max-image-preview:large","max-video-preview":"max-video-preview:-1"},"canonical":"https:\/\/www.efk.admin.ch\/fr\/audit\/mesures-en-cas-de-defaillance-des-systemes-dapplications-metier\/","og_locale":"fr_FR","og_type":"article","og_title":"Mesures en cas de d\u00e9faillance des syst\u00e8mes d\u2019applications m\u00e9tier","og_description":"Mesures en cas de d\u00e9faillance des syst\u00e8mes d\u2019applications m\u00e9tier","og_url":"https:\/\/www.efk.admin.ch\/fr\/audit\/mesures-en-cas-de-defaillance-des-systemes-dapplications-metier\/","og_site_name":"Contr\u00f4le f\u00e9d\u00e9ral des finances (CDF)","article_modified_time":"2024-02-13T09:33:57+00:00","og_image":[{"width":750,"height":500,"url":"https:\/\/www.efk.admin.ch\/wp-content\/uploads\/test\/palais.jpg","type":"image\/jpeg"}],"twitter_card":"summary_large_image","schema":{"@context":"https:\/\/schema.org","@graph":[{"@type":"WebPage","@id":"https:\/\/www.efk.admin.ch\/fr\/audit\/mesures-en-cas-de-defaillance-des-systemes-dapplications-metier\/","url":"https:\/\/www.efk.admin.ch\/fr\/audit\/mesures-en-cas-de-defaillance-des-systemes-dapplications-metier\/","name":"Mesures en cas de d\u00e9faillance des syst\u00e8mes d\u2019applications m\u00e9tier - Contr\u00f4le f\u00e9d\u00e9ral des finances (CDF)","isPartOf":{"@id":"https:\/\/www.efk.admin.ch\/fr\/#website"},"datePublished":"2024-01-17T15:35:36+00:00","dateModified":"2024-02-13T09:33:57+00:00","description":"Mesures en cas de d\u00e9faillance des syst\u00e8mes d\u2019applications m\u00e9tier","breadcrumb":{"@id":"https:\/\/www.efk.admin.ch\/fr\/audit\/mesures-en-cas-de-defaillance-des-systemes-dapplications-metier\/#breadcrumb"},"inLanguage":"fr-FR","potentialAction":[{"@type":"ReadAction","target":["https:\/\/www.efk.admin.ch\/fr\/audit\/mesures-en-cas-de-defaillance-des-systemes-dapplications-metier\/"]}]},{"@type":"BreadcrumbList","@id":"https:\/\/www.efk.admin.ch\/fr\/audit\/mesures-en-cas-de-defaillance-des-systemes-dapplications-metier\/#breadcrumb","itemListElement":[{"@type":"ListItem","position":1,"name":"Home","item":"https:\/\/www.efk.admin.ch\/fr\/"},{"@type":"ListItem","position":2,"name":"Rapport","item":"https:\/\/www.efk.admin.ch\/fr\/audit\/"},{"@type":"ListItem","position":3,"name":"Mesures en cas de d\u00e9faillance des syst\u00e8mes d\u2019applications m\u00e9tier"}]},{"@type":"WebSite","@id":"https:\/\/www.efk.admin.ch\/fr\/#website","url":"https:\/\/www.efk.admin.ch\/fr\/","name":"Informationen \u00fcber das oberste Finanzaufsichtsorgan der Schweiz","description":"Le Contr\u00f4le f\u00e9d\u00e9ral des finances (CDF) est l'organe supr\u00eame de surveillance financi\u00e8re de la Conf\u00e9d\u00e9ration suisse.","publisher":{"@id":"https:\/\/www.efk.admin.ch\/fr\/#organization"},"alternateName":"EFK","potentialAction":[{"@type":"SearchAction","target":{"@type":"EntryPoint","urlTemplate":"https:\/\/www.efk.admin.ch\/fr\/?s={search_term_string}"},"query-input":{"@type":"PropertyValueSpecification","valueRequired":true,"valueName":"search_term_string"}}],"inLanguage":"fr-FR"},{"@type":"Organization","@id":"https:\/\/www.efk.admin.ch\/fr\/#organization","name":"Contr\u00f4le f\u00e9d\u00e9ral des finances (CDF)","alternateName":"EFK","url":"https:\/\/www.efk.admin.ch\/fr\/","logo":{"@type":"ImageObject","inLanguage":"fr-FR","@id":"https:\/\/www.efk.admin.ch\/fr\/#\/schema\/logo\/image\/","url":"https:\/\/www.efk.admin.ch\/wp-content\/uploads\/efk_cdf_logo_ohne_claim.png","contentUrl":"https:\/\/www.efk.admin.ch\/wp-content\/uploads\/efk_cdf_logo_ohne_claim.png","width":268,"height":258,"caption":"Contr\u00f4le f\u00e9d\u00e9ral des finances (CDF)"},"image":{"@id":"https:\/\/www.efk.admin.ch\/fr\/#\/schema\/logo\/image\/"},"sameAs":["https:\/\/www.instagram.com\/efk_cdf_sfao\/","https:\/\/www.youtube.com\/channel\/UCm-bXj227VE5sJzhB-ihdvw\/featured","https:\/\/www.linkedin.com\/company\/11081578\/"]}]}},"_links":{"self":[{"href":"https:\/\/www.efk.admin.ch\/fr\/wp-json\/wp\/v2\/audit\/5806","targetHints":{"allow":["GET"]}}],"collection":[{"href":"https:\/\/www.efk.admin.ch\/fr\/wp-json\/wp\/v2\/audit"}],"about":[{"href":"https:\/\/www.efk.admin.ch\/fr\/wp-json\/wp\/v2\/types\/audit"}],"acf:post":[{"embeddable":true,"href":"https:\/\/www.efk.admin.ch\/fr\/wp-json\/wp\/v2\/office\/7941"},{"embeddable":true,"href":"https:\/\/www.efk.admin.ch\/fr\/wp-json\/wp\/v2\/office\/7939"},{"embeddable":true,"href":"https:\/\/www.efk.admin.ch\/fr\/wp-json\/wp\/v2\/office\/7940"}],"wp:attachment":[{"href":"https:\/\/www.efk.admin.ch\/fr\/wp-json\/wp\/v2\/media?parent=5806"}],"wp:term":[{"taxonomy":"audit_category","embeddable":true,"href":"https:\/\/www.efk.admin.ch\/fr\/wp-json\/wp\/v2\/audit_category?post=5806"},{"taxonomy":"audit_type","embeddable":true,"href":"https:\/\/www.efk.admin.ch\/fr\/wp-json\/wp\/v2\/audit_type?post=5806"}],"curies":[{"name":"wp","href":"https:\/\/api.w.org\/{rel}","templated":true}]}}