{"id":5773,"date":"2024-01-17T16:35:24","date_gmt":"2024-01-17T15:35:24","guid":{"rendered":"https:\/\/preview.efk.admin.ch\/prufung\/octroi-des-subventions-aux-organisations-privees-daide-aux-personnes-handicapees\/"},"modified":"2024-02-09T16:02:23","modified_gmt":"2024-02-09T15:02:23","slug":"octroi-des-subventions-aux-organisations-privees-daide-aux-personnes-handicapees","status":"publish","type":"audit","link":"https:\/\/www.efk.admin.ch\/fr\/audit\/octroi-des-subventions-aux-organisations-privees-daide-aux-personnes-handicapees\/","title":{"rendered":"Octroi des subventions aux organisations priv\u00e9es d\u2019aide aux personnes handicap\u00e9es"},"content":{"rendered":"\n<p>L\u2019assurance-invalidit\u00e9 (AI) est une assurance sociale obligatoire destin\u00e9e \u00e0 lutter contre les cons\u00e9quences de l\u2019invalidit\u00e9. En compl\u00e9ment aux prestations d\u2019assurance, l\u2019AI verse des subventions aux organisations d\u2019aide aux personnes handicap\u00e9es. Elle se base pour cela sur les articles 74 et 75 de la Loi f\u00e9d\u00e9rale sur l\u2019assurance-invalidit\u00e9. Les prestations couvertes par ces subventions vont du conseil, \u00e0 la production d\u2019informations sp\u00e9cialis\u00e9es en passant par des cours. Une cinquantaine d\u2019organisations se partagent un peu plus de 155 millions de francs par an. La plupart d\u2019entre elles d\u00e9l\u00e8guent l\u2019ex\u00e9cution des prestations \u00e0 des centaines de sous-contractants. L\u2019Office f\u00e9d\u00e9ral des assurances sociales (OFAS) est responsable de la mise en \u0153uvre de cette subvention.<\/p>\n","protected":false},"featured_media":0,"menu_order":0,"template":"","audit_category":[35],"audit_type":[52],"class_list":["post-5773","audit","type-audit","status-publish","hentry","audit_category-assurances-sociales-et-prevoyance-vieillesse","audit_type-audit-fr"],"acf":{"audit_lang":[{"lang":"f"}],"audit_numbers":[{"audit_number":"22624"}],"audit_office":7907,"audit_office_text":"","audit_date":"20230710","bgo":false,"keywords":"L\u2019assurance-invalidit\u00e9, invalidit\u00e9, handicap\u00e9es, Ex\u00e9cution des prestations","audit_office_local":""},"yoast_head":"<!-- This site is optimized with the Yoast SEO Premium plugin v27.4 (Yoast SEO v27.4) - https:\/\/yoast.com\/product\/yoast-seo-premium-wordpress\/ -->\n<title>Octroi des subventions aux organisations priv\u00e9es d\u2019aide aux personnes handicap\u00e9es - Contr\u00f4le f\u00e9d\u00e9ral des finances (CDF)<\/title>\n<meta name=\"description\" content=\"Octroi des subventions aux organisations priv\u00e9es d\u2019aide aux personnes handicap\u00e9es\" \/>\n<meta name=\"robots\" content=\"index, follow, max-snippet:-1, max-image-preview:large, max-video-preview:-1\" \/>\n<link rel=\"canonical\" href=\"https:\/\/www.efk.admin.ch\/fr\/audit\/octroi-des-subventions-aux-organisations-privees-daide-aux-personnes-handicapees\/\" \/>\n<meta property=\"og:locale\" content=\"fr_FR\" \/>\n<meta property=\"og:type\" content=\"article\" \/>\n<meta property=\"og:title\" content=\"Octroi des subventions aux organisations priv\u00e9es d\u2019aide aux personnes handicap\u00e9es\" \/>\n<meta property=\"og:description\" content=\"Octroi des subventions aux organisations priv\u00e9es d\u2019aide aux personnes handicap\u00e9es\" \/>\n<meta property=\"og:url\" content=\"https:\/\/www.efk.admin.ch\/fr\/audit\/octroi-des-subventions-aux-organisations-privees-daide-aux-personnes-handicapees\/\" \/>\n<meta property=\"og:site_name\" content=\"Contr\u00f4le f\u00e9d\u00e9ral des finances (CDF)\" \/>\n<meta property=\"article:modified_time\" content=\"2024-02-09T15:02:23+00:00\" \/>\n<meta property=\"og:image\" content=\"https:\/\/www.efk.admin.ch\/wp-content\/uploads\/test\/palais.jpg\" \/>\n\t<meta property=\"og:image:width\" content=\"750\" \/>\n\t<meta property=\"og:image:height\" content=\"500\" \/>\n\t<meta property=\"og:image:type\" content=\"image\/jpeg\" \/>\n<meta name=\"twitter:card\" content=\"summary_large_image\" \/>\n<meta name=\"twitter:label1\" content=\"Dur\u00e9e de lecture estim\u00e9e\" \/>\n\t<meta name=\"twitter:data1\" content=\"1 minute\" \/>\n<script type=\"application\/ld+json\" class=\"yoast-schema-graph\">{\"@context\":\"https:\\\/\\\/schema.org\",\"@graph\":[{\"@type\":\"WebPage\",\"@id\":\"https:\\\/\\\/www.efk.admin.ch\\\/fr\\\/audit\\\/octroi-des-subventions-aux-organisations-privees-daide-aux-personnes-handicapees\\\/\",\"url\":\"https:\\\/\\\/www.efk.admin.ch\\\/fr\\\/audit\\\/octroi-des-subventions-aux-organisations-privees-daide-aux-personnes-handicapees\\\/\",\"name\":\"Octroi des subventions aux organisations priv\u00e9es d\u2019aide aux personnes handicap\u00e9es - Contr\u00f4le f\u00e9d\u00e9ral des finances (CDF)\",\"isPartOf\":{\"@id\":\"https:\\\/\\\/www.efk.admin.ch\\\/fr\\\/#website\"},\"datePublished\":\"2024-01-17T15:35:24+00:00\",\"dateModified\":\"2024-02-09T15:02:23+00:00\",\"description\":\"Octroi des subventions aux organisations priv\u00e9es d\u2019aide aux personnes handicap\u00e9es\",\"breadcrumb\":{\"@id\":\"https:\\\/\\\/www.efk.admin.ch\\\/fr\\\/audit\\\/octroi-des-subventions-aux-organisations-privees-daide-aux-personnes-handicapees\\\/#breadcrumb\"},\"inLanguage\":\"fr-FR\",\"potentialAction\":[{\"@type\":\"ReadAction\",\"target\":[\"https:\\\/\\\/www.efk.admin.ch\\\/fr\\\/audit\\\/octroi-des-subventions-aux-organisations-privees-daide-aux-personnes-handicapees\\\/\"]}]},{\"@type\":\"BreadcrumbList\",\"@id\":\"https:\\\/\\\/www.efk.admin.ch\\\/fr\\\/audit\\\/octroi-des-subventions-aux-organisations-privees-daide-aux-personnes-handicapees\\\/#breadcrumb\",\"itemListElement\":[{\"@type\":\"ListItem\",\"position\":1,\"name\":\"Home\",\"item\":\"https:\\\/\\\/www.efk.admin.ch\\\/fr\\\/\"},{\"@type\":\"ListItem\",\"position\":2,\"name\":\"Rapport\",\"item\":\"https:\\\/\\\/www.efk.admin.ch\\\/fr\\\/audit\\\/\"},{\"@type\":\"ListItem\",\"position\":3,\"name\":\"Octroi des subventions aux organisations priv\u00e9es d\u2019aide aux personnes handicap\u00e9es\"}]},{\"@type\":\"WebSite\",\"@id\":\"https:\\\/\\\/www.efk.admin.ch\\\/fr\\\/#website\",\"url\":\"https:\\\/\\\/www.efk.admin.ch\\\/fr\\\/\",\"name\":\"Informationen \u00fcber das oberste Finanzaufsichtsorgan der Schweiz\",\"description\":\"Le Contr\u00f4le f\u00e9d\u00e9ral des finances (CDF) est l'organe supr\u00eame de surveillance financi\u00e8re de la Conf\u00e9d\u00e9ration suisse.\",\"publisher\":{\"@id\":\"https:\\\/\\\/www.efk.admin.ch\\\/fr\\\/#organization\"},\"alternateName\":\"EFK\",\"potentialAction\":[{\"@type\":\"SearchAction\",\"target\":{\"@type\":\"EntryPoint\",\"urlTemplate\":\"https:\\\/\\\/www.efk.admin.ch\\\/fr\\\/?s={search_term_string}\"},\"query-input\":{\"@type\":\"PropertyValueSpecification\",\"valueRequired\":true,\"valueName\":\"search_term_string\"}}],\"inLanguage\":\"fr-FR\"},{\"@type\":\"Organization\",\"@id\":\"https:\\\/\\\/www.efk.admin.ch\\\/fr\\\/#organization\",\"name\":\"Contr\u00f4le f\u00e9d\u00e9ral des finances (CDF)\",\"alternateName\":\"EFK\",\"url\":\"https:\\\/\\\/www.efk.admin.ch\\\/fr\\\/\",\"logo\":{\"@type\":\"ImageObject\",\"inLanguage\":\"fr-FR\",\"@id\":\"https:\\\/\\\/www.efk.admin.ch\\\/fr\\\/#\\\/schema\\\/logo\\\/image\\\/\",\"url\":\"https:\\\/\\\/www.efk.admin.ch\\\/wp-content\\\/uploads\\\/efk_cdf_logo_ohne_claim.png\",\"contentUrl\":\"https:\\\/\\\/www.efk.admin.ch\\\/wp-content\\\/uploads\\\/efk_cdf_logo_ohne_claim.png\",\"width\":268,\"height\":258,\"caption\":\"Contr\u00f4le f\u00e9d\u00e9ral des finances (CDF)\"},\"image\":{\"@id\":\"https:\\\/\\\/www.efk.admin.ch\\\/fr\\\/#\\\/schema\\\/logo\\\/image\\\/\"},\"sameAs\":[\"https:\\\/\\\/www.instagram.com\\\/efk_cdf_sfao\\\/\",\"https:\\\/\\\/www.youtube.com\\\/channel\\\/UCm-bXj227VE5sJzhB-ihdvw\\\/featured\",\"https:\\\/\\\/www.linkedin.com\\\/company\\\/11081578\\\/\"]}]}<\/script>\n<!-- \/ Yoast SEO Premium plugin. -->","yoast_head_json":{"title":"Octroi des subventions aux organisations priv\u00e9es d\u2019aide aux personnes handicap\u00e9es - Contr\u00f4le f\u00e9d\u00e9ral des finances (CDF)","description":"Octroi des subventions aux organisations priv\u00e9es d\u2019aide aux personnes handicap\u00e9es","robots":{"index":"index","follow":"follow","max-snippet":"max-snippet:-1","max-image-preview":"max-image-preview:large","max-video-preview":"max-video-preview:-1"},"canonical":"https:\/\/www.efk.admin.ch\/fr\/audit\/octroi-des-subventions-aux-organisations-privees-daide-aux-personnes-handicapees\/","og_locale":"fr_FR","og_type":"article","og_title":"Octroi des subventions aux organisations priv\u00e9es d\u2019aide aux personnes handicap\u00e9es","og_description":"Octroi des subventions aux organisations priv\u00e9es d\u2019aide aux personnes handicap\u00e9es","og_url":"https:\/\/www.efk.admin.ch\/fr\/audit\/octroi-des-subventions-aux-organisations-privees-daide-aux-personnes-handicapees\/","og_site_name":"Contr\u00f4le f\u00e9d\u00e9ral des finances (CDF)","article_modified_time":"2024-02-09T15:02:23+00:00","og_image":[{"width":750,"height":500,"url":"https:\/\/www.efk.admin.ch\/wp-content\/uploads\/test\/palais.jpg","type":"image\/jpeg"}],"twitter_card":"summary_large_image","twitter_misc":{"Dur\u00e9e de lecture estim\u00e9e":"1 minute"},"schema":{"@context":"https:\/\/schema.org","@graph":[{"@type":"WebPage","@id":"https:\/\/www.efk.admin.ch\/fr\/audit\/octroi-des-subventions-aux-organisations-privees-daide-aux-personnes-handicapees\/","url":"https:\/\/www.efk.admin.ch\/fr\/audit\/octroi-des-subventions-aux-organisations-privees-daide-aux-personnes-handicapees\/","name":"Octroi des subventions aux organisations priv\u00e9es d\u2019aide aux personnes handicap\u00e9es - Contr\u00f4le f\u00e9d\u00e9ral des finances (CDF)","isPartOf":{"@id":"https:\/\/www.efk.admin.ch\/fr\/#website"},"datePublished":"2024-01-17T15:35:24+00:00","dateModified":"2024-02-09T15:02:23+00:00","description":"Octroi des subventions aux organisations priv\u00e9es d\u2019aide aux personnes handicap\u00e9es","breadcrumb":{"@id":"https:\/\/www.efk.admin.ch\/fr\/audit\/octroi-des-subventions-aux-organisations-privees-daide-aux-personnes-handicapees\/#breadcrumb"},"inLanguage":"fr-FR","potentialAction":[{"@type":"ReadAction","target":["https:\/\/www.efk.admin.ch\/fr\/audit\/octroi-des-subventions-aux-organisations-privees-daide-aux-personnes-handicapees\/"]}]},{"@type":"BreadcrumbList","@id":"https:\/\/www.efk.admin.ch\/fr\/audit\/octroi-des-subventions-aux-organisations-privees-daide-aux-personnes-handicapees\/#breadcrumb","itemListElement":[{"@type":"ListItem","position":1,"name":"Home","item":"https:\/\/www.efk.admin.ch\/fr\/"},{"@type":"ListItem","position":2,"name":"Rapport","item":"https:\/\/www.efk.admin.ch\/fr\/audit\/"},{"@type":"ListItem","position":3,"name":"Octroi des subventions aux organisations priv\u00e9es d\u2019aide aux personnes handicap\u00e9es"}]},{"@type":"WebSite","@id":"https:\/\/www.efk.admin.ch\/fr\/#website","url":"https:\/\/www.efk.admin.ch\/fr\/","name":"Informationen \u00fcber das oberste Finanzaufsichtsorgan der Schweiz","description":"Le Contr\u00f4le f\u00e9d\u00e9ral des finances (CDF) est l'organe supr\u00eame de surveillance financi\u00e8re de la Conf\u00e9d\u00e9ration suisse.","publisher":{"@id":"https:\/\/www.efk.admin.ch\/fr\/#organization"},"alternateName":"EFK","potentialAction":[{"@type":"SearchAction","target":{"@type":"EntryPoint","urlTemplate":"https:\/\/www.efk.admin.ch\/fr\/?s={search_term_string}"},"query-input":{"@type":"PropertyValueSpecification","valueRequired":true,"valueName":"search_term_string"}}],"inLanguage":"fr-FR"},{"@type":"Organization","@id":"https:\/\/www.efk.admin.ch\/fr\/#organization","name":"Contr\u00f4le f\u00e9d\u00e9ral des finances (CDF)","alternateName":"EFK","url":"https:\/\/www.efk.admin.ch\/fr\/","logo":{"@type":"ImageObject","inLanguage":"fr-FR","@id":"https:\/\/www.efk.admin.ch\/fr\/#\/schema\/logo\/image\/","url":"https:\/\/www.efk.admin.ch\/wp-content\/uploads\/efk_cdf_logo_ohne_claim.png","contentUrl":"https:\/\/www.efk.admin.ch\/wp-content\/uploads\/efk_cdf_logo_ohne_claim.png","width":268,"height":258,"caption":"Contr\u00f4le f\u00e9d\u00e9ral des finances (CDF)"},"image":{"@id":"https:\/\/www.efk.admin.ch\/fr\/#\/schema\/logo\/image\/"},"sameAs":["https:\/\/www.instagram.com\/efk_cdf_sfao\/","https:\/\/www.youtube.com\/channel\/UCm-bXj227VE5sJzhB-ihdvw\/featured","https:\/\/www.linkedin.com\/company\/11081578\/"]}]}},"_links":{"self":[{"href":"https:\/\/www.efk.admin.ch\/fr\/wp-json\/wp\/v2\/audit\/5773","targetHints":{"allow":["GET"]}}],"collection":[{"href":"https:\/\/www.efk.admin.ch\/fr\/wp-json\/wp\/v2\/audit"}],"about":[{"href":"https:\/\/www.efk.admin.ch\/fr\/wp-json\/wp\/v2\/types\/audit"}],"acf:post":[{"embeddable":true,"href":"https:\/\/www.efk.admin.ch\/fr\/wp-json\/wp\/v2\/office\/7907"}],"wp:attachment":[{"href":"https:\/\/www.efk.admin.ch\/fr\/wp-json\/wp\/v2\/media?parent=5773"}],"wp:term":[{"taxonomy":"audit_category","embeddable":true,"href":"https:\/\/www.efk.admin.ch\/fr\/wp-json\/wp\/v2\/audit_category?post=5773"},{"taxonomy":"audit_type","embeddable":true,"href":"https:\/\/www.efk.admin.ch\/fr\/wp-json\/wp\/v2\/audit_type?post=5773"}],"curies":[{"name":"wp","href":"https:\/\/api.w.org\/{rel}","templated":true}]}}