{"id":5761,"date":"2024-01-17T16:35:24","date_gmt":"2024-01-17T15:35:24","guid":{"rendered":"https:\/\/preview.efk.admin.ch\/prufung\/audit-du-fonds-de-developpement-regional-ainsi-que-de-la-mise-en-oeuvre-de-la-nouvelle-politique-regionale-dans-trois-cantons-secretariat-detat-a-leconomie-seco\/"},"modified":"2024-03-07T10:04:39","modified_gmt":"2024-03-07T09:04:39","slug":"audit-du-fonds-de-developpement-regional-ainsi-que-de-la-mise-en-oeuvre-de-la-nouvelle-politique-regionale-dans-trois-cantons-secretariat-detat-a-leconomie-seco","status":"publish","type":"audit","link":"https:\/\/www.efk.admin.ch\/fr\/audit\/audit-du-fonds-de-developpement-regional-ainsi-que-de-la-mise-en-oeuvre-de-la-nouvelle-politique-regionale-dans-trois-cantons-secretariat-detat-a-leconomie-seco\/","title":{"rendered":"Audit du Fonds de d\u00e9veloppement r\u00e9gional ainsi que de la mise en oeuvre de la Nouvelle politique r\u00e9gionale dans trois cantons"},"content":{"rendered":"\n<p>Le Contr\u00f4le f\u00e9d\u00e9ral des finances (CDF) a examin\u00e9 diverses questions en rapport avec la mise en oeuvre de la Nouvelle politique r\u00e9gionale (NPR) au niveau de la Conf\u00e9d\u00e9ration et des cantons. Cette analyse a \u00e9t\u00e9 effectu\u00e9e avec la collaboration ponctuelle des contr\u00f4les des finances cantonaux. Apr\u00e8s avoir men\u00e9 un audit en 2011 dans les cantons du Jura, de Berne et du Valais, le CDF a examin\u00e9 trois autres cantons en 2013 (Vaud, Tessin et Grisons). Pour l&#8217;ensemble des six cantons contr\u00f4l\u00e9s, les versements s\u2019\u00e9l\u00e8vent \u00e0 68,77 millions de francs au titre de contributions f\u00e9d\u00e9rales et de 136,5 millions de francs sous la forme de pr\u00eats de la Conf\u00e9d\u00e9ration (1re p\u00e9riode d&#8217;application du programme: 2008-2011, sans la part des cantons).<\/p>\n","protected":false},"featured_media":0,"menu_order":0,"template":"","audit_category":[88],"audit_type":[52],"class_list":["post-5761","audit","type-audit","status-publish","hentry","audit_category-economie-et-agriculture","audit_type-audit-fr"],"acf":{"audit_lang":[{"lang":"d"}],"audit_numbers":[{"audit_number":"11291"}],"audit_office":7945,"audit_office_text":"","audit_date":"20140609","bgo":false,"keywords":"Le Contr\u00f4le f\u00e9d\u00e9ral des finances (CDF) a examin\u00e9 diverses questions en rapport avec la mise en oeuvre de la Nouvelle politique r\u00e9gionale (NPR) au niveau de la Conf\u00e9d\u00e9ration et des cantons. Cette analyse a \u00e9t\u00e9 effectu\u00e9e avec la collaboration ponctuelle des contr\u00f4les des finances cantonaux. Apr\u00e8s avoir men\u00e9 un audit en 2011 dans les cantons du Jura, de Berne et du Valais, le CDF a examin\u00e9 trois autres cantons en 2013 (Vaud, Tessin et Grisons). Pour l'ensemble des six cantons contr\u00f4l\u00e9s, les versements s\u2019\u00e9l\u00e8vent \u00e0 68,77 millions de francs au titre de contributions f\u00e9d\u00e9rales et de 136,5 millions de francs sous la forme de pr\u00eats de la Conf\u00e9d\u00e9ration (1re p\u00e9riode d'application du programme: 2008-2011, sans la part des cantons).","audit_office_local":""},"yoast_head":"<!-- This site is optimized with the Yoast SEO Premium plugin v27.4 (Yoast SEO v27.4) - https:\/\/yoast.com\/product\/yoast-seo-premium-wordpress\/ -->\n<title>Audit du Fonds de d\u00e9veloppement r\u00e9gional ainsi que de la mise en oeuvre de la Nouvelle politique r\u00e9gionale dans trois cantons - Contr\u00f4le f\u00e9d\u00e9ral des finances (CDF)<\/title>\n<meta name=\"description\" content=\"Audit du Fonds de d\u00e9veloppement r\u00e9gional ainsi que de la mise en oeuvre de la Nouvelle politique r\u00e9gionale dans trois cantons\" \/>\n<meta name=\"robots\" content=\"index, follow, max-snippet:-1, max-image-preview:large, max-video-preview:-1\" \/>\n<link rel=\"canonical\" href=\"https:\/\/www.efk.admin.ch\/fr\/audit\/audit-du-fonds-de-developpement-regional-ainsi-que-de-la-mise-en-oeuvre-de-la-nouvelle-politique-regionale-dans-trois-cantons-secretariat-detat-a-leconomie-seco\/\" \/>\n<meta property=\"og:locale\" content=\"fr_FR\" \/>\n<meta property=\"og:type\" content=\"article\" \/>\n<meta property=\"og:title\" content=\"Audit du Fonds de d\u00e9veloppement r\u00e9gional ainsi que de la mise en oeuvre de la Nouvelle politique r\u00e9gionale dans trois cantons\" \/>\n<meta property=\"og:description\" content=\"Audit du Fonds de d\u00e9veloppement r\u00e9gional ainsi que de la mise en oeuvre de la Nouvelle politique r\u00e9gionale dans trois cantons\" \/>\n<meta property=\"og:url\" content=\"https:\/\/www.efk.admin.ch\/fr\/audit\/audit-du-fonds-de-developpement-regional-ainsi-que-de-la-mise-en-oeuvre-de-la-nouvelle-politique-regionale-dans-trois-cantons-secretariat-detat-a-leconomie-seco\/\" \/>\n<meta property=\"og:site_name\" content=\"Contr\u00f4le f\u00e9d\u00e9ral des finances (CDF)\" \/>\n<meta property=\"article:modified_time\" content=\"2024-03-07T09:04:39+00:00\" \/>\n<meta property=\"og:image\" content=\"https:\/\/www.efk.admin.ch\/wp-content\/uploads\/test\/palais.jpg\" \/>\n\t<meta property=\"og:image:width\" content=\"750\" \/>\n\t<meta property=\"og:image:height\" content=\"500\" \/>\n\t<meta property=\"og:image:type\" content=\"image\/jpeg\" \/>\n<meta name=\"twitter:card\" content=\"summary_large_image\" \/>\n<meta name=\"twitter:label1\" content=\"Dur\u00e9e de lecture estim\u00e9e\" \/>\n\t<meta name=\"twitter:data1\" content=\"1 minute\" \/>\n<script type=\"application\/ld+json\" class=\"yoast-schema-graph\">{\"@context\":\"https:\\\/\\\/schema.org\",\"@graph\":[{\"@type\":\"WebPage\",\"@id\":\"https:\\\/\\\/www.efk.admin.ch\\\/fr\\\/audit\\\/audit-du-fonds-de-developpement-regional-ainsi-que-de-la-mise-en-oeuvre-de-la-nouvelle-politique-regionale-dans-trois-cantons-secretariat-detat-a-leconomie-seco\\\/\",\"url\":\"https:\\\/\\\/www.efk.admin.ch\\\/fr\\\/audit\\\/audit-du-fonds-de-developpement-regional-ainsi-que-de-la-mise-en-oeuvre-de-la-nouvelle-politique-regionale-dans-trois-cantons-secretariat-detat-a-leconomie-seco\\\/\",\"name\":\"Audit du Fonds de d\u00e9veloppement r\u00e9gional ainsi que de la mise en oeuvre de la Nouvelle politique r\u00e9gionale dans trois cantons - Contr\u00f4le f\u00e9d\u00e9ral des finances (CDF)\",\"isPartOf\":{\"@id\":\"https:\\\/\\\/www.efk.admin.ch\\\/fr\\\/#website\"},\"datePublished\":\"2024-01-17T15:35:24+00:00\",\"dateModified\":\"2024-03-07T09:04:39+00:00\",\"description\":\"Audit du Fonds de d\u00e9veloppement r\u00e9gional ainsi que de la mise en oeuvre de la Nouvelle politique r\u00e9gionale dans trois cantons\",\"breadcrumb\":{\"@id\":\"https:\\\/\\\/www.efk.admin.ch\\\/fr\\\/audit\\\/audit-du-fonds-de-developpement-regional-ainsi-que-de-la-mise-en-oeuvre-de-la-nouvelle-politique-regionale-dans-trois-cantons-secretariat-detat-a-leconomie-seco\\\/#breadcrumb\"},\"inLanguage\":\"fr-FR\",\"potentialAction\":[{\"@type\":\"ReadAction\",\"target\":[\"https:\\\/\\\/www.efk.admin.ch\\\/fr\\\/audit\\\/audit-du-fonds-de-developpement-regional-ainsi-que-de-la-mise-en-oeuvre-de-la-nouvelle-politique-regionale-dans-trois-cantons-secretariat-detat-a-leconomie-seco\\\/\"]}]},{\"@type\":\"BreadcrumbList\",\"@id\":\"https:\\\/\\\/www.efk.admin.ch\\\/fr\\\/audit\\\/audit-du-fonds-de-developpement-regional-ainsi-que-de-la-mise-en-oeuvre-de-la-nouvelle-politique-regionale-dans-trois-cantons-secretariat-detat-a-leconomie-seco\\\/#breadcrumb\",\"itemListElement\":[{\"@type\":\"ListItem\",\"position\":1,\"name\":\"Home\",\"item\":\"https:\\\/\\\/www.efk.admin.ch\\\/fr\\\/\"},{\"@type\":\"ListItem\",\"position\":2,\"name\":\"Rapport\",\"item\":\"https:\\\/\\\/www.efk.admin.ch\\\/fr\\\/audit\\\/\"},{\"@type\":\"ListItem\",\"position\":3,\"name\":\"Audit du Fonds de d\u00e9veloppement r\u00e9gional ainsi que de la mise en oeuvre de la Nouvelle politique r\u00e9gionale dans trois cantons\"}]},{\"@type\":\"WebSite\",\"@id\":\"https:\\\/\\\/www.efk.admin.ch\\\/fr\\\/#website\",\"url\":\"https:\\\/\\\/www.efk.admin.ch\\\/fr\\\/\",\"name\":\"Informationen \u00fcber das oberste Finanzaufsichtsorgan der Schweiz\",\"description\":\"Le Contr\u00f4le f\u00e9d\u00e9ral des finances (CDF) est l'organe supr\u00eame de surveillance financi\u00e8re de la Conf\u00e9d\u00e9ration suisse.\",\"publisher\":{\"@id\":\"https:\\\/\\\/www.efk.admin.ch\\\/fr\\\/#organization\"},\"alternateName\":\"EFK\",\"potentialAction\":[{\"@type\":\"SearchAction\",\"target\":{\"@type\":\"EntryPoint\",\"urlTemplate\":\"https:\\\/\\\/www.efk.admin.ch\\\/fr\\\/?s={search_term_string}\"},\"query-input\":{\"@type\":\"PropertyValueSpecification\",\"valueRequired\":true,\"valueName\":\"search_term_string\"}}],\"inLanguage\":\"fr-FR\"},{\"@type\":\"Organization\",\"@id\":\"https:\\\/\\\/www.efk.admin.ch\\\/fr\\\/#organization\",\"name\":\"Contr\u00f4le f\u00e9d\u00e9ral des finances (CDF)\",\"alternateName\":\"EFK\",\"url\":\"https:\\\/\\\/www.efk.admin.ch\\\/fr\\\/\",\"logo\":{\"@type\":\"ImageObject\",\"inLanguage\":\"fr-FR\",\"@id\":\"https:\\\/\\\/www.efk.admin.ch\\\/fr\\\/#\\\/schema\\\/logo\\\/image\\\/\",\"url\":\"https:\\\/\\\/www.efk.admin.ch\\\/wp-content\\\/uploads\\\/efk_cdf_logo_ohne_claim.png\",\"contentUrl\":\"https:\\\/\\\/www.efk.admin.ch\\\/wp-content\\\/uploads\\\/efk_cdf_logo_ohne_claim.png\",\"width\":268,\"height\":258,\"caption\":\"Contr\u00f4le f\u00e9d\u00e9ral des finances (CDF)\"},\"image\":{\"@id\":\"https:\\\/\\\/www.efk.admin.ch\\\/fr\\\/#\\\/schema\\\/logo\\\/image\\\/\"},\"sameAs\":[\"https:\\\/\\\/www.instagram.com\\\/efk_cdf_sfao\\\/\",\"https:\\\/\\\/www.youtube.com\\\/channel\\\/UCm-bXj227VE5sJzhB-ihdvw\\\/featured\",\"https:\\\/\\\/www.linkedin.com\\\/company\\\/11081578\\\/\"]}]}<\/script>\n<!-- \/ Yoast SEO Premium plugin. -->","yoast_head_json":{"title":"Audit du Fonds de d\u00e9veloppement r\u00e9gional ainsi que de la mise en oeuvre de la Nouvelle politique r\u00e9gionale dans trois cantons - Contr\u00f4le f\u00e9d\u00e9ral des finances (CDF)","description":"Audit du Fonds de d\u00e9veloppement r\u00e9gional ainsi que de la mise en oeuvre de la Nouvelle politique r\u00e9gionale dans trois cantons","robots":{"index":"index","follow":"follow","max-snippet":"max-snippet:-1","max-image-preview":"max-image-preview:large","max-video-preview":"max-video-preview:-1"},"canonical":"https:\/\/www.efk.admin.ch\/fr\/audit\/audit-du-fonds-de-developpement-regional-ainsi-que-de-la-mise-en-oeuvre-de-la-nouvelle-politique-regionale-dans-trois-cantons-secretariat-detat-a-leconomie-seco\/","og_locale":"fr_FR","og_type":"article","og_title":"Audit du Fonds de d\u00e9veloppement r\u00e9gional ainsi que de la mise en oeuvre de la Nouvelle politique r\u00e9gionale dans trois cantons","og_description":"Audit du Fonds de d\u00e9veloppement r\u00e9gional ainsi que de la mise en oeuvre de la Nouvelle politique r\u00e9gionale dans trois cantons","og_url":"https:\/\/www.efk.admin.ch\/fr\/audit\/audit-du-fonds-de-developpement-regional-ainsi-que-de-la-mise-en-oeuvre-de-la-nouvelle-politique-regionale-dans-trois-cantons-secretariat-detat-a-leconomie-seco\/","og_site_name":"Contr\u00f4le f\u00e9d\u00e9ral des finances (CDF)","article_modified_time":"2024-03-07T09:04:39+00:00","og_image":[{"width":750,"height":500,"url":"https:\/\/www.efk.admin.ch\/wp-content\/uploads\/test\/palais.jpg","type":"image\/jpeg"}],"twitter_card":"summary_large_image","twitter_misc":{"Dur\u00e9e de lecture estim\u00e9e":"1 minute"},"schema":{"@context":"https:\/\/schema.org","@graph":[{"@type":"WebPage","@id":"https:\/\/www.efk.admin.ch\/fr\/audit\/audit-du-fonds-de-developpement-regional-ainsi-que-de-la-mise-en-oeuvre-de-la-nouvelle-politique-regionale-dans-trois-cantons-secretariat-detat-a-leconomie-seco\/","url":"https:\/\/www.efk.admin.ch\/fr\/audit\/audit-du-fonds-de-developpement-regional-ainsi-que-de-la-mise-en-oeuvre-de-la-nouvelle-politique-regionale-dans-trois-cantons-secretariat-detat-a-leconomie-seco\/","name":"Audit du Fonds de d\u00e9veloppement r\u00e9gional ainsi que de la mise en oeuvre de la Nouvelle politique r\u00e9gionale dans trois cantons - Contr\u00f4le f\u00e9d\u00e9ral des finances (CDF)","isPartOf":{"@id":"https:\/\/www.efk.admin.ch\/fr\/#website"},"datePublished":"2024-01-17T15:35:24+00:00","dateModified":"2024-03-07T09:04:39+00:00","description":"Audit du Fonds de d\u00e9veloppement r\u00e9gional ainsi que de la mise en oeuvre de la Nouvelle politique r\u00e9gionale dans trois cantons","breadcrumb":{"@id":"https:\/\/www.efk.admin.ch\/fr\/audit\/audit-du-fonds-de-developpement-regional-ainsi-que-de-la-mise-en-oeuvre-de-la-nouvelle-politique-regionale-dans-trois-cantons-secretariat-detat-a-leconomie-seco\/#breadcrumb"},"inLanguage":"fr-FR","potentialAction":[{"@type":"ReadAction","target":["https:\/\/www.efk.admin.ch\/fr\/audit\/audit-du-fonds-de-developpement-regional-ainsi-que-de-la-mise-en-oeuvre-de-la-nouvelle-politique-regionale-dans-trois-cantons-secretariat-detat-a-leconomie-seco\/"]}]},{"@type":"BreadcrumbList","@id":"https:\/\/www.efk.admin.ch\/fr\/audit\/audit-du-fonds-de-developpement-regional-ainsi-que-de-la-mise-en-oeuvre-de-la-nouvelle-politique-regionale-dans-trois-cantons-secretariat-detat-a-leconomie-seco\/#breadcrumb","itemListElement":[{"@type":"ListItem","position":1,"name":"Home","item":"https:\/\/www.efk.admin.ch\/fr\/"},{"@type":"ListItem","position":2,"name":"Rapport","item":"https:\/\/www.efk.admin.ch\/fr\/audit\/"},{"@type":"ListItem","position":3,"name":"Audit du Fonds de d\u00e9veloppement r\u00e9gional ainsi que de la mise en oeuvre de la Nouvelle politique r\u00e9gionale dans trois cantons"}]},{"@type":"WebSite","@id":"https:\/\/www.efk.admin.ch\/fr\/#website","url":"https:\/\/www.efk.admin.ch\/fr\/","name":"Informationen \u00fcber das oberste Finanzaufsichtsorgan der Schweiz","description":"Le Contr\u00f4le f\u00e9d\u00e9ral des finances (CDF) est l'organe supr\u00eame de surveillance financi\u00e8re de la Conf\u00e9d\u00e9ration suisse.","publisher":{"@id":"https:\/\/www.efk.admin.ch\/fr\/#organization"},"alternateName":"EFK","potentialAction":[{"@type":"SearchAction","target":{"@type":"EntryPoint","urlTemplate":"https:\/\/www.efk.admin.ch\/fr\/?s={search_term_string}"},"query-input":{"@type":"PropertyValueSpecification","valueRequired":true,"valueName":"search_term_string"}}],"inLanguage":"fr-FR"},{"@type":"Organization","@id":"https:\/\/www.efk.admin.ch\/fr\/#organization","name":"Contr\u00f4le f\u00e9d\u00e9ral des finances (CDF)","alternateName":"EFK","url":"https:\/\/www.efk.admin.ch\/fr\/","logo":{"@type":"ImageObject","inLanguage":"fr-FR","@id":"https:\/\/www.efk.admin.ch\/fr\/#\/schema\/logo\/image\/","url":"https:\/\/www.efk.admin.ch\/wp-content\/uploads\/efk_cdf_logo_ohne_claim.png","contentUrl":"https:\/\/www.efk.admin.ch\/wp-content\/uploads\/efk_cdf_logo_ohne_claim.png","width":268,"height":258,"caption":"Contr\u00f4le f\u00e9d\u00e9ral des finances (CDF)"},"image":{"@id":"https:\/\/www.efk.admin.ch\/fr\/#\/schema\/logo\/image\/"},"sameAs":["https:\/\/www.instagram.com\/efk_cdf_sfao\/","https:\/\/www.youtube.com\/channel\/UCm-bXj227VE5sJzhB-ihdvw\/featured","https:\/\/www.linkedin.com\/company\/11081578\/"]}]}},"_links":{"self":[{"href":"https:\/\/www.efk.admin.ch\/fr\/wp-json\/wp\/v2\/audit\/5761","targetHints":{"allow":["GET"]}}],"collection":[{"href":"https:\/\/www.efk.admin.ch\/fr\/wp-json\/wp\/v2\/audit"}],"about":[{"href":"https:\/\/www.efk.admin.ch\/fr\/wp-json\/wp\/v2\/types\/audit"}],"acf:post":[{"embeddable":true,"href":"https:\/\/www.efk.admin.ch\/fr\/wp-json\/wp\/v2\/office\/7945"}],"wp:attachment":[{"href":"https:\/\/www.efk.admin.ch\/fr\/wp-json\/wp\/v2\/media?parent=5761"}],"wp:term":[{"taxonomy":"audit_category","embeddable":true,"href":"https:\/\/www.efk.admin.ch\/fr\/wp-json\/wp\/v2\/audit_category?post=5761"},{"taxonomy":"audit_type","embeddable":true,"href":"https:\/\/www.efk.admin.ch\/fr\/wp-json\/wp\/v2\/audit_type?post=5761"}],"curies":[{"name":"wp","href":"https:\/\/api.w.org\/{rel}","templated":true}]}}