{"id":43541,"date":"2026-03-30T23:00:00","date_gmt":"2026-03-30T21:00:00","guid":{"rendered":"https:\/\/www.efk.admin.ch\/?post_type=audit&#038;p=43541"},"modified":"2026-04-01T08:23:07","modified_gmt":"2026-04-01T06:23:07","slug":"projet-evacuation-ancien-depot-de-munitions-de-mitholz","status":"publish","type":"audit","link":"https:\/\/www.efk.admin.ch\/fr\/audit\/projet-evacuation-ancien-depot-de-munitions-de-mitholz\/","title":{"rendered":"Projet d&#8217;\u00e9vacuation\u00a0de l&#8217;ancien d\u00e9p\u00f4t de munitions de Mitholz"},"content":{"rendered":"\n<p>Dans le cadre des comptes de la Conf\u00e9d\u00e9ration, le Contr\u00f4le f\u00e9d\u00e9ral des finances (CDF) v\u00e9rifie chaque ann\u00e9e le montant de la provision constitu\u00e9e pour le projet. Ce faisant, il s\u2019est \u00e9galement fait une id\u00e9e de l\u2019\u00e9tat d\u2019avancement du projet en novembre 2025. Le CDF n\u2019a pas proc\u00e9d\u00e9 \u00e0 un audit du projet Mitholz en 2025. Dans le cadre de son mandat d\u2019audit et d\u2019information, le CDF vise \u00e0 garantir, en compl\u00e9ment de la communication continue assur\u00e9e par les responsables du projet, une pr\u00e9sentation transparente et compr\u00e9hensible des cons\u00e9quences pr\u00e9visibles ainsi que de l\u2019\u00e9tat final pr\u00e9vu apr\u00e8s le d\u00e9blaiement de l\u2019ancien d\u00e9p\u00f4t de munitions de Mitholz.<\/p>\n","protected":false},"featured_media":0,"menu_order":0,"template":"","audit_category":[39],"audit_type":[226],"class_list":["post-43541","audit","type-audit","status-publish","hentry","audit_category-defense-et-armee","audit_type-divers"],"acf":{"audit_lang":null,"audit_numbers":[{"audit_number":"25195"}],"audit_office":[8039],"audit_office_text":"","audit_date":"20260330","bgo":false,"keywords":"","audit_office_local":"SG-DDPS"},"yoast_head":"<!-- This site is optimized with the Yoast SEO Premium plugin v27.4 (Yoast SEO v27.4) - https:\/\/yoast.com\/product\/yoast-seo-premium-wordpress\/ -->\n<title>Projet d&#039;\u00e9vacuation\u00a0de l&#039;ancien d\u00e9p\u00f4t de munitions de Mitholz - Contr\u00f4le f\u00e9d\u00e9ral des finances (CDF)<\/title>\n<meta name=\"description\" content=\"Projet d&#039;\u00e9vacuation\u00a0de l&#039;ancien d\u00e9p\u00f4t de munitions de Mitholz\" \/>\n<meta name=\"robots\" content=\"index, follow, max-snippet:-1, max-image-preview:large, max-video-preview:-1\" \/>\n<link rel=\"canonical\" href=\"https:\/\/www.efk.admin.ch\/fr\/audit\/projet-evacuation-ancien-depot-de-munitions-de-mitholz\/\" \/>\n<meta property=\"og:locale\" content=\"fr_FR\" \/>\n<meta property=\"og:type\" content=\"article\" \/>\n<meta property=\"og:title\" content=\"Projet d&#039;\u00e9vacuation\u00a0de l&#039;ancien d\u00e9p\u00f4t de munitions de Mitholz\" \/>\n<meta property=\"og:description\" content=\"Projet d&#039;\u00e9vacuation\u00a0de l&#039;ancien d\u00e9p\u00f4t de munitions de Mitholz\" \/>\n<meta property=\"og:url\" content=\"https:\/\/www.efk.admin.ch\/fr\/audit\/projet-evacuation-ancien-depot-de-munitions-de-mitholz\/\" \/>\n<meta property=\"og:site_name\" content=\"Contr\u00f4le f\u00e9d\u00e9ral des finances (CDF)\" \/>\n<meta property=\"article:modified_time\" content=\"2026-04-01T06:23:07+00:00\" \/>\n<meta property=\"og:image\" content=\"https:\/\/www.efk.admin.ch\/wp-content\/uploads\/test\/palais.jpg\" \/>\n\t<meta property=\"og:image:width\" content=\"750\" \/>\n\t<meta property=\"og:image:height\" content=\"500\" \/>\n\t<meta property=\"og:image:type\" content=\"image\/jpeg\" \/>\n<meta name=\"twitter:card\" content=\"summary_large_image\" \/>\n<meta name=\"twitter:label1\" content=\"Dur\u00e9e de lecture estim\u00e9e\" \/>\n\t<meta name=\"twitter:data1\" content=\"1 minute\" \/>\n<script type=\"application\/ld+json\" class=\"yoast-schema-graph\">{\"@context\":\"https:\\\/\\\/schema.org\",\"@graph\":[{\"@type\":\"WebPage\",\"@id\":\"https:\\\/\\\/www.efk.admin.ch\\\/fr\\\/audit\\\/projet-evacuation-ancien-depot-de-munitions-de-mitholz\\\/\",\"url\":\"https:\\\/\\\/www.efk.admin.ch\\\/fr\\\/audit\\\/projet-evacuation-ancien-depot-de-munitions-de-mitholz\\\/\",\"name\":\"Projet d'\u00e9vacuation\u00a0de l'ancien d\u00e9p\u00f4t de munitions de Mitholz - Contr\u00f4le f\u00e9d\u00e9ral des finances (CDF)\",\"isPartOf\":{\"@id\":\"https:\\\/\\\/www.efk.admin.ch\\\/fr\\\/#website\"},\"datePublished\":\"2026-03-30T21:00:00+00:00\",\"dateModified\":\"2026-04-01T06:23:07+00:00\",\"description\":\"Projet d'\u00e9vacuation\u00a0de l'ancien d\u00e9p\u00f4t de munitions de Mitholz\",\"breadcrumb\":{\"@id\":\"https:\\\/\\\/www.efk.admin.ch\\\/fr\\\/audit\\\/projet-evacuation-ancien-depot-de-munitions-de-mitholz\\\/#breadcrumb\"},\"inLanguage\":\"fr-FR\",\"potentialAction\":[{\"@type\":\"ReadAction\",\"target\":[\"https:\\\/\\\/www.efk.admin.ch\\\/fr\\\/audit\\\/projet-evacuation-ancien-depot-de-munitions-de-mitholz\\\/\"]}]},{\"@type\":\"BreadcrumbList\",\"@id\":\"https:\\\/\\\/www.efk.admin.ch\\\/fr\\\/audit\\\/projet-evacuation-ancien-depot-de-munitions-de-mitholz\\\/#breadcrumb\",\"itemListElement\":[{\"@type\":\"ListItem\",\"position\":1,\"name\":\"Home\",\"item\":\"https:\\\/\\\/www.efk.admin.ch\\\/fr\\\/\"},{\"@type\":\"ListItem\",\"position\":2,\"name\":\"Rapport\",\"item\":\"https:\\\/\\\/www.efk.admin.ch\\\/fr\\\/audit\\\/\"},{\"@type\":\"ListItem\",\"position\":3,\"name\":\"Projet d&#8217;\u00e9vacuation\u00a0de l&#8217;ancien d\u00e9p\u00f4t de munitions de Mitholz\"}]},{\"@type\":\"WebSite\",\"@id\":\"https:\\\/\\\/www.efk.admin.ch\\\/fr\\\/#website\",\"url\":\"https:\\\/\\\/www.efk.admin.ch\\\/fr\\\/\",\"name\":\"Informationen \u00fcber das oberste Finanzaufsichtsorgan der Schweiz\",\"description\":\"Le Contr\u00f4le f\u00e9d\u00e9ral des finances (CDF) est l'organe supr\u00eame de surveillance financi\u00e8re de la Conf\u00e9d\u00e9ration suisse.\",\"publisher\":{\"@id\":\"https:\\\/\\\/www.efk.admin.ch\\\/fr\\\/#organization\"},\"alternateName\":\"EFK\",\"potentialAction\":[{\"@type\":\"SearchAction\",\"target\":{\"@type\":\"EntryPoint\",\"urlTemplate\":\"https:\\\/\\\/www.efk.admin.ch\\\/fr\\\/?s={search_term_string}\"},\"query-input\":{\"@type\":\"PropertyValueSpecification\",\"valueRequired\":true,\"valueName\":\"search_term_string\"}}],\"inLanguage\":\"fr-FR\"},{\"@type\":\"Organization\",\"@id\":\"https:\\\/\\\/www.efk.admin.ch\\\/fr\\\/#organization\",\"name\":\"Contr\u00f4le f\u00e9d\u00e9ral des finances (CDF)\",\"alternateName\":\"EFK\",\"url\":\"https:\\\/\\\/www.efk.admin.ch\\\/fr\\\/\",\"logo\":{\"@type\":\"ImageObject\",\"inLanguage\":\"fr-FR\",\"@id\":\"https:\\\/\\\/www.efk.admin.ch\\\/fr\\\/#\\\/schema\\\/logo\\\/image\\\/\",\"url\":\"https:\\\/\\\/www.efk.admin.ch\\\/wp-content\\\/uploads\\\/efk_cdf_logo_ohne_claim.png\",\"contentUrl\":\"https:\\\/\\\/www.efk.admin.ch\\\/wp-content\\\/uploads\\\/efk_cdf_logo_ohne_claim.png\",\"width\":268,\"height\":258,\"caption\":\"Contr\u00f4le f\u00e9d\u00e9ral des finances (CDF)\"},\"image\":{\"@id\":\"https:\\\/\\\/www.efk.admin.ch\\\/fr\\\/#\\\/schema\\\/logo\\\/image\\\/\"},\"sameAs\":[\"https:\\\/\\\/www.instagram.com\\\/efk_cdf_sfao\\\/\",\"https:\\\/\\\/www.youtube.com\\\/channel\\\/UCm-bXj227VE5sJzhB-ihdvw\\\/featured\",\"https:\\\/\\\/www.linkedin.com\\\/company\\\/11081578\\\/\"]}]}<\/script>\n<!-- \/ Yoast SEO Premium plugin. -->","yoast_head_json":{"title":"Projet d'\u00e9vacuation\u00a0de l'ancien d\u00e9p\u00f4t de munitions de Mitholz - Contr\u00f4le f\u00e9d\u00e9ral des finances (CDF)","description":"Projet d'\u00e9vacuation\u00a0de l'ancien d\u00e9p\u00f4t de munitions de Mitholz","robots":{"index":"index","follow":"follow","max-snippet":"max-snippet:-1","max-image-preview":"max-image-preview:large","max-video-preview":"max-video-preview:-1"},"canonical":"https:\/\/www.efk.admin.ch\/fr\/audit\/projet-evacuation-ancien-depot-de-munitions-de-mitholz\/","og_locale":"fr_FR","og_type":"article","og_title":"Projet d'\u00e9vacuation\u00a0de l'ancien d\u00e9p\u00f4t de munitions de Mitholz","og_description":"Projet d'\u00e9vacuation\u00a0de l'ancien d\u00e9p\u00f4t de munitions de Mitholz","og_url":"https:\/\/www.efk.admin.ch\/fr\/audit\/projet-evacuation-ancien-depot-de-munitions-de-mitholz\/","og_site_name":"Contr\u00f4le f\u00e9d\u00e9ral des finances (CDF)","article_modified_time":"2026-04-01T06:23:07+00:00","og_image":[{"width":750,"height":500,"url":"https:\/\/www.efk.admin.ch\/wp-content\/uploads\/test\/palais.jpg","type":"image\/jpeg"}],"twitter_card":"summary_large_image","twitter_misc":{"Dur\u00e9e de lecture estim\u00e9e":"1 minute"},"schema":{"@context":"https:\/\/schema.org","@graph":[{"@type":"WebPage","@id":"https:\/\/www.efk.admin.ch\/fr\/audit\/projet-evacuation-ancien-depot-de-munitions-de-mitholz\/","url":"https:\/\/www.efk.admin.ch\/fr\/audit\/projet-evacuation-ancien-depot-de-munitions-de-mitholz\/","name":"Projet d'\u00e9vacuation\u00a0de l'ancien d\u00e9p\u00f4t de munitions de Mitholz - Contr\u00f4le f\u00e9d\u00e9ral des finances (CDF)","isPartOf":{"@id":"https:\/\/www.efk.admin.ch\/fr\/#website"},"datePublished":"2026-03-30T21:00:00+00:00","dateModified":"2026-04-01T06:23:07+00:00","description":"Projet d'\u00e9vacuation\u00a0de l'ancien d\u00e9p\u00f4t de munitions de Mitholz","breadcrumb":{"@id":"https:\/\/www.efk.admin.ch\/fr\/audit\/projet-evacuation-ancien-depot-de-munitions-de-mitholz\/#breadcrumb"},"inLanguage":"fr-FR","potentialAction":[{"@type":"ReadAction","target":["https:\/\/www.efk.admin.ch\/fr\/audit\/projet-evacuation-ancien-depot-de-munitions-de-mitholz\/"]}]},{"@type":"BreadcrumbList","@id":"https:\/\/www.efk.admin.ch\/fr\/audit\/projet-evacuation-ancien-depot-de-munitions-de-mitholz\/#breadcrumb","itemListElement":[{"@type":"ListItem","position":1,"name":"Home","item":"https:\/\/www.efk.admin.ch\/fr\/"},{"@type":"ListItem","position":2,"name":"Rapport","item":"https:\/\/www.efk.admin.ch\/fr\/audit\/"},{"@type":"ListItem","position":3,"name":"Projet d&#8217;\u00e9vacuation\u00a0de l&#8217;ancien d\u00e9p\u00f4t de munitions de Mitholz"}]},{"@type":"WebSite","@id":"https:\/\/www.efk.admin.ch\/fr\/#website","url":"https:\/\/www.efk.admin.ch\/fr\/","name":"Informationen \u00fcber das oberste Finanzaufsichtsorgan der Schweiz","description":"Le Contr\u00f4le f\u00e9d\u00e9ral des finances (CDF) est l'organe supr\u00eame de surveillance financi\u00e8re de la Conf\u00e9d\u00e9ration suisse.","publisher":{"@id":"https:\/\/www.efk.admin.ch\/fr\/#organization"},"alternateName":"EFK","potentialAction":[{"@type":"SearchAction","target":{"@type":"EntryPoint","urlTemplate":"https:\/\/www.efk.admin.ch\/fr\/?s={search_term_string}"},"query-input":{"@type":"PropertyValueSpecification","valueRequired":true,"valueName":"search_term_string"}}],"inLanguage":"fr-FR"},{"@type":"Organization","@id":"https:\/\/www.efk.admin.ch\/fr\/#organization","name":"Contr\u00f4le f\u00e9d\u00e9ral des finances (CDF)","alternateName":"EFK","url":"https:\/\/www.efk.admin.ch\/fr\/","logo":{"@type":"ImageObject","inLanguage":"fr-FR","@id":"https:\/\/www.efk.admin.ch\/fr\/#\/schema\/logo\/image\/","url":"https:\/\/www.efk.admin.ch\/wp-content\/uploads\/efk_cdf_logo_ohne_claim.png","contentUrl":"https:\/\/www.efk.admin.ch\/wp-content\/uploads\/efk_cdf_logo_ohne_claim.png","width":268,"height":258,"caption":"Contr\u00f4le f\u00e9d\u00e9ral des finances (CDF)"},"image":{"@id":"https:\/\/www.efk.admin.ch\/fr\/#\/schema\/logo\/image\/"},"sameAs":["https:\/\/www.instagram.com\/efk_cdf_sfao\/","https:\/\/www.youtube.com\/channel\/UCm-bXj227VE5sJzhB-ihdvw\/featured","https:\/\/www.linkedin.com\/company\/11081578\/"]}]}},"_links":{"self":[{"href":"https:\/\/www.efk.admin.ch\/fr\/wp-json\/wp\/v2\/audit\/43541","targetHints":{"allow":["GET"]}}],"collection":[{"href":"https:\/\/www.efk.admin.ch\/fr\/wp-json\/wp\/v2\/audit"}],"about":[{"href":"https:\/\/www.efk.admin.ch\/fr\/wp-json\/wp\/v2\/types\/audit"}],"acf:post":[{"embeddable":true,"href":"https:\/\/www.efk.admin.ch\/fr\/wp-json\/wp\/v2\/office\/8039"}],"wp:attachment":[{"href":"https:\/\/www.efk.admin.ch\/fr\/wp-json\/wp\/v2\/media?parent=43541"}],"wp:term":[{"taxonomy":"audit_category","embeddable":true,"href":"https:\/\/www.efk.admin.ch\/fr\/wp-json\/wp\/v2\/audit_category?post=43541"},{"taxonomy":"audit_type","embeddable":true,"href":"https:\/\/www.efk.admin.ch\/fr\/wp-json\/wp\/v2\/audit_type?post=43541"}],"curies":[{"name":"wp","href":"https:\/\/api.w.org\/{rel}","templated":true}]}}