{"id":42292,"date":"2026-01-28T23:00:00","date_gmt":"2026-01-28T22:00:00","guid":{"rendered":"https:\/\/www.efk.admin.ch\/?post_type=audit&#038;p=42292"},"modified":"2026-01-26T11:47:57","modified_gmt":"2026-01-26T10:47:57","slug":"recommandation-essentielle-transfert-de-materiel-de-guerre","status":"publish","type":"audit","link":"https:\/\/www.efk.admin.ch\/fr\/audit\/recommandation-essentielle-transfert-de-materiel-de-guerre\/","title":{"rendered":"Recommandation essentielle : transfert de mat\u00e9riel de guerre"},"content":{"rendered":"\n<p>En 2018, le Contr\u00f4le f\u00e9d\u00e9ral des finances (CDF) a v\u00e9rifi\u00e9 l\u2019efficacit\u00e9 du contr\u00f4le du transfert de mat\u00e9riel de guerre au Secr\u00e9tariat d\u2019\u00c9tat \u00e0 l\u2019\u00e9conomie (SECO). L\u2019audit a d\u00e9bouch\u00e9 sur plusieurs recommandations et le CDF a notamment invit\u00e9 le Conseil f\u00e9d\u00e9ral \u00e0 publier sous une forme appropri\u00e9e les d\u00e9cisions de principe sur la pratique d\u2019interpr\u00e9tation de la loi f\u00e9d\u00e9rale sur le mat\u00e9riel de guerre, une mesure visant \u00e0 garantir la transparence et la s\u00e9curit\u00e9 juridique. En f\u00e9vrier 2021, le CDF a contr\u00f4l\u00e9 la mise en oeuvre de trois recommandations dans le cadre d\u2019un audit de suivi qui ne lui a pas permis de se prononcer sur l\u2019application de la recommandation relative \u00e0 la loi f\u00e9d\u00e9rale sur le mat\u00e9riel de guerre, le Conseil f\u00e9d\u00e9ral n\u2019ayant pris aucune d\u00e9cision de principe sur une demande d\u2019exportation de mat\u00e9riel de guerre entre juin 2018 et l\u2019audit de suivi.<br><br>L\u2019audit de suivi faisant l\u2019objet du pr\u00e9sent rapport a de nouveau concern\u00e9 la mise en oeuvre de cette recommandation. En raison de la guerre en Ukraine, le Conseil f\u00e9d\u00e9ral a pris plusieurs d\u00e9cisions de principe depuis f\u00e9vrier 2022, qu\u2019il a imm\u00e9diatement publi\u00e9es dans un communiqu\u00e9 de presse, sauf s\u2019il pr\u00e9voyait de les int\u00e9grer dans l\u2019ordonnance sur le mat\u00e9riel de guerre.<br><br>En cela, la recommandation \u00e9mise est enti\u00e8rement appliqu\u00e9e.<\/p>\n","protected":false},"featured_media":0,"menu_order":0,"template":"","audit_category":[88],"audit_type":[52],"class_list":["post-42292","audit","type-audit","status-publish","hentry","audit_category-economie-et-agriculture","audit_type-audit-fr"],"acf":{"audit_lang":null,"audit_numbers":[{"audit_number":"25418"}],"audit_office":[7945],"audit_office_text":"","audit_date":"20260128","bgo":false,"keywords":"","audit_office_local":""},"yoast_head":"<!-- This site is optimized with the Yoast SEO Premium plugin v27.4 (Yoast SEO v27.4) - https:\/\/yoast.com\/product\/yoast-seo-premium-wordpress\/ -->\n<title>Recommandation essentielle : transfert de mat\u00e9riel de guerre - Contr\u00f4le f\u00e9d\u00e9ral des finances (CDF)<\/title>\n<meta name=\"description\" content=\"Recommandation essentielle : transfert de mat\u00e9riel de guerre\" \/>\n<meta name=\"robots\" content=\"index, follow, max-snippet:-1, max-image-preview:large, max-video-preview:-1\" \/>\n<link rel=\"canonical\" href=\"https:\/\/www.efk.admin.ch\/fr\/audit\/recommandation-essentielle-transfert-de-materiel-de-guerre\/\" \/>\n<meta property=\"og:locale\" content=\"fr_FR\" \/>\n<meta property=\"og:type\" content=\"article\" \/>\n<meta property=\"og:title\" content=\"Recommandation essentielle : transfert de mat\u00e9riel de guerre\" \/>\n<meta property=\"og:description\" content=\"Recommandation essentielle : transfert de mat\u00e9riel de guerre\" \/>\n<meta property=\"og:url\" content=\"https:\/\/www.efk.admin.ch\/fr\/audit\/recommandation-essentielle-transfert-de-materiel-de-guerre\/\" \/>\n<meta property=\"og:site_name\" content=\"Contr\u00f4le f\u00e9d\u00e9ral des finances (CDF)\" \/>\n<meta property=\"og:image\" content=\"https:\/\/www.efk.admin.ch\/wp-content\/uploads\/test\/palais.jpg\" \/>\n\t<meta property=\"og:image:width\" content=\"750\" \/>\n\t<meta property=\"og:image:height\" content=\"500\" \/>\n\t<meta property=\"og:image:type\" content=\"image\/jpeg\" \/>\n<meta name=\"twitter:card\" content=\"summary_large_image\" \/>\n<meta name=\"twitter:label1\" content=\"Dur\u00e9e de lecture estim\u00e9e\" \/>\n\t<meta name=\"twitter:data1\" content=\"2 minutes\" \/>\n<script type=\"application\/ld+json\" class=\"yoast-schema-graph\">{\"@context\":\"https:\\\/\\\/schema.org\",\"@graph\":[{\"@type\":\"WebPage\",\"@id\":\"https:\\\/\\\/www.efk.admin.ch\\\/fr\\\/audit\\\/recommandation-essentielle-transfert-de-materiel-de-guerre\\\/\",\"url\":\"https:\\\/\\\/www.efk.admin.ch\\\/fr\\\/audit\\\/recommandation-essentielle-transfert-de-materiel-de-guerre\\\/\",\"name\":\"Recommandation essentielle : transfert de mat\u00e9riel de guerre - Contr\u00f4le f\u00e9d\u00e9ral des finances (CDF)\",\"isPartOf\":{\"@id\":\"https:\\\/\\\/www.efk.admin.ch\\\/fr\\\/#website\"},\"datePublished\":\"2026-01-28T22:00:00+00:00\",\"description\":\"Recommandation essentielle : transfert de mat\u00e9riel de guerre\",\"breadcrumb\":{\"@id\":\"https:\\\/\\\/www.efk.admin.ch\\\/fr\\\/audit\\\/recommandation-essentielle-transfert-de-materiel-de-guerre\\\/#breadcrumb\"},\"inLanguage\":\"fr-FR\",\"potentialAction\":[{\"@type\":\"ReadAction\",\"target\":[\"https:\\\/\\\/www.efk.admin.ch\\\/fr\\\/audit\\\/recommandation-essentielle-transfert-de-materiel-de-guerre\\\/\"]}]},{\"@type\":\"BreadcrumbList\",\"@id\":\"https:\\\/\\\/www.efk.admin.ch\\\/fr\\\/audit\\\/recommandation-essentielle-transfert-de-materiel-de-guerre\\\/#breadcrumb\",\"itemListElement\":[{\"@type\":\"ListItem\",\"position\":1,\"name\":\"Home\",\"item\":\"https:\\\/\\\/www.efk.admin.ch\\\/fr\\\/\"},{\"@type\":\"ListItem\",\"position\":2,\"name\":\"Rapport\",\"item\":\"https:\\\/\\\/www.efk.admin.ch\\\/fr\\\/audit\\\/\"},{\"@type\":\"ListItem\",\"position\":3,\"name\":\"Recommandation essentielle : transfert de mat\u00e9riel de guerre\"}]},{\"@type\":\"WebSite\",\"@id\":\"https:\\\/\\\/www.efk.admin.ch\\\/fr\\\/#website\",\"url\":\"https:\\\/\\\/www.efk.admin.ch\\\/fr\\\/\",\"name\":\"Informationen \u00fcber das oberste Finanzaufsichtsorgan der Schweiz\",\"description\":\"Le Contr\u00f4le f\u00e9d\u00e9ral des finances (CDF) est l'organe supr\u00eame de surveillance financi\u00e8re de la Conf\u00e9d\u00e9ration suisse.\",\"publisher\":{\"@id\":\"https:\\\/\\\/www.efk.admin.ch\\\/fr\\\/#organization\"},\"alternateName\":\"EFK\",\"potentialAction\":[{\"@type\":\"SearchAction\",\"target\":{\"@type\":\"EntryPoint\",\"urlTemplate\":\"https:\\\/\\\/www.efk.admin.ch\\\/fr\\\/?s={search_term_string}\"},\"query-input\":{\"@type\":\"PropertyValueSpecification\",\"valueRequired\":true,\"valueName\":\"search_term_string\"}}],\"inLanguage\":\"fr-FR\"},{\"@type\":\"Organization\",\"@id\":\"https:\\\/\\\/www.efk.admin.ch\\\/fr\\\/#organization\",\"name\":\"Contr\u00f4le f\u00e9d\u00e9ral des finances (CDF)\",\"alternateName\":\"EFK\",\"url\":\"https:\\\/\\\/www.efk.admin.ch\\\/fr\\\/\",\"logo\":{\"@type\":\"ImageObject\",\"inLanguage\":\"fr-FR\",\"@id\":\"https:\\\/\\\/www.efk.admin.ch\\\/fr\\\/#\\\/schema\\\/logo\\\/image\\\/\",\"url\":\"https:\\\/\\\/www.efk.admin.ch\\\/wp-content\\\/uploads\\\/efk_cdf_logo_ohne_claim.png\",\"contentUrl\":\"https:\\\/\\\/www.efk.admin.ch\\\/wp-content\\\/uploads\\\/efk_cdf_logo_ohne_claim.png\",\"width\":268,\"height\":258,\"caption\":\"Contr\u00f4le f\u00e9d\u00e9ral des finances (CDF)\"},\"image\":{\"@id\":\"https:\\\/\\\/www.efk.admin.ch\\\/fr\\\/#\\\/schema\\\/logo\\\/image\\\/\"},\"sameAs\":[\"https:\\\/\\\/www.instagram.com\\\/efk_cdf_sfao\\\/\",\"https:\\\/\\\/www.youtube.com\\\/channel\\\/UCm-bXj227VE5sJzhB-ihdvw\\\/featured\",\"https:\\\/\\\/www.linkedin.com\\\/company\\\/11081578\\\/\"]}]}<\/script>\n<!-- \/ Yoast SEO Premium plugin. -->","yoast_head_json":{"title":"Recommandation essentielle : transfert de mat\u00e9riel de guerre - Contr\u00f4le f\u00e9d\u00e9ral des finances (CDF)","description":"Recommandation essentielle : transfert de mat\u00e9riel de guerre","robots":{"index":"index","follow":"follow","max-snippet":"max-snippet:-1","max-image-preview":"max-image-preview:large","max-video-preview":"max-video-preview:-1"},"canonical":"https:\/\/www.efk.admin.ch\/fr\/audit\/recommandation-essentielle-transfert-de-materiel-de-guerre\/","og_locale":"fr_FR","og_type":"article","og_title":"Recommandation essentielle : transfert de mat\u00e9riel de guerre","og_description":"Recommandation essentielle : transfert de mat\u00e9riel de guerre","og_url":"https:\/\/www.efk.admin.ch\/fr\/audit\/recommandation-essentielle-transfert-de-materiel-de-guerre\/","og_site_name":"Contr\u00f4le f\u00e9d\u00e9ral des finances (CDF)","og_image":[{"width":750,"height":500,"url":"https:\/\/www.efk.admin.ch\/wp-content\/uploads\/test\/palais.jpg","type":"image\/jpeg"}],"twitter_card":"summary_large_image","twitter_misc":{"Dur\u00e9e de lecture estim\u00e9e":"2 minutes"},"schema":{"@context":"https:\/\/schema.org","@graph":[{"@type":"WebPage","@id":"https:\/\/www.efk.admin.ch\/fr\/audit\/recommandation-essentielle-transfert-de-materiel-de-guerre\/","url":"https:\/\/www.efk.admin.ch\/fr\/audit\/recommandation-essentielle-transfert-de-materiel-de-guerre\/","name":"Recommandation essentielle : transfert de mat\u00e9riel de guerre - Contr\u00f4le f\u00e9d\u00e9ral des finances (CDF)","isPartOf":{"@id":"https:\/\/www.efk.admin.ch\/fr\/#website"},"datePublished":"2026-01-28T22:00:00+00:00","description":"Recommandation essentielle : transfert de mat\u00e9riel de guerre","breadcrumb":{"@id":"https:\/\/www.efk.admin.ch\/fr\/audit\/recommandation-essentielle-transfert-de-materiel-de-guerre\/#breadcrumb"},"inLanguage":"fr-FR","potentialAction":[{"@type":"ReadAction","target":["https:\/\/www.efk.admin.ch\/fr\/audit\/recommandation-essentielle-transfert-de-materiel-de-guerre\/"]}]},{"@type":"BreadcrumbList","@id":"https:\/\/www.efk.admin.ch\/fr\/audit\/recommandation-essentielle-transfert-de-materiel-de-guerre\/#breadcrumb","itemListElement":[{"@type":"ListItem","position":1,"name":"Home","item":"https:\/\/www.efk.admin.ch\/fr\/"},{"@type":"ListItem","position":2,"name":"Rapport","item":"https:\/\/www.efk.admin.ch\/fr\/audit\/"},{"@type":"ListItem","position":3,"name":"Recommandation essentielle : transfert de mat\u00e9riel de guerre"}]},{"@type":"WebSite","@id":"https:\/\/www.efk.admin.ch\/fr\/#website","url":"https:\/\/www.efk.admin.ch\/fr\/","name":"Informationen \u00fcber das oberste Finanzaufsichtsorgan der Schweiz","description":"Le Contr\u00f4le f\u00e9d\u00e9ral des finances (CDF) est l'organe supr\u00eame de surveillance financi\u00e8re de la Conf\u00e9d\u00e9ration suisse.","publisher":{"@id":"https:\/\/www.efk.admin.ch\/fr\/#organization"},"alternateName":"EFK","potentialAction":[{"@type":"SearchAction","target":{"@type":"EntryPoint","urlTemplate":"https:\/\/www.efk.admin.ch\/fr\/?s={search_term_string}"},"query-input":{"@type":"PropertyValueSpecification","valueRequired":true,"valueName":"search_term_string"}}],"inLanguage":"fr-FR"},{"@type":"Organization","@id":"https:\/\/www.efk.admin.ch\/fr\/#organization","name":"Contr\u00f4le f\u00e9d\u00e9ral des finances (CDF)","alternateName":"EFK","url":"https:\/\/www.efk.admin.ch\/fr\/","logo":{"@type":"ImageObject","inLanguage":"fr-FR","@id":"https:\/\/www.efk.admin.ch\/fr\/#\/schema\/logo\/image\/","url":"https:\/\/www.efk.admin.ch\/wp-content\/uploads\/efk_cdf_logo_ohne_claim.png","contentUrl":"https:\/\/www.efk.admin.ch\/wp-content\/uploads\/efk_cdf_logo_ohne_claim.png","width":268,"height":258,"caption":"Contr\u00f4le f\u00e9d\u00e9ral des finances (CDF)"},"image":{"@id":"https:\/\/www.efk.admin.ch\/fr\/#\/schema\/logo\/image\/"},"sameAs":["https:\/\/www.instagram.com\/efk_cdf_sfao\/","https:\/\/www.youtube.com\/channel\/UCm-bXj227VE5sJzhB-ihdvw\/featured","https:\/\/www.linkedin.com\/company\/11081578\/"]}]}},"_links":{"self":[{"href":"https:\/\/www.efk.admin.ch\/fr\/wp-json\/wp\/v2\/audit\/42292","targetHints":{"allow":["GET"]}}],"collection":[{"href":"https:\/\/www.efk.admin.ch\/fr\/wp-json\/wp\/v2\/audit"}],"about":[{"href":"https:\/\/www.efk.admin.ch\/fr\/wp-json\/wp\/v2\/types\/audit"}],"acf:post":[{"embeddable":true,"href":"https:\/\/www.efk.admin.ch\/fr\/wp-json\/wp\/v2\/office\/7945"}],"wp:attachment":[{"href":"https:\/\/www.efk.admin.ch\/fr\/wp-json\/wp\/v2\/media?parent=42292"}],"wp:term":[{"taxonomy":"audit_category","embeddable":true,"href":"https:\/\/www.efk.admin.ch\/fr\/wp-json\/wp\/v2\/audit_category?post=42292"},{"taxonomy":"audit_type","embeddable":true,"href":"https:\/\/www.efk.admin.ch\/fr\/wp-json\/wp\/v2\/audit_type?post=42292"}],"curies":[{"name":"wp","href":"https:\/\/api.w.org\/{rel}","templated":true}]}}