{"id":42204,"date":"2026-01-26T23:00:00","date_gmt":"2026-01-26T22:00:00","guid":{"rendered":"https:\/\/www.efk.admin.ch\/?post_type=audit&#038;p=42204"},"modified":"2026-01-22T11:01:52","modified_gmt":"2026-01-22T10:01:52","slug":"projet-cle-superb-introduction-de-la-solution-achats-publics-et-gestion-dadjudications","status":"publish","type":"audit","link":"https:\/\/www.efk.admin.ch\/fr\/audit\/projet-cle-superb-introduction-de-la-solution-achats-publics-et-gestion-dadjudications\/","title":{"rendered":"Projet cl\u00e9 SUPERB \u2013 introduction de la solution achats publics et gestion d\u2019adjudications"},"content":{"rendered":"\n<p>L\u2019Office f\u00e9d\u00e9ral des constructions et de la logistique (OFCL) pilote le programme SUPERB, qui vise \u00e0 moderniser les processus de soutien de l\u2019administration f\u00e9d\u00e9rale et \u00e0 remplacer les syst\u00e8mes SAP civils existants par de nouveaux logiciels SAP. Parall\u00e8lement, SUPERB vise \u00e0 standardiser, d\u2019ici \u00e0 2027, les processus de soutien, notamment dans le domaine des acquisitions, au moyen de la nouvelle solution de gestion des acquisitions et des adjudications (BVML).<br><br>Au d\u00e9but de l\u2019ann\u00e9e 2025, l\u2019OFCL a introduit la BVML dans les offices civils du D\u00e9partement f\u00e9d\u00e9ral de la d\u00e9fense, de la protection de la population et des sports (DDPS). Le lancement de la nouvelle solution au DDPS a mis en \u00e9vidence l\u2019absence de conditions importantes pour un d\u00e9ploiement \u00e0 l\u2019\u00e9chelle de l\u2019administration f\u00e9d\u00e9rale. D\u00e8s lors, l\u2019OFCL a report\u00e9 au mois de juin 2026 l\u2019introduction globale de la BVML, dans le cadre du sous-projet SUPERB \u00ab Achats \u00bb.<br><br>Sur cette base, le Contr\u00f4le f\u00e9d\u00e9ral des finances (CDF) a voulu v\u00e9rifier si cette d\u00e9cision \u00e9tait compr\u00e9hensible et si la suite donn\u00e9e au sous-projet SUPERB \u00ab Achats \u00bb \u00e9tait judicieuse. L\u2019audit a confirm\u00e9   la pertinence de la d\u00e9cision : les pr\u00e9paratifs organisationnels pour la date d\u2019introduction pr\u00e9vue \u00e9taient insuffisants, dans les offices comme \u00e0 l\u2019OFCL. De plus, aucune solution n\u2019\u00e9tait propos\u00e9e pour remplacer efficacement certains processus cl\u00e9s sp\u00e9cialis\u00e9s fonctionnant sur les anciens syst\u00e8mes.<\/p>\n","protected":false},"featured_media":0,"menu_order":0,"template":"","audit_category":[79],"audit_type":[52],"class_list":["post-42204","audit","type-audit","status-publish","hentry","audit_category-projets-informatiques","audit_type-audit-fr"],"acf":{"audit_lang":null,"audit_numbers":[{"audit_number":"25500"}],"audit_office":[22350],"audit_office_text":"","audit_date":"20260126","bgo":false,"keywords":"","audit_office_local":"OFCL"},"yoast_head":"<!-- This site is optimized with the Yoast SEO Premium plugin v27.4 (Yoast SEO v27.4) - https:\/\/yoast.com\/product\/yoast-seo-premium-wordpress\/ -->\n<title>Projet cl\u00e9 SUPERB \u2013 introduction de la solution achats publics et gestion d\u2019adjudications - Contr\u00f4le f\u00e9d\u00e9ral des finances (CDF)<\/title>\n<meta name=\"description\" content=\"Projet cl\u00e9 SUPERB \u2013 introduction de la solution achats publics et gestion d\u2019adjudications\" \/>\n<meta name=\"robots\" content=\"index, follow, max-snippet:-1, max-image-preview:large, max-video-preview:-1\" \/>\n<link rel=\"canonical\" href=\"https:\/\/www.efk.admin.ch\/fr\/audit\/projet-cle-superb-introduction-de-la-solution-achats-publics-et-gestion-dadjudications\/\" \/>\n<meta property=\"og:locale\" content=\"fr_FR\" \/>\n<meta property=\"og:type\" content=\"article\" \/>\n<meta property=\"og:title\" content=\"Projet cl\u00e9 SUPERB \u2013 introduction de la solution achats publics et gestion d\u2019adjudications\" \/>\n<meta property=\"og:description\" content=\"Projet cl\u00e9 SUPERB \u2013 introduction de la solution achats publics et gestion d\u2019adjudications\" \/>\n<meta property=\"og:url\" content=\"https:\/\/www.efk.admin.ch\/fr\/audit\/projet-cle-superb-introduction-de-la-solution-achats-publics-et-gestion-dadjudications\/\" \/>\n<meta property=\"og:site_name\" content=\"Contr\u00f4le f\u00e9d\u00e9ral des finances (CDF)\" \/>\n<meta property=\"og:image\" content=\"https:\/\/www.efk.admin.ch\/wp-content\/uploads\/test\/palais.jpg\" \/>\n\t<meta property=\"og:image:width\" content=\"750\" \/>\n\t<meta property=\"og:image:height\" content=\"500\" \/>\n\t<meta property=\"og:image:type\" content=\"image\/jpeg\" \/>\n<meta name=\"twitter:card\" content=\"summary_large_image\" \/>\n<meta name=\"twitter:label1\" content=\"Dur\u00e9e de lecture estim\u00e9e\" \/>\n\t<meta name=\"twitter:data1\" content=\"2 minutes\" \/>\n<script type=\"application\/ld+json\" class=\"yoast-schema-graph\">{\"@context\":\"https:\\\/\\\/schema.org\",\"@graph\":[{\"@type\":\"WebPage\",\"@id\":\"https:\\\/\\\/www.efk.admin.ch\\\/fr\\\/audit\\\/projet-cle-superb-introduction-de-la-solution-achats-publics-et-gestion-dadjudications\\\/\",\"url\":\"https:\\\/\\\/www.efk.admin.ch\\\/fr\\\/audit\\\/projet-cle-superb-introduction-de-la-solution-achats-publics-et-gestion-dadjudications\\\/\",\"name\":\"Projet cl\u00e9 SUPERB \u2013 introduction de la solution achats publics et gestion d\u2019adjudications - Contr\u00f4le f\u00e9d\u00e9ral des finances (CDF)\",\"isPartOf\":{\"@id\":\"https:\\\/\\\/www.efk.admin.ch\\\/fr\\\/#website\"},\"datePublished\":\"2026-01-26T22:00:00+00:00\",\"description\":\"Projet cl\u00e9 SUPERB \u2013 introduction de la solution achats publics et gestion d\u2019adjudications\",\"breadcrumb\":{\"@id\":\"https:\\\/\\\/www.efk.admin.ch\\\/fr\\\/audit\\\/projet-cle-superb-introduction-de-la-solution-achats-publics-et-gestion-dadjudications\\\/#breadcrumb\"},\"inLanguage\":\"fr-FR\",\"potentialAction\":[{\"@type\":\"ReadAction\",\"target\":[\"https:\\\/\\\/www.efk.admin.ch\\\/fr\\\/audit\\\/projet-cle-superb-introduction-de-la-solution-achats-publics-et-gestion-dadjudications\\\/\"]}]},{\"@type\":\"BreadcrumbList\",\"@id\":\"https:\\\/\\\/www.efk.admin.ch\\\/fr\\\/audit\\\/projet-cle-superb-introduction-de-la-solution-achats-publics-et-gestion-dadjudications\\\/#breadcrumb\",\"itemListElement\":[{\"@type\":\"ListItem\",\"position\":1,\"name\":\"Home\",\"item\":\"https:\\\/\\\/www.efk.admin.ch\\\/fr\\\/\"},{\"@type\":\"ListItem\",\"position\":2,\"name\":\"Rapport\",\"item\":\"https:\\\/\\\/www.efk.admin.ch\\\/fr\\\/audit\\\/\"},{\"@type\":\"ListItem\",\"position\":3,\"name\":\"Projet cl\u00e9 SUPERB \u2013 introduction de la solution achats publics et gestion d\u2019adjudications\"}]},{\"@type\":\"WebSite\",\"@id\":\"https:\\\/\\\/www.efk.admin.ch\\\/fr\\\/#website\",\"url\":\"https:\\\/\\\/www.efk.admin.ch\\\/fr\\\/\",\"name\":\"Informationen \u00fcber das oberste Finanzaufsichtsorgan der Schweiz\",\"description\":\"Le Contr\u00f4le f\u00e9d\u00e9ral des finances (CDF) est l'organe supr\u00eame de surveillance financi\u00e8re de la Conf\u00e9d\u00e9ration suisse.\",\"publisher\":{\"@id\":\"https:\\\/\\\/www.efk.admin.ch\\\/fr\\\/#organization\"},\"alternateName\":\"EFK\",\"potentialAction\":[{\"@type\":\"SearchAction\",\"target\":{\"@type\":\"EntryPoint\",\"urlTemplate\":\"https:\\\/\\\/www.efk.admin.ch\\\/fr\\\/?s={search_term_string}\"},\"query-input\":{\"@type\":\"PropertyValueSpecification\",\"valueRequired\":true,\"valueName\":\"search_term_string\"}}],\"inLanguage\":\"fr-FR\"},{\"@type\":\"Organization\",\"@id\":\"https:\\\/\\\/www.efk.admin.ch\\\/fr\\\/#organization\",\"name\":\"Contr\u00f4le f\u00e9d\u00e9ral des finances (CDF)\",\"alternateName\":\"EFK\",\"url\":\"https:\\\/\\\/www.efk.admin.ch\\\/fr\\\/\",\"logo\":{\"@type\":\"ImageObject\",\"inLanguage\":\"fr-FR\",\"@id\":\"https:\\\/\\\/www.efk.admin.ch\\\/fr\\\/#\\\/schema\\\/logo\\\/image\\\/\",\"url\":\"https:\\\/\\\/www.efk.admin.ch\\\/wp-content\\\/uploads\\\/efk_cdf_logo_ohne_claim.png\",\"contentUrl\":\"https:\\\/\\\/www.efk.admin.ch\\\/wp-content\\\/uploads\\\/efk_cdf_logo_ohne_claim.png\",\"width\":268,\"height\":258,\"caption\":\"Contr\u00f4le f\u00e9d\u00e9ral des finances (CDF)\"},\"image\":{\"@id\":\"https:\\\/\\\/www.efk.admin.ch\\\/fr\\\/#\\\/schema\\\/logo\\\/image\\\/\"},\"sameAs\":[\"https:\\\/\\\/www.instagram.com\\\/efk_cdf_sfao\\\/\",\"https:\\\/\\\/www.youtube.com\\\/channel\\\/UCm-bXj227VE5sJzhB-ihdvw\\\/featured\",\"https:\\\/\\\/www.linkedin.com\\\/company\\\/11081578\\\/\"]}]}<\/script>\n<!-- \/ Yoast SEO Premium plugin. -->","yoast_head_json":{"title":"Projet cl\u00e9 SUPERB \u2013 introduction de la solution achats publics et gestion d\u2019adjudications - Contr\u00f4le f\u00e9d\u00e9ral des finances (CDF)","description":"Projet cl\u00e9 SUPERB \u2013 introduction de la solution achats publics et gestion d\u2019adjudications","robots":{"index":"index","follow":"follow","max-snippet":"max-snippet:-1","max-image-preview":"max-image-preview:large","max-video-preview":"max-video-preview:-1"},"canonical":"https:\/\/www.efk.admin.ch\/fr\/audit\/projet-cle-superb-introduction-de-la-solution-achats-publics-et-gestion-dadjudications\/","og_locale":"fr_FR","og_type":"article","og_title":"Projet cl\u00e9 SUPERB \u2013 introduction de la solution achats publics et gestion d\u2019adjudications","og_description":"Projet cl\u00e9 SUPERB \u2013 introduction de la solution achats publics et gestion d\u2019adjudications","og_url":"https:\/\/www.efk.admin.ch\/fr\/audit\/projet-cle-superb-introduction-de-la-solution-achats-publics-et-gestion-dadjudications\/","og_site_name":"Contr\u00f4le f\u00e9d\u00e9ral des finances (CDF)","og_image":[{"width":750,"height":500,"url":"https:\/\/www.efk.admin.ch\/wp-content\/uploads\/test\/palais.jpg","type":"image\/jpeg"}],"twitter_card":"summary_large_image","twitter_misc":{"Dur\u00e9e de lecture estim\u00e9e":"2 minutes"},"schema":{"@context":"https:\/\/schema.org","@graph":[{"@type":"WebPage","@id":"https:\/\/www.efk.admin.ch\/fr\/audit\/projet-cle-superb-introduction-de-la-solution-achats-publics-et-gestion-dadjudications\/","url":"https:\/\/www.efk.admin.ch\/fr\/audit\/projet-cle-superb-introduction-de-la-solution-achats-publics-et-gestion-dadjudications\/","name":"Projet cl\u00e9 SUPERB \u2013 introduction de la solution achats publics et gestion d\u2019adjudications - Contr\u00f4le f\u00e9d\u00e9ral des finances (CDF)","isPartOf":{"@id":"https:\/\/www.efk.admin.ch\/fr\/#website"},"datePublished":"2026-01-26T22:00:00+00:00","description":"Projet cl\u00e9 SUPERB \u2013 introduction de la solution achats publics et gestion d\u2019adjudications","breadcrumb":{"@id":"https:\/\/www.efk.admin.ch\/fr\/audit\/projet-cle-superb-introduction-de-la-solution-achats-publics-et-gestion-dadjudications\/#breadcrumb"},"inLanguage":"fr-FR","potentialAction":[{"@type":"ReadAction","target":["https:\/\/www.efk.admin.ch\/fr\/audit\/projet-cle-superb-introduction-de-la-solution-achats-publics-et-gestion-dadjudications\/"]}]},{"@type":"BreadcrumbList","@id":"https:\/\/www.efk.admin.ch\/fr\/audit\/projet-cle-superb-introduction-de-la-solution-achats-publics-et-gestion-dadjudications\/#breadcrumb","itemListElement":[{"@type":"ListItem","position":1,"name":"Home","item":"https:\/\/www.efk.admin.ch\/fr\/"},{"@type":"ListItem","position":2,"name":"Rapport","item":"https:\/\/www.efk.admin.ch\/fr\/audit\/"},{"@type":"ListItem","position":3,"name":"Projet cl\u00e9 SUPERB \u2013 introduction de la solution achats publics et gestion d\u2019adjudications"}]},{"@type":"WebSite","@id":"https:\/\/www.efk.admin.ch\/fr\/#website","url":"https:\/\/www.efk.admin.ch\/fr\/","name":"Informationen \u00fcber das oberste Finanzaufsichtsorgan der Schweiz","description":"Le Contr\u00f4le f\u00e9d\u00e9ral des finances (CDF) est l'organe supr\u00eame de surveillance financi\u00e8re de la Conf\u00e9d\u00e9ration suisse.","publisher":{"@id":"https:\/\/www.efk.admin.ch\/fr\/#organization"},"alternateName":"EFK","potentialAction":[{"@type":"SearchAction","target":{"@type":"EntryPoint","urlTemplate":"https:\/\/www.efk.admin.ch\/fr\/?s={search_term_string}"},"query-input":{"@type":"PropertyValueSpecification","valueRequired":true,"valueName":"search_term_string"}}],"inLanguage":"fr-FR"},{"@type":"Organization","@id":"https:\/\/www.efk.admin.ch\/fr\/#organization","name":"Contr\u00f4le f\u00e9d\u00e9ral des finances (CDF)","alternateName":"EFK","url":"https:\/\/www.efk.admin.ch\/fr\/","logo":{"@type":"ImageObject","inLanguage":"fr-FR","@id":"https:\/\/www.efk.admin.ch\/fr\/#\/schema\/logo\/image\/","url":"https:\/\/www.efk.admin.ch\/wp-content\/uploads\/efk_cdf_logo_ohne_claim.png","contentUrl":"https:\/\/www.efk.admin.ch\/wp-content\/uploads\/efk_cdf_logo_ohne_claim.png","width":268,"height":258,"caption":"Contr\u00f4le f\u00e9d\u00e9ral des finances (CDF)"},"image":{"@id":"https:\/\/www.efk.admin.ch\/fr\/#\/schema\/logo\/image\/"},"sameAs":["https:\/\/www.instagram.com\/efk_cdf_sfao\/","https:\/\/www.youtube.com\/channel\/UCm-bXj227VE5sJzhB-ihdvw\/featured","https:\/\/www.linkedin.com\/company\/11081578\/"]}]}},"_links":{"self":[{"href":"https:\/\/www.efk.admin.ch\/fr\/wp-json\/wp\/v2\/audit\/42204","targetHints":{"allow":["GET"]}}],"collection":[{"href":"https:\/\/www.efk.admin.ch\/fr\/wp-json\/wp\/v2\/audit"}],"about":[{"href":"https:\/\/www.efk.admin.ch\/fr\/wp-json\/wp\/v2\/types\/audit"}],"acf:post":[{"embeddable":true,"href":"https:\/\/www.efk.admin.ch\/fr\/wp-json\/wp\/v2\/office\/22350"}],"wp:attachment":[{"href":"https:\/\/www.efk.admin.ch\/fr\/wp-json\/wp\/v2\/media?parent=42204"}],"wp:term":[{"taxonomy":"audit_category","embeddable":true,"href":"https:\/\/www.efk.admin.ch\/fr\/wp-json\/wp\/v2\/audit_category?post=42204"},{"taxonomy":"audit_type","embeddable":true,"href":"https:\/\/www.efk.admin.ch\/fr\/wp-json\/wp\/v2\/audit_type?post=42204"}],"curies":[{"name":"wp","href":"https:\/\/api.w.org\/{rel}","templated":true}]}}