{"id":42124,"date":"2026-01-21T23:00:00","date_gmt":"2026-01-21T22:00:00","guid":{"rendered":"https:\/\/www.efk.admin.ch\/?post_type=audit&#038;p=42124"},"modified":"2026-01-20T18:02:56","modified_gmt":"2026-01-20T17:02:56","slug":"financement-a-long-terme-de-la-fipoi","status":"publish","type":"audit","link":"https:\/\/www.efk.admin.ch\/fr\/audit\/financement-a-long-terme-de-la-fipoi\/","title":{"rendered":"Financement \u00e0 long terme de la FIPOI"},"content":{"rendered":"\n<p>La planification financi\u00e8re de la Fondation des immeubles pour les Organisations Internationales (FIPOI) pr\u00e9sente un r\u00e9sultat d\u00e9ficitaire sur l\u2019ensemble de la p\u00e9riode 2025\u20132029. En effet, les flux de tr\u00e9sorerie d\u2019exploitation d\u00e9gag\u00e9s par la FIPOI ne lui permettent pas de proc\u00e9der aux investissements n\u00e9cessaires dans le parc immobilier pour assurer le niveau de qualit\u00e9 d\u00e9fini par le Conseil de fondation. Selon sa planification financi\u00e8re approuv\u00e9e en d\u00e9cembre 2024, la FIPOI devrait se trouver en manque de liquidit\u00e9s \u00e0 partir de l\u2019ann\u00e9e 2028, si aucune mesure de financement suppl\u00e9mentaire n\u2019est octroy\u00e9e par les fondateurs.<br><br>La FIPOI a adress\u00e9 une demande de financement aux fondateurs en mars 2025. En mai 2025, le D\u00e9partement f\u00e9d\u00e9ral des affaires \u00e9trang\u00e8res (DFAE) a lanc\u00e9 la consultation des offices pour le message \u00ab&nbsp;concernant les mesures \u00e0 mettre en oeuvre pour renforcer le r\u00f4le de la Suisse comme \u00c9tat h\u00f4te pour la p\u00e9riode 2026 \u00e0 2029&nbsp;\u00bb.<br><br>Ce message inclut un financement de 130 millions de francs pour la r\u00e9novation de quatre projets prioritaires de la FIPOI ainsi qu\u2019une s\u00e9rie de mesures cibl\u00e9es \u00e0 hauteur d\u2019environ 80 millions de francs. A moyen terme, au-del\u00e0 de de ce message, il sera n\u00e9cessaire pour la FIPOI d\u2019investir dans la r\u00e9novation du reste du parc immobilier, soit les 11 immeubles restants. Au cours des derni\u00e8res ann\u00e9es, pour les autres immeubles de la FIPOI les investissements n&#8217;ont pas permis d\u2019atteindre globalement le niveau de qualit\u00e9 d\u00e9fini par le Conseil de fondation, faute de moyens financiers.<br><br>Le CDF a \u00e9valu\u00e9 dans le cadre de son audit si le financement \u00e0 long terme de la FIPOI avec ce montant suppl\u00e9mentaire de 130 millions de francs est garanti. Sur la base de divers sc\u00e9narios, le CDF arrive \u00e0 la conclusion que le financement de la FIPOI n\u2019est pas assur\u00e9 pour les 10 prochaines ann\u00e9es ni son autofinancement \u00e0 partir de 2036. En fonction de l\u2019\u00e9volution sur le terrain ainsi que des d\u00e9cisions strat\u00e9giques prises par le Conseil de fondation, un financement additionnel de la part des fondateurs pourrait \u00eatre n\u00e9cessaire d\u00e9j\u00e0 dans le cadre du prochain message.<\/p>\n","protected":false},"featured_media":0,"menu_order":0,"template":"","audit_category":[64],"audit_type":[52],"class_list":["post-42124","audit","type-audit","status-publish","hentry","audit_category-relations-avec-l-etranger","audit_type-audit-fr"],"acf":{"audit_lang":null,"audit_numbers":[{"audit_number":"25203"}],"audit_office":[41070],"audit_office_text":"","audit_date":"20260121","bgo":false,"keywords":"","audit_office_local":"FIPOI"},"yoast_head":"<!-- This site is optimized with the Yoast SEO Premium plugin v27.4 (Yoast SEO v27.4) - https:\/\/yoast.com\/product\/yoast-seo-premium-wordpress\/ -->\n<title>Financement \u00e0 long terme de la FIPOI - Contr\u00f4le f\u00e9d\u00e9ral des finances (CDF)<\/title>\n<meta name=\"description\" content=\"Financement \u00e0 long terme de la FIPOI\" \/>\n<meta name=\"robots\" content=\"index, follow, max-snippet:-1, max-image-preview:large, max-video-preview:-1\" \/>\n<link rel=\"canonical\" href=\"https:\/\/www.efk.admin.ch\/fr\/audit\/financement-a-long-terme-de-la-fipoi\/\" \/>\n<meta property=\"og:locale\" content=\"fr_FR\" \/>\n<meta property=\"og:type\" content=\"article\" \/>\n<meta property=\"og:title\" content=\"Financement \u00e0 long terme de la FIPOI\" \/>\n<meta property=\"og:description\" content=\"Financement \u00e0 long terme de la FIPOI\" \/>\n<meta property=\"og:url\" content=\"https:\/\/www.efk.admin.ch\/fr\/audit\/financement-a-long-terme-de-la-fipoi\/\" \/>\n<meta property=\"og:site_name\" content=\"Contr\u00f4le f\u00e9d\u00e9ral des finances (CDF)\" \/>\n<meta property=\"og:image\" content=\"https:\/\/www.efk.admin.ch\/wp-content\/uploads\/test\/palais.jpg\" \/>\n\t<meta property=\"og:image:width\" content=\"750\" \/>\n\t<meta property=\"og:image:height\" content=\"500\" \/>\n\t<meta property=\"og:image:type\" content=\"image\/jpeg\" \/>\n<meta name=\"twitter:card\" content=\"summary_large_image\" \/>\n<meta name=\"twitter:label1\" content=\"Dur\u00e9e de lecture estim\u00e9e\" \/>\n\t<meta name=\"twitter:data1\" content=\"2 minutes\" \/>\n<script type=\"application\/ld+json\" class=\"yoast-schema-graph\">{\"@context\":\"https:\\\/\\\/schema.org\",\"@graph\":[{\"@type\":\"WebPage\",\"@id\":\"https:\\\/\\\/www.efk.admin.ch\\\/fr\\\/audit\\\/financement-a-long-terme-de-la-fipoi\\\/\",\"url\":\"https:\\\/\\\/www.efk.admin.ch\\\/fr\\\/audit\\\/financement-a-long-terme-de-la-fipoi\\\/\",\"name\":\"Financement \u00e0 long terme de la FIPOI - Contr\u00f4le f\u00e9d\u00e9ral des finances (CDF)\",\"isPartOf\":{\"@id\":\"https:\\\/\\\/www.efk.admin.ch\\\/fr\\\/#website\"},\"datePublished\":\"2026-01-21T22:00:00+00:00\",\"description\":\"Financement \u00e0 long terme de la FIPOI\",\"breadcrumb\":{\"@id\":\"https:\\\/\\\/www.efk.admin.ch\\\/fr\\\/audit\\\/financement-a-long-terme-de-la-fipoi\\\/#breadcrumb\"},\"inLanguage\":\"fr-FR\",\"potentialAction\":[{\"@type\":\"ReadAction\",\"target\":[\"https:\\\/\\\/www.efk.admin.ch\\\/fr\\\/audit\\\/financement-a-long-terme-de-la-fipoi\\\/\"]}]},{\"@type\":\"BreadcrumbList\",\"@id\":\"https:\\\/\\\/www.efk.admin.ch\\\/fr\\\/audit\\\/financement-a-long-terme-de-la-fipoi\\\/#breadcrumb\",\"itemListElement\":[{\"@type\":\"ListItem\",\"position\":1,\"name\":\"Home\",\"item\":\"https:\\\/\\\/www.efk.admin.ch\\\/fr\\\/\"},{\"@type\":\"ListItem\",\"position\":2,\"name\":\"Rapport\",\"item\":\"https:\\\/\\\/www.efk.admin.ch\\\/fr\\\/audit\\\/\"},{\"@type\":\"ListItem\",\"position\":3,\"name\":\"Financement \u00e0 long terme de la FIPOI\"}]},{\"@type\":\"WebSite\",\"@id\":\"https:\\\/\\\/www.efk.admin.ch\\\/fr\\\/#website\",\"url\":\"https:\\\/\\\/www.efk.admin.ch\\\/fr\\\/\",\"name\":\"Informationen \u00fcber das oberste Finanzaufsichtsorgan der Schweiz\",\"description\":\"Le Contr\u00f4le f\u00e9d\u00e9ral des finances (CDF) est l'organe supr\u00eame de surveillance financi\u00e8re de la Conf\u00e9d\u00e9ration suisse.\",\"publisher\":{\"@id\":\"https:\\\/\\\/www.efk.admin.ch\\\/fr\\\/#organization\"},\"alternateName\":\"EFK\",\"potentialAction\":[{\"@type\":\"SearchAction\",\"target\":{\"@type\":\"EntryPoint\",\"urlTemplate\":\"https:\\\/\\\/www.efk.admin.ch\\\/fr\\\/?s={search_term_string}\"},\"query-input\":{\"@type\":\"PropertyValueSpecification\",\"valueRequired\":true,\"valueName\":\"search_term_string\"}}],\"inLanguage\":\"fr-FR\"},{\"@type\":\"Organization\",\"@id\":\"https:\\\/\\\/www.efk.admin.ch\\\/fr\\\/#organization\",\"name\":\"Contr\u00f4le f\u00e9d\u00e9ral des finances (CDF)\",\"alternateName\":\"EFK\",\"url\":\"https:\\\/\\\/www.efk.admin.ch\\\/fr\\\/\",\"logo\":{\"@type\":\"ImageObject\",\"inLanguage\":\"fr-FR\",\"@id\":\"https:\\\/\\\/www.efk.admin.ch\\\/fr\\\/#\\\/schema\\\/logo\\\/image\\\/\",\"url\":\"https:\\\/\\\/www.efk.admin.ch\\\/wp-content\\\/uploads\\\/efk_cdf_logo_ohne_claim.png\",\"contentUrl\":\"https:\\\/\\\/www.efk.admin.ch\\\/wp-content\\\/uploads\\\/efk_cdf_logo_ohne_claim.png\",\"width\":268,\"height\":258,\"caption\":\"Contr\u00f4le f\u00e9d\u00e9ral des finances (CDF)\"},\"image\":{\"@id\":\"https:\\\/\\\/www.efk.admin.ch\\\/fr\\\/#\\\/schema\\\/logo\\\/image\\\/\"},\"sameAs\":[\"https:\\\/\\\/www.instagram.com\\\/efk_cdf_sfao\\\/\",\"https:\\\/\\\/www.youtube.com\\\/channel\\\/UCm-bXj227VE5sJzhB-ihdvw\\\/featured\",\"https:\\\/\\\/www.linkedin.com\\\/company\\\/11081578\\\/\"]}]}<\/script>\n<!-- \/ Yoast SEO Premium plugin. -->","yoast_head_json":{"title":"Financement \u00e0 long terme de la FIPOI - Contr\u00f4le f\u00e9d\u00e9ral des finances (CDF)","description":"Financement \u00e0 long terme de la FIPOI","robots":{"index":"index","follow":"follow","max-snippet":"max-snippet:-1","max-image-preview":"max-image-preview:large","max-video-preview":"max-video-preview:-1"},"canonical":"https:\/\/www.efk.admin.ch\/fr\/audit\/financement-a-long-terme-de-la-fipoi\/","og_locale":"fr_FR","og_type":"article","og_title":"Financement \u00e0 long terme de la FIPOI","og_description":"Financement \u00e0 long terme de la FIPOI","og_url":"https:\/\/www.efk.admin.ch\/fr\/audit\/financement-a-long-terme-de-la-fipoi\/","og_site_name":"Contr\u00f4le f\u00e9d\u00e9ral des finances (CDF)","og_image":[{"width":750,"height":500,"url":"https:\/\/www.efk.admin.ch\/wp-content\/uploads\/test\/palais.jpg","type":"image\/jpeg"}],"twitter_card":"summary_large_image","twitter_misc":{"Dur\u00e9e de lecture estim\u00e9e":"2 minutes"},"schema":{"@context":"https:\/\/schema.org","@graph":[{"@type":"WebPage","@id":"https:\/\/www.efk.admin.ch\/fr\/audit\/financement-a-long-terme-de-la-fipoi\/","url":"https:\/\/www.efk.admin.ch\/fr\/audit\/financement-a-long-terme-de-la-fipoi\/","name":"Financement \u00e0 long terme de la FIPOI - Contr\u00f4le f\u00e9d\u00e9ral des finances (CDF)","isPartOf":{"@id":"https:\/\/www.efk.admin.ch\/fr\/#website"},"datePublished":"2026-01-21T22:00:00+00:00","description":"Financement \u00e0 long terme de la FIPOI","breadcrumb":{"@id":"https:\/\/www.efk.admin.ch\/fr\/audit\/financement-a-long-terme-de-la-fipoi\/#breadcrumb"},"inLanguage":"fr-FR","potentialAction":[{"@type":"ReadAction","target":["https:\/\/www.efk.admin.ch\/fr\/audit\/financement-a-long-terme-de-la-fipoi\/"]}]},{"@type":"BreadcrumbList","@id":"https:\/\/www.efk.admin.ch\/fr\/audit\/financement-a-long-terme-de-la-fipoi\/#breadcrumb","itemListElement":[{"@type":"ListItem","position":1,"name":"Home","item":"https:\/\/www.efk.admin.ch\/fr\/"},{"@type":"ListItem","position":2,"name":"Rapport","item":"https:\/\/www.efk.admin.ch\/fr\/audit\/"},{"@type":"ListItem","position":3,"name":"Financement \u00e0 long terme de la FIPOI"}]},{"@type":"WebSite","@id":"https:\/\/www.efk.admin.ch\/fr\/#website","url":"https:\/\/www.efk.admin.ch\/fr\/","name":"Informationen \u00fcber das oberste Finanzaufsichtsorgan der Schweiz","description":"Le Contr\u00f4le f\u00e9d\u00e9ral des finances (CDF) est l'organe supr\u00eame de surveillance financi\u00e8re de la Conf\u00e9d\u00e9ration suisse.","publisher":{"@id":"https:\/\/www.efk.admin.ch\/fr\/#organization"},"alternateName":"EFK","potentialAction":[{"@type":"SearchAction","target":{"@type":"EntryPoint","urlTemplate":"https:\/\/www.efk.admin.ch\/fr\/?s={search_term_string}"},"query-input":{"@type":"PropertyValueSpecification","valueRequired":true,"valueName":"search_term_string"}}],"inLanguage":"fr-FR"},{"@type":"Organization","@id":"https:\/\/www.efk.admin.ch\/fr\/#organization","name":"Contr\u00f4le f\u00e9d\u00e9ral des finances (CDF)","alternateName":"EFK","url":"https:\/\/www.efk.admin.ch\/fr\/","logo":{"@type":"ImageObject","inLanguage":"fr-FR","@id":"https:\/\/www.efk.admin.ch\/fr\/#\/schema\/logo\/image\/","url":"https:\/\/www.efk.admin.ch\/wp-content\/uploads\/efk_cdf_logo_ohne_claim.png","contentUrl":"https:\/\/www.efk.admin.ch\/wp-content\/uploads\/efk_cdf_logo_ohne_claim.png","width":268,"height":258,"caption":"Contr\u00f4le f\u00e9d\u00e9ral des finances (CDF)"},"image":{"@id":"https:\/\/www.efk.admin.ch\/fr\/#\/schema\/logo\/image\/"},"sameAs":["https:\/\/www.instagram.com\/efk_cdf_sfao\/","https:\/\/www.youtube.com\/channel\/UCm-bXj227VE5sJzhB-ihdvw\/featured","https:\/\/www.linkedin.com\/company\/11081578\/"]}]}},"_links":{"self":[{"href":"https:\/\/www.efk.admin.ch\/fr\/wp-json\/wp\/v2\/audit\/42124","targetHints":{"allow":["GET"]}}],"collection":[{"href":"https:\/\/www.efk.admin.ch\/fr\/wp-json\/wp\/v2\/audit"}],"about":[{"href":"https:\/\/www.efk.admin.ch\/fr\/wp-json\/wp\/v2\/types\/audit"}],"acf:post":[{"embeddable":true,"href":"https:\/\/www.efk.admin.ch\/fr\/wp-json\/wp\/v2\/office\/41070"}],"wp:attachment":[{"href":"https:\/\/www.efk.admin.ch\/fr\/wp-json\/wp\/v2\/media?parent=42124"}],"wp:term":[{"taxonomy":"audit_category","embeddable":true,"href":"https:\/\/www.efk.admin.ch\/fr\/wp-json\/wp\/v2\/audit_category?post=42124"},{"taxonomy":"audit_type","embeddable":true,"href":"https:\/\/www.efk.admin.ch\/fr\/wp-json\/wp\/v2\/audit_type?post=42124"}],"curies":[{"name":"wp","href":"https:\/\/api.w.org\/{rel}","templated":true}]}}