{"id":41467,"date":"2026-01-12T23:00:00","date_gmt":"2026-01-12T22:00:00","guid":{"rendered":"https:\/\/www.efk.admin.ch\/?post_type=audit&#038;p=41467"},"modified":"2026-01-12T18:34:24","modified_gmt":"2026-01-12T17:34:24","slug":"nouvelle-construction-du-depot-darchives-a-zollikofen","status":"publish","type":"audit","link":"https:\/\/www.efk.admin.ch\/fr\/audit\/nouvelle-construction-du-depot-darchives-a-zollikofen\/","title":{"rendered":"Nouvelle construction du d\u00e9p\u00f4t d\u2019archives \u00e0 Zollikofen"},"content":{"rendered":"\n<p>Les Archives f\u00e9d\u00e9rales suisses (AFS) ont pour mission de conserver les documents en lien avec les activit\u00e9s de l\u2019\u00c9tat et de les rendre accessibles, conform\u00e9ment \u00e0 la loi f\u00e9d\u00e9rale sur l\u2019archivage. \u00c0 la fin de l\u2019ann\u00e9e 2024, elles avaient d\u00e9j\u00e0 archiv\u00e9 80 kilom\u00e8tres lin\u00e9aires de documents. Pour ce faire, elles louent en autres, temporairement, des espaces de stockage, qui ne seront plus disponible \u00e0 l\u2019avenir. Le nouveau b\u00e2timent pr\u00e9vu \u00e0 Zollikofen doit permettre de cr\u00e9er les capacit\u00e9s n\u00e9cessaires. Cette extension est d\u2019autant plus importante que les AFS anticipent, avec la fin des versements physiques de l\u2019administration f\u00e9d\u00e9rale, un volume additionnel pouvant atteindre 50 km lin\u00e9aires d\u2019ici 2028. Le cr\u00e9dit d\u2019engagement n\u00e9cessaire \u00e0 la construction du nouveau b\u00e2timent doit \u00eatre demand\u00e9 dans le cadre du message 2026 sur les immeubles. Le ma\u00eetre d\u2019ouvrage est l\u2019Office f\u00e9d\u00e9ral des constructions et de la logistique (OFCL), qui estime actuellement les co\u00fbts de construction \u00e0 46 millions de francs. La mise en service du nouvel entrep\u00f4t est pr\u00e9vue pour 2029 au plus t\u00f4t.<\/p>\n\n\n\n<p>Le Contr\u00f4le f\u00e9d\u00e9ral des finances (CDF) a effectu\u00e9 un audit du projet de construction d\u2019un nouvel entrep\u00f4t d\u2019archivage. Il a \u00e9valu\u00e9 si le projet r\u00e9pond aux multiples exigences de la mani\u00e8re la plus \u00e9conomique et durable possible. Les r\u00e9sultats de l\u2019audit refl\u00e8tent dans l\u2019ensemble une image positive de l\u2019\u00e9tat actuel de la planification. La rentabilit\u00e9 ne pourra \u00eatre \u00e9valu\u00e9e qu\u2019\u00e0 mesure que les hypoth\u00e8ses formul\u00e9es seront pr\u00e9cis\u00e9es et que les besoins d\u2019archivage de la Conf\u00e9d\u00e9ration seront consid\u00e9r\u00e9s dans leur ensemble. L\u2019OFCL est charg\u00e9 de garantir la rentabilit\u00e9 des r\u00e9novations \u00e0 long terme des d\u00e9p\u00f4ts souterrains existants des AFS,<\/p>\n","protected":false},"featured_media":0,"menu_order":0,"template":"","audit_category":[31],"audit_type":[124],"class_list":["post-41467","audit","type-audit","status-publish","hentry","audit_category-administration-generale","audit_type-audit-de-construction"],"acf":{"audit_lang":null,"audit_numbers":[{"audit_number":"25615"}],"audit_office":[7902,22350],"audit_office_text":"","audit_date":"20260112","bgo":false,"keywords":"","audit_office_local":"AFS, OFCL"},"yoast_head":"<!-- This site is optimized with the Yoast SEO Premium plugin v27.4 (Yoast SEO v27.4) - https:\/\/yoast.com\/product\/yoast-seo-premium-wordpress\/ -->\n<title>Nouvelle construction du d\u00e9p\u00f4t d\u2019archives \u00e0 Zollikofen - Contr\u00f4le f\u00e9d\u00e9ral des finances (CDF)<\/title>\n<meta name=\"description\" content=\"Nouvelle construction du d\u00e9p\u00f4t d\u2019archives \u00e0 Zollikofen\" \/>\n<meta name=\"robots\" content=\"index, follow, max-snippet:-1, max-image-preview:large, max-video-preview:-1\" \/>\n<link rel=\"canonical\" href=\"https:\/\/www.efk.admin.ch\/fr\/audit\/nouvelle-construction-du-depot-darchives-a-zollikofen\/\" \/>\n<meta property=\"og:locale\" content=\"fr_FR\" \/>\n<meta property=\"og:type\" content=\"article\" \/>\n<meta property=\"og:title\" content=\"Nouvelle construction du d\u00e9p\u00f4t d\u2019archives \u00e0 Zollikofen\" \/>\n<meta property=\"og:description\" content=\"Nouvelle construction du d\u00e9p\u00f4t d\u2019archives \u00e0 Zollikofen\" \/>\n<meta property=\"og:url\" content=\"https:\/\/www.efk.admin.ch\/fr\/audit\/nouvelle-construction-du-depot-darchives-a-zollikofen\/\" \/>\n<meta property=\"og:site_name\" content=\"Contr\u00f4le f\u00e9d\u00e9ral des finances (CDF)\" \/>\n<meta property=\"og:image\" content=\"https:\/\/www.efk.admin.ch\/wp-content\/uploads\/test\/palais.jpg\" \/>\n\t<meta property=\"og:image:width\" content=\"750\" \/>\n\t<meta property=\"og:image:height\" content=\"500\" \/>\n\t<meta property=\"og:image:type\" content=\"image\/jpeg\" \/>\n<meta name=\"twitter:card\" content=\"summary_large_image\" \/>\n<meta name=\"twitter:label1\" content=\"Dur\u00e9e de lecture estim\u00e9e\" \/>\n\t<meta name=\"twitter:data1\" content=\"2 minutes\" \/>\n<script type=\"application\/ld+json\" class=\"yoast-schema-graph\">{\"@context\":\"https:\\\/\\\/schema.org\",\"@graph\":[{\"@type\":\"WebPage\",\"@id\":\"https:\\\/\\\/www.efk.admin.ch\\\/fr\\\/audit\\\/nouvelle-construction-du-depot-darchives-a-zollikofen\\\/\",\"url\":\"https:\\\/\\\/www.efk.admin.ch\\\/fr\\\/audit\\\/nouvelle-construction-du-depot-darchives-a-zollikofen\\\/\",\"name\":\"Nouvelle construction du d\u00e9p\u00f4t d\u2019archives \u00e0 Zollikofen - Contr\u00f4le f\u00e9d\u00e9ral des finances (CDF)\",\"isPartOf\":{\"@id\":\"https:\\\/\\\/www.efk.admin.ch\\\/fr\\\/#website\"},\"datePublished\":\"2026-01-12T22:00:00+00:00\",\"description\":\"Nouvelle construction du d\u00e9p\u00f4t d\u2019archives \u00e0 Zollikofen\",\"breadcrumb\":{\"@id\":\"https:\\\/\\\/www.efk.admin.ch\\\/fr\\\/audit\\\/nouvelle-construction-du-depot-darchives-a-zollikofen\\\/#breadcrumb\"},\"inLanguage\":\"fr-FR\",\"potentialAction\":[{\"@type\":\"ReadAction\",\"target\":[\"https:\\\/\\\/www.efk.admin.ch\\\/fr\\\/audit\\\/nouvelle-construction-du-depot-darchives-a-zollikofen\\\/\"]}]},{\"@type\":\"BreadcrumbList\",\"@id\":\"https:\\\/\\\/www.efk.admin.ch\\\/fr\\\/audit\\\/nouvelle-construction-du-depot-darchives-a-zollikofen\\\/#breadcrumb\",\"itemListElement\":[{\"@type\":\"ListItem\",\"position\":1,\"name\":\"Home\",\"item\":\"https:\\\/\\\/www.efk.admin.ch\\\/fr\\\/\"},{\"@type\":\"ListItem\",\"position\":2,\"name\":\"Rapport\",\"item\":\"https:\\\/\\\/www.efk.admin.ch\\\/fr\\\/audit\\\/\"},{\"@type\":\"ListItem\",\"position\":3,\"name\":\"Nouvelle construction du d\u00e9p\u00f4t d\u2019archives \u00e0 Zollikofen\"}]},{\"@type\":\"WebSite\",\"@id\":\"https:\\\/\\\/www.efk.admin.ch\\\/fr\\\/#website\",\"url\":\"https:\\\/\\\/www.efk.admin.ch\\\/fr\\\/\",\"name\":\"Informationen \u00fcber das oberste Finanzaufsichtsorgan der Schweiz\",\"description\":\"Le Contr\u00f4le f\u00e9d\u00e9ral des finances (CDF) est l'organe supr\u00eame de surveillance financi\u00e8re de la Conf\u00e9d\u00e9ration suisse.\",\"publisher\":{\"@id\":\"https:\\\/\\\/www.efk.admin.ch\\\/fr\\\/#organization\"},\"alternateName\":\"EFK\",\"potentialAction\":[{\"@type\":\"SearchAction\",\"target\":{\"@type\":\"EntryPoint\",\"urlTemplate\":\"https:\\\/\\\/www.efk.admin.ch\\\/fr\\\/?s={search_term_string}\"},\"query-input\":{\"@type\":\"PropertyValueSpecification\",\"valueRequired\":true,\"valueName\":\"search_term_string\"}}],\"inLanguage\":\"fr-FR\"},{\"@type\":\"Organization\",\"@id\":\"https:\\\/\\\/www.efk.admin.ch\\\/fr\\\/#organization\",\"name\":\"Contr\u00f4le f\u00e9d\u00e9ral des finances (CDF)\",\"alternateName\":\"EFK\",\"url\":\"https:\\\/\\\/www.efk.admin.ch\\\/fr\\\/\",\"logo\":{\"@type\":\"ImageObject\",\"inLanguage\":\"fr-FR\",\"@id\":\"https:\\\/\\\/www.efk.admin.ch\\\/fr\\\/#\\\/schema\\\/logo\\\/image\\\/\",\"url\":\"https:\\\/\\\/www.efk.admin.ch\\\/wp-content\\\/uploads\\\/efk_cdf_logo_ohne_claim.png\",\"contentUrl\":\"https:\\\/\\\/www.efk.admin.ch\\\/wp-content\\\/uploads\\\/efk_cdf_logo_ohne_claim.png\",\"width\":268,\"height\":258,\"caption\":\"Contr\u00f4le f\u00e9d\u00e9ral des finances (CDF)\"},\"image\":{\"@id\":\"https:\\\/\\\/www.efk.admin.ch\\\/fr\\\/#\\\/schema\\\/logo\\\/image\\\/\"},\"sameAs\":[\"https:\\\/\\\/www.instagram.com\\\/efk_cdf_sfao\\\/\",\"https:\\\/\\\/www.youtube.com\\\/channel\\\/UCm-bXj227VE5sJzhB-ihdvw\\\/featured\",\"https:\\\/\\\/www.linkedin.com\\\/company\\\/11081578\\\/\"]}]}<\/script>\n<!-- \/ Yoast SEO Premium plugin. -->","yoast_head_json":{"title":"Nouvelle construction du d\u00e9p\u00f4t d\u2019archives \u00e0 Zollikofen - Contr\u00f4le f\u00e9d\u00e9ral des finances (CDF)","description":"Nouvelle construction du d\u00e9p\u00f4t d\u2019archives \u00e0 Zollikofen","robots":{"index":"index","follow":"follow","max-snippet":"max-snippet:-1","max-image-preview":"max-image-preview:large","max-video-preview":"max-video-preview:-1"},"canonical":"https:\/\/www.efk.admin.ch\/fr\/audit\/nouvelle-construction-du-depot-darchives-a-zollikofen\/","og_locale":"fr_FR","og_type":"article","og_title":"Nouvelle construction du d\u00e9p\u00f4t d\u2019archives \u00e0 Zollikofen","og_description":"Nouvelle construction du d\u00e9p\u00f4t d\u2019archives \u00e0 Zollikofen","og_url":"https:\/\/www.efk.admin.ch\/fr\/audit\/nouvelle-construction-du-depot-darchives-a-zollikofen\/","og_site_name":"Contr\u00f4le f\u00e9d\u00e9ral des finances (CDF)","og_image":[{"width":750,"height":500,"url":"https:\/\/www.efk.admin.ch\/wp-content\/uploads\/test\/palais.jpg","type":"image\/jpeg"}],"twitter_card":"summary_large_image","twitter_misc":{"Dur\u00e9e de lecture estim\u00e9e":"2 minutes"},"schema":{"@context":"https:\/\/schema.org","@graph":[{"@type":"WebPage","@id":"https:\/\/www.efk.admin.ch\/fr\/audit\/nouvelle-construction-du-depot-darchives-a-zollikofen\/","url":"https:\/\/www.efk.admin.ch\/fr\/audit\/nouvelle-construction-du-depot-darchives-a-zollikofen\/","name":"Nouvelle construction du d\u00e9p\u00f4t d\u2019archives \u00e0 Zollikofen - Contr\u00f4le f\u00e9d\u00e9ral des finances (CDF)","isPartOf":{"@id":"https:\/\/www.efk.admin.ch\/fr\/#website"},"datePublished":"2026-01-12T22:00:00+00:00","description":"Nouvelle construction du d\u00e9p\u00f4t d\u2019archives \u00e0 Zollikofen","breadcrumb":{"@id":"https:\/\/www.efk.admin.ch\/fr\/audit\/nouvelle-construction-du-depot-darchives-a-zollikofen\/#breadcrumb"},"inLanguage":"fr-FR","potentialAction":[{"@type":"ReadAction","target":["https:\/\/www.efk.admin.ch\/fr\/audit\/nouvelle-construction-du-depot-darchives-a-zollikofen\/"]}]},{"@type":"BreadcrumbList","@id":"https:\/\/www.efk.admin.ch\/fr\/audit\/nouvelle-construction-du-depot-darchives-a-zollikofen\/#breadcrumb","itemListElement":[{"@type":"ListItem","position":1,"name":"Home","item":"https:\/\/www.efk.admin.ch\/fr\/"},{"@type":"ListItem","position":2,"name":"Rapport","item":"https:\/\/www.efk.admin.ch\/fr\/audit\/"},{"@type":"ListItem","position":3,"name":"Nouvelle construction du d\u00e9p\u00f4t d\u2019archives \u00e0 Zollikofen"}]},{"@type":"WebSite","@id":"https:\/\/www.efk.admin.ch\/fr\/#website","url":"https:\/\/www.efk.admin.ch\/fr\/","name":"Informationen \u00fcber das oberste Finanzaufsichtsorgan der Schweiz","description":"Le Contr\u00f4le f\u00e9d\u00e9ral des finances (CDF) est l'organe supr\u00eame de surveillance financi\u00e8re de la Conf\u00e9d\u00e9ration suisse.","publisher":{"@id":"https:\/\/www.efk.admin.ch\/fr\/#organization"},"alternateName":"EFK","potentialAction":[{"@type":"SearchAction","target":{"@type":"EntryPoint","urlTemplate":"https:\/\/www.efk.admin.ch\/fr\/?s={search_term_string}"},"query-input":{"@type":"PropertyValueSpecification","valueRequired":true,"valueName":"search_term_string"}}],"inLanguage":"fr-FR"},{"@type":"Organization","@id":"https:\/\/www.efk.admin.ch\/fr\/#organization","name":"Contr\u00f4le f\u00e9d\u00e9ral des finances (CDF)","alternateName":"EFK","url":"https:\/\/www.efk.admin.ch\/fr\/","logo":{"@type":"ImageObject","inLanguage":"fr-FR","@id":"https:\/\/www.efk.admin.ch\/fr\/#\/schema\/logo\/image\/","url":"https:\/\/www.efk.admin.ch\/wp-content\/uploads\/efk_cdf_logo_ohne_claim.png","contentUrl":"https:\/\/www.efk.admin.ch\/wp-content\/uploads\/efk_cdf_logo_ohne_claim.png","width":268,"height":258,"caption":"Contr\u00f4le f\u00e9d\u00e9ral des finances (CDF)"},"image":{"@id":"https:\/\/www.efk.admin.ch\/fr\/#\/schema\/logo\/image\/"},"sameAs":["https:\/\/www.instagram.com\/efk_cdf_sfao\/","https:\/\/www.youtube.com\/channel\/UCm-bXj227VE5sJzhB-ihdvw\/featured","https:\/\/www.linkedin.com\/company\/11081578\/"]}]}},"_links":{"self":[{"href":"https:\/\/www.efk.admin.ch\/fr\/wp-json\/wp\/v2\/audit\/41467","targetHints":{"allow":["GET"]}}],"collection":[{"href":"https:\/\/www.efk.admin.ch\/fr\/wp-json\/wp\/v2\/audit"}],"about":[{"href":"https:\/\/www.efk.admin.ch\/fr\/wp-json\/wp\/v2\/types\/audit"}],"acf:post":[{"embeddable":true,"href":"https:\/\/www.efk.admin.ch\/fr\/wp-json\/wp\/v2\/office\/22350"},{"embeddable":true,"href":"https:\/\/www.efk.admin.ch\/fr\/wp-json\/wp\/v2\/office\/7902"}],"wp:attachment":[{"href":"https:\/\/www.efk.admin.ch\/fr\/wp-json\/wp\/v2\/media?parent=41467"}],"wp:term":[{"taxonomy":"audit_category","embeddable":true,"href":"https:\/\/www.efk.admin.ch\/fr\/wp-json\/wp\/v2\/audit_category?post=41467"},{"taxonomy":"audit_type","embeddable":true,"href":"https:\/\/www.efk.admin.ch\/fr\/wp-json\/wp\/v2\/audit_type?post=41467"}],"curies":[{"name":"wp","href":"https:\/\/api.w.org\/{rel}","templated":true}]}}