{"id":40516,"date":"2025-10-20T23:00:00","date_gmt":"2025-10-20T21:00:00","guid":{"rendered":"https:\/\/www.efk.admin.ch\/?post_type=audit&#038;p=40516"},"modified":"2025-10-16T09:41:21","modified_gmt":"2025-10-16T07:41:21","slug":"audit-parallele-international-sur-lintelligence-artificielle","status":"publish","type":"audit","link":"https:\/\/www.efk.admin.ch\/fr\/audit\/audit-parallele-international-sur-lintelligence-artificielle\/","title":{"rendered":"Audit parall\u00e8le international sur l\u2019intelligence artificielle"},"content":{"rendered":"\n<p>L\u2019intelligence artificielle (IA) investit de mani\u00e8re croissante des domaines de l\u2019\u00e9conomie et de la vie quotidienne. Dans les m\u00e9dias et en politique, elle fait dor\u00e9navant l\u2019objet de d\u00e9bats r\u00e9guliers. Le Contr\u00f4le f\u00e9d\u00e9ral des finances (CDF) participe \u00e0 un audit parall\u00e8le international lanc\u00e9 en 2024 par l\u2019Organisation des institutions sup\u00e9rieures de contr\u00f4le des finances publiques d\u2019Europe (EUROSAI), intitul\u00e9 \u00ab Examine the government sector\u2019s preparedness for implementation of AI technology \u00bb. Dans le cadre d\u2019examens approfondis, le CDF a \u00e9valu\u00e9 dans quelle mesure l\u2019administration f\u00e9d\u00e9rale \u00e9tait pr\u00eate \u00e0 int\u00e9grer l\u2019IA dans ses m\u00e9thodes de travail. Ces examens ont port\u00e9 sur deux champs d\u2019action, \u00e0 savoir le cadre d\u2019action institutionnel en mati\u00e8re d\u2019IA et les projets concrets utilisant l\u2019IA.<br><br>Les initiatives relatives \u00e0 l\u2019IA lanc\u00e9es \u00e0 la Conf\u00e9d\u00e9ration cr\u00e9ent un cadre d\u2019action institutionnel en mati\u00e8re d\u2019IA qui pose un jalon solide pour int\u00e9grer l\u2019IA dans l\u2019administration f\u00e9d\u00e9rale. En parall\u00e8le, la Conf\u00e9d\u00e9ration a entam\u00e9 de nombreux projets utilisant l\u2019IA, dont certains sont d\u00e9j\u00e0 mis en oeuvre. Ces projets novateurs devraient toutefois \u00eatre davantage visibles pour la population et montrer comment l\u2019administration f\u00e9d\u00e9rale utilise l\u2019IA de mani\u00e8re responsable. En outre, il est n\u00e9cessaire de coordonner plus efficacement les deux champs d\u2019action afin de d\u00e9velopper de mani\u00e8re cibl\u00e9e le cadre d\u2019action en mati\u00e8re d\u2019IA et suivre l\u2019\u00e9volution rapide de la technologie de l\u2019IA. Une coordination \u00e9troite diminue aussi le risque de d\u00e9veloppement d\u2019une informatique fant\u00f4me, c\u2019est-\u00e0-dire l\u2019apparition de solutions informatiques en dehors d\u2019une infrastructure valid\u00e9e et sans utilisation autoris\u00e9e. Les structures informatiques non coordonn\u00e9es et redondantes sont difficiles \u00e0 ma\u00eetriser par la suite, ce qui nuit \u00e0 la s\u00e9curit\u00e9 informatique et \u00e0 l\u2019efficacit\u00e9 \u00e9conomique de l\u2019administration.<\/p>\n","protected":false},"featured_media":0,"menu_order":0,"template":"","audit_category":[79],"audit_type":[232],"class_list":["post-40516","audit","type-audit","status-publish","hentry","audit_category-projets-informatiques","audit_type-audit-informatique"],"acf":{"audit_lang":null,"audit_numbers":[{"audit_number":"25128"}],"audit_office":[7967,7906,7941,7960],"audit_office_text":"","audit_date":"20251020","bgo":false,"keywords":"","audit_office_local":"ChF, OFS, OFIT, OFCOM"},"yoast_head":"<!-- This site is optimized with the Yoast SEO Premium plugin v27.4 (Yoast SEO v27.4) - https:\/\/yoast.com\/product\/yoast-seo-premium-wordpress\/ -->\n<title>Audit parall\u00e8le international sur l\u2019intelligence artificielle - Contr\u00f4le f\u00e9d\u00e9ral des finances (CDF)<\/title>\n<meta name=\"description\" content=\"Audit parall\u00e8le international sur l\u2019intelligence artificielle\" \/>\n<meta name=\"robots\" content=\"index, follow, max-snippet:-1, max-image-preview:large, max-video-preview:-1\" \/>\n<link rel=\"canonical\" href=\"https:\/\/www.efk.admin.ch\/fr\/audit\/audit-parallele-international-sur-lintelligence-artificielle\/\" \/>\n<meta property=\"og:locale\" content=\"fr_FR\" \/>\n<meta property=\"og:type\" content=\"article\" \/>\n<meta property=\"og:title\" content=\"Audit parall\u00e8le international sur l\u2019intelligence artificielle\" \/>\n<meta property=\"og:description\" content=\"Audit parall\u00e8le international sur l\u2019intelligence artificielle\" \/>\n<meta property=\"og:url\" content=\"https:\/\/www.efk.admin.ch\/fr\/audit\/audit-parallele-international-sur-lintelligence-artificielle\/\" \/>\n<meta property=\"og:site_name\" content=\"Contr\u00f4le f\u00e9d\u00e9ral des finances (CDF)\" \/>\n<meta property=\"og:image\" content=\"https:\/\/www.efk.admin.ch\/wp-content\/uploads\/test\/palais.jpg\" \/>\n\t<meta property=\"og:image:width\" content=\"750\" \/>\n\t<meta property=\"og:image:height\" content=\"500\" \/>\n\t<meta property=\"og:image:type\" content=\"image\/jpeg\" \/>\n<meta name=\"twitter:card\" content=\"summary_large_image\" \/>\n<meta name=\"twitter:label1\" content=\"Dur\u00e9e de lecture estim\u00e9e\" \/>\n\t<meta name=\"twitter:data1\" content=\"2 minutes\" \/>\n<script type=\"application\/ld+json\" class=\"yoast-schema-graph\">{\"@context\":\"https:\\\/\\\/schema.org\",\"@graph\":[{\"@type\":\"WebPage\",\"@id\":\"https:\\\/\\\/www.efk.admin.ch\\\/fr\\\/audit\\\/audit-parallele-international-sur-lintelligence-artificielle\\\/\",\"url\":\"https:\\\/\\\/www.efk.admin.ch\\\/fr\\\/audit\\\/audit-parallele-international-sur-lintelligence-artificielle\\\/\",\"name\":\"Audit parall\u00e8le international sur l\u2019intelligence artificielle - Contr\u00f4le f\u00e9d\u00e9ral des finances (CDF)\",\"isPartOf\":{\"@id\":\"https:\\\/\\\/www.efk.admin.ch\\\/fr\\\/#website\"},\"datePublished\":\"2025-10-20T21:00:00+00:00\",\"description\":\"Audit parall\u00e8le international sur l\u2019intelligence artificielle\",\"breadcrumb\":{\"@id\":\"https:\\\/\\\/www.efk.admin.ch\\\/fr\\\/audit\\\/audit-parallele-international-sur-lintelligence-artificielle\\\/#breadcrumb\"},\"inLanguage\":\"fr-FR\",\"potentialAction\":[{\"@type\":\"ReadAction\",\"target\":[\"https:\\\/\\\/www.efk.admin.ch\\\/fr\\\/audit\\\/audit-parallele-international-sur-lintelligence-artificielle\\\/\"]}]},{\"@type\":\"BreadcrumbList\",\"@id\":\"https:\\\/\\\/www.efk.admin.ch\\\/fr\\\/audit\\\/audit-parallele-international-sur-lintelligence-artificielle\\\/#breadcrumb\",\"itemListElement\":[{\"@type\":\"ListItem\",\"position\":1,\"name\":\"Home\",\"item\":\"https:\\\/\\\/www.efk.admin.ch\\\/fr\\\/\"},{\"@type\":\"ListItem\",\"position\":2,\"name\":\"Rapport\",\"item\":\"https:\\\/\\\/www.efk.admin.ch\\\/fr\\\/audit\\\/\"},{\"@type\":\"ListItem\",\"position\":3,\"name\":\"Audit parall\u00e8le international sur l\u2019intelligence artificielle\"}]},{\"@type\":\"WebSite\",\"@id\":\"https:\\\/\\\/www.efk.admin.ch\\\/fr\\\/#website\",\"url\":\"https:\\\/\\\/www.efk.admin.ch\\\/fr\\\/\",\"name\":\"Informationen \u00fcber das oberste Finanzaufsichtsorgan der Schweiz\",\"description\":\"Le Contr\u00f4le f\u00e9d\u00e9ral des finances (CDF) est l'organe supr\u00eame de surveillance financi\u00e8re de la Conf\u00e9d\u00e9ration suisse.\",\"publisher\":{\"@id\":\"https:\\\/\\\/www.efk.admin.ch\\\/fr\\\/#organization\"},\"alternateName\":\"EFK\",\"potentialAction\":[{\"@type\":\"SearchAction\",\"target\":{\"@type\":\"EntryPoint\",\"urlTemplate\":\"https:\\\/\\\/www.efk.admin.ch\\\/fr\\\/?s={search_term_string}\"},\"query-input\":{\"@type\":\"PropertyValueSpecification\",\"valueRequired\":true,\"valueName\":\"search_term_string\"}}],\"inLanguage\":\"fr-FR\"},{\"@type\":\"Organization\",\"@id\":\"https:\\\/\\\/www.efk.admin.ch\\\/fr\\\/#organization\",\"name\":\"Contr\u00f4le f\u00e9d\u00e9ral des finances (CDF)\",\"alternateName\":\"EFK\",\"url\":\"https:\\\/\\\/www.efk.admin.ch\\\/fr\\\/\",\"logo\":{\"@type\":\"ImageObject\",\"inLanguage\":\"fr-FR\",\"@id\":\"https:\\\/\\\/www.efk.admin.ch\\\/fr\\\/#\\\/schema\\\/logo\\\/image\\\/\",\"url\":\"https:\\\/\\\/www.efk.admin.ch\\\/wp-content\\\/uploads\\\/efk_cdf_logo_ohne_claim.png\",\"contentUrl\":\"https:\\\/\\\/www.efk.admin.ch\\\/wp-content\\\/uploads\\\/efk_cdf_logo_ohne_claim.png\",\"width\":268,\"height\":258,\"caption\":\"Contr\u00f4le f\u00e9d\u00e9ral des finances (CDF)\"},\"image\":{\"@id\":\"https:\\\/\\\/www.efk.admin.ch\\\/fr\\\/#\\\/schema\\\/logo\\\/image\\\/\"},\"sameAs\":[\"https:\\\/\\\/www.instagram.com\\\/efk_cdf_sfao\\\/\",\"https:\\\/\\\/www.youtube.com\\\/channel\\\/UCm-bXj227VE5sJzhB-ihdvw\\\/featured\",\"https:\\\/\\\/www.linkedin.com\\\/company\\\/11081578\\\/\"]}]}<\/script>\n<!-- \/ Yoast SEO Premium plugin. -->","yoast_head_json":{"title":"Audit parall\u00e8le international sur l\u2019intelligence artificielle - Contr\u00f4le f\u00e9d\u00e9ral des finances (CDF)","description":"Audit parall\u00e8le international sur l\u2019intelligence artificielle","robots":{"index":"index","follow":"follow","max-snippet":"max-snippet:-1","max-image-preview":"max-image-preview:large","max-video-preview":"max-video-preview:-1"},"canonical":"https:\/\/www.efk.admin.ch\/fr\/audit\/audit-parallele-international-sur-lintelligence-artificielle\/","og_locale":"fr_FR","og_type":"article","og_title":"Audit parall\u00e8le international sur l\u2019intelligence artificielle","og_description":"Audit parall\u00e8le international sur l\u2019intelligence artificielle","og_url":"https:\/\/www.efk.admin.ch\/fr\/audit\/audit-parallele-international-sur-lintelligence-artificielle\/","og_site_name":"Contr\u00f4le f\u00e9d\u00e9ral des finances (CDF)","og_image":[{"width":750,"height":500,"url":"https:\/\/www.efk.admin.ch\/wp-content\/uploads\/test\/palais.jpg","type":"image\/jpeg"}],"twitter_card":"summary_large_image","twitter_misc":{"Dur\u00e9e de lecture estim\u00e9e":"2 minutes"},"schema":{"@context":"https:\/\/schema.org","@graph":[{"@type":"WebPage","@id":"https:\/\/www.efk.admin.ch\/fr\/audit\/audit-parallele-international-sur-lintelligence-artificielle\/","url":"https:\/\/www.efk.admin.ch\/fr\/audit\/audit-parallele-international-sur-lintelligence-artificielle\/","name":"Audit parall\u00e8le international sur l\u2019intelligence artificielle - Contr\u00f4le f\u00e9d\u00e9ral des finances (CDF)","isPartOf":{"@id":"https:\/\/www.efk.admin.ch\/fr\/#website"},"datePublished":"2025-10-20T21:00:00+00:00","description":"Audit parall\u00e8le international sur l\u2019intelligence artificielle","breadcrumb":{"@id":"https:\/\/www.efk.admin.ch\/fr\/audit\/audit-parallele-international-sur-lintelligence-artificielle\/#breadcrumb"},"inLanguage":"fr-FR","potentialAction":[{"@type":"ReadAction","target":["https:\/\/www.efk.admin.ch\/fr\/audit\/audit-parallele-international-sur-lintelligence-artificielle\/"]}]},{"@type":"BreadcrumbList","@id":"https:\/\/www.efk.admin.ch\/fr\/audit\/audit-parallele-international-sur-lintelligence-artificielle\/#breadcrumb","itemListElement":[{"@type":"ListItem","position":1,"name":"Home","item":"https:\/\/www.efk.admin.ch\/fr\/"},{"@type":"ListItem","position":2,"name":"Rapport","item":"https:\/\/www.efk.admin.ch\/fr\/audit\/"},{"@type":"ListItem","position":3,"name":"Audit parall\u00e8le international sur l\u2019intelligence artificielle"}]},{"@type":"WebSite","@id":"https:\/\/www.efk.admin.ch\/fr\/#website","url":"https:\/\/www.efk.admin.ch\/fr\/","name":"Informationen \u00fcber das oberste Finanzaufsichtsorgan der Schweiz","description":"Le Contr\u00f4le f\u00e9d\u00e9ral des finances (CDF) est l'organe supr\u00eame de surveillance financi\u00e8re de la Conf\u00e9d\u00e9ration suisse.","publisher":{"@id":"https:\/\/www.efk.admin.ch\/fr\/#organization"},"alternateName":"EFK","potentialAction":[{"@type":"SearchAction","target":{"@type":"EntryPoint","urlTemplate":"https:\/\/www.efk.admin.ch\/fr\/?s={search_term_string}"},"query-input":{"@type":"PropertyValueSpecification","valueRequired":true,"valueName":"search_term_string"}}],"inLanguage":"fr-FR"},{"@type":"Organization","@id":"https:\/\/www.efk.admin.ch\/fr\/#organization","name":"Contr\u00f4le f\u00e9d\u00e9ral des finances (CDF)","alternateName":"EFK","url":"https:\/\/www.efk.admin.ch\/fr\/","logo":{"@type":"ImageObject","inLanguage":"fr-FR","@id":"https:\/\/www.efk.admin.ch\/fr\/#\/schema\/logo\/image\/","url":"https:\/\/www.efk.admin.ch\/wp-content\/uploads\/efk_cdf_logo_ohne_claim.png","contentUrl":"https:\/\/www.efk.admin.ch\/wp-content\/uploads\/efk_cdf_logo_ohne_claim.png","width":268,"height":258,"caption":"Contr\u00f4le f\u00e9d\u00e9ral des finances (CDF)"},"image":{"@id":"https:\/\/www.efk.admin.ch\/fr\/#\/schema\/logo\/image\/"},"sameAs":["https:\/\/www.instagram.com\/efk_cdf_sfao\/","https:\/\/www.youtube.com\/channel\/UCm-bXj227VE5sJzhB-ihdvw\/featured","https:\/\/www.linkedin.com\/company\/11081578\/"]}]}},"_links":{"self":[{"href":"https:\/\/www.efk.admin.ch\/fr\/wp-json\/wp\/v2\/audit\/40516","targetHints":{"allow":["GET"]}}],"collection":[{"href":"https:\/\/www.efk.admin.ch\/fr\/wp-json\/wp\/v2\/audit"}],"about":[{"href":"https:\/\/www.efk.admin.ch\/fr\/wp-json\/wp\/v2\/types\/audit"}],"acf:post":[{"embeddable":true,"href":"https:\/\/www.efk.admin.ch\/fr\/wp-json\/wp\/v2\/office\/7960"},{"embeddable":true,"href":"https:\/\/www.efk.admin.ch\/fr\/wp-json\/wp\/v2\/office\/7941"},{"embeddable":true,"href":"https:\/\/www.efk.admin.ch\/fr\/wp-json\/wp\/v2\/office\/7906"},{"embeddable":true,"href":"https:\/\/www.efk.admin.ch\/fr\/wp-json\/wp\/v2\/office\/7967"}],"wp:attachment":[{"href":"https:\/\/www.efk.admin.ch\/fr\/wp-json\/wp\/v2\/media?parent=40516"}],"wp:term":[{"taxonomy":"audit_category","embeddable":true,"href":"https:\/\/www.efk.admin.ch\/fr\/wp-json\/wp\/v2\/audit_category?post=40516"},{"taxonomy":"audit_type","embeddable":true,"href":"https:\/\/www.efk.admin.ch\/fr\/wp-json\/wp\/v2\/audit_type?post=40516"}],"curies":[{"name":"wp","href":"https:\/\/api.w.org\/{rel}","templated":true}]}}