{"id":40326,"date":"2025-09-19T12:00:00","date_gmt":"2025-09-19T10:00:00","guid":{"rendered":"https:\/\/www.efk.admin.ch\/?post_type=audit&#038;p=40326"},"modified":"2025-09-19T11:02:39","modified_gmt":"2025-09-19T09:02:39","slug":"processus-dencaissement-impot-anticipe-et-droit-de-timbre-dans-le-domaine-perception-partie-de-laudit-des-comptes-annuels-de-la-confederation","status":"publish","type":"audit","link":"https:\/\/www.efk.admin.ch\/fr\/audit\/processus-dencaissement-impot-anticipe-et-droit-de-timbre-dans-le-domaine-perception-partie-de-laudit-des-comptes-annuels-de-la-confederation\/","title":{"rendered":"Processus d\u2019encaissement imp\u00f4t anticip\u00e9 et droit de timbre dans le domaine perception \u2013 Partie de l\u2019audit des comptes annuels de la Conf\u00e9d\u00e9ration"},"content":{"rendered":"\n<p><em>Document d\u00e9classifi\u00e9 en vertu du principe de transparence, uniquement disponible dans sa langue originale, l&#8217;allemand.<\/em><\/p>\n\n\n\n<p>Die Abteilung Erhebung der Hauptabteilung Direkte Bundesssteuer, Verrechnungssteuer, Stempelabgaben DVS sorgt f\u00fcr die korrekte Ermittlung, Festsetzung und Erhebung der Verrechnungssteuer sowie der Stempelabgaben. 2023 verbuchte die Eidg. Steuerverwaltung ESTV bei der Verrechnungssteuer Einnahmen von 38,1 Milliarden Franken. Bei den Stempelabgaben betrugen die Einnahmen 2023 2,2 Milliarden Franken. Bei der Erhebung der Verrechnungssteuer ist es auch m\u00f6glich anstelle einer Einzahlung eine Meldung zu machen. Voraussetzung daf\u00fcr ist, dass die ESTV das Meldeverfahren bewilligt hat. 2023 wurden im Meldeverfahren Aussch\u00fcttungen im Umfang von \u00fcber 500 Milliarden Franken (Verrechnungssteuer 35% davon rund 175 Milliarden Franken) bewilligt. \u00dcber 80% der geschuldeten Verrechnungssteuer wird somit ohne Geldfluss abgewickelt. Die letzte Funktionspr\u00fcfung der Eidg. Finanzkontrolle (EFK) bei der Abteilung Erhebung erfolgte 2021.<\/p>\n\n\n\n<p>Die vorliegende Pr\u00fcfung des internen Kontrollsystems in diesem f\u00fcr den Bund wesentlichen Einnahmeprozess ergibt ein gutes Ergebnis. Weniger positiv f\u00e4llt das Urteil betreffend Digitalisierung des Einnahmeprozesses und der Kontrolle der Umsetzung von Art. 21 Verrechnungssteuerverordnung aus, zu denen die EFK bereits in fr\u00fcheren Pr\u00fcfungen Empfehlungen ausgesprochen hatte.<\/p>\n","protected":false},"featured_media":0,"menu_order":0,"template":"","audit_category":[43],"audit_type":[223],"class_list":["post-40326","audit","type-audit","status-publish","hentry","audit_category-finances-publiques-et-impots","audit_type-comptes-de-la-confederation"],"acf":{"audit_lang":null,"audit_numbers":[{"audit_number":"24520"}],"audit_office":[7939],"audit_office_text":"","audit_date":"20240919","bgo":true,"keywords":"","audit_office_local":"AFC"},"yoast_head":"<!-- This site is optimized with the Yoast SEO Premium plugin v27.4 (Yoast SEO v27.4) - https:\/\/yoast.com\/product\/yoast-seo-premium-wordpress\/ -->\n<title>Processus d\u2019encaissement imp\u00f4t anticip\u00e9 et droit de timbre dans le domaine perception \u2013 Partie de l\u2019audit des comptes annuels de la Conf\u00e9d\u00e9ration - Contr\u00f4le f\u00e9d\u00e9ral des finances (CDF)<\/title>\n<meta name=\"description\" content=\"Processus d\u2019encaissement imp\u00f4t anticip\u00e9 et droit de timbre dans le domaine perception \u2013 Partie de l\u2019audit des comptes annuels de la Conf\u00e9d\u00e9ration\" \/>\n<meta name=\"robots\" content=\"index, follow, max-snippet:-1, max-image-preview:large, max-video-preview:-1\" \/>\n<link rel=\"canonical\" href=\"https:\/\/www.efk.admin.ch\/fr\/audit\/processus-dencaissement-impot-anticipe-et-droit-de-timbre-dans-le-domaine-perception-partie-de-laudit-des-comptes-annuels-de-la-confederation\/\" \/>\n<meta property=\"og:locale\" content=\"fr_FR\" \/>\n<meta property=\"og:type\" content=\"article\" \/>\n<meta property=\"og:title\" content=\"Processus d\u2019encaissement imp\u00f4t anticip\u00e9 et droit de timbre dans le domaine perception \u2013 Partie de l\u2019audit des comptes annuels de la Conf\u00e9d\u00e9ration\" \/>\n<meta property=\"og:description\" content=\"Processus d\u2019encaissement imp\u00f4t anticip\u00e9 et droit de timbre dans le domaine perception \u2013 Partie de l\u2019audit des comptes annuels de la Conf\u00e9d\u00e9ration\" \/>\n<meta property=\"og:url\" content=\"https:\/\/www.efk.admin.ch\/fr\/audit\/processus-dencaissement-impot-anticipe-et-droit-de-timbre-dans-le-domaine-perception-partie-de-laudit-des-comptes-annuels-de-la-confederation\/\" \/>\n<meta property=\"og:site_name\" content=\"Contr\u00f4le f\u00e9d\u00e9ral des finances (CDF)\" \/>\n<meta property=\"og:image\" content=\"https:\/\/www.efk.admin.ch\/wp-content\/uploads\/test\/palais.jpg\" \/>\n\t<meta property=\"og:image:width\" content=\"750\" \/>\n\t<meta property=\"og:image:height\" content=\"500\" \/>\n\t<meta property=\"og:image:type\" content=\"image\/jpeg\" \/>\n<meta name=\"twitter:card\" content=\"summary_large_image\" \/>\n<meta name=\"twitter:label1\" content=\"Dur\u00e9e de lecture estim\u00e9e\" \/>\n\t<meta name=\"twitter:data1\" content=\"1 minute\" \/>\n<script type=\"application\/ld+json\" class=\"yoast-schema-graph\">{\"@context\":\"https:\\\/\\\/schema.org\",\"@graph\":[{\"@type\":\"WebPage\",\"@id\":\"https:\\\/\\\/www.efk.admin.ch\\\/fr\\\/audit\\\/processus-dencaissement-impot-anticipe-et-droit-de-timbre-dans-le-domaine-perception-partie-de-laudit-des-comptes-annuels-de-la-confederation\\\/\",\"url\":\"https:\\\/\\\/www.efk.admin.ch\\\/fr\\\/audit\\\/processus-dencaissement-impot-anticipe-et-droit-de-timbre-dans-le-domaine-perception-partie-de-laudit-des-comptes-annuels-de-la-confederation\\\/\",\"name\":\"Processus d\u2019encaissement imp\u00f4t anticip\u00e9 et droit de timbre dans le domaine perception \u2013 Partie de l\u2019audit des comptes annuels de la Conf\u00e9d\u00e9ration - Contr\u00f4le f\u00e9d\u00e9ral des finances (CDF)\",\"isPartOf\":{\"@id\":\"https:\\\/\\\/www.efk.admin.ch\\\/fr\\\/#website\"},\"datePublished\":\"2025-09-19T10:00:00+00:00\",\"description\":\"Processus d\u2019encaissement imp\u00f4t anticip\u00e9 et droit de timbre dans le domaine perception \u2013 Partie de l\u2019audit des comptes annuels de la Conf\u00e9d\u00e9ration\",\"breadcrumb\":{\"@id\":\"https:\\\/\\\/www.efk.admin.ch\\\/fr\\\/audit\\\/processus-dencaissement-impot-anticipe-et-droit-de-timbre-dans-le-domaine-perception-partie-de-laudit-des-comptes-annuels-de-la-confederation\\\/#breadcrumb\"},\"inLanguage\":\"fr-FR\",\"potentialAction\":[{\"@type\":\"ReadAction\",\"target\":[\"https:\\\/\\\/www.efk.admin.ch\\\/fr\\\/audit\\\/processus-dencaissement-impot-anticipe-et-droit-de-timbre-dans-le-domaine-perception-partie-de-laudit-des-comptes-annuels-de-la-confederation\\\/\"]}]},{\"@type\":\"BreadcrumbList\",\"@id\":\"https:\\\/\\\/www.efk.admin.ch\\\/fr\\\/audit\\\/processus-dencaissement-impot-anticipe-et-droit-de-timbre-dans-le-domaine-perception-partie-de-laudit-des-comptes-annuels-de-la-confederation\\\/#breadcrumb\",\"itemListElement\":[{\"@type\":\"ListItem\",\"position\":1,\"name\":\"Home\",\"item\":\"https:\\\/\\\/www.efk.admin.ch\\\/fr\\\/\"},{\"@type\":\"ListItem\",\"position\":2,\"name\":\"Rapport\",\"item\":\"https:\\\/\\\/www.efk.admin.ch\\\/fr\\\/audit\\\/\"},{\"@type\":\"ListItem\",\"position\":3,\"name\":\"Processus d\u2019encaissement imp\u00f4t anticip\u00e9 et droit de timbre dans le domaine perception \u2013 Partie de l\u2019audit des comptes annuels de la Conf\u00e9d\u00e9ration\"}]},{\"@type\":\"WebSite\",\"@id\":\"https:\\\/\\\/www.efk.admin.ch\\\/fr\\\/#website\",\"url\":\"https:\\\/\\\/www.efk.admin.ch\\\/fr\\\/\",\"name\":\"Informationen \u00fcber das oberste Finanzaufsichtsorgan der Schweiz\",\"description\":\"Le Contr\u00f4le f\u00e9d\u00e9ral des finances (CDF) est l'organe supr\u00eame de surveillance financi\u00e8re de la Conf\u00e9d\u00e9ration suisse.\",\"publisher\":{\"@id\":\"https:\\\/\\\/www.efk.admin.ch\\\/fr\\\/#organization\"},\"alternateName\":\"EFK\",\"potentialAction\":[{\"@type\":\"SearchAction\",\"target\":{\"@type\":\"EntryPoint\",\"urlTemplate\":\"https:\\\/\\\/www.efk.admin.ch\\\/fr\\\/?s={search_term_string}\"},\"query-input\":{\"@type\":\"PropertyValueSpecification\",\"valueRequired\":true,\"valueName\":\"search_term_string\"}}],\"inLanguage\":\"fr-FR\"},{\"@type\":\"Organization\",\"@id\":\"https:\\\/\\\/www.efk.admin.ch\\\/fr\\\/#organization\",\"name\":\"Contr\u00f4le f\u00e9d\u00e9ral des finances (CDF)\",\"alternateName\":\"EFK\",\"url\":\"https:\\\/\\\/www.efk.admin.ch\\\/fr\\\/\",\"logo\":{\"@type\":\"ImageObject\",\"inLanguage\":\"fr-FR\",\"@id\":\"https:\\\/\\\/www.efk.admin.ch\\\/fr\\\/#\\\/schema\\\/logo\\\/image\\\/\",\"url\":\"https:\\\/\\\/www.efk.admin.ch\\\/wp-content\\\/uploads\\\/efk_cdf_logo_ohne_claim.png\",\"contentUrl\":\"https:\\\/\\\/www.efk.admin.ch\\\/wp-content\\\/uploads\\\/efk_cdf_logo_ohne_claim.png\",\"width\":268,\"height\":258,\"caption\":\"Contr\u00f4le f\u00e9d\u00e9ral des finances (CDF)\"},\"image\":{\"@id\":\"https:\\\/\\\/www.efk.admin.ch\\\/fr\\\/#\\\/schema\\\/logo\\\/image\\\/\"},\"sameAs\":[\"https:\\\/\\\/www.instagram.com\\\/efk_cdf_sfao\\\/\",\"https:\\\/\\\/www.youtube.com\\\/channel\\\/UCm-bXj227VE5sJzhB-ihdvw\\\/featured\",\"https:\\\/\\\/www.linkedin.com\\\/company\\\/11081578\\\/\"]}]}<\/script>\n<!-- \/ Yoast SEO Premium plugin. -->","yoast_head_json":{"title":"Processus d\u2019encaissement imp\u00f4t anticip\u00e9 et droit de timbre dans le domaine perception \u2013 Partie de l\u2019audit des comptes annuels de la Conf\u00e9d\u00e9ration - Contr\u00f4le f\u00e9d\u00e9ral des finances (CDF)","description":"Processus d\u2019encaissement imp\u00f4t anticip\u00e9 et droit de timbre dans le domaine perception \u2013 Partie de l\u2019audit des comptes annuels de la Conf\u00e9d\u00e9ration","robots":{"index":"index","follow":"follow","max-snippet":"max-snippet:-1","max-image-preview":"max-image-preview:large","max-video-preview":"max-video-preview:-1"},"canonical":"https:\/\/www.efk.admin.ch\/fr\/audit\/processus-dencaissement-impot-anticipe-et-droit-de-timbre-dans-le-domaine-perception-partie-de-laudit-des-comptes-annuels-de-la-confederation\/","og_locale":"fr_FR","og_type":"article","og_title":"Processus d\u2019encaissement imp\u00f4t anticip\u00e9 et droit de timbre dans le domaine perception \u2013 Partie de l\u2019audit des comptes annuels de la Conf\u00e9d\u00e9ration","og_description":"Processus d\u2019encaissement imp\u00f4t anticip\u00e9 et droit de timbre dans le domaine perception \u2013 Partie de l\u2019audit des comptes annuels de la Conf\u00e9d\u00e9ration","og_url":"https:\/\/www.efk.admin.ch\/fr\/audit\/processus-dencaissement-impot-anticipe-et-droit-de-timbre-dans-le-domaine-perception-partie-de-laudit-des-comptes-annuels-de-la-confederation\/","og_site_name":"Contr\u00f4le f\u00e9d\u00e9ral des finances (CDF)","og_image":[{"width":750,"height":500,"url":"https:\/\/www.efk.admin.ch\/wp-content\/uploads\/test\/palais.jpg","type":"image\/jpeg"}],"twitter_card":"summary_large_image","twitter_misc":{"Dur\u00e9e de lecture estim\u00e9e":"1 minute"},"schema":{"@context":"https:\/\/schema.org","@graph":[{"@type":"WebPage","@id":"https:\/\/www.efk.admin.ch\/fr\/audit\/processus-dencaissement-impot-anticipe-et-droit-de-timbre-dans-le-domaine-perception-partie-de-laudit-des-comptes-annuels-de-la-confederation\/","url":"https:\/\/www.efk.admin.ch\/fr\/audit\/processus-dencaissement-impot-anticipe-et-droit-de-timbre-dans-le-domaine-perception-partie-de-laudit-des-comptes-annuels-de-la-confederation\/","name":"Processus d\u2019encaissement imp\u00f4t anticip\u00e9 et droit de timbre dans le domaine perception \u2013 Partie de l\u2019audit des comptes annuels de la Conf\u00e9d\u00e9ration - Contr\u00f4le f\u00e9d\u00e9ral des finances (CDF)","isPartOf":{"@id":"https:\/\/www.efk.admin.ch\/fr\/#website"},"datePublished":"2025-09-19T10:00:00+00:00","description":"Processus d\u2019encaissement imp\u00f4t anticip\u00e9 et droit de timbre dans le domaine perception \u2013 Partie de l\u2019audit des comptes annuels de la Conf\u00e9d\u00e9ration","breadcrumb":{"@id":"https:\/\/www.efk.admin.ch\/fr\/audit\/processus-dencaissement-impot-anticipe-et-droit-de-timbre-dans-le-domaine-perception-partie-de-laudit-des-comptes-annuels-de-la-confederation\/#breadcrumb"},"inLanguage":"fr-FR","potentialAction":[{"@type":"ReadAction","target":["https:\/\/www.efk.admin.ch\/fr\/audit\/processus-dencaissement-impot-anticipe-et-droit-de-timbre-dans-le-domaine-perception-partie-de-laudit-des-comptes-annuels-de-la-confederation\/"]}]},{"@type":"BreadcrumbList","@id":"https:\/\/www.efk.admin.ch\/fr\/audit\/processus-dencaissement-impot-anticipe-et-droit-de-timbre-dans-le-domaine-perception-partie-de-laudit-des-comptes-annuels-de-la-confederation\/#breadcrumb","itemListElement":[{"@type":"ListItem","position":1,"name":"Home","item":"https:\/\/www.efk.admin.ch\/fr\/"},{"@type":"ListItem","position":2,"name":"Rapport","item":"https:\/\/www.efk.admin.ch\/fr\/audit\/"},{"@type":"ListItem","position":3,"name":"Processus d\u2019encaissement imp\u00f4t anticip\u00e9 et droit de timbre dans le domaine perception \u2013 Partie de l\u2019audit des comptes annuels de la Conf\u00e9d\u00e9ration"}]},{"@type":"WebSite","@id":"https:\/\/www.efk.admin.ch\/fr\/#website","url":"https:\/\/www.efk.admin.ch\/fr\/","name":"Informationen \u00fcber das oberste Finanzaufsichtsorgan der Schweiz","description":"Le Contr\u00f4le f\u00e9d\u00e9ral des finances (CDF) est l'organe supr\u00eame de surveillance financi\u00e8re de la Conf\u00e9d\u00e9ration suisse.","publisher":{"@id":"https:\/\/www.efk.admin.ch\/fr\/#organization"},"alternateName":"EFK","potentialAction":[{"@type":"SearchAction","target":{"@type":"EntryPoint","urlTemplate":"https:\/\/www.efk.admin.ch\/fr\/?s={search_term_string}"},"query-input":{"@type":"PropertyValueSpecification","valueRequired":true,"valueName":"search_term_string"}}],"inLanguage":"fr-FR"},{"@type":"Organization","@id":"https:\/\/www.efk.admin.ch\/fr\/#organization","name":"Contr\u00f4le f\u00e9d\u00e9ral des finances (CDF)","alternateName":"EFK","url":"https:\/\/www.efk.admin.ch\/fr\/","logo":{"@type":"ImageObject","inLanguage":"fr-FR","@id":"https:\/\/www.efk.admin.ch\/fr\/#\/schema\/logo\/image\/","url":"https:\/\/www.efk.admin.ch\/wp-content\/uploads\/efk_cdf_logo_ohne_claim.png","contentUrl":"https:\/\/www.efk.admin.ch\/wp-content\/uploads\/efk_cdf_logo_ohne_claim.png","width":268,"height":258,"caption":"Contr\u00f4le f\u00e9d\u00e9ral des finances (CDF)"},"image":{"@id":"https:\/\/www.efk.admin.ch\/fr\/#\/schema\/logo\/image\/"},"sameAs":["https:\/\/www.instagram.com\/efk_cdf_sfao\/","https:\/\/www.youtube.com\/channel\/UCm-bXj227VE5sJzhB-ihdvw\/featured","https:\/\/www.linkedin.com\/company\/11081578\/"]}]}},"_links":{"self":[{"href":"https:\/\/www.efk.admin.ch\/fr\/wp-json\/wp\/v2\/audit\/40326","targetHints":{"allow":["GET"]}}],"collection":[{"href":"https:\/\/www.efk.admin.ch\/fr\/wp-json\/wp\/v2\/audit"}],"about":[{"href":"https:\/\/www.efk.admin.ch\/fr\/wp-json\/wp\/v2\/types\/audit"}],"acf:post":[{"embeddable":true,"href":"https:\/\/www.efk.admin.ch\/fr\/wp-json\/wp\/v2\/office\/7939"}],"wp:attachment":[{"href":"https:\/\/www.efk.admin.ch\/fr\/wp-json\/wp\/v2\/media?parent=40326"}],"wp:term":[{"taxonomy":"audit_category","embeddable":true,"href":"https:\/\/www.efk.admin.ch\/fr\/wp-json\/wp\/v2\/audit_category?post=40326"},{"taxonomy":"audit_type","embeddable":true,"href":"https:\/\/www.efk.admin.ch\/fr\/wp-json\/wp\/v2\/audit_type?post=40326"}],"curies":[{"name":"wp","href":"https:\/\/api.w.org\/{rel}","templated":true}]}}