{"id":39851,"date":"2025-08-25T23:00:00","date_gmt":"2025-08-25T21:00:00","guid":{"rendered":"https:\/\/www.efk.admin.ch\/?post_type=audit&#038;p=39851"},"modified":"2025-08-21T11:03:52","modified_gmt":"2025-08-21T09:03:52","slug":"projet-cle-sipacfuture-axe-sur-la-phase-de-mise-en-service","status":"publish","type":"audit","link":"https:\/\/www.efk.admin.ch\/fr\/audit\/projet-cle-sipacfuture-axe-sur-la-phase-de-mise-en-service\/","title":{"rendered":"Projet cl\u00e9 SIPACfuture &#8211; ax\u00e9 sur la phase de mise en service"},"content":{"rendered":"\n<p>Le Contr\u00f4le f\u00e9d\u00e9ral des finances (CDF) a r\u00e9alis\u00e9 un sixi\u00e8me audit du nouveau syst\u00e8me de paiement des caisses de ch\u00f4mage (SIPACfuture) aupr\u00e8s de l\u2019organe de compensation de l\u2019assurance-ch\u00f4mage rattach\u00e9 au Secr\u00e9tariat d\u2019\u00c9tat \u00e0 l\u2019\u00e9conomie (SECO-TC). Dans ses audits pr\u00e9c\u00e9dents, le CDF avait constat\u00e9 des manquements r\u00e9p\u00e9t\u00e9s dans la conduite et le pilotage du projet, soulignant notamment que les services sp\u00e9cialis\u00e9s n\u2019\u00e9taient pas assez impliqu\u00e9s. Le CDF avait \u00e9mis plusieurs recommandations afin de rem\u00e9dier aux manquements observ\u00e9s.<br><br>Le syst\u00e8me de paiement SIPAC 2.0 a \u00e9t\u00e9 mis en service, pour une partie des prestations, entre 2023 et 2024. Au moment o\u00f9 l\u2019audit a \u00e9t\u00e9 effectu\u00e9, les indemnit\u00e9s en cas de r\u00e9duction de l\u2019horaire de travail, en cas d\u2019intemp\u00e9ries ou en cas d\u2019insolvabilit\u00e9 \u00e9taient ainsi pay\u00e9es au moyen du nouveau syst\u00e8me. Actuellement, il est pr\u00e9vu de d\u00e9ployer la prestation \u00ab Indemnit\u00e9s de ch\u00f4mage \u00bb (IC) le 6 janvier 2026. Ce d\u00e9ploiement constitue le plus grand d\u00e9fi du projet SIPACfuture, car l\u2019IC est beaucoup plus complexe et vaste que les prestations pr\u00e9c\u00e9dentes. Elle repr\u00e9sente aussi 90 % environ des prestations vers\u00e9es par l\u2019assurance-ch\u00f4mage. L\u2019audit faisant l\u2019objet du pr\u00e9sent rapport avait pour but d\u2019\u00e9valuer si tant l\u2019organisation de projet que l\u2019organisation de base sont pr\u00eates pour ce d\u00e9ploiement. Le CDF a \u00e9galement examin\u00e9 si ses recommandations \u00e0 ce sujet ont \u00e9t\u00e9 mises en oeuvre.<br><br>Lors de son audit, le CDF a constat\u00e9 des progr\u00e8s dans la conduite et le pilotage du projet. L\u2019organisation op\u00e9rationnelle se met en place, et plusieurs recommandations ont pu \u00eatre liquid\u00e9es. L\u2019internalisation des ressources demeure toutefois un enjeu en vue de la phase op\u00e9rationnelle. Les diff\u00e9rentes mesures prises, parfois de grande ampleur, ont eu un effet positif et l\u2019on peut tabler, avec un optimisme prudent, sur un d\u00e9ploiement r\u00e9ussi de l\u2019IC. Compte tenu du grand retard \u00e0 rattraper, l\u2019ach\u00e8vement du projet reste un d\u00e9fi pour le SECO. La r\u00e9ussite d\u00e9pendra de la r\u00e9solution des probl\u00e8mes signal\u00e9s dans les domaines de la migration informatique, de la s\u00e9curit\u00e9 informatique, de la planification du d\u00e9ploiement et de la garantie de la continuit\u00e9 des op\u00e9rations.<\/p>\n","protected":false},"featured_media":0,"menu_order":0,"template":"","audit_category":[79],"audit_type":[52],"class_list":["post-39851","audit","type-audit","status-publish","hentry","audit_category-projets-informatiques","audit_type-audit-fr"],"acf":{"audit_lang":null,"audit_numbers":[{"audit_number":"25603"}],"audit_office":[39845,7945],"audit_office_text":"","audit_date":"20250825","bgo":false,"keywords":"","audit_office_local":"CS AC, SECO"},"yoast_head":"<!-- This site is optimized with the Yoast SEO Premium plugin v27.4 (Yoast SEO v27.4) - https:\/\/yoast.com\/product\/yoast-seo-premium-wordpress\/ -->\n<title>Projet cl\u00e9 SIPACfuture - ax\u00e9 sur la phase de mise en service - Contr\u00f4le f\u00e9d\u00e9ral des finances (CDF)<\/title>\n<meta name=\"description\" content=\"Projet cl\u00e9 SIPACfuture - ax\u00e9 sur la phase de mise en service\" \/>\n<meta name=\"robots\" content=\"index, follow, max-snippet:-1, max-image-preview:large, max-video-preview:-1\" \/>\n<link rel=\"canonical\" href=\"https:\/\/www.efk.admin.ch\/fr\/audit\/projet-cle-sipacfuture-axe-sur-la-phase-de-mise-en-service\/\" \/>\n<meta property=\"og:locale\" content=\"fr_FR\" \/>\n<meta property=\"og:type\" content=\"article\" \/>\n<meta property=\"og:title\" content=\"Projet cl\u00e9 SIPACfuture - ax\u00e9 sur la phase de mise en service\" \/>\n<meta property=\"og:description\" content=\"Projet cl\u00e9 SIPACfuture - ax\u00e9 sur la phase de mise en service\" \/>\n<meta property=\"og:url\" content=\"https:\/\/www.efk.admin.ch\/fr\/audit\/projet-cle-sipacfuture-axe-sur-la-phase-de-mise-en-service\/\" \/>\n<meta property=\"og:site_name\" content=\"Contr\u00f4le f\u00e9d\u00e9ral des finances (CDF)\" \/>\n<meta property=\"og:image\" content=\"https:\/\/www.efk.admin.ch\/wp-content\/uploads\/test\/palais.jpg\" \/>\n\t<meta property=\"og:image:width\" content=\"750\" \/>\n\t<meta property=\"og:image:height\" content=\"500\" \/>\n\t<meta property=\"og:image:type\" content=\"image\/jpeg\" \/>\n<meta name=\"twitter:card\" content=\"summary_large_image\" \/>\n<meta name=\"twitter:label1\" content=\"Dur\u00e9e de lecture estim\u00e9e\" \/>\n\t<meta name=\"twitter:data1\" content=\"2 minutes\" \/>\n<script type=\"application\/ld+json\" class=\"yoast-schema-graph\">{\"@context\":\"https:\\\/\\\/schema.org\",\"@graph\":[{\"@type\":\"WebPage\",\"@id\":\"https:\\\/\\\/www.efk.admin.ch\\\/fr\\\/audit\\\/projet-cle-sipacfuture-axe-sur-la-phase-de-mise-en-service\\\/\",\"url\":\"https:\\\/\\\/www.efk.admin.ch\\\/fr\\\/audit\\\/projet-cle-sipacfuture-axe-sur-la-phase-de-mise-en-service\\\/\",\"name\":\"Projet cl\u00e9 SIPACfuture - ax\u00e9 sur la phase de mise en service - Contr\u00f4le f\u00e9d\u00e9ral des finances (CDF)\",\"isPartOf\":{\"@id\":\"https:\\\/\\\/www.efk.admin.ch\\\/fr\\\/#website\"},\"datePublished\":\"2025-08-25T21:00:00+00:00\",\"description\":\"Projet cl\u00e9 SIPACfuture - ax\u00e9 sur la phase de mise en service\",\"breadcrumb\":{\"@id\":\"https:\\\/\\\/www.efk.admin.ch\\\/fr\\\/audit\\\/projet-cle-sipacfuture-axe-sur-la-phase-de-mise-en-service\\\/#breadcrumb\"},\"inLanguage\":\"fr-FR\",\"potentialAction\":[{\"@type\":\"ReadAction\",\"target\":[\"https:\\\/\\\/www.efk.admin.ch\\\/fr\\\/audit\\\/projet-cle-sipacfuture-axe-sur-la-phase-de-mise-en-service\\\/\"]}]},{\"@type\":\"BreadcrumbList\",\"@id\":\"https:\\\/\\\/www.efk.admin.ch\\\/fr\\\/audit\\\/projet-cle-sipacfuture-axe-sur-la-phase-de-mise-en-service\\\/#breadcrumb\",\"itemListElement\":[{\"@type\":\"ListItem\",\"position\":1,\"name\":\"Home\",\"item\":\"https:\\\/\\\/www.efk.admin.ch\\\/fr\\\/\"},{\"@type\":\"ListItem\",\"position\":2,\"name\":\"Rapport\",\"item\":\"https:\\\/\\\/www.efk.admin.ch\\\/fr\\\/audit\\\/\"},{\"@type\":\"ListItem\",\"position\":3,\"name\":\"Projet cl\u00e9 SIPACfuture &#8211; ax\u00e9 sur la phase de mise en service\"}]},{\"@type\":\"WebSite\",\"@id\":\"https:\\\/\\\/www.efk.admin.ch\\\/fr\\\/#website\",\"url\":\"https:\\\/\\\/www.efk.admin.ch\\\/fr\\\/\",\"name\":\"Informationen \u00fcber das oberste Finanzaufsichtsorgan der Schweiz\",\"description\":\"Le Contr\u00f4le f\u00e9d\u00e9ral des finances (CDF) est l'organe supr\u00eame de surveillance financi\u00e8re de la Conf\u00e9d\u00e9ration suisse.\",\"publisher\":{\"@id\":\"https:\\\/\\\/www.efk.admin.ch\\\/fr\\\/#organization\"},\"alternateName\":\"EFK\",\"potentialAction\":[{\"@type\":\"SearchAction\",\"target\":{\"@type\":\"EntryPoint\",\"urlTemplate\":\"https:\\\/\\\/www.efk.admin.ch\\\/fr\\\/?s={search_term_string}\"},\"query-input\":{\"@type\":\"PropertyValueSpecification\",\"valueRequired\":true,\"valueName\":\"search_term_string\"}}],\"inLanguage\":\"fr-FR\"},{\"@type\":\"Organization\",\"@id\":\"https:\\\/\\\/www.efk.admin.ch\\\/fr\\\/#organization\",\"name\":\"Contr\u00f4le f\u00e9d\u00e9ral des finances (CDF)\",\"alternateName\":\"EFK\",\"url\":\"https:\\\/\\\/www.efk.admin.ch\\\/fr\\\/\",\"logo\":{\"@type\":\"ImageObject\",\"inLanguage\":\"fr-FR\",\"@id\":\"https:\\\/\\\/www.efk.admin.ch\\\/fr\\\/#\\\/schema\\\/logo\\\/image\\\/\",\"url\":\"https:\\\/\\\/www.efk.admin.ch\\\/wp-content\\\/uploads\\\/efk_cdf_logo_ohne_claim.png\",\"contentUrl\":\"https:\\\/\\\/www.efk.admin.ch\\\/wp-content\\\/uploads\\\/efk_cdf_logo_ohne_claim.png\",\"width\":268,\"height\":258,\"caption\":\"Contr\u00f4le f\u00e9d\u00e9ral des finances (CDF)\"},\"image\":{\"@id\":\"https:\\\/\\\/www.efk.admin.ch\\\/fr\\\/#\\\/schema\\\/logo\\\/image\\\/\"},\"sameAs\":[\"https:\\\/\\\/www.instagram.com\\\/efk_cdf_sfao\\\/\",\"https:\\\/\\\/www.youtube.com\\\/channel\\\/UCm-bXj227VE5sJzhB-ihdvw\\\/featured\",\"https:\\\/\\\/www.linkedin.com\\\/company\\\/11081578\\\/\"]}]}<\/script>\n<!-- \/ Yoast SEO Premium plugin. -->","yoast_head_json":{"title":"Projet cl\u00e9 SIPACfuture - ax\u00e9 sur la phase de mise en service - Contr\u00f4le f\u00e9d\u00e9ral des finances (CDF)","description":"Projet cl\u00e9 SIPACfuture - ax\u00e9 sur la phase de mise en service","robots":{"index":"index","follow":"follow","max-snippet":"max-snippet:-1","max-image-preview":"max-image-preview:large","max-video-preview":"max-video-preview:-1"},"canonical":"https:\/\/www.efk.admin.ch\/fr\/audit\/projet-cle-sipacfuture-axe-sur-la-phase-de-mise-en-service\/","og_locale":"fr_FR","og_type":"article","og_title":"Projet cl\u00e9 SIPACfuture - ax\u00e9 sur la phase de mise en service","og_description":"Projet cl\u00e9 SIPACfuture - ax\u00e9 sur la phase de mise en service","og_url":"https:\/\/www.efk.admin.ch\/fr\/audit\/projet-cle-sipacfuture-axe-sur-la-phase-de-mise-en-service\/","og_site_name":"Contr\u00f4le f\u00e9d\u00e9ral des finances (CDF)","og_image":[{"width":750,"height":500,"url":"https:\/\/www.efk.admin.ch\/wp-content\/uploads\/test\/palais.jpg","type":"image\/jpeg"}],"twitter_card":"summary_large_image","twitter_misc":{"Dur\u00e9e de lecture estim\u00e9e":"2 minutes"},"schema":{"@context":"https:\/\/schema.org","@graph":[{"@type":"WebPage","@id":"https:\/\/www.efk.admin.ch\/fr\/audit\/projet-cle-sipacfuture-axe-sur-la-phase-de-mise-en-service\/","url":"https:\/\/www.efk.admin.ch\/fr\/audit\/projet-cle-sipacfuture-axe-sur-la-phase-de-mise-en-service\/","name":"Projet cl\u00e9 SIPACfuture - ax\u00e9 sur la phase de mise en service - Contr\u00f4le f\u00e9d\u00e9ral des finances (CDF)","isPartOf":{"@id":"https:\/\/www.efk.admin.ch\/fr\/#website"},"datePublished":"2025-08-25T21:00:00+00:00","description":"Projet cl\u00e9 SIPACfuture - ax\u00e9 sur la phase de mise en service","breadcrumb":{"@id":"https:\/\/www.efk.admin.ch\/fr\/audit\/projet-cle-sipacfuture-axe-sur-la-phase-de-mise-en-service\/#breadcrumb"},"inLanguage":"fr-FR","potentialAction":[{"@type":"ReadAction","target":["https:\/\/www.efk.admin.ch\/fr\/audit\/projet-cle-sipacfuture-axe-sur-la-phase-de-mise-en-service\/"]}]},{"@type":"BreadcrumbList","@id":"https:\/\/www.efk.admin.ch\/fr\/audit\/projet-cle-sipacfuture-axe-sur-la-phase-de-mise-en-service\/#breadcrumb","itemListElement":[{"@type":"ListItem","position":1,"name":"Home","item":"https:\/\/www.efk.admin.ch\/fr\/"},{"@type":"ListItem","position":2,"name":"Rapport","item":"https:\/\/www.efk.admin.ch\/fr\/audit\/"},{"@type":"ListItem","position":3,"name":"Projet cl\u00e9 SIPACfuture &#8211; ax\u00e9 sur la phase de mise en service"}]},{"@type":"WebSite","@id":"https:\/\/www.efk.admin.ch\/fr\/#website","url":"https:\/\/www.efk.admin.ch\/fr\/","name":"Informationen \u00fcber das oberste Finanzaufsichtsorgan der Schweiz","description":"Le Contr\u00f4le f\u00e9d\u00e9ral des finances (CDF) est l'organe supr\u00eame de surveillance financi\u00e8re de la Conf\u00e9d\u00e9ration suisse.","publisher":{"@id":"https:\/\/www.efk.admin.ch\/fr\/#organization"},"alternateName":"EFK","potentialAction":[{"@type":"SearchAction","target":{"@type":"EntryPoint","urlTemplate":"https:\/\/www.efk.admin.ch\/fr\/?s={search_term_string}"},"query-input":{"@type":"PropertyValueSpecification","valueRequired":true,"valueName":"search_term_string"}}],"inLanguage":"fr-FR"},{"@type":"Organization","@id":"https:\/\/www.efk.admin.ch\/fr\/#organization","name":"Contr\u00f4le f\u00e9d\u00e9ral des finances (CDF)","alternateName":"EFK","url":"https:\/\/www.efk.admin.ch\/fr\/","logo":{"@type":"ImageObject","inLanguage":"fr-FR","@id":"https:\/\/www.efk.admin.ch\/fr\/#\/schema\/logo\/image\/","url":"https:\/\/www.efk.admin.ch\/wp-content\/uploads\/efk_cdf_logo_ohne_claim.png","contentUrl":"https:\/\/www.efk.admin.ch\/wp-content\/uploads\/efk_cdf_logo_ohne_claim.png","width":268,"height":258,"caption":"Contr\u00f4le f\u00e9d\u00e9ral des finances (CDF)"},"image":{"@id":"https:\/\/www.efk.admin.ch\/fr\/#\/schema\/logo\/image\/"},"sameAs":["https:\/\/www.instagram.com\/efk_cdf_sfao\/","https:\/\/www.youtube.com\/channel\/UCm-bXj227VE5sJzhB-ihdvw\/featured","https:\/\/www.linkedin.com\/company\/11081578\/"]}]}},"_links":{"self":[{"href":"https:\/\/www.efk.admin.ch\/fr\/wp-json\/wp\/v2\/audit\/39851","targetHints":{"allow":["GET"]}}],"collection":[{"href":"https:\/\/www.efk.admin.ch\/fr\/wp-json\/wp\/v2\/audit"}],"about":[{"href":"https:\/\/www.efk.admin.ch\/fr\/wp-json\/wp\/v2\/types\/audit"}],"acf:post":[{"embeddable":true,"href":"https:\/\/www.efk.admin.ch\/fr\/wp-json\/wp\/v2\/office\/7945"},{"embeddable":true,"href":"https:\/\/www.efk.admin.ch\/fr\/wp-json\/wp\/v2\/office\/39845"}],"wp:attachment":[{"href":"https:\/\/www.efk.admin.ch\/fr\/wp-json\/wp\/v2\/media?parent=39851"}],"wp:term":[{"taxonomy":"audit_category","embeddable":true,"href":"https:\/\/www.efk.admin.ch\/fr\/wp-json\/wp\/v2\/audit_category?post=39851"},{"taxonomy":"audit_type","embeddable":true,"href":"https:\/\/www.efk.admin.ch\/fr\/wp-json\/wp\/v2\/audit_type?post=39851"}],"curies":[{"name":"wp","href":"https:\/\/api.w.org\/{rel}","templated":true}]}}